{"id":15065,"date":"2011-06-15T19:00:00","date_gmt":"2011-06-15T19:00:00","guid":{"rendered":"https:\/\/iseg.gomo.dev\/event\/concerto-hot-club-portugues-tagides\/"},"modified":"2011-06-15T19:00:00","modified_gmt":"2011-06-15T19:00:00","slug":"concert-hot-club-portugues-tagides","status":"publish","type":"event","link":"https:\/\/www.iseg.ulisboa.pt\/en\/event\/concert-hot-club-portugues-tagides\/","title":{"rendered":"Hot Club Portugu\u00eas \"T\u00e1gides\" Concert"},"content":{"rendered":"<p>An Open Concert of \"T\u00e1gides\" will be held on June 15 at 7pm at the CGD Auditorium, with the support of Hot Club Portugal, with \u00c2ngela Maria (voice), Ant\u00f3nio Silva (guitar), Jos\u00e9 Canha (double bass) and Pedro Viana (drums).<\/p>\n<p>\"T\u00e1gides\" is a project made in Portuguese, by Portuguese people, in a language that we want to be universal... Ant\u00f3nio Silva's compositions are combined with \u00c2ngela Maria's lyrics and the swing of Canha and Viana. Portuguese jazz? Maybe! But we prefer to call it mixed music\"<\/p>\n<p>This is the sixteenth in a series of \"Open Concerts\" taking place at the ISEG premises.<\/p>\n<p>Everyone is invited to attend. Admission is free.<\/p>\n<table border=\"0\">\n  <tbody>\n    <tr>\n      <td align=\"center\" valign=\"top\">&nbsp; \n      <img loading=\"lazy\" decoding=\"async\" src=\"https:\/\/aquila1.iseg.utl.pt\/aquila\/getFile.do?method=getFile&amp;fileId=163901\" alt=\"Hot Club Logo\" width=\"90\" height=\"90\" \/><\/td>\n      <td align=\"center\" valign=\"middle\">\n        <p>\n        <strong>&nbsp;&nbsp;&nbsp;&nbsp;&nbsp; \n        <a title=\"Concert Program 15 June 2011\" href=\"https:\/\/aquila1.iseg.utl.pt\/aquila\/getFile.do?method=getFile&amp;fileId=199466\">Presentation and Program<\/a><\/strong>&nbsp;&nbsp;&nbsp;&nbsp;<\/p>\n      <\/td>\n    <\/tr>\n  <\/tbody>\n<\/table>\n<p>\n  <br \/>\n<\/p>","protected":false},"excerpt":{"rendered":"On June 15, at 7:00 p.m., an open concert by \u201cT\u00e1gides\u201d will take place at the CGD Auditorium, with the support of Hot Club Portugal, featuring \u00c2ngela Maria (vocals), Ant\u00f3nio Silva (guitar), Jos\u00e9 Canha (double bass), and Pedro Viana (drums)","protected":false},"featured_media":0,"template":"","topic":[1403],"event_type":[1180],"acf":{"start_date":"2011-06-15 19:00:00","end_date":"2011-06-15 19:01:00","venue":"Edif\u00edcio Quelhas, Audit\u00f3rio CGD","event_type":1180,"topic":[1403]},"yoast_head":"<!-- This site is optimized with the Yoast SEO plugin v22.6 - https:\/\/yoast.com\/wordpress\/plugins\/seo\/ -->\n<title>Concerto Hot Club Portugu\u00eas &quot;T\u00e1gides&quot; - ISEG<\/title>\n<meta name=\"robots\" content=\"index, follow, max-snippet:-1, max-image-preview:large, max-video-preview:-1\" \/>\n<link rel=\"canonical\" href=\"https:\/\/www.iseg.ulisboa.pt\/en\/event\/concert-hot-club-portugues-tagides\/\" \/>\n<meta name=\"twitter:label1\" content=\"Est. reading time\" \/>\n\t<meta name=\"twitter:data1\" content=\"1 minute\" \/>\n<script type=\"application\/ld+json\" class=\"yoast-schema-graph\">{\"@context\":\"https:\/\/schema.org\",\"@graph\":[{\"@type\":\"WebPage\",\"@id\":\"https:\/\/www.iseg.ulisboa.pt\/en\/event\/concert-hot-club-portugues-tagides\/\",\"url\":\"https:\/\/www.iseg.ulisboa.pt\/en\/event\/concert-hot-club-portugues-tagides\/\",\"name\":\"Concerto Hot Club Portugu\u00eas \\\"T\u00e1gides\\\" - ISEG\",\"isPartOf\":{\"@id\":\"https:\/\/www.iseg.ulisboa.pt\/en\/#website\"},\"primaryImageOfPage\":{\"@id\":\"https:\/\/www.iseg.ulisboa.pt\/en\/event\/concert-hot-club-portugues-tagides\/#primaryimage\"},\"image\":{\"@id\":\"https:\/\/www.iseg.ulisboa.pt\/en\/event\/concert-hot-club-portugues-tagides\/#primaryimage\"},\"thumbnailUrl\":\"https:\/\/aquila1.iseg.utl.pt\/aquila\/getFile.do?method=getFile&amp;fileId=163901\",\"datePublished\":\"2011-06-15T19:00:00+00:00\",\"dateModified\":\"2011-06-15T19:00:00+00:00\",\"breadcrumb\":{\"@id\":\"https:\/\/www.iseg.ulisboa.pt\/en\/event\/concert-hot-club-portugues-tagides\/#breadcrumb\"},\"inLanguage\":\"en-US\",\"potentialAction\":[{\"@type\":\"ReadAction\",\"target\":[\"https:\/\/www.iseg.ulisboa.pt\/en\/event\/concert-hot-club-portugues-tagides\/\"]}]},{\"@type\":\"ImageObject\",\"inLanguage\":\"en-US\",\"@id\":\"https:\/\/www.iseg.ulisboa.pt\/en\/event\/concert-hot-club-portugues-tagides\/#primaryimage\",\"url\":\"https:\/\/aquila1.iseg.utl.pt\/aquila\/getFile.do?method=getFile&amp;fileId=163901\",\"contentUrl\":\"https:\/\/aquila1.iseg.utl.pt\/aquila\/getFile.do?method=getFile&amp;fileId=163901\"},{\"@type\":\"BreadcrumbList\",\"@id\":\"https:\/\/www.iseg.ulisboa.pt\/en\/event\/concert-hot-club-portugues-tagides\/#breadcrumb\",\"itemListElement\":[{\"@type\":\"ListItem\",\"position\":1,\"name\":\"Home\",\"item\":\"https:\/\/www.iseg.ulisboa.pt\/\"},{\"@type\":\"ListItem\",\"position\":2,\"name\":\"Concerto Hot Club Portugu\u00eas &#8220;T\u00e1gides&#8221;\"}]},{\"@type\":\"WebSite\",\"@id\":\"https:\/\/www.iseg.ulisboa.pt\/en\/#website\",\"url\":\"https:\/\/www.iseg.ulisboa.pt\/en\/\",\"name\":\"ISEG\",\"description\":\"Lisbon School of Economics &amp; Management\",\"publisher\":{\"@id\":\"https:\/\/www.iseg.ulisboa.pt\/en\/#organization\"},\"potentialAction\":[{\"@type\":\"SearchAction\",\"target\":{\"@type\":\"EntryPoint\",\"urlTemplate\":\"https:\/\/www.iseg.ulisboa.pt\/en\/?s={search_term_string}\"},\"query-input\":\"required name=search_term_string\"}],\"inLanguage\":\"en-US\"},{\"@type\":\"Organization\",\"@id\":\"https:\/\/www.iseg.ulisboa.pt\/en\/#organization\",\"name\":\"ISEG\",\"url\":\"https:\/\/www.iseg.ulisboa.pt\/en\/\",\"logo\":{\"@type\":\"ImageObject\",\"inLanguage\":\"en-US\",\"@id\":\"https:\/\/www.iseg.ulisboa.pt\/en\/#\/schema\/logo\/image\/\",\"url\":\"https:\/\/www.iseg.ulisboa.pt\/wp-content\/uploads\/2021\/02\/iseg-logo-ul.svg\",\"contentUrl\":\"https:\/\/www.iseg.ulisboa.pt\/wp-content\/uploads\/2021\/02\/iseg-logo-ul.svg\",\"width\":250,\"height\":120,\"caption\":\"ISEG\"},\"image\":{\"@id\":\"https:\/\/www.iseg.ulisboa.pt\/en\/#\/schema\/logo\/image\/\"},\"sameAs\":[\"https:\/\/www.facebook.com\/iseg.pt\",\"https:\/\/x.com\/iseglisbon\",\"https:\/\/www.instagram.com\/iseglisbon\/\",\"https:\/\/www.linkedin.com\/school\/iseglisbon\/\",\"https:\/\/www.youtube.com\/user\/DMREISEG\"]}]}<\/script>\n<!-- \/ Yoast SEO plugin. -->","yoast_head_json":{"title":"Hot Club Portugu\u00eas \"T\u00e1gides\" Concert - ISEG","robots":{"index":"index","follow":"follow","max-snippet":"max-snippet:-1","max-image-preview":"max-image-preview:large","max-video-preview":"max-video-preview:-1"},"canonical":"https:\/\/www.iseg.ulisboa.pt\/en\/event\/concert-hot-club-portugues-tagides\/","twitter_misc":{"Est. reading time":"1 minute"},"schema":{"@context":"https:\/\/schema.org","@graph":[{"@type":"WebPage","@id":"https:\/\/www.iseg.ulisboa.pt\/en\/event\/concert-hot-club-portugues-tagides\/","url":"https:\/\/www.iseg.ulisboa.pt\/en\/event\/concert-hot-club-portugues-tagides\/","name":"Hot Club Portugu\u00eas \"T\u00e1gides\" Concert - ISEG","isPartOf":{"@id":"https:\/\/www.iseg.ulisboa.pt\/en\/#website"},"primaryImageOfPage":{"@id":"https:\/\/www.iseg.ulisboa.pt\/en\/event\/concert-hot-club-portugues-tagides\/#primaryimage"},"image":{"@id":"https:\/\/www.iseg.ulisboa.pt\/en\/event\/concert-hot-club-portugues-tagides\/#primaryimage"},"thumbnailUrl":"https:\/\/aquila1.iseg.utl.pt\/aquila\/getFile.do?method=getFile&amp;fileId=163901","datePublished":"2011-06-15T19:00:00+00:00","dateModified":"2011-06-15T19:00:00+00:00","breadcrumb":{"@id":"https:\/\/www.iseg.ulisboa.pt\/en\/event\/concert-hot-club-portugues-tagides\/#breadcrumb"},"inLanguage":"en-US","potentialAction":[{"@type":"ReadAction","target":["https:\/\/www.iseg.ulisboa.pt\/en\/event\/concert-hot-club-portugues-tagides\/"]}]},{"@type":"ImageObject","inLanguage":"en-US","@id":"https:\/\/www.iseg.ulisboa.pt\/en\/event\/concert-hot-club-portugues-tagides\/#primaryimage","url":"https:\/\/aquila1.iseg.utl.pt\/aquila\/getFile.do?method=getFile&amp;fileId=163901","contentUrl":"https:\/\/aquila1.iseg.utl.pt\/aquila\/getFile.do?method=getFile&amp;fileId=163901"},{"@type":"BreadcrumbList","@id":"https:\/\/www.iseg.ulisboa.pt\/en\/event\/concert-hot-club-portugues-tagides\/#breadcrumb","itemListElement":[{"@type":"ListItem","position":1,"name":"Home","item":"https:\/\/www.iseg.ulisboa.pt\/"},{"@type":"ListItem","position":2,"name":"Concerto Hot Club Portugu\u00eas &#8220;T\u00e1gides&#8221;"}]},{"@type":"WebSite","@id":"https:\/\/www.iseg.ulisboa.pt\/en\/#website","url":"https:\/\/www.iseg.ulisboa.pt\/en\/","name":"ISEG","description":"Lisbon School of Economics &amp; Management","publisher":{"@id":"https:\/\/www.iseg.ulisboa.pt\/en\/#organization"},"potentialAction":[{"@type":"SearchAction","target":{"@type":"EntryPoint","urlTemplate":"https:\/\/www.iseg.ulisboa.pt\/en\/?s={search_term_string}"},"query-input":"required name=search_term_string"}],"inLanguage":"en-US"},{"@type":"Organization","@id":"https:\/\/www.iseg.ulisboa.pt\/en\/#organization","name":"ISEG","url":"https:\/\/www.iseg.ulisboa.pt\/en\/","logo":{"@type":"ImageObject","inLanguage":"en-US","@id":"https:\/\/www.iseg.ulisboa.pt\/en\/#\/schema\/logo\/image\/","url":"https:\/\/www.iseg.ulisboa.pt\/wp-content\/uploads\/2021\/02\/iseg-logo-ul.svg","contentUrl":"https:\/\/www.iseg.ulisboa.pt\/wp-content\/uploads\/2021\/02\/iseg-logo-ul.svg","width":250,"height":120,"caption":"ISEG"},"image":{"@id":"https:\/\/www.iseg.ulisboa.pt\/en\/#\/schema\/logo\/image\/"},"sameAs":["https:\/\/www.facebook.com\/iseg.pt","https:\/\/x.com\/iseglisbon","https:\/\/www.instagram.com\/iseglisbon\/","https:\/\/www.linkedin.com\/school\/iseglisbon\/","https:\/\/www.youtube.com\/user\/DMREISEG"]}]}},"uagb_featured_image_src":{"full":false,"thumbnail":false,"medium":false,"medium_large":false,"large":false,"1536x1536":false,"2048x2048":false,"trp-custom-language-flag":false},"uagb_author_info":{"display_name":"gomo","author_link":"https:\/\/www.iseg.ulisboa.pt\/en\/author\/"},"uagb_comment_info":0,"uagb_excerpt":"Realiza-se, no pr\u00f3ximo dia 15 de Junho, pelas 19 horas, no Audit\u00f3rio CGD, um Concerto Aberto de \"T\u00e1gides\" com o apoio do Hot Club Portugal, com \u00c2ngela Maria (voz), Ant\u00f3nio Silva (guitarra), Jos\u00e9 Canha (contrabaixo) e Pedro Viana (bateria)","_links":{"self":[{"href":"https:\/\/www.iseg.ulisboa.pt\/en\/wp-json\/wp\/v2\/event\/15065"}],"collection":[{"href":"https:\/\/www.iseg.ulisboa.pt\/en\/wp-json\/wp\/v2\/event"}],"about":[{"href":"https:\/\/www.iseg.ulisboa.pt\/en\/wp-json\/wp\/v2\/types\/event"}],"version-history":[{"count":0,"href":"https:\/\/www.iseg.ulisboa.pt\/en\/wp-json\/wp\/v2\/event\/15065\/revisions"}],"acf:term":[{"embeddable":true,"taxonomy":"topic","href":"https:\/\/www.iseg.ulisboa.pt\/en\/wp-json\/wp\/v2\/topic\/1403"},{"embeddable":true,"taxonomy":"event_type","href":"https:\/\/www.iseg.ulisboa.pt\/en\/wp-json\/wp\/v2\/event_type\/1180"}],"wp:attachment":[{"href":"https:\/\/www.iseg.ulisboa.pt\/en\/wp-json\/wp\/v2\/media?parent=15065"}],"wp:term":[{"taxonomy":"topic","embeddable":true,"href":"https:\/\/www.iseg.ulisboa.pt\/en\/wp-json\/wp\/v2\/topic?post=15065"},{"taxonomy":"event_type","embeddable":true,"href":"https:\/\/www.iseg.ulisboa.pt\/en\/wp-json\/wp\/v2\/event_type?post=15065"}],"curies":[{"name":"wp","href":"https:\/\/api.w.org\/{rel}","templated":true}]}}