{"id":15297,"date":"2010-11-04T10:00:00","date_gmt":"2010-11-04T10:00:00","guid":{"rendered":"https:\/\/iseg.gomo.dev\/event\/seminario-economic-sociology-in-france-recent-trends\/"},"modified":"2010-11-04T10:00:00","modified_gmt":"2010-11-04T10:00:00","slug":"seminar-economic-sociology-in-france-recent-trends","status":"publish","type":"event","link":"https:\/\/www.iseg.ulisboa.pt\/en\/event\/seminar-economic-sociology-in-france-recent-trends\/","title":{"rendered":"Seminar \"Economic sociology in France: recent trends"},"content":{"rendered":"<p>\n  <strong>Advanced Training Seminar\n  <br \/> in the framework of the PhD Programme in Economic and Organizational Sociology\n  <br \/> in conjunction with the Doctoral Program in Development Studies<\/strong>\n<\/p>\n<p>\n<strong>Speaker<\/strong>\n<br \/>Philippe Steiner - Paris IV University<\/p>\n<p>\n<strong>Organization<\/strong>\n<br \/>ISEG\/SOCIUS<\/p>\n<p>\n<strong>Contacts<\/strong>\n<br \/>Secretariat of the Department of Social Sciences: Ana Garrudo\n<br \/>email: \n<a href=\"mailto:dcs@iseg.utl.pt\">dcs@iseg.utl.pt<\/a>\n<br \/>Website: \n<a href=\"http:\/\/www.iseg.utl.pt\">www.iseg.utl.pt<\/a>\n<br \/>Rua Miguel L\u00fapi, n.\u00ba 20 - 1249-078 Lisbon (Portugal)\n<br \/>Phone (+351)213 925 928\n<br \/>Fax (+351) 213 922 808<\/p>\n<table border=\"0\">\n  <tbody>\n    <tr>\n      <td align=\"center\" valign=\"middle\">\n        <img loading=\"lazy\" decoding=\"async\" src=\"https:\/\/aquila1.iseg.utl.pt\/aquila\/getFile.do?method=getFile&amp;fileId=163484\" alt=\"Seminar November 4th, 2010\" width=\"200\" height=\"283\" \/>\n      <\/td>\n      <td align=\"center\" valign=\"middle\">\n        <strong>\n          <a title=\"Seminar 4 November 2010\" href=\"https:\/\/aquila1.iseg.utl.pt\/aquila\/getFile.do?method=getFile&amp;fileId=163481\">CART<\/a>\n        <\/strong>\n      <\/td>\n    <\/tr>\n  <\/tbody>\n<\/table>\n<p>\n  <br \/>\n<\/p>\n<p>&nbsp;<\/p>","protected":false},"excerpt":{"rendered":"Advanced Training Seminar as part of the PhD Programme in Economic and Organizational Sociology in conjunction with the PhD Programme in Development Studies Speaker Philippe Steiner [...]","protected":false},"featured_media":0,"template":"","topic":[1401],"event_type":[1155],"acf":[],"yoast_head":"<!-- This site is optimized with the Yoast SEO plugin v22.6 - https:\/\/yoast.com\/wordpress\/plugins\/seo\/ -->\n<title>Semin\u00e1rio &quot;Economic sociology in France: recent trends&quot; - ISEG<\/title>\n<meta name=\"robots\" content=\"index, follow, max-snippet:-1, max-image-preview:large, max-video-preview:-1\" \/>\n<link rel=\"canonical\" href=\"https:\/\/www.iseg.ulisboa.pt\/en\/event\/seminar-economic-sociology-in-france-recent-trends\/\" \/>\n<script type=\"application\/ld+json\" class=\"yoast-schema-graph\">{\"@context\":\"https:\/\/schema.org\",\"@graph\":[{\"@type\":\"WebPage\",\"@id\":\"https:\/\/www.iseg.ulisboa.pt\/en\/event\/seminar-economic-sociology-in-france-recent-trends\/\",\"url\":\"https:\/\/www.iseg.ulisboa.pt\/en\/event\/seminar-economic-sociology-in-france-recent-trends\/\",\"name\":\"Semin\u00e1rio \\\"Economic sociology in France: recent trends\\\" - ISEG\",\"isPartOf\":{\"@id\":\"https:\/\/www.iseg.ulisboa.pt\/en\/#website\"},\"primaryImageOfPage\":{\"@id\":\"https:\/\/www.iseg.ulisboa.pt\/en\/event\/seminar-economic-sociology-in-france-recent-trends\/#primaryimage\"},\"image\":{\"@id\":\"https:\/\/www.iseg.ulisboa.pt\/en\/event\/seminar-economic-sociology-in-france-recent-trends\/#primaryimage\"},\"thumbnailUrl\":\"https:\/\/aquila1.iseg.utl.pt\/aquila\/getFile.do?method=getFile&amp;fileId=163484\",\"datePublished\":\"2010-11-04T10:00:00+00:00\",\"dateModified\":\"2010-11-04T10:00:00+00:00\",\"breadcrumb\":{\"@id\":\"https:\/\/www.iseg.ulisboa.pt\/en\/event\/seminar-economic-sociology-in-france-recent-trends\/#breadcrumb\"},\"inLanguage\":\"en-US\",\"potentialAction\":[{\"@type\":\"ReadAction\",\"target\":[\"https:\/\/www.iseg.ulisboa.pt\/en\/event\/seminar-economic-sociology-in-france-recent-trends\/\"]}]},{\"@type\":\"ImageObject\",\"inLanguage\":\"en-US\",\"@id\":\"https:\/\/www.iseg.ulisboa.pt\/en\/event\/seminar-economic-sociology-in-france-recent-trends\/#primaryimage\",\"url\":\"https:\/\/aquila1.iseg.utl.pt\/aquila\/getFile.do?method=getFile&amp;fileId=163484\",\"contentUrl\":\"https:\/\/aquila1.iseg.utl.pt\/aquila\/getFile.do?method=getFile&amp;fileId=163484\"},{\"@type\":\"BreadcrumbList\",\"@id\":\"https:\/\/www.iseg.ulisboa.pt\/en\/event\/seminar-economic-sociology-in-france-recent-trends\/#breadcrumb\",\"itemListElement\":[{\"@type\":\"ListItem\",\"position\":1,\"name\":\"Home\",\"item\":\"https:\/\/www.iseg.ulisboa.pt\/\"},{\"@type\":\"ListItem\",\"position\":2,\"name\":\"Semin\u00e1rio &#8220;Economic sociology in France: recent trends&#8221;\"}]},{\"@type\":\"WebSite\",\"@id\":\"https:\/\/www.iseg.ulisboa.pt\/en\/#website\",\"url\":\"https:\/\/www.iseg.ulisboa.pt\/en\/\",\"name\":\"ISEG\",\"description\":\"Lisbon School of Economics &amp; Management\",\"publisher\":{\"@id\":\"https:\/\/www.iseg.ulisboa.pt\/en\/#organization\"},\"potentialAction\":[{\"@type\":\"SearchAction\",\"target\":{\"@type\":\"EntryPoint\",\"urlTemplate\":\"https:\/\/www.iseg.ulisboa.pt\/en\/?s={search_term_string}\"},\"query-input\":\"required name=search_term_string\"}],\"inLanguage\":\"en-US\"},{\"@type\":\"Organization\",\"@id\":\"https:\/\/www.iseg.ulisboa.pt\/en\/#organization\",\"name\":\"ISEG\",\"url\":\"https:\/\/www.iseg.ulisboa.pt\/en\/\",\"logo\":{\"@type\":\"ImageObject\",\"inLanguage\":\"en-US\",\"@id\":\"https:\/\/www.iseg.ulisboa.pt\/en\/#\/schema\/logo\/image\/\",\"url\":\"https:\/\/www.iseg.ulisboa.pt\/wp-content\/uploads\/2021\/02\/iseg-logo-ul.svg\",\"contentUrl\":\"https:\/\/www.iseg.ulisboa.pt\/wp-content\/uploads\/2021\/02\/iseg-logo-ul.svg\",\"width\":250,\"height\":120,\"caption\":\"ISEG\"},\"image\":{\"@id\":\"https:\/\/www.iseg.ulisboa.pt\/en\/#\/schema\/logo\/image\/\"},\"sameAs\":[\"https:\/\/www.facebook.com\/iseg.pt\",\"https:\/\/x.com\/iseglisbon\",\"https:\/\/www.instagram.com\/iseglisbon\/\",\"https:\/\/www.linkedin.com\/school\/iseglisbon\/\",\"https:\/\/www.youtube.com\/user\/DMREISEG\"]}]}<\/script>\n<!-- \/ Yoast SEO plugin. -->","yoast_head_json":{"title":"Seminar \"Economic sociology in France: recent trends\" - ISEG","robots":{"index":"index","follow":"follow","max-snippet":"max-snippet:-1","max-image-preview":"max-image-preview:large","max-video-preview":"max-video-preview:-1"},"canonical":"https:\/\/www.iseg.ulisboa.pt\/en\/event\/seminar-economic-sociology-in-france-recent-trends\/","schema":{"@context":"https:\/\/schema.org","@graph":[{"@type":"WebPage","@id":"https:\/\/www.iseg.ulisboa.pt\/en\/event\/seminar-economic-sociology-in-france-recent-trends\/","url":"https:\/\/www.iseg.ulisboa.pt\/en\/event\/seminar-economic-sociology-in-france-recent-trends\/","name":"Seminar \"Economic sociology in France: recent trends\" - ISEG","isPartOf":{"@id":"https:\/\/www.iseg.ulisboa.pt\/en\/#website"},"primaryImageOfPage":{"@id":"https:\/\/www.iseg.ulisboa.pt\/en\/event\/seminar-economic-sociology-in-france-recent-trends\/#primaryimage"},"image":{"@id":"https:\/\/www.iseg.ulisboa.pt\/en\/event\/seminar-economic-sociology-in-france-recent-trends\/#primaryimage"},"thumbnailUrl":"https:\/\/aquila1.iseg.utl.pt\/aquila\/getFile.do?method=getFile&amp;fileId=163484","datePublished":"2010-11-04T10:00:00+00:00","dateModified":"2010-11-04T10:00:00+00:00","breadcrumb":{"@id":"https:\/\/www.iseg.ulisboa.pt\/en\/event\/seminar-economic-sociology-in-france-recent-trends\/#breadcrumb"},"inLanguage":"en-US","potentialAction":[{"@type":"ReadAction","target":["https:\/\/www.iseg.ulisboa.pt\/en\/event\/seminar-economic-sociology-in-france-recent-trends\/"]}]},{"@type":"ImageObject","inLanguage":"en-US","@id":"https:\/\/www.iseg.ulisboa.pt\/en\/event\/seminar-economic-sociology-in-france-recent-trends\/#primaryimage","url":"https:\/\/aquila1.iseg.utl.pt\/aquila\/getFile.do?method=getFile&amp;fileId=163484","contentUrl":"https:\/\/aquila1.iseg.utl.pt\/aquila\/getFile.do?method=getFile&amp;fileId=163484"},{"@type":"BreadcrumbList","@id":"https:\/\/www.iseg.ulisboa.pt\/en\/event\/seminar-economic-sociology-in-france-recent-trends\/#breadcrumb","itemListElement":[{"@type":"ListItem","position":1,"name":"Home","item":"https:\/\/www.iseg.ulisboa.pt\/"},{"@type":"ListItem","position":2,"name":"Semin\u00e1rio &#8220;Economic sociology in France: recent trends&#8221;"}]},{"@type":"WebSite","@id":"https:\/\/www.iseg.ulisboa.pt\/en\/#website","url":"https:\/\/www.iseg.ulisboa.pt\/en\/","name":"ISEG","description":"Lisbon School of Economics &amp; Management","publisher":{"@id":"https:\/\/www.iseg.ulisboa.pt\/en\/#organization"},"potentialAction":[{"@type":"SearchAction","target":{"@type":"EntryPoint","urlTemplate":"https:\/\/www.iseg.ulisboa.pt\/en\/?s={search_term_string}"},"query-input":"required name=search_term_string"}],"inLanguage":"en-US"},{"@type":"Organization","@id":"https:\/\/www.iseg.ulisboa.pt\/en\/#organization","name":"ISEG","url":"https:\/\/www.iseg.ulisboa.pt\/en\/","logo":{"@type":"ImageObject","inLanguage":"en-US","@id":"https:\/\/www.iseg.ulisboa.pt\/en\/#\/schema\/logo\/image\/","url":"https:\/\/www.iseg.ulisboa.pt\/wp-content\/uploads\/2021\/02\/iseg-logo-ul.svg","contentUrl":"https:\/\/www.iseg.ulisboa.pt\/wp-content\/uploads\/2021\/02\/iseg-logo-ul.svg","width":250,"height":120,"caption":"ISEG"},"image":{"@id":"https:\/\/www.iseg.ulisboa.pt\/en\/#\/schema\/logo\/image\/"},"sameAs":["https:\/\/www.facebook.com\/iseg.pt","https:\/\/x.com\/iseglisbon","https:\/\/www.instagram.com\/iseglisbon\/","https:\/\/www.linkedin.com\/school\/iseglisbon\/","https:\/\/www.youtube.com\/user\/DMREISEG"]}]}},"uagb_featured_image_src":{"full":false,"thumbnail":false,"medium":false,"medium_large":false,"large":false,"1536x1536":false,"2048x2048":false,"trp-custom-language-flag":false},"uagb_author_info":{"display_name":"gomo","author_link":"https:\/\/www.iseg.ulisboa.pt\/en\/author\/"},"uagb_comment_info":0,"uagb_excerpt":"Semin\u00e1rio de Forma\u00e7\u00e3o Avan\u00e7ada no \u00e2mbito do Programa de Doutoramento em Sociologia Econ\u00f3mica e das Organiza\u00e7\u00f5es em articula\u00e7\u00e3o com o Programa de Doutoramento em Estudos do Desenvolvimento Orador Philippe Steiner&nbsp;[...]","_links":{"self":[{"href":"https:\/\/www.iseg.ulisboa.pt\/en\/wp-json\/wp\/v2\/event\/15297"}],"collection":[{"href":"https:\/\/www.iseg.ulisboa.pt\/en\/wp-json\/wp\/v2\/event"}],"about":[{"href":"https:\/\/www.iseg.ulisboa.pt\/en\/wp-json\/wp\/v2\/types\/event"}],"version-history":[{"count":0,"href":"https:\/\/www.iseg.ulisboa.pt\/en\/wp-json\/wp\/v2\/event\/15297\/revisions"}],"wp:attachment":[{"href":"https:\/\/www.iseg.ulisboa.pt\/en\/wp-json\/wp\/v2\/media?parent=15297"}],"wp:term":[{"taxonomy":"topic","embeddable":true,"href":"https:\/\/www.iseg.ulisboa.pt\/en\/wp-json\/wp\/v2\/topic?post=15297"},{"taxonomy":"event_type","embeddable":true,"href":"https:\/\/www.iseg.ulisboa.pt\/en\/wp-json\/wp\/v2\/event_type?post=15297"}],"curies":[{"name":"wp","href":"https:\/\/api.w.org\/{rel}","templated":true}]}}