{"id":26293,"date":"2022-05-12T10:08:47","date_gmt":"2022-05-12T10:08:47","guid":{"rendered":"https:\/\/www.iseg.ulisboa.pt\/?post_type=event&#038;p=26293"},"modified":"2022-05-17T16:08:43","modified_gmt":"2022-05-17T16:08:43","slug":"birthday-111-iseg","status":"publish","type":"event","link":"https:\/\/www.iseg.ulisboa.pt\/en\/event\/birthday-111-iseg\/","title":{"rendered":"111th Anniversary ISEG"},"content":{"rendered":"<p>ISEG - Lisbon School of Economics and Management celebrates its 111th anniversary on <strong><span class=\"has-inline-color has-iseg-red-color\">23 May<\/span><\/strong>. Celebrate the anniversary of the country's first college of economics and management with us!<br><br>To mark this milestone we prepared a special program, very exciting, with initiatives and speeches by prominent speakers. We end the day with an arraial and a concert by Rui Veloso, followed by an After Party!<\/p>\n\n\n\n<p>See the programme <strong><a href=\"https:\/\/www.iseg.ulisboa.pt\/wp-content\/uploads\/2022\/05\/Programa_111_V03.pdf\" data-type=\"URL\" data-id=\"https:\/\/www.iseg.ulisboa.pt\/wp-content\/uploads\/2022\/05\/Programa_111_V03.pdf\" target=\"_blank\" rel=\"noreferrer noopener\"><span class=\"has-inline-color has-iseg-red-color\">HERE<\/span><\/a><\/strong><\/p>\n\n\n\n<hr class=\"wp-block-separator\" \/>\n\n\n\n<div class=\"wp-block-columns is-layout-flex wp-container-core-columns-is-layout-1 wp-block-columns-is-layout-flex\">\n<div class=\"wp-block-column is-layout-flow wp-block-column-is-layout-flow\">\n<h4 class=\"wp-block-heading\">16h00-18h00<br><\/h4>\n<\/div>\n\n\n\n<div class=\"wp-block-column is-layout-flow wp-block-column-is-layout-flow\">\n<h4 class=\"has-text-align-right wp-block-heading\"><span class=\"has-inline-color has-iseg-red-color\"><a href=\"https:\/\/forms.gle\/7NXARD6nW9RgwGXL6\" data-type=\"URL\" data-id=\"https:\/\/forms.gle\/7NXARD6nW9RgwGXL6\" target=\"_blank\" rel=\"noreferrer noopener\">Registration<\/a><\/span><\/h4>\n<\/div>\n<\/div>\n\n\n\n<p><strong><span class=\"has-inline-color has-iseg-red-color\">Commemorative Session of the 111th Anniversary of ISEG<\/span><\/strong><br>Patio das Francesinhas<\/p>\n\n\n\n<hr class=\"wp-block-separator\" \/>\n\n\n\n<div class=\"wp-block-columns is-layout-flex wp-container-core-columns-is-layout-2 wp-block-columns-is-layout-flex\">\n<div class=\"wp-block-column is-layout-flow wp-block-column-is-layout-flow\">\n<h4 class=\"wp-block-heading\">18h00-01h00<\/h4>\n<\/div>\n\n\n\n<div class=\"wp-block-column is-layout-flow wp-block-column-is-layout-flow\">\n<h4 class=\"has-text-align-right wp-block-heading\"><span class=\"has-inline-color has-iseg-red-color\"><a rel=\"noreferrer noopener\" href=\"https:\/\/e.3cket.com\/16e6cedaf4c748c391368bcd502477dc\" data-type=\"URL\" data-id=\"https:\/\/e.3cket.com\/16e6cedaf4c748c391368bcd502477dc\" target=\"_blank\">Tickets<\/a><\/span><\/h4>\n<\/div>\n<\/div>\n\n\n\n<div class=\"wp-block-columns is-layout-flex wp-container-core-columns-is-layout-3 wp-block-columns-is-layout-flex\">\n<div class=\"wp-block-column is-layout-flow wp-block-column-is-layout-flow\">\n<figure class=\"wp-block-image size-large\"><img loading=\"lazy\" decoding=\"async\" width=\"400\" height=\"401\" src=\"https:\/\/www.iseg.ulisboa.pt\/wp-content\/uploads\/2022\/05\/Arraial_02.png\" alt=\"\" class=\"wp-image-26197\" srcset=\"https:\/\/www.iseg.ulisboa.pt\/wp-content\/uploads\/2022\/05\/Arraial_02.png 400w, https:\/\/www.iseg.ulisboa.pt\/wp-content\/uploads\/2022\/05\/Arraial_02-300x300.png 300w, https:\/\/www.iseg.ulisboa.pt\/wp-content\/uploads\/2022\/05\/Arraial_02-150x150.png 150w\" sizes=\"(max-width: 400px) 100vw, 400px\" \/><figcaption><strong>18h00-21h00<\/strong><br><strong>Arraial<\/strong> <strong>ISEG<\/strong> &amp; <strong>Concert with The Lucky Duckies<\/strong><br>Quelhas Park, ISEG<br><br><\/figcaption><\/figure>\n<\/div>\n\n\n\n<div class=\"wp-block-column is-layout-flow wp-block-column-is-layout-flow\">\n<figure class=\"wp-block-image size-large\"><img loading=\"lazy\" decoding=\"async\" width=\"400\" height=\"401\" src=\"https:\/\/www.iseg.ulisboa.pt\/wp-content\/uploads\/2022\/05\/RV_02.png\" alt=\"\" class=\"wp-image-26198\" srcset=\"https:\/\/www.iseg.ulisboa.pt\/wp-content\/uploads\/2022\/05\/RV_02.png 400w, https:\/\/www.iseg.ulisboa.pt\/wp-content\/uploads\/2022\/05\/RV_02-300x300.png 300w, https:\/\/www.iseg.ulisboa.pt\/wp-content\/uploads\/2022\/05\/RV_02-150x150.png 150w\" sizes=\"(max-width: 400px) 100vw, 400px\" \/><figcaption><strong>21h00-22h15<\/strong><br><strong>Concert with Rui Veloso<\/strong><br>Patio das Francesinhas<br><br><\/figcaption><\/figure>\n<\/div>\n\n\n\n<div class=\"wp-block-column is-layout-flow wp-block-column-is-layout-flow\">\n<figure class=\"wp-block-image size-large\"><img loading=\"lazy\" decoding=\"async\" width=\"400\" height=\"401\" src=\"https:\/\/www.iseg.ulisboa.pt\/wp-content\/uploads\/2022\/05\/After-Party_01.png\" alt=\"\" class=\"wp-image-26252\" srcset=\"https:\/\/www.iseg.ulisboa.pt\/wp-content\/uploads\/2022\/05\/After-Party_01.png 400w, https:\/\/www.iseg.ulisboa.pt\/wp-content\/uploads\/2022\/05\/After-Party_01-300x300.png 300w, https:\/\/www.iseg.ulisboa.pt\/wp-content\/uploads\/2022\/05\/After-Party_01-150x150.png 150w\" sizes=\"(max-width: 400px) 100vw, 400px\" \/><figcaption><strong>22h30-01h00<br>After Party \"ISEG by Night<\/strong><br>Francesinhas Patio, ISEG<\/figcaption><\/figure>\n<\/div>\n<\/div>","protected":false},"excerpt":{"rendered":"ISEG \u2013 Lisbon School of Economics and Management celebrates its 111th anniversary on May 23. Join us in celebrating the anniversary of the country\u2019s first school of economics and management! To [\u2026]","protected":false},"featured_media":26220,"template":"","topic":[],"event_type":[1188],"acf":{"start_date":"2022-05-23 16:00:00","end_date":"2022-05-24 01:00:00","venue":"ISEG","event_type":1188,"topic":false},"yoast_head":"<!-- This site is optimized with the Yoast SEO plugin v22.6 - https:\/\/yoast.com\/wordpress\/plugins\/seo\/ -->\n<title>Anivers\u00e1rio 111 ISEG - ISEG<\/title>\n<meta name=\"robots\" content=\"index, follow, max-snippet:-1, max-image-preview:large, max-video-preview:-1\" \/>\n<link rel=\"canonical\" href=\"https:\/\/www.iseg.ulisboa.pt\/en\/event\/birthday-111-iseg\/\" \/>\n<meta name=\"twitter:label1\" content=\"Est. reading time\" \/>\n\t<meta name=\"twitter:data1\" content=\"1 minute\" \/>\n<script type=\"application\/ld+json\" class=\"yoast-schema-graph\">{\"@context\":\"https:\/\/schema.org\",\"@graph\":[{\"@type\":\"WebPage\",\"@id\":\"https:\/\/www.iseg.ulisboa.pt\/en\/event\/birthday-111-iseg\/\",\"url\":\"https:\/\/www.iseg.ulisboa.pt\/en\/event\/birthday-111-iseg\/\",\"name\":\"Anivers\u00e1rio 111 ISEG - ISEG\",\"isPartOf\":{\"@id\":\"https:\/\/www.iseg.ulisboa.pt\/en\/#website\"},\"primaryImageOfPage\":{\"@id\":\"https:\/\/www.iseg.ulisboa.pt\/en\/event\/birthday-111-iseg\/#primaryimage\"},\"image\":{\"@id\":\"https:\/\/www.iseg.ulisboa.pt\/en\/event\/birthday-111-iseg\/#primaryimage\"},\"thumbnailUrl\":\"https:\/\/www.iseg.ulisboa.pt\/wp-content\/uploads\/2022\/05\/Metatag_111Anos_V01.png\",\"datePublished\":\"2022-05-12T10:08:47+00:00\",\"dateModified\":\"2022-05-17T16:08:43+00:00\",\"breadcrumb\":{\"@id\":\"https:\/\/www.iseg.ulisboa.pt\/en\/event\/birthday-111-iseg\/#breadcrumb\"},\"inLanguage\":\"en-US\",\"potentialAction\":[{\"@type\":\"ReadAction\",\"target\":[\"https:\/\/www.iseg.ulisboa.pt\/en\/event\/birthday-111-iseg\/\"]}]},{\"@type\":\"ImageObject\",\"inLanguage\":\"en-US\",\"@id\":\"https:\/\/www.iseg.ulisboa.pt\/en\/event\/birthday-111-iseg\/#primaryimage\",\"url\":\"https:\/\/www.iseg.ulisboa.pt\/wp-content\/uploads\/2022\/05\/Metatag_111Anos_V01.png\",\"contentUrl\":\"https:\/\/www.iseg.ulisboa.pt\/wp-content\/uploads\/2022\/05\/Metatag_111Anos_V01.png\",\"width\":1201,\"height\":631},{\"@type\":\"BreadcrumbList\",\"@id\":\"https:\/\/www.iseg.ulisboa.pt\/en\/event\/birthday-111-iseg\/#breadcrumb\",\"itemListElement\":[{\"@type\":\"ListItem\",\"position\":1,\"name\":\"Home\",\"item\":\"https:\/\/www.iseg.ulisboa.pt\/\"},{\"@type\":\"ListItem\",\"position\":2,\"name\":\"Anivers\u00e1rio 111 ISEG\"}]},{\"@type\":\"WebSite\",\"@id\":\"https:\/\/www.iseg.ulisboa.pt\/en\/#website\",\"url\":\"https:\/\/www.iseg.ulisboa.pt\/en\/\",\"name\":\"ISEG\",\"description\":\"Lisbon School of Economics &amp; Management\",\"publisher\":{\"@id\":\"https:\/\/www.iseg.ulisboa.pt\/en\/#organization\"},\"potentialAction\":[{\"@type\":\"SearchAction\",\"target\":{\"@type\":\"EntryPoint\",\"urlTemplate\":\"https:\/\/www.iseg.ulisboa.pt\/en\/?s={search_term_string}\"},\"query-input\":\"required name=search_term_string\"}],\"inLanguage\":\"en-US\"},{\"@type\":\"Organization\",\"@id\":\"https:\/\/www.iseg.ulisboa.pt\/en\/#organization\",\"name\":\"ISEG\",\"url\":\"https:\/\/www.iseg.ulisboa.pt\/en\/\",\"logo\":{\"@type\":\"ImageObject\",\"inLanguage\":\"en-US\",\"@id\":\"https:\/\/www.iseg.ulisboa.pt\/en\/#\/schema\/logo\/image\/\",\"url\":\"https:\/\/www.iseg.ulisboa.pt\/wp-content\/uploads\/2021\/02\/iseg-logo-ul.svg\",\"contentUrl\":\"https:\/\/www.iseg.ulisboa.pt\/wp-content\/uploads\/2021\/02\/iseg-logo-ul.svg\",\"width\":250,\"height\":120,\"caption\":\"ISEG\"},\"image\":{\"@id\":\"https:\/\/www.iseg.ulisboa.pt\/en\/#\/schema\/logo\/image\/\"},\"sameAs\":[\"https:\/\/www.facebook.com\/iseg.pt\",\"https:\/\/x.com\/iseglisbon\",\"https:\/\/www.instagram.com\/iseglisbon\/\",\"https:\/\/www.linkedin.com\/school\/iseglisbon\/\",\"https:\/\/www.youtube.com\/user\/DMREISEG\"]}]}<\/script>\n<!-- \/ Yoast SEO plugin. -->","yoast_head_json":{"title":"Anniversary 111 ISEG - ISEG","robots":{"index":"index","follow":"follow","max-snippet":"max-snippet:-1","max-image-preview":"max-image-preview:large","max-video-preview":"max-video-preview:-1"},"canonical":"https:\/\/www.iseg.ulisboa.pt\/en\/event\/birthday-111-iseg\/","twitter_misc":{"Est. reading time":"1 minute"},"schema":{"@context":"https:\/\/schema.org","@graph":[{"@type":"WebPage","@id":"https:\/\/www.iseg.ulisboa.pt\/en\/event\/birthday-111-iseg\/","url":"https:\/\/www.iseg.ulisboa.pt\/en\/event\/birthday-111-iseg\/","name":"Anniversary 111 ISEG - ISEG","isPartOf":{"@id":"https:\/\/www.iseg.ulisboa.pt\/en\/#website"},"primaryImageOfPage":{"@id":"https:\/\/www.iseg.ulisboa.pt\/en\/event\/birthday-111-iseg\/#primaryimage"},"image":{"@id":"https:\/\/www.iseg.ulisboa.pt\/en\/event\/birthday-111-iseg\/#primaryimage"},"thumbnailUrl":"https:\/\/www.iseg.ulisboa.pt\/wp-content\/uploads\/2022\/05\/Metatag_111Anos_V01.png","datePublished":"2022-05-12T10:08:47+00:00","dateModified":"2022-05-17T16:08:43+00:00","breadcrumb":{"@id":"https:\/\/www.iseg.ulisboa.pt\/en\/event\/birthday-111-iseg\/#breadcrumb"},"inLanguage":"en-US","potentialAction":[{"@type":"ReadAction","target":["https:\/\/www.iseg.ulisboa.pt\/en\/event\/birthday-111-iseg\/"]}]},{"@type":"ImageObject","inLanguage":"en-US","@id":"https:\/\/www.iseg.ulisboa.pt\/en\/event\/birthday-111-iseg\/#primaryimage","url":"https:\/\/www.iseg.ulisboa.pt\/wp-content\/uploads\/2022\/05\/Metatag_111Anos_V01.png","contentUrl":"https:\/\/www.iseg.ulisboa.pt\/wp-content\/uploads\/2022\/05\/Metatag_111Anos_V01.png","width":1201,"height":631},{"@type":"BreadcrumbList","@id":"https:\/\/www.iseg.ulisboa.pt\/en\/event\/birthday-111-iseg\/#breadcrumb","itemListElement":[{"@type":"ListItem","position":1,"name":"Home","item":"https:\/\/www.iseg.ulisboa.pt\/"},{"@type":"ListItem","position":2,"name":"Anivers\u00e1rio 111 ISEG"}]},{"@type":"WebSite","@id":"https:\/\/www.iseg.ulisboa.pt\/en\/#website","url":"https:\/\/www.iseg.ulisboa.pt\/en\/","name":"ISEG","description":"Lisbon School of Economics &amp; Management","publisher":{"@id":"https:\/\/www.iseg.ulisboa.pt\/en\/#organization"},"potentialAction":[{"@type":"SearchAction","target":{"@type":"EntryPoint","urlTemplate":"https:\/\/www.iseg.ulisboa.pt\/en\/?s={search_term_string}"},"query-input":"required name=search_term_string"}],"inLanguage":"en-US"},{"@type":"Organization","@id":"https:\/\/www.iseg.ulisboa.pt\/en\/#organization","name":"ISEG","url":"https:\/\/www.iseg.ulisboa.pt\/en\/","logo":{"@type":"ImageObject","inLanguage":"en-US","@id":"https:\/\/www.iseg.ulisboa.pt\/en\/#\/schema\/logo\/image\/","url":"https:\/\/www.iseg.ulisboa.pt\/wp-content\/uploads\/2021\/02\/iseg-logo-ul.svg","contentUrl":"https:\/\/www.iseg.ulisboa.pt\/wp-content\/uploads\/2021\/02\/iseg-logo-ul.svg","width":250,"height":120,"caption":"ISEG"},"image":{"@id":"https:\/\/www.iseg.ulisboa.pt\/en\/#\/schema\/logo\/image\/"},"sameAs":["https:\/\/www.facebook.com\/iseg.pt","https:\/\/x.com\/iseglisbon","https:\/\/www.instagram.com\/iseglisbon\/","https:\/\/www.linkedin.com\/school\/iseglisbon\/","https:\/\/www.youtube.com\/user\/DMREISEG"]}]}},"uagb_featured_image_src":{"full":["https:\/\/www.iseg.ulisboa.pt\/wp-content\/uploads\/2022\/05\/Metatag_111Anos_V01.png",1201,631,false],"thumbnail":["https:\/\/www.iseg.ulisboa.pt\/wp-content\/uploads\/2022\/05\/Metatag_111Anos_V01-150x150.png",150,150,true],"medium":["https:\/\/www.iseg.ulisboa.pt\/wp-content\/uploads\/2022\/05\/Metatag_111Anos_V01-300x158.png",300,158,true],"medium_large":["https:\/\/www.iseg.ulisboa.pt\/wp-content\/uploads\/2022\/05\/Metatag_111Anos_V01.png",768,404,false],"large":["https:\/\/www.iseg.ulisboa.pt\/wp-content\/uploads\/2022\/05\/Metatag_111Anos_V01.png",1024,538,false],"1536x1536":["https:\/\/www.iseg.ulisboa.pt\/wp-content\/uploads\/2022\/05\/Metatag_111Anos_V01.png",1201,631,false],"2048x2048":["https:\/\/www.iseg.ulisboa.pt\/wp-content\/uploads\/2022\/05\/Metatag_111Anos_V01.png",1201,631,false],"trp-custom-language-flag":["https:\/\/www.iseg.ulisboa.pt\/wp-content\/uploads\/2022\/05\/Metatag_111Anos_V01.png",18,9,false]},"uagb_author_info":{"display_name":"paulamonteiro","author_link":"https:\/\/www.iseg.ulisboa.pt\/en\/author\/"},"uagb_comment_info":0,"uagb_excerpt":"O ISEG \u2013 Lisbon School of Economics e Management celebra 111 anos, no dia 23 de maio. Celebre connosco o anivers\u00e1rio da primeira faculdade de Economia e Gest\u00e3o do pa\u00eds!Para&nbsp;[...]","_links":{"self":[{"href":"https:\/\/www.iseg.ulisboa.pt\/en\/wp-json\/wp\/v2\/event\/26293"}],"collection":[{"href":"https:\/\/www.iseg.ulisboa.pt\/en\/wp-json\/wp\/v2\/event"}],"about":[{"href":"https:\/\/www.iseg.ulisboa.pt\/en\/wp-json\/wp\/v2\/types\/event"}],"version-history":[{"count":0,"href":"https:\/\/www.iseg.ulisboa.pt\/en\/wp-json\/wp\/v2\/event\/26293\/revisions"}],"acf:term":[{"embeddable":true,"taxonomy":"event_type","href":"https:\/\/www.iseg.ulisboa.pt\/en\/wp-json\/wp\/v2\/event_type\/1188"}],"wp:featuredmedia":[{"embeddable":true,"href":"https:\/\/www.iseg.ulisboa.pt\/en\/wp-json\/wp\/v2\/media\/26220"}],"wp:attachment":[{"href":"https:\/\/www.iseg.ulisboa.pt\/en\/wp-json\/wp\/v2\/media?parent=26293"}],"wp:term":[{"taxonomy":"topic","embeddable":true,"href":"https:\/\/www.iseg.ulisboa.pt\/en\/wp-json\/wp\/v2\/topic?post=26293"},{"taxonomy":"event_type","embeddable":true,"href":"https:\/\/www.iseg.ulisboa.pt\/en\/wp-json\/wp\/v2\/event_type?post=26293"}],"curies":[{"name":"wp","href":"https:\/\/api.w.org\/{rel}","templated":true}]}}