{"id":37358,"date":"2023-03-27T16:30:58","date_gmt":"2023-03-27T16:30:58","guid":{"rendered":"https:\/\/www.iseg.ulisboa.pt\/?post_type=event&#038;p=37358"},"modified":"2023-04-13T15:51:40","modified_gmt":"2023-04-13T15:51:40","slug":"7th-edition-of-the-german-portuguese-forum","status":"publish","type":"event","link":"https:\/\/www.iseg.ulisboa.pt\/en\/event\/7th-edition-of-the-german-portuguese-forum\/","title":{"rendered":"7th Edition of the Portuguese-German Forum"},"content":{"rendered":"<p>The 7th edition of the Portuguese-German Forum will be held at ISEG on 17 April, 2023,. Created in 2013 by the Portuguese and German Foreign Ministries, the main objective of this forum is to strengthen the bilateral dialogue between Portugal and Germany and their respective civil societies.<\/p>\n\n\n\n<p>The topic of the 2023 edition will be \"DIGITALISATION: A GLOBAL AND BILATERAL PERSPECTIVE\" and will include panels on \"digitalizing entrepreneurship and start-ups\/towards adaptation and innovation\"; \"tech-powered opportunities &amp; challenges\/digitalization and the Sustainable Development Goals\", and \"the Portuguese-German Ecosystem\/sharing experiences, analysing challenges, finding opportunities, and searching for solutions\".<\/p>\n\n\n\n<p>Digitalisation has become a global phenomenon, transforming the whole of society and conditioning the way we work and interact with the world. Innovation now assumes a central role in the emergence of startups that must also respond to the challenges related to the Sustainable Development Goals.\u00a0 The aim of this event is to bring together experts and forward-thinking leaders from different backgrounds to discuss the state of play and future trends of digitalisation on a global and bilateral scale.<\/p>\n\n\n\n<p>Meet the speakers and moderators <strong><a href=\"https:\/\/www.iseg.ulisboa.pt\/wp-content\/uploads\/2023\/04\/ProgramSpeakersBio.pdf\" data-type=\"URL\" data-id=\"https:\/\/www.iseg.ulisboa.pt\/wp-content\/uploads\/2023\/04\/ProgramSpeakersBio.pdf\">here<\/a><\/strong>.<\/p>\n\n\n\n<p>Register <a href=\"https:\/\/forms.office.com\/Pages\/ResponsePage.aspx?id=g0AYnCDeWUiWjJbybbC_4aFIDJjPxZ1It6RbVL5ggSRUN0hFSjJUQjdDODRFWlVRTUpMMTJZTktDRS4u\" data-type=\"URL\" data-id=\"https:\/\/forms.office.com\/Pages\/ResponsePage.aspx?id=g0AYnCDeWUiWjJbybbC_4aFIDJjPxZ1It6RbVL5ggSRUN0hFSjJUQjdDODRFWlVRTUpMMTJZTktDRS4u\"><strong>here<\/strong><\/a>.<\/p>\n\n\n\n<p>You can also follow this event via <a href=\"https:\/\/youtube.com\/live\/lzRusnGOguU\" data-type=\"URL\" data-id=\"https:\/\/youtube.com\/live\/lzRusnGOguU\" target=\"_blank\" rel=\"noreferrer noopener\">Youtube<\/a> .<\/p>\n\n\n\n<p><strong><a href=\"https:\/\/www.iseg.ulisboa.pt\/wp-content\/uploads\/2023\/04\/PGerman-Forum_Cartaz.pdf\" data-type=\"URL\" data-id=\"https:\/\/www.iseg.ulisboa.pt\/wp-content\/uploads\/2023\/04\/PGerman-Forum_Cartaz.pdf\">Poster (pdf)<\/a><\/strong><\/p>\n\n\n\n<figure class=\"wp-block-image size-full\"><img loading=\"lazy\" decoding=\"async\" width=\"842\" height=\"1191\" src=\"https:\/\/www.iseg.ulisboa.pt\/wp-content\/uploads\/2023\/04\/Portuguese-German-Forum_V05_Prancheta-1.png\" alt=\"\" class=\"wp-image-37796\" srcset=\"https:\/\/www.iseg.ulisboa.pt\/wp-content\/uploads\/2023\/04\/Portuguese-German-Forum_V05_Prancheta-1.png 842w, https:\/\/www.iseg.ulisboa.pt\/wp-content\/uploads\/2023\/04\/Portuguese-German-Forum_V05_Prancheta-1-212x300.png 212w, https:\/\/www.iseg.ulisboa.pt\/wp-content\/uploads\/2023\/04\/Portuguese-German-Forum_V05_Prancheta-1-8x12.png 8w\" sizes=\"(max-width: 842px) 100vw, 842px\" \/><\/figure>","protected":false},"excerpt":{"rendered":"The 7th edition of the Luso-German Forum will be held at ISEG on April 17th. Created in 2013 by the Portuguese and German Ministries of Foreign Affairs, the Luso-German Forum [...]","protected":false},"featured_media":37362,"template":"","topic":[1399,1401],"event_type":[1155],"acf":{"start_date":"2023-04-17 09:00:00","end_date":"2023-04-17 16:30:00","venue":"Audit\u00f3rio CGD","event_type":1155,"topic":[1399,1401]},"yoast_head":"<!-- This site is optimized with the Yoast SEO plugin v22.6 - https:\/\/yoast.com\/wordpress\/plugins\/seo\/ -->\n<title>7\u00aa Edi\u00e7\u00e3o do F\u00f3rum Luso-Alem\u00e3o - ISEG<\/title>\n<meta name=\"robots\" content=\"index, follow, max-snippet:-1, max-image-preview:large, max-video-preview:-1\" \/>\n<link rel=\"canonical\" href=\"https:\/\/www.iseg.ulisboa.pt\/en\/event\/7th-edition-of-the-german-portuguese-forum\/\" \/>\n<meta name=\"twitter:label1\" content=\"Est. reading time\" \/>\n\t<meta name=\"twitter:data1\" content=\"1 minute\" \/>\n<script type=\"application\/ld+json\" class=\"yoast-schema-graph\">{\"@context\":\"https:\/\/schema.org\",\"@graph\":[{\"@type\":\"WebPage\",\"@id\":\"https:\/\/www.iseg.ulisboa.pt\/en\/event\/7th-edition-of-the-german-portuguese-forum\/\",\"url\":\"https:\/\/www.iseg.ulisboa.pt\/en\/event\/7th-edition-of-the-german-portuguese-forum\/\",\"name\":\"7\u00aa Edi\u00e7\u00e3o do F\u00f3rum Luso-Alem\u00e3o - ISEG\",\"isPartOf\":{\"@id\":\"https:\/\/www.iseg.ulisboa.pt\/en\/#website\"},\"primaryImageOfPage\":{\"@id\":\"https:\/\/www.iseg.ulisboa.pt\/en\/event\/7th-edition-of-the-german-portuguese-forum\/#primaryimage\"},\"image\":{\"@id\":\"https:\/\/www.iseg.ulisboa.pt\/en\/event\/7th-edition-of-the-german-portuguese-forum\/#primaryimage\"},\"thumbnailUrl\":\"https:\/\/www.iseg.ulisboa.pt\/wp-content\/uploads\/2023\/03\/PGerman-Forum_Site-2.png\",\"datePublished\":\"2023-03-27T16:30:58+00:00\",\"dateModified\":\"2023-04-13T15:51:40+00:00\",\"breadcrumb\":{\"@id\":\"https:\/\/www.iseg.ulisboa.pt\/en\/event\/7th-edition-of-the-german-portuguese-forum\/#breadcrumb\"},\"inLanguage\":\"en-US\",\"potentialAction\":[{\"@type\":\"ReadAction\",\"target\":[\"https:\/\/www.iseg.ulisboa.pt\/en\/event\/7th-edition-of-the-german-portuguese-forum\/\"]}]},{\"@type\":\"ImageObject\",\"inLanguage\":\"en-US\",\"@id\":\"https:\/\/www.iseg.ulisboa.pt\/en\/event\/7th-edition-of-the-german-portuguese-forum\/#primaryimage\",\"url\":\"https:\/\/www.iseg.ulisboa.pt\/wp-content\/uploads\/2023\/03\/PGerman-Forum_Site-2.png\",\"contentUrl\":\"https:\/\/www.iseg.ulisboa.pt\/wp-content\/uploads\/2023\/03\/PGerman-Forum_Site-2.png\",\"width\":1201,\"height\":601},{\"@type\":\"BreadcrumbList\",\"@id\":\"https:\/\/www.iseg.ulisboa.pt\/en\/event\/7th-edition-of-the-german-portuguese-forum\/#breadcrumb\",\"itemListElement\":[{\"@type\":\"ListItem\",\"position\":1,\"name\":\"Home\",\"item\":\"https:\/\/www.iseg.ulisboa.pt\/\"},{\"@type\":\"ListItem\",\"position\":2,\"name\":\"7\u00aa Edi\u00e7\u00e3o do F\u00f3rum Luso-Alem\u00e3o\"}]},{\"@type\":\"WebSite\",\"@id\":\"https:\/\/www.iseg.ulisboa.pt\/en\/#website\",\"url\":\"https:\/\/www.iseg.ulisboa.pt\/en\/\",\"name\":\"ISEG\",\"description\":\"Lisbon School of Economics &amp; Management\",\"publisher\":{\"@id\":\"https:\/\/www.iseg.ulisboa.pt\/en\/#organization\"},\"potentialAction\":[{\"@type\":\"SearchAction\",\"target\":{\"@type\":\"EntryPoint\",\"urlTemplate\":\"https:\/\/www.iseg.ulisboa.pt\/en\/?s={search_term_string}\"},\"query-input\":\"required name=search_term_string\"}],\"inLanguage\":\"en-US\"},{\"@type\":\"Organization\",\"@id\":\"https:\/\/www.iseg.ulisboa.pt\/en\/#organization\",\"name\":\"ISEG\",\"url\":\"https:\/\/www.iseg.ulisboa.pt\/en\/\",\"logo\":{\"@type\":\"ImageObject\",\"inLanguage\":\"en-US\",\"@id\":\"https:\/\/www.iseg.ulisboa.pt\/en\/#\/schema\/logo\/image\/\",\"url\":\"https:\/\/www.iseg.ulisboa.pt\/wp-content\/uploads\/2021\/02\/iseg-logo-ul.svg\",\"contentUrl\":\"https:\/\/www.iseg.ulisboa.pt\/wp-content\/uploads\/2021\/02\/iseg-logo-ul.svg\",\"width\":250,\"height\":120,\"caption\":\"ISEG\"},\"image\":{\"@id\":\"https:\/\/www.iseg.ulisboa.pt\/en\/#\/schema\/logo\/image\/\"},\"sameAs\":[\"https:\/\/www.facebook.com\/iseg.pt\",\"https:\/\/x.com\/iseglisbon\",\"https:\/\/www.instagram.com\/iseglisbon\/\",\"https:\/\/www.linkedin.com\/school\/iseglisbon\/\",\"https:\/\/www.youtube.com\/user\/DMREISEG\"]}]}<\/script>\n<!-- \/ Yoast SEO plugin. -->","yoast_head_json":{"title":"7th Edition of the Luso-German Forum - ISEG","robots":{"index":"index","follow":"follow","max-snippet":"max-snippet:-1","max-image-preview":"max-image-preview:large","max-video-preview":"max-video-preview:-1"},"canonical":"https:\/\/www.iseg.ulisboa.pt\/en\/event\/7th-edition-of-the-german-portuguese-forum\/","twitter_misc":{"Est. reading time":"1 minute"},"schema":{"@context":"https:\/\/schema.org","@graph":[{"@type":"WebPage","@id":"https:\/\/www.iseg.ulisboa.pt\/en\/event\/7th-edition-of-the-german-portuguese-forum\/","url":"https:\/\/www.iseg.ulisboa.pt\/en\/event\/7th-edition-of-the-german-portuguese-forum\/","name":"7th Edition of the Luso-German Forum - ISEG","isPartOf":{"@id":"https:\/\/www.iseg.ulisboa.pt\/en\/#website"},"primaryImageOfPage":{"@id":"https:\/\/www.iseg.ulisboa.pt\/en\/event\/7th-edition-of-the-german-portuguese-forum\/#primaryimage"},"image":{"@id":"https:\/\/www.iseg.ulisboa.pt\/en\/event\/7th-edition-of-the-german-portuguese-forum\/#primaryimage"},"thumbnailUrl":"https:\/\/www.iseg.ulisboa.pt\/wp-content\/uploads\/2023\/03\/PGerman-Forum_Site-2.png","datePublished":"2023-03-27T16:30:58+00:00","dateModified":"2023-04-13T15:51:40+00:00","breadcrumb":{"@id":"https:\/\/www.iseg.ulisboa.pt\/en\/event\/7th-edition-of-the-german-portuguese-forum\/#breadcrumb"},"inLanguage":"en-US","potentialAction":[{"@type":"ReadAction","target":["https:\/\/www.iseg.ulisboa.pt\/en\/event\/7th-edition-of-the-german-portuguese-forum\/"]}]},{"@type":"ImageObject","inLanguage":"en-US","@id":"https:\/\/www.iseg.ulisboa.pt\/en\/event\/7th-edition-of-the-german-portuguese-forum\/#primaryimage","url":"https:\/\/www.iseg.ulisboa.pt\/wp-content\/uploads\/2023\/03\/PGerman-Forum_Site-2.png","contentUrl":"https:\/\/www.iseg.ulisboa.pt\/wp-content\/uploads\/2023\/03\/PGerman-Forum_Site-2.png","width":1201,"height":601},{"@type":"BreadcrumbList","@id":"https:\/\/www.iseg.ulisboa.pt\/en\/event\/7th-edition-of-the-german-portuguese-forum\/#breadcrumb","itemListElement":[{"@type":"ListItem","position":1,"name":"Home","item":"https:\/\/www.iseg.ulisboa.pt\/"},{"@type":"ListItem","position":2,"name":"7\u00aa Edi\u00e7\u00e3o do F\u00f3rum Luso-Alem\u00e3o"}]},{"@type":"WebSite","@id":"https:\/\/www.iseg.ulisboa.pt\/en\/#website","url":"https:\/\/www.iseg.ulisboa.pt\/en\/","name":"ISEG","description":"Lisbon School of Economics &amp; Management","publisher":{"@id":"https:\/\/www.iseg.ulisboa.pt\/en\/#organization"},"potentialAction":[{"@type":"SearchAction","target":{"@type":"EntryPoint","urlTemplate":"https:\/\/www.iseg.ulisboa.pt\/en\/?s={search_term_string}"},"query-input":"required name=search_term_string"}],"inLanguage":"en-US"},{"@type":"Organization","@id":"https:\/\/www.iseg.ulisboa.pt\/en\/#organization","name":"ISEG","url":"https:\/\/www.iseg.ulisboa.pt\/en\/","logo":{"@type":"ImageObject","inLanguage":"en-US","@id":"https:\/\/www.iseg.ulisboa.pt\/en\/#\/schema\/logo\/image\/","url":"https:\/\/www.iseg.ulisboa.pt\/wp-content\/uploads\/2021\/02\/iseg-logo-ul.svg","contentUrl":"https:\/\/www.iseg.ulisboa.pt\/wp-content\/uploads\/2021\/02\/iseg-logo-ul.svg","width":250,"height":120,"caption":"ISEG"},"image":{"@id":"https:\/\/www.iseg.ulisboa.pt\/en\/#\/schema\/logo\/image\/"},"sameAs":["https:\/\/www.facebook.com\/iseg.pt","https:\/\/x.com\/iseglisbon","https:\/\/www.instagram.com\/iseglisbon\/","https:\/\/www.linkedin.com\/school\/iseglisbon\/","https:\/\/www.youtube.com\/user\/DMREISEG"]}]}},"uagb_featured_image_src":{"full":["https:\/\/www.iseg.ulisboa.pt\/wp-content\/uploads\/2023\/03\/PGerman-Forum_Site-2.png",1201,601,false],"thumbnail":["https:\/\/www.iseg.ulisboa.pt\/wp-content\/uploads\/2023\/03\/PGerman-Forum_Site-2-150x150.png",150,150,true],"medium":["https:\/\/www.iseg.ulisboa.pt\/wp-content\/uploads\/2023\/03\/PGerman-Forum_Site-2-300x150.png",300,150,true],"medium_large":["https:\/\/www.iseg.ulisboa.pt\/wp-content\/uploads\/2023\/03\/PGerman-Forum_Site-2.png",768,384,false],"large":["https:\/\/www.iseg.ulisboa.pt\/wp-content\/uploads\/2023\/03\/PGerman-Forum_Site-2.png",1024,512,false],"1536x1536":["https:\/\/www.iseg.ulisboa.pt\/wp-content\/uploads\/2023\/03\/PGerman-Forum_Site-2.png",1201,601,false],"2048x2048":["https:\/\/www.iseg.ulisboa.pt\/wp-content\/uploads\/2023\/03\/PGerman-Forum_Site-2.png",1201,601,false],"trp-custom-language-flag":["https:\/\/www.iseg.ulisboa.pt\/wp-content\/uploads\/2023\/03\/PGerman-Forum_Site-2-18x9.png",18,9,true]},"uagb_author_info":{"display_name":"irafael","author_link":"https:\/\/www.iseg.ulisboa.pt\/en\/author\/"},"uagb_comment_info":0,"uagb_excerpt":"No dia 17 de abril ir\u00e1 ter lugar no ISEG a 7\u00aa edi\u00e7\u00e3o do F\u00f3rum Luso-Alem\u00e3o. Criado em 2013 pelos Minist\u00e9rios dos &nbsp;Neg\u00f3cios Estrangeiros portugu\u00eas e alem\u00e3o, o F\u00f3rum Luso-Alem\u00e3o&nbsp;[...]","_links":{"self":[{"href":"https:\/\/www.iseg.ulisboa.pt\/en\/wp-json\/wp\/v2\/event\/37358"}],"collection":[{"href":"https:\/\/www.iseg.ulisboa.pt\/en\/wp-json\/wp\/v2\/event"}],"about":[{"href":"https:\/\/www.iseg.ulisboa.pt\/en\/wp-json\/wp\/v2\/types\/event"}],"version-history":[{"count":0,"href":"https:\/\/www.iseg.ulisboa.pt\/en\/wp-json\/wp\/v2\/event\/37358\/revisions"}],"acf:term":[{"embeddable":true,"taxonomy":"topic","href":"https:\/\/www.iseg.ulisboa.pt\/en\/wp-json\/wp\/v2\/topic\/1401"},{"embeddable":true,"taxonomy":"topic","href":"https:\/\/www.iseg.ulisboa.pt\/en\/wp-json\/wp\/v2\/topic\/1399"},{"embeddable":true,"taxonomy":"event_type","href":"https:\/\/www.iseg.ulisboa.pt\/en\/wp-json\/wp\/v2\/event_type\/1155"}],"wp:featuredmedia":[{"embeddable":true,"href":"https:\/\/www.iseg.ulisboa.pt\/en\/wp-json\/wp\/v2\/media\/37362"}],"wp:attachment":[{"href":"https:\/\/www.iseg.ulisboa.pt\/en\/wp-json\/wp\/v2\/media?parent=37358"}],"wp:term":[{"taxonomy":"topic","embeddable":true,"href":"https:\/\/www.iseg.ulisboa.pt\/en\/wp-json\/wp\/v2\/topic?post=37358"},{"taxonomy":"event_type","embeddable":true,"href":"https:\/\/www.iseg.ulisboa.pt\/en\/wp-json\/wp\/v2\/event_type?post=37358"}],"curies":[{"name":"wp","href":"https:\/\/api.w.org\/{rel}","templated":true}]}}