{"id":67844,"date":"2026-03-06T16:18:38","date_gmt":"2026-03-06T16:18:38","guid":{"rendered":"https:\/\/www.iseg.ulisboa.pt\/?post_type=event&#038;p=67844"},"modified":"2026-03-13T13:06:11","modified_gmt":"2026-03-13T13:06:11","slug":"economics-graduation-seminar-portugal-que-balanco-social","status":"publish","type":"event","link":"https:\/\/www.iseg.ulisboa.pt\/en\/event\/economics-graduation-seminar-portugal-que-balanco-social\/","title":{"rendered":"Economics Degree Seminar | Portugal: What social balance?"},"content":{"rendered":"<p>ISEG is organizing the following day&nbsp;<strong>March 12th, between 10 a.m. and 12 p.m.<\/strong>, in&nbsp;<strong>Amphitheatre 3 (F2)<\/strong>, the seminar&nbsp;<strong>\u201cPortugal: What social balance?\u201d<\/strong>, within the framework of the <strong>Seminar<\/strong>&nbsp;<strong>Degree in Economics<\/strong>, with the participation of&nbsp;<strong>Professor Susana Peralta<\/strong>, by Nova SBE.<\/p>\n\n\n\n<p>This seminar aims to promote reflection on the&nbsp;<strong>Portuguese social reality<\/strong>, The event will address the main challenges and trends in the country's economic and social context. The initiative aims to encourage academic debate and the sharing of perspectives between students, teachers and the interested public.&nbsp;<\/p>\n\n\n\n<p><strong>Free admission.<\/strong><\/p>","protected":false},"excerpt":{"rendered":"On March 12, between 10 a.m. and 12 p.m., in Amphitheatre 3 (F2), ISEG is organizing the seminar \u201cPortugal: What social balance?\u201d, as part of the Economics Degree Seminar, which [...]","protected":false},"featured_media":67917,"template":"","topic":[3424,3711],"event_type":[1155],"acf":[],"yoast_head":"<!-- This site is optimized with the Yoast SEO plugin v22.6 - https:\/\/yoast.com\/wordpress\/plugins\/seo\/ -->\n<title>Semin\u00e1rio da Licenciatura em Economia | Portugal: Que balan\u00e7o social? - ISEG<\/title>\n<meta name=\"robots\" content=\"index, follow, max-snippet:-1, max-image-preview:large, max-video-preview:-1\" \/>\n<link rel=\"canonical\" href=\"https:\/\/www.iseg.ulisboa.pt\/en\/event\/economics-graduation-seminar-portugal-que-balanco-social\/\" \/>\n<meta name=\"twitter:label1\" content=\"Est. reading time\" \/>\n\t<meta name=\"twitter:data1\" content=\"1 minute\" \/>\n<script type=\"application\/ld+json\" class=\"yoast-schema-graph\">{\"@context\":\"https:\/\/schema.org\",\"@graph\":[{\"@type\":\"WebPage\",\"@id\":\"https:\/\/www.iseg.ulisboa.pt\/en\/event\/economics-graduation-seminar-portugal-que-balanco-social\/\",\"url\":\"https:\/\/www.iseg.ulisboa.pt\/en\/event\/economics-graduation-seminar-portugal-que-balanco-social\/\",\"name\":\"Semin\u00e1rio da Licenciatura em Economia | Portugal: Que balan\u00e7o social? - ISEG\",\"isPartOf\":{\"@id\":\"https:\/\/www.iseg.ulisboa.pt\/en\/#website\"},\"primaryImageOfPage\":{\"@id\":\"https:\/\/www.iseg.ulisboa.pt\/en\/event\/economics-graduation-seminar-portugal-que-balanco-social\/#primaryimage\"},\"image\":{\"@id\":\"https:\/\/www.iseg.ulisboa.pt\/en\/event\/economics-graduation-seminar-portugal-que-balanco-social\/#primaryimage\"},\"thumbnailUrl\":\"https:\/\/www.iseg.ulisboa.pt\/wp-content\/uploads\/SeminarioLIC_ECO_Evento.png\",\"datePublished\":\"2026-03-06T16:18:38+00:00\",\"dateModified\":\"2026-03-13T13:06:11+00:00\",\"breadcrumb\":{\"@id\":\"https:\/\/www.iseg.ulisboa.pt\/en\/event\/economics-graduation-seminar-portugal-que-balanco-social\/#breadcrumb\"},\"inLanguage\":\"en-US\",\"potentialAction\":[{\"@type\":\"ReadAction\",\"target\":[\"https:\/\/www.iseg.ulisboa.pt\/en\/event\/economics-graduation-seminar-portugal-que-balanco-social\/\"]}]},{\"@type\":\"ImageObject\",\"inLanguage\":\"en-US\",\"@id\":\"https:\/\/www.iseg.ulisboa.pt\/en\/event\/economics-graduation-seminar-portugal-que-balanco-social\/#primaryimage\",\"url\":\"https:\/\/www.iseg.ulisboa.pt\/wp-content\/uploads\/SeminarioLIC_ECO_Evento.png\",\"contentUrl\":\"https:\/\/www.iseg.ulisboa.pt\/wp-content\/uploads\/SeminarioLIC_ECO_Evento.png\",\"width\":1200,\"height\":630},{\"@type\":\"BreadcrumbList\",\"@id\":\"https:\/\/www.iseg.ulisboa.pt\/en\/event\/economics-graduation-seminar-portugal-que-balanco-social\/#breadcrumb\",\"itemListElement\":[{\"@type\":\"ListItem\",\"position\":1,\"name\":\"Home\",\"item\":\"https:\/\/www.iseg.ulisboa.pt\/\"},{\"@type\":\"ListItem\",\"position\":2,\"name\":\"Semin\u00e1rio da Licenciatura em Economia | Portugal: Que balan\u00e7o social?\"}]},{\"@type\":\"WebSite\",\"@id\":\"https:\/\/www.iseg.ulisboa.pt\/en\/#website\",\"url\":\"https:\/\/www.iseg.ulisboa.pt\/en\/\",\"name\":\"ISEG\",\"description\":\"Lisbon School of Economics &amp; Management\",\"publisher\":{\"@id\":\"https:\/\/www.iseg.ulisboa.pt\/en\/#organization\"},\"potentialAction\":[{\"@type\":\"SearchAction\",\"target\":{\"@type\":\"EntryPoint\",\"urlTemplate\":\"https:\/\/www.iseg.ulisboa.pt\/en\/?s={search_term_string}\"},\"query-input\":\"required name=search_term_string\"}],\"inLanguage\":\"en-US\"},{\"@type\":\"Organization\",\"@id\":\"https:\/\/www.iseg.ulisboa.pt\/en\/#organization\",\"name\":\"ISEG\",\"url\":\"https:\/\/www.iseg.ulisboa.pt\/en\/\",\"logo\":{\"@type\":\"ImageObject\",\"inLanguage\":\"en-US\",\"@id\":\"https:\/\/www.iseg.ulisboa.pt\/en\/#\/schema\/logo\/image\/\",\"url\":\"https:\/\/www.iseg.ulisboa.pt\/wp-content\/uploads\/2021\/02\/iseg-logo-ul.svg\",\"contentUrl\":\"https:\/\/www.iseg.ulisboa.pt\/wp-content\/uploads\/2021\/02\/iseg-logo-ul.svg\",\"width\":250,\"height\":120,\"caption\":\"ISEG\"},\"image\":{\"@id\":\"https:\/\/www.iseg.ulisboa.pt\/en\/#\/schema\/logo\/image\/\"},\"sameAs\":[\"https:\/\/www.facebook.com\/iseg.pt\",\"https:\/\/x.com\/iseglisbon\",\"https:\/\/www.instagram.com\/iseglisbon\/\",\"https:\/\/www.linkedin.com\/school\/iseglisbon\/\",\"https:\/\/www.youtube.com\/user\/DMREISEG\"]}]}<\/script>\n<!-- \/ Yoast SEO plugin. -->","yoast_head_json":{"title":"Economics Degree Seminar | Portugal: What social balance? - ISEG","robots":{"index":"index","follow":"follow","max-snippet":"max-snippet:-1","max-image-preview":"max-image-preview:large","max-video-preview":"max-video-preview:-1"},"canonical":"https:\/\/www.iseg.ulisboa.pt\/en\/event\/economics-graduation-seminar-portugal-que-balanco-social\/","twitter_misc":{"Est. reading time":"1 minute"},"schema":{"@context":"https:\/\/schema.org","@graph":[{"@type":"WebPage","@id":"https:\/\/www.iseg.ulisboa.pt\/en\/event\/economics-graduation-seminar-portugal-que-balanco-social\/","url":"https:\/\/www.iseg.ulisboa.pt\/en\/event\/economics-graduation-seminar-portugal-que-balanco-social\/","name":"Economics Degree Seminar | Portugal: What social balance? - ISEG","isPartOf":{"@id":"https:\/\/www.iseg.ulisboa.pt\/en\/#website"},"primaryImageOfPage":{"@id":"https:\/\/www.iseg.ulisboa.pt\/en\/event\/economics-graduation-seminar-portugal-que-balanco-social\/#primaryimage"},"image":{"@id":"https:\/\/www.iseg.ulisboa.pt\/en\/event\/economics-graduation-seminar-portugal-que-balanco-social\/#primaryimage"},"thumbnailUrl":"https:\/\/www.iseg.ulisboa.pt\/wp-content\/uploads\/SeminarioLIC_ECO_Evento.png","datePublished":"2026-03-06T16:18:38+00:00","dateModified":"2026-03-13T13:06:11+00:00","breadcrumb":{"@id":"https:\/\/www.iseg.ulisboa.pt\/en\/event\/economics-graduation-seminar-portugal-que-balanco-social\/#breadcrumb"},"inLanguage":"en-US","potentialAction":[{"@type":"ReadAction","target":["https:\/\/www.iseg.ulisboa.pt\/en\/event\/economics-graduation-seminar-portugal-que-balanco-social\/"]}]},{"@type":"ImageObject","inLanguage":"en-US","@id":"https:\/\/www.iseg.ulisboa.pt\/en\/event\/economics-graduation-seminar-portugal-que-balanco-social\/#primaryimage","url":"https:\/\/www.iseg.ulisboa.pt\/wp-content\/uploads\/SeminarioLIC_ECO_Evento.png","contentUrl":"https:\/\/www.iseg.ulisboa.pt\/wp-content\/uploads\/SeminarioLIC_ECO_Evento.png","width":1200,"height":630},{"@type":"BreadcrumbList","@id":"https:\/\/www.iseg.ulisboa.pt\/en\/event\/economics-graduation-seminar-portugal-que-balanco-social\/#breadcrumb","itemListElement":[{"@type":"ListItem","position":1,"name":"Home","item":"https:\/\/www.iseg.ulisboa.pt\/"},{"@type":"ListItem","position":2,"name":"Semin\u00e1rio da Licenciatura em Economia | Portugal: Que balan\u00e7o social?"}]},{"@type":"WebSite","@id":"https:\/\/www.iseg.ulisboa.pt\/en\/#website","url":"https:\/\/www.iseg.ulisboa.pt\/en\/","name":"ISEG","description":"Lisbon School of Economics &amp; Management","publisher":{"@id":"https:\/\/www.iseg.ulisboa.pt\/en\/#organization"},"potentialAction":[{"@type":"SearchAction","target":{"@type":"EntryPoint","urlTemplate":"https:\/\/www.iseg.ulisboa.pt\/en\/?s={search_term_string}"},"query-input":"required name=search_term_string"}],"inLanguage":"en-US"},{"@type":"Organization","@id":"https:\/\/www.iseg.ulisboa.pt\/en\/#organization","name":"ISEG","url":"https:\/\/www.iseg.ulisboa.pt\/en\/","logo":{"@type":"ImageObject","inLanguage":"en-US","@id":"https:\/\/www.iseg.ulisboa.pt\/en\/#\/schema\/logo\/image\/","url":"https:\/\/www.iseg.ulisboa.pt\/wp-content\/uploads\/2021\/02\/iseg-logo-ul.svg","contentUrl":"https:\/\/www.iseg.ulisboa.pt\/wp-content\/uploads\/2021\/02\/iseg-logo-ul.svg","width":250,"height":120,"caption":"ISEG"},"image":{"@id":"https:\/\/www.iseg.ulisboa.pt\/en\/#\/schema\/logo\/image\/"},"sameAs":["https:\/\/www.facebook.com\/iseg.pt","https:\/\/x.com\/iseglisbon","https:\/\/www.instagram.com\/iseglisbon\/","https:\/\/www.linkedin.com\/school\/iseglisbon\/","https:\/\/www.youtube.com\/user\/DMREISEG"]}]}},"uagb_featured_image_src":{"full":["https:\/\/www.iseg.ulisboa.pt\/wp-content\/uploads\/SeminarioLIC_ECO_Evento.png",1200,630,false],"thumbnail":["https:\/\/www.iseg.ulisboa.pt\/wp-content\/uploads\/SeminarioLIC_ECO_Evento-150x150.png",150,150,true],"medium":["https:\/\/www.iseg.ulisboa.pt\/wp-content\/uploads\/SeminarioLIC_ECO_Evento-300x158.png",300,158,true],"medium_large":["https:\/\/www.iseg.ulisboa.pt\/wp-content\/uploads\/SeminarioLIC_ECO_Evento.png",768,403,false],"large":["https:\/\/www.iseg.ulisboa.pt\/wp-content\/uploads\/SeminarioLIC_ECO_Evento.png",1024,538,false],"1536x1536":["https:\/\/www.iseg.ulisboa.pt\/wp-content\/uploads\/SeminarioLIC_ECO_Evento.png",1200,630,false],"2048x2048":["https:\/\/www.iseg.ulisboa.pt\/wp-content\/uploads\/SeminarioLIC_ECO_Evento.png",1200,630,false],"trp-custom-language-flag":["https:\/\/www.iseg.ulisboa.pt\/wp-content\/uploads\/SeminarioLIC_ECO_Evento-18x9.png",18,9,true]},"uagb_author_info":{"display_name":"irafael","author_link":"https:\/\/www.iseg.ulisboa.pt\/en\/author\/"},"uagb_comment_info":0,"uagb_excerpt":"O ISEG organiza, no pr\u00f3ximo dia&nbsp;12 de mar\u00e7o, entre as 10h00 e as 12h00, no&nbsp;Anfiteatro 3 (F2), o semin\u00e1rio&nbsp;\u201cPortugal: Que balan\u00e7o social?\u201d, no \u00e2mbito do Semin\u00e1rio da&nbsp;Licenciatura em Economia, que&nbsp;[...]","_links":{"self":[{"href":"https:\/\/www.iseg.ulisboa.pt\/en\/wp-json\/wp\/v2\/event\/67844"}],"collection":[{"href":"https:\/\/www.iseg.ulisboa.pt\/en\/wp-json\/wp\/v2\/event"}],"about":[{"href":"https:\/\/www.iseg.ulisboa.pt\/en\/wp-json\/wp\/v2\/types\/event"}],"version-history":[{"count":0,"href":"https:\/\/www.iseg.ulisboa.pt\/en\/wp-json\/wp\/v2\/event\/67844\/revisions"}],"wp:featuredmedia":[{"embeddable":true,"href":"https:\/\/www.iseg.ulisboa.pt\/en\/wp-json\/wp\/v2\/media\/67917"}],"wp:attachment":[{"href":"https:\/\/www.iseg.ulisboa.pt\/en\/wp-json\/wp\/v2\/media?parent=67844"}],"wp:term":[{"taxonomy":"topic","embeddable":true,"href":"https:\/\/www.iseg.ulisboa.pt\/en\/wp-json\/wp\/v2\/topic?post=67844"},{"taxonomy":"event_type","embeddable":true,"href":"https:\/\/www.iseg.ulisboa.pt\/en\/wp-json\/wp\/v2\/event_type?post=67844"}],"curies":[{"name":"wp","href":"https:\/\/api.w.org\/{rel}","templated":true}]}}