{"id":24,"date":"2022-11-24T15:35:38","date_gmt":"2022-11-24T15:35:38","guid":{"rendered":"https:\/\/www.iseg.ulisboa.pt\/fundacao-economicas\/?page_id=24"},"modified":"2025-04-15T15:22:57","modified_gmt":"2025-04-15T15:22:57","slug":"orgaos-de-gestao","status":"publish","type":"page","link":"https:\/\/www.iseg.ulisboa.pt\/fundacao-economicas\/sobre-a-fundacao\/orgaos-de-gestao\/","title":{"rendered":"Org\u00e3os de Gest\u00e3o"},"content":{"rendered":"\n<p class=\"has-large-font-size\">Funda\u00e7\u00e3o Econ\u00f3micas &#8211; Funda\u00e7\u00e3o para o Desenvolvimento das Ci\u00eancias Econ\u00f3micas, Financeiras e Empresariais.<\/p>\n\n\n\n<section class=\"block-team \">\n    <div class=\"container\">\n                    <h2 class=\"block-team__text \"><h4>Conselho de Administra\u00e7\u00e3o<\/h4>\n<\/h2>\n                \n\t\t<div class=\"team-list js-lmc-container\" data-columns>\n\t\t\t\n                \t\t\t\t\n                <div class=\"faculty-list__item js-list-item\">\n                    <a href=\"\" class=\"faculty-item__photo disabled-link\">\n                    <img decoding=\"async\" src=\"https:\/\/www.iseg.ulisboa.pt\/fundacao-economicas\/wp-content\/uploads\/sites\/7\/2023\/01\/faculty-default.png\" class=\"image-cover\">                    <\/a>\n                    <a href=\"\" class=\"faculty-item__name disabled-link\">Dr. Carlos Torroaes Albuquerque<\/a>\n                    <div class=\"faculty-item__job\">Presidente <\/div>\n                                                        <\/div>\n\n\t\t\t\n                \t\t\t\t\n                <div class=\"faculty-list__item js-list-item\">\n                    <a href=\"\" class=\"faculty-item__photo disabled-link\">\n                    <img decoding=\"async\" src=\"https:\/\/www.iseg.ulisboa.pt\/fundacao-economicas\/wp-content\/uploads\/sites\/7\/2023\/01\/faculty-default.png\" class=\"image-cover\">                    <\/a>\n                    <a href=\"\" class=\"faculty-item__name disabled-link\">Dr.\u00aa Ana S\u00e1 Couto<\/a>\n                    <div class=\"faculty-item__job\">Administradora &#8211; Representante do Montepio<\/div>\n                                                        <\/div>\n\n\t\t\t\n                \t\t\t\t\n                <div class=\"faculty-list__item js-list-item\">\n                    <a href=\"\" class=\"faculty-item__photo disabled-link\">\n                    <img decoding=\"async\" src=\"https:\/\/www.iseg.ulisboa.pt\/fundacao-economicas\/wp-content\/uploads\/sites\/7\/2023\/01\/faculty-default.png\" class=\"image-cover\">                    <\/a>\n                    <a href=\"\" class=\"faculty-item__name disabled-link\">Dr.\u00aa Filipa Barreto<\/a>\n                    <div class=\"faculty-item__job\">Administradora &#8211; Representante da KPMG<\/div>\n                                                        <\/div>\n\n\t\t\t\n                \t\t\t\t\n                <div class=\"faculty-list__item js-list-item\">\n                    <a href=\"\" class=\"faculty-item__photo disabled-link\">\n                    <img decoding=\"async\" src=\"https:\/\/www.iseg.ulisboa.pt\/fundacao-economicas\/wp-content\/uploads\/sites\/7\/2023\/01\/faculty-default.png\" class=\"image-cover\">                    <\/a>\n                    <a href=\"\" class=\"faculty-item__name disabled-link\">Prof. Doutor Jos\u00e9 Ver\u00edssimo<\/a>\n                    <div class=\"faculty-item__job\">Administrador &#8211; Representante do ISEG<\/div>\n                                                        <\/div>\n\n\t\t\t\n                \t\t\t\t\n                <div class=\"faculty-list__item js-list-item\">\n                    <a href=\"\" class=\"faculty-item__photo disabled-link\">\n                    <img decoding=\"async\" src=\"https:\/\/www.iseg.ulisboa.pt\/fundacao-economicas\/wp-content\/uploads\/sites\/7\/2023\/01\/faculty-default.png\" class=\"image-cover\">                    <\/a>\n                    <a href=\"\" class=\"faculty-item__name disabled-link\"><\/a>\n                    <div class=\"faculty-item__job\"><\/div>\n                                                        <\/div>\n\n\t\t\t\t\t<\/div>\n    <\/div>\n<\/section>\n\n\n<section class=\"block-team \">\n    <div class=\"container\">\n                    <h2 class=\"block-team__text \"><h3>Mesa do Conselho Geral de Curadores<\/h3>\n<\/h2>\n                \n\t\t<div class=\"team-list js-lmc-container\" data-columns>\n\t\t\t\n                \t\t\t\t\n                <div class=\"faculty-list__item js-list-item\">\n                    <a href=\"\" class=\"faculty-item__photo disabled-link\">\n                    <img decoding=\"async\" src=\"https:\/\/www.iseg.ulisboa.pt\/fundacao-economicas\/wp-content\/uploads\/sites\/7\/2023\/01\/faculty-default.png\" class=\"image-cover\">                    <\/a>\n                    <a href=\"\" class=\"faculty-item__name disabled-link\">Dr. Manuel Alfredo de Mello<\/a>\n                    <div class=\"faculty-item__job\">Presidente &#8211; Representante da Nutrinveste<\/div>\n                                                        <\/div>\n\n\t\t\t\n                \t\t\t\t\n                <div class=\"faculty-list__item js-list-item\">\n                    <a href=\"\" class=\"faculty-item__photo disabled-link\">\n                    <img decoding=\"async\" src=\"https:\/\/www.iseg.ulisboa.pt\/fundacao-economicas\/wp-content\/uploads\/sites\/7\/2023\/01\/faculty-default.png\" class=\"image-cover\">                    <\/a>\n                    <a href=\"\" class=\"faculty-item__name disabled-link\">Representante da Parp\u00fablica<\/a>\n                    <div class=\"faculty-item__job\">Vogal &#8211; Representante da Parp\u00fablica<\/div>\n                                                        <\/div>\n\n\t\t\t\n                \t\t\t\t\n                <div class=\"faculty-list__item js-list-item\">\n                    <a href=\"\" class=\"faculty-item__photo disabled-link\">\n                    <img decoding=\"async\" src=\"https:\/\/www.iseg.ulisboa.pt\/fundacao-economicas\/wp-content\/uploads\/sites\/7\/2023\/01\/faculty-default.png\" class=\"image-cover\">                    <\/a>\n                    <a href=\"\" class=\"faculty-item__name disabled-link\">Dr\u00aa. Maria Celeste Hagatong<\/a>\n                    <div class=\"faculty-item__job\">Vogal &#8211; Representante do BPI<\/div>\n                                                        <\/div>\n\n\t\t\t\t\t<\/div>\n    <\/div>\n<\/section>\n\n\n<section class=\"block-team \">\n    <div class=\"container\">\n                    <h2 class=\"block-team__text \"><h3>Conselho Fiscal<\/h3>\n<\/h2>\n                \n\t\t<div class=\"team-list js-lmc-container\" data-columns>\n\t\t\t\n                \t\t\t\t\n                <div class=\"faculty-list__item js-list-item\">\n                    <a href=\"\" class=\"faculty-item__photo disabled-link\">\n                    <img decoding=\"async\" src=\"https:\/\/www.iseg.ulisboa.pt\/fundacao-economicas\/wp-content\/uploads\/sites\/7\/2023\/01\/faculty-default.png\" class=\"image-cover\">                    <\/a>\n                    <a href=\"\" class=\"faculty-item__name disabled-link\">Dr. Ant\u00f3nio Guerreiro<\/a>\n                    <div class=\"faculty-item__job\">Presidente &#8211; Representante do Banco Finantia<\/div>\n                                                        <\/div>\n\n\t\t\t\n                \t\t\t\t\n                <div class=\"faculty-list__item js-list-item\">\n                    <a href=\"\" class=\"faculty-item__photo disabled-link\">\n                    <img decoding=\"async\" src=\"https:\/\/www.iseg.ulisboa.pt\/fundacao-economicas\/wp-content\/uploads\/sites\/7\/2023\/01\/faculty-default.png\" class=\"image-cover\">                    <\/a>\n                    <a href=\"\" class=\"faculty-item__name disabled-link\">Dr\u00aa. Cristina Banquinho<\/a>\n                    <div class=\"faculty-item__job\">Vogal &#8211; Representante do IAPMEI<\/div>\n                                                        <\/div>\n\n\t\t\t\n                \t\t\t\t\n                <div class=\"faculty-list__item js-list-item\">\n                    <a href=\"\" class=\"faculty-item__photo disabled-link\">\n                    <img decoding=\"async\" src=\"https:\/\/www.iseg.ulisboa.pt\/fundacao-economicas\/wp-content\/uploads\/sites\/7\/2023\/01\/faculty-default.png\" class=\"image-cover\">                    <\/a>\n                    <a href=\"\" class=\"faculty-item__name disabled-link\">Dr. Ant\u00f3nio Coelho<\/a>\n                    <div class=\"faculty-item__job\">Vogal ROC &#8211; Representante da ESAC \u2013 Esp\u00edrito Santo &amp; Associados SROC, Lda<\/div>\n                                                        <\/div>\n\n\t\t\t\n                \t\t\t\t\n                <div class=\"faculty-list__item js-list-item\">\n                    <a href=\"\" class=\"faculty-item__photo disabled-link\">\n                    <img decoding=\"async\" src=\"https:\/\/www.iseg.ulisboa.pt\/fundacao-economicas\/wp-content\/uploads\/sites\/7\/2023\/01\/faculty-default.png\" class=\"image-cover\">                    <\/a>\n                    <a href=\"\" class=\"faculty-item__name disabled-link\"> Dr. Carlos Teot\u00f3nio Nascimento Miranda<\/a>\n                    <div class=\"faculty-item__job\">Vogal ROC &#8211; Membro Suplente<\/div>\n                                                        <\/div>\n\n\t\t\t\t\t<\/div>\n    <\/div>\n<\/section>","protected":false},"excerpt":{"rendered":"Funda\u00e7\u00e3o Econ\u00f3micas &#8211; Funda\u00e7\u00e3o para o Desenvolvimento das Ci\u00eancias Econ\u00f3micas, Financeiras e Empresariais.","protected":false},"author":2,"featured_media":0,"parent":65,"menu_order":0,"comment_status":"closed","ping_status":"closed","template":"","meta":{"inline_featured_image":false,"footnotes":""},"acf":[],"_links":{"self":[{"href":"https:\/\/www.iseg.ulisboa.pt\/fundacao-economicas\/wp-json\/wp\/v2\/pages\/24"}],"collection":[{"href":"https:\/\/www.iseg.ulisboa.pt\/fundacao-economicas\/wp-json\/wp\/v2\/pages"}],"about":[{"href":"https:\/\/www.iseg.ulisboa.pt\/fundacao-economicas\/wp-json\/wp\/v2\/types\/page"}],"author":[{"embeddable":true,"href":"https:\/\/www.iseg.ulisboa.pt\/fundacao-economicas\/wp-json\/wp\/v2\/users\/2"}],"replies":[{"embeddable":true,"href":"https:\/\/www.iseg.ulisboa.pt\/fundacao-economicas\/wp-json\/wp\/v2\/comments?post=24"}],"version-history":[{"count":19,"href":"https:\/\/www.iseg.ulisboa.pt\/fundacao-economicas\/wp-json\/wp\/v2\/pages\/24\/revisions"}],"predecessor-version":[{"id":293,"href":"https:\/\/www.iseg.ulisboa.pt\/fundacao-economicas\/wp-json\/wp\/v2\/pages\/24\/revisions\/293"}],"up":[{"embeddable":true,"href":"https:\/\/www.iseg.ulisboa.pt\/fundacao-economicas\/wp-json\/wp\/v2\/pages\/65"}],"wp:attachment":[{"href":"https:\/\/www.iseg.ulisboa.pt\/fundacao-economicas\/wp-json\/wp\/v2\/media?parent=24"}],"curies":[{"name":"wp","href":"https:\/\/api.w.org\/{rel}","templated":true}]}}