{"id":10,"date":"2022-11-20T18:09:03","date_gmt":"2022-11-20T18:09:03","guid":{"rendered":"https:\/\/www.iseg.ulisboa.pt\/recursos-humanos\/?page_id=10"},"modified":"2026-02-12T10:58:43","modified_gmt":"2026-02-12T10:58:43","slug":"documentos","status":"publish","type":"page","link":"https:\/\/www.iseg.ulisboa.pt\/recursos-humanos\/documentos\/","title":{"rendered":"Documentos"},"content":{"rendered":"\n<section class=\"block-hero-full-width course-hero wf-section\">\n        <div class=\"course-hero__name\">\n            <h1 class=\"course-hero__heading has-iseg-white-color\"><span class=\"course-hero__heading-span\">Documentos<\/span><\/h1>\n    <\/div>\n            <div class=\"course-hero__backdrop has-iseg-blue-background\"><\/div>\n    \n    <div class=\"course-hero__image\">\n    <img decoding=\"async\" src=\"https:\/\/www.iseg.ulisboa.pt\/recursos-humanos\/wp-content\/uploads\/sites\/5\/2023\/01\/hero-1.jpg\" class=\"image-cover\" alt=\"\" srcset=\"https:\/\/www.iseg.ulisboa.pt\/recursos-humanos\/wp-content\/uploads\/sites\/5\/2023\/01\/hero-1.jpg 1600w, https:\/\/www.iseg.ulisboa.pt\/recursos-humanos\/wp-content\/uploads\/sites\/5\/2023\/01\/hero-1-300x150.jpg 300w, https:\/\/www.iseg.ulisboa.pt\/recursos-humanos\/wp-content\/uploads\/sites\/5\/2023\/01\/hero-1-1536x768.jpg 1536w\" sizes=\"(max-width: 1600px) 100vw, 1600px\" \/>    <\/div>\n<\/section>\n\n\n<div class=\"wp-block-pb-accordion-item c-accordion__item js-accordion-item no-js\" data-initially-open=\"false\" data-click-to-close=\"true\" data-auto-close=\"true\" data-scroll=\"false\" data-scroll-offset=\"0\"><h3 id=\"at-100\" class=\"c-accordion__title js-accordion-controller\" role=\"button\">Regulamentos<\/h3><div id=\"ac-100\" class=\"c-accordion__content\"><div class=\"block-file-list\">\n\t<div class=\"container\">\n\t\t<div class=\"file-list\">\n\t\t\t<ul class=\"program-list\">\n                                    <li>\n                        <a target=\"_blank\" href=\"https:\/\/www.iseg.ulisboa.pt\/recursos-humanos\/wp-content\/uploads\/sites\/5\/2024\/12\/20240523_Regulamento-Avaliacao-da-Atividade-PExp-v5-002.pdf\">\n                            <b>Regulamento Relativo ao Regime de Vincula\u00e7\u00e3o e Avalia\u00e7\u00e3o da Atividade Desenvolvida no Per\u00edodo Experimental pelos Professores do Instituto Superior de Economia e Gest\u00e3o (ISEG)<\/b><div class=\"file_info\"> ( pdf, 991 KB ) <\/div>                        <\/a>\n                    <\/li>\n                                    <li>\n                        <a target=\"_blank\" href=\"https:\/\/www.iseg.ulisboa.pt\/recursos-humanos\/wp-content\/uploads\/sites\/5\/2024\/11\/Regulamento-Organico-dos-Servicos-Administrativos-e-dos-Servicos-Tecnicos.pdf\">\n                            <b>Regulamento Org\u00e2nico dos Servi\u00e7os Administrativos e dos Servi\u00e7os T\u00e9cnicos do ISEG<\/b><div class=\"file_info\"> ( pdf, 744 KB ) <\/div>                        <\/a>\n                    <\/li>\n                                    <li>\n                        <a target=\"_blank\" href=\"https:\/\/www.iseg.ulisboa.pt\/recursos-humanos\/wp-content\/uploads\/sites\/5\/2023\/04\/Regulamento-de-teletrabalho-ISEG.pdf\">\n                            <b>Regulamento Interno de Teletrabalho<\/b><div class=\"file_info\"> ( pdf, 1 MB ) <\/div>                        <\/a>\n                    <\/li>\n                                    <li>\n                        <a target=\"_blank\" href=\"https:\/\/www.iseg.ulisboa.pt\/recursos-humanos\/wp-content\/uploads\/sites\/5\/2022\/11\/Regulamento-sobre-Equiparacao-a-Bolseiro.pdf\">\n                            <b>Regulamento sobre Equiparac\u0327a\u0303o a Bolseiro<\/b><div class=\"file_info\"> ( pdf, 209 KB ) <\/div>                        <\/a>\n                    <\/li>\n                                    <li>\n                        <a target=\"_blank\" href=\"https:\/\/www.iseg.ulisboa.pt\/recursos-humanos\/wp-content\/uploads\/sites\/5\/2022\/11\/Regulamento-de-Assiduidade-dos-Funcionarios-nao-Docentes-ISEG.pdf\">\n                            <b>Regulamento de Assiduidade do Pessoal T\u00e9cnico e Administrativo do  ISEG<\/b><div class=\"file_info\"> ( pdf, 219 KB ) <\/div>                        <\/a>\n                    <\/li>\n                                    <li>\n                        <a target=\"_blank\" href=\"https:\/\/www.iseg.ulisboa.pt\/recursos-humanos\/wp-content\/uploads\/sites\/5\/2023\/06\/RG-PR02-01_Regulamento_Interno_ISEG_v02.pdf\">\n                            <b>Regulamento Interno do ISEG<\/b><div class=\"file_info\"> ( pdf, 552 KB ) <\/div>                        <\/a>\n                    <\/li>\n                                    <li>\n                        <a target=\"_blank\" href=\"https:\/\/www.iseg.ulisboa.pt\/recursos-humanos\/wp-content\/uploads\/sites\/5\/2022\/11\/Regulamento-sobre-Concursos-de-Docentes.pdf\">\n                            <b>Regulamento sobre Concursos de Docentes<\/b><div class=\"file_info\"> ( pdf, 242 KB ) <\/div>                        <\/a>\n                    <\/li>\n                                    <li>\n                        <a target=\"_blank\" href=\"https:\/\/www.iseg.ulisboa.pt\/recursos-humanos\/wp-content\/uploads\/sites\/5\/2022\/11\/Regulamento-de-Contratacao-de-Pessoal-Docente.pdf\">\n                            <b>Regulamento de Contratac\u0327a\u0303o de Pessoal Docente<\/b><div class=\"file_info\"> ( pdf, 202 KB ) <\/div>                        <\/a>\n                    <\/li>\n                                    <li>\n                        <a target=\"_blank\" href=\"https:\/\/www.iseg.ulisboa.pt\/recursos-humanos\/wp-content\/uploads\/sites\/5\/2022\/11\/Regulamento-de-Avaliacao-dos-Docentes-do-ISEG.pdf\">\n                            <b>Regulamento de Avaliac\u0327a\u0303o dos Docentes do ISEG<\/b><div class=\"file_info\"> ( pdf, 254 KB ) <\/div>                        <\/a>\n                    <\/li>\n                                    <li>\n                        <a target=\"_blank\" href=\"https:\/\/www.iseg.ulisboa.pt\/recursos-humanos\/wp-content\/uploads\/sites\/5\/2025\/07\/Regulamento-de-prestacao-de-servicos-ao-exterior-ISEG.pdf\">\n                            <b>Regulamento de Presta\u00e7\u00e3o de Servi\u00e7os ao Exterior do Instituto Superior de Economia e Gest\u00e3o<\/b><div class=\"file_info\"> ( pdf, 233 KB ) <\/div>                        <\/a>\n                    <\/li>\n                                    <li>\n                        <a target=\"_blank\" href=\"https:\/\/www.iseg.ulisboa.pt\/recursos-humanos\/wp-content\/uploads\/sites\/5\/2022\/11\/Regulamento-de-Avaliacao-dos-Docentes-da-ULisboa.pdf\">\n                            <b>Regulamento de Avaliac\u0327a\u0303o dos Docentes da ULisboa<\/b><div class=\"file_info\"> ( pdf, 273 KB ) <\/div>                        <\/a>\n                    <\/li>\n                                    <li>\n                        <a target=\"_blank\" href=\"https:\/\/www.iseg.ulisboa.pt\/recursos-humanos\/wp-content\/uploads\/sites\/5\/2025\/08\/Regulamento-de-Prestacao-de-Servico-dos-Docentes-do-Instituto-Superior-de-Economia-e-Gestao.pdf\">\n                            <b>Regulamento de Presta\u00e7\u00e3o de Servi\u00e7o dos Docentes do Instituto Superior de Economia e Gest\u00e3o<\/b><div class=\"file_info\"> ( pdf, 697 KB ) <\/div>                        <\/a>\n                    <\/li>\n                            <\/ul>\n\t\t<\/div>\n\t<\/div>\n<\/div><\/div><\/div>\n\n\n\n<div class=\"wp-block-pb-accordion-item c-accordion__item js-accordion-item no-js\" data-initially-open=\"false\" data-click-to-close=\"true\" data-auto-close=\"true\" data-scroll=\"false\" data-scroll-offset=\"0\"><h3 id=\"at-101\" class=\"c-accordion__title js-accordion-controller\" role=\"button\">Estatutos<\/h3><div id=\"ac-101\" class=\"c-accordion__content\"><div class=\"block-file-list\">\n\t<div class=\"container\">\n\t\t<div class=\"file-list\">\n\t\t\t<ul class=\"program-list\">\n                                    <li>\n                        <a target=\"_blank\" href=\"https:\/\/www.iseg.ulisboa.pt\/recursos-humanos\/wp-content\/uploads\/sites\/5\/2024\/07\/Alteracao-aos-Estatutos-do-Instituto-Superior-de-Economia-e-Gestao.pdf\">\n                            <b>Altera\u00e7\u00e3o aos Estatutos do Instituto Superior de Economia e Gest\u00e3o<\/b><div class=\"file_info\"> ( pdf, 331 KB ) <\/div>                        <\/a>\n                    <\/li>\n                                    <li>\n                        <a target=\"_blank\" href=\"https:\/\/www.iseg.ulisboa.pt\/recursos-humanos\/wp-content\/uploads\/sites\/5\/2024\/07\/Estatutos-Instituto-Superior-de-Economia-e-Gestao.pdf\">\n                            <b>Estatutos do Instituto Superior de Economia e Gest\u00e3o<\/b><div class=\"file_info\"> ( pdf, 2 MB ) <\/div>                        <\/a>\n                    <\/li>\n                                    <li>\n                        <a target=\"_blank\" href=\"https:\/\/www.iseg.ulisboa.pt\/recursos-humanos\/wp-content\/uploads\/sites\/5\/2022\/11\/Estatuto-da-Carreira-Docente-Universitaria.pdf\">\n                            <b>Estatuto da Carreira Docente Universita\u0301ria<\/b><div class=\"file_info\"> ( pdf, 309 KB ) <\/div>                        <\/a>\n                    <\/li>\n                            <\/ul>\n\t\t<\/div>\n\t<\/div>\n<\/div><\/div><\/div>\n\n\n\n<div class=\"wp-block-pb-accordion-item c-accordion__item js-accordion-item no-js\" data-initially-open=\"false\" data-click-to-close=\"true\" data-auto-close=\"true\" data-scroll=\"false\" data-scroll-offset=\"0\"><h3 id=\"at-102\" class=\"c-accordion__title js-accordion-controller\" role=\"button\">Legisla\u00e7\u00e3o Geral<\/h3><div id=\"ac-102\" class=\"c-accordion__content\"><div class=\"block-file-list\">\n\t<div class=\"container\">\n\t\t<div class=\"file-list\">\n\t\t\t<ul class=\"program-list\">\n                                    <li>\n                        <a target=\"_blank\" href=\"https:\/\/www.iseg.ulisboa.pt\/recursos-humanos\/wp-content\/uploads\/sites\/5\/2024\/01\/Lei-n.o-35_2014-de-20-de-Junho.pdf\">\n                            <b>Lei Geral do Trabalho em Func\u0327o\u0303es Pu\u0301blicas<\/b><div class=\"file_info\"> ( pdf, 2 MB ) <\/div>                        <\/a>\n                    <\/li>\n                                    <li>\n                        <a target=\"_blank\" href=\"https:\/\/www.iseg.ulisboa.pt\/recursos-humanos\/wp-content\/uploads\/sites\/5\/2026\/02\/SRAP_2026_0211.pdf\">\n                            <b>SRAP 2026<\/b><div class=\"file_info\"> ( pdf, 15 MB ) <\/div>                        <\/a>\n                    <\/li>\n                            <\/ul>\n\t\t<\/div>\n\t<\/div>\n<\/div><\/div><\/div>\n\n\n\n<div class=\"wp-block-pb-accordion-item c-accordion__item js-accordion-item no-js\" data-initially-open=\"false\" data-click-to-close=\"true\" data-auto-close=\"true\" data-scroll=\"false\" data-scroll-offset=\"0\"><h3 id=\"at-103\" class=\"c-accordion__title js-accordion-controller\" role=\"button\">SIADAP <\/h3><div id=\"ac-103\" class=\"c-accordion__content\">\n<p>Elei\u00e7\u00f5es para a Comiss\u00e3o Parit\u00e1ria Quadri\u00e9nio 2025\/2028<\/p>\n\n\n\n<p>A Comiss\u00e3o Parit\u00e1ria atua com uma fun\u00e7\u00e3o consultiva no \u00e2mbito do SIADAP 3, para apreciar propostas de avalia\u00e7\u00e3o dadas a conhecer aos trabalhadores avaliados, antes da homologa\u00e7\u00e3o.<\/p>\n\n\n<div class=\"block-file-list\">\n\t<div class=\"container\">\n\t\t<div class=\"file-list\">\n\t\t\t<ul class=\"program-list\">\n                                    <li>\n                        <a target=\"_blank\" href=\"https:\/\/www.iseg.ulisboa.pt\/recursos-humanos\/wp-content\/uploads\/sites\/5\/2025\/05\/Despacho-Comissao-Paritaria-2025-2028.pdf\">\n                            <b>Despacho Comiss\u00e3o Parit\u00e1ria 2025-2028<\/b><div class=\"file_info\"> ( pdf, 68 KB ) <\/div>                        <\/a>\n                    <\/li>\n                                    <li>\n                        <a target=\"_blank\" href=\"https:\/\/www.iseg.ulisboa.pt\/recursos-humanos\/wp-content\/uploads\/sites\/5\/2025\/05\/Resultados-de-eleicao-Comissao-Paritaria-2025-2028-1.pdf\">\n                            <b>Resultados da Elei\u00e7\u00e3o da Comiss\u00e3o Parit\u00e1ria 2025-2028<\/b><div class=\"file_info\"> ( pdf, 52 KB ) <\/div>                        <\/a>\n                    <\/li>\n                            <\/ul>\n\t\t<\/div>\n\t<\/div>\n<\/div>\n\n\n<p>Legisla\u00e7\u00e3o<\/p>\n\n\n<div class=\"block-file-list\">\n\t<div class=\"container\">\n\t\t<div class=\"file-list\">\n\t\t\t<ul class=\"program-list\">\n                                    <li>\n                        <a target=\"_blank\" href=\"https:\/\/www.iseg.ulisboa.pt\/recursos-humanos\/wp-content\/uploads\/sites\/5\/2024\/05\/Lei-n.o-66-B_2007-de-28-de-Dezembro.pdf\">\n                            <b>Lei n.\u00ba 66-B_2007, de 28 de Dezembro<\/b><div class=\"file_info\"> ( pdf, 565 KB ) <\/div>                        <\/a>\n                    <\/li>\n                                    <li>\n                        <a target=\"_blank\" href=\"https:\/\/www.iseg.ulisboa.pt\/recursos-humanos\/wp-content\/uploads\/sites\/5\/2024\/05\/Decreto-Lei-n12_2024-1.pdf\">\n                            <b>Decreto-Lei n12_2024<\/b><div class=\"file_info\"> ( pdf, 19 MB ) <\/div>                        <\/a>\n                    <\/li>\n                            <\/ul>\n\t\t<\/div>\n\t<\/div>\n<\/div><\/div><\/div>\n\n\n\n<div class=\"wp-block-pb-accordion-item c-accordion__item js-accordion-item no-js\" data-initially-open=\"false\" data-click-to-close=\"true\" data-auto-close=\"true\" data-scroll=\"false\" data-scroll-offset=\"0\"><h3 id=\"at-104\" class=\"c-accordion__title js-accordion-controller\" role=\"button\">SIADAP 3 &#8211; Bi\u00e9nio 2023\/2024<\/h3><div id=\"ac-104\" class=\"c-accordion__content\">\n<p><\/p>\n<\/div><\/div>\n\n\n\n<div class=\"wp-block-pb-accordion-item c-accordion__item js-accordion-item no-js\" data-initially-open=\"false\" data-click-to-close=\"true\" data-auto-close=\"true\" data-scroll=\"false\" data-scroll-offset=\"0\"><h3 id=\"at-105\" class=\"c-accordion__title js-accordion-controller\" role=\"button\">Mapa de Pessoal e Organograma<\/h3><div id=\"ac-105\" class=\"c-accordion__content\"><div class=\"block-file-list\">\n\t<div class=\"container\">\n\t\t<div class=\"file-list\">\n\t\t\t<ul class=\"program-list\">\n                                    <li>\n                        <a target=\"_blank\" href=\"https:\/\/www.iseg.ulisboa.pt\/recursos-humanos\/wp-content\/uploads\/sites\/5\/2025\/10\/OrgISEG2025-v4.pdf\">\n                            <b>Organograma ISEG<\/b><div class=\"file_info\"> ( pdf, 73 KB ) <\/div>                        <\/a>\n                    <\/li>\n                                    <li>\n                        <a target=\"_blank\" href=\"https:\/\/www.iseg.ulisboa.pt\/recursos-humanos\/wp-content\/uploads\/sites\/5\/2025\/08\/ISEG_MapaPessoal2026.pdf\">\n                            <b>Mapa de Pessoal ISEG<\/b><div class=\"file_info\"> ( pdf, 740 KB ) <\/div>                        <\/a>\n                    <\/li>\n                            <\/ul>\n\t\t<\/div>\n\t<\/div>\n<\/div><\/div><\/div>\n\n\n\n<div class=\"wp-block-pb-accordion-item c-accordion__item js-accordion-item no-js\" data-initially-open=\"false\" data-click-to-close=\"true\" data-auto-close=\"true\" data-scroll=\"false\" data-scroll-offset=\"0\"><h3 id=\"at-106\" class=\"c-accordion__title js-accordion-controller\" role=\"button\">Balan\u00e7os Sociais<\/h3><div id=\"ac-106\" class=\"c-accordion__content\"><div class=\"block-file-list\">\n\t<div class=\"container\">\n\t\t<div class=\"file-list\">\n\t\t\t<ul class=\"program-list\">\n                                    <li>\n                        <a target=\"_blank\" href=\"https:\/\/www.iseg.ulisboa.pt\/recursos-humanos\/wp-content\/uploads\/sites\/5\/2025\/03\/BalancoSocial_2024.pdf\">\n                            <b>Balan\u00e7o Social 2024<\/b><div class=\"file_info\"> ( pdf, 336 KB ) <\/div>                        <\/a>\n                    <\/li>\n                                    <li>\n                        <a target=\"_blank\" href=\"https:\/\/www.iseg.ulisboa.pt\/recursos-humanos\/wp-content\/uploads\/sites\/5\/2024\/04\/BALANCO-SOCIAL_2023.pdf\">\n                            <b>Balan\u00e7o Social 2023<\/b><div class=\"file_info\"> ( pdf, 1 MB ) <\/div>                        <\/a>\n                    <\/li>\n                                    <li>\n                        <a target=\"_blank\" href=\"https:\/\/www.iseg.ulisboa.pt\/recursos-humanos\/wp-content\/uploads\/sites\/5\/2023\/04\/Balanco-Social-2022.pdf\">\n                            <b>Balan\u00e7o Social 2022<\/b><div class=\"file_info\"> ( pdf, 1 MB ) <\/div>                        <\/a>\n                    <\/li>\n                                    <li>\n                        <a target=\"_blank\" href=\"https:\/\/www.iseg.ulisboa.pt\/recursos-humanos\/wp-content\/uploads\/sites\/5\/2022\/11\/Balanco-Social-2021.pdf\">\n                            <b>Balanc\u0327o Social 2021<\/b><div class=\"file_info\"> ( pdf, 1 MB ) <\/div>                        <\/a>\n                    <\/li>\n                                    <li>\n                        <a target=\"_blank\" href=\"https:\/\/www.iseg.ulisboa.pt\/recursos-humanos\/wp-content\/uploads\/sites\/5\/2022\/11\/Balanco-Social-2020.pdf\">\n                            <b>Balanc\u0327o Social 2020<\/b><div class=\"file_info\"> ( pdf, 657 KB ) <\/div>                        <\/a>\n                    <\/li>\n                                    <li>\n                        <a target=\"_blank\" href=\"https:\/\/www.iseg.ulisboa.pt\/recursos-humanos\/wp-content\/uploads\/sites\/5\/2022\/11\/Balanco-Social-2019.pdf\">\n                            <b>Balanc\u0327o Social 2019<\/b><div class=\"file_info\"> ( pdf, 654 KB ) <\/div>                        <\/a>\n                    <\/li>\n                                    <li>\n                        <a target=\"_blank\" href=\"https:\/\/www.iseg.ulisboa.pt\/recursos-humanos\/wp-content\/uploads\/sites\/5\/2022\/11\/Balanco-Social-2018.pdf\">\n                            <b>Balanc\u0327o Social 2018<\/b><div class=\"file_info\"> ( pdf, 959 KB ) <\/div>                        <\/a>\n                    <\/li>\n                                    <li>\n                        <a target=\"_blank\" href=\"https:\/\/www.iseg.ulisboa.pt\/recursos-humanos\/wp-content\/uploads\/sites\/5\/2022\/11\/Balanco-Social-2017.pdf\">\n                            <b>Balanc\u0327o Social 2017<\/b><div class=\"file_info\"> ( pdf, 948 KB ) <\/div>                        <\/a>\n                    <\/li>\n                            <\/ul>\n\t\t<\/div>\n\t<\/div>\n<\/div><\/div><\/div>\n\n\n\n<div class=\"wp-block-pb-accordion-item c-accordion__item js-accordion-item no-js\" data-initially-open=\"false\" data-click-to-close=\"true\" data-auto-close=\"true\" data-scroll=\"false\" data-scroll-offset=\"0\"><h3 id=\"at-107\" class=\"c-accordion__title js-accordion-controller\" role=\"button\">Formul\u00e1rios<\/h3><div id=\"ac-107\" class=\"c-accordion__content\"><div class=\"block-file-list\">\n\t<div class=\"container\">\n\t\t<div class=\"file-list\">\n\t\t\t<ul class=\"program-list\">\n                                    <li>\n                        <a target=\"_blank\" href=\"https:\/\/www.iseg.ulisboa.pt\/recursos-humanos\/wp-content\/uploads\/sites\/5\/2024\/07\/Equiparacao_a_bolseiro.pdf\">\n                            <b>Equipara\u00e7\u00e3o a Bolseiro<\/b><div class=\"file_info\"> ( pdf, 147 KB ) <\/div>                        <\/a>\n                    <\/li>\n                                    <li>\n                        <a target=\"_blank\" href=\"https:\/\/www.iseg.ulisboa.pt\/recursos-humanos\/wp-content\/uploads\/sites\/5\/2025\/03\/Boletim-Itinerario.pdf\">\n                            <b>Boletim Itiner\u00e1rio<\/b><div class=\"file_info\"> ( pdf, 476 KB ) <\/div>                        <\/a>\n                    <\/li>\n                                    <li>\n                        <a target=\"_blank\" href=\"https:\/\/www.iseg.ulisboa.pt\/recursos-humanos\/wp-content\/uploads\/sites\/5\/2024\/07\/Requerimento_Licenca_Sabatica.pdf\">\n                            <b>Requerimento de Licen\u00e7a Sab\u00e1tica<\/b><div class=\"file_info\"> ( pdf, 89 KB ) <\/div>                        <\/a>\n                    <\/li>\n                                    <li>\n                        <a target=\"_blank\" href=\"https:\/\/www.iseg.ulisboa.pt\/recursos-humanos\/wp-content\/uploads\/sites\/5\/2024\/07\/Pedido_Acumulacao_Funcoes.pdf\">\n                            <b>Pedido de Acumula\u00e7\u00e3o de Fun\u00e7\u00f5es<\/b><div class=\"file_info\"> ( pdf, 89 KB ) <\/div>                        <\/a>\n                    <\/li>\n                                    <li>\n                        <a target=\"_blank\" href=\"https:\/\/www.iseg.ulisboa.pt\/recursos-humanos\/wp-content\/uploads\/sites\/5\/2024\/07\/Pedido_Acumulacao_Cursos_Breves.pdf\">\n                            <b>Pedido de Acumula\u00e7\u00e3o para Cursos Breves<\/b><div class=\"file_info\"> ( pdf, 90 KB ) <\/div>                        <\/a>\n                    <\/li>\n                                    <li>\n                        <a target=\"_blank\" href=\"https:\/\/www.iseg.ulisboa.pt\/recursos-humanos\/wp-content\/uploads\/sites\/5\/2024\/07\/Requerimento_Dedicacao_Exclusiva.pdf\">\n                            <b>Declara\u00e7\u00e3o a Requerer a Dedica\u00e7\u00e3o Exclusiva<\/b><div class=\"file_info\"> ( pdf, 70 KB ) <\/div>                        <\/a>\n                    <\/li>\n                                    <li>\n                        <a target=\"_blank\" href=\"https:\/\/www.iseg.ulisboa.pt\/recursos-humanos\/wp-content\/uploads\/sites\/5\/2024\/07\/Declaracao_Prescindir_Dedicacao_Exclusiva.pdf\">\n                            <b>Declara\u00e7\u00e3o a Prescindir a Dedica\u00e7\u00e3o Exclusiva<\/b><div class=\"file_info\"> ( pdf, 78 KB ) <\/div>                        <\/a>\n                    <\/li>\n                                    <li>\n                        <a target=\"_blank\" href=\"https:\/\/www.iseg.ulisboa.pt\/recursos-humanos\/wp-content\/uploads\/sites\/5\/2024\/06\/Requerimento_de_Ferias.pdf\">\n                            <b>Requerimento de f\u00e9rias<\/b><div class=\"file_info\"> ( pdf, 105 KB ) <\/div>                        <\/a>\n                    <\/li>\n                                    <li>\n                        <a target=\"_blank\" href=\"https:\/\/www.iseg.ulisboa.pt\/recursos-humanos\/wp-content\/uploads\/sites\/5\/2024\/06\/Transicao_Ferias.pdf\">\n                            <b>Transi\u00e7\u00e3o de f\u00e9rias<\/b><div class=\"file_info\"> ( pdf, 88 KB ) <\/div>                        <\/a>\n                    <\/li>\n                                    <li>\n                        <a target=\"_blank\" href=\"https:\/\/www.iseg.ulisboa.pt\/recursos-humanos\/wp-content\/uploads\/sites\/5\/2025\/09\/MO_PR05_24_Nao_Marcacao_de_Ponto_V07.pdf\">\n                            <b>N\u00e3o Marca\u00e7\u00e3o de Ponto<\/b><div class=\"file_info\"> ( pdf, 144 KB ) <\/div>                        <\/a>\n                    <\/li>\n                                    <li>\n                        <a target=\"_blank\" href=\"https:\/\/www.iseg.ulisboa.pt\/recursos-humanos\/wp-content\/uploads\/sites\/5\/2024\/06\/Justificacao_Faltas.pdf\">\n                            <b>Justifica\u00e7\u00e3o de faltas<\/b><div class=\"file_info\"> ( pdf, 110 KB ) <\/div>                        <\/a>\n                    <\/li>\n                            <\/ul>\n\t\t<\/div>\n\t<\/div>\n<\/div><\/div><\/div>\n\n\n\n<div class=\"wp-block-pb-accordion-item c-accordion__item js-accordion-item no-js\" data-initially-open=\"false\" data-click-to-close=\"true\" data-auto-close=\"true\" data-scroll=\"false\" data-scroll-offset=\"0\"><h3 id=\"at-108\" class=\"c-accordion__title js-accordion-controller\" role=\"button\">Subven\u00e7\u00f5es P\u00fablicas<\/h3><div id=\"ac-108\" class=\"c-accordion__content\"><div class=\"block-file-list\">\n\t<div class=\"container\">\n\t\t<div class=\"file-list\">\n\t\t\t<ul class=\"program-list\">\n                                    <li>\n                        <a target=\"_blank\" href=\"https:\/\/www.iseg.ulisboa.pt\/recursos-humanos\/wp-content\/uploads\/sites\/5\/2025\/08\/Subvencoes2024-1.pdf\">\n                            <b>Subven\u00e7oes2024<\/b><div class=\"file_info\"> ( pdf, 123 KB ) <\/div>                        <\/a>\n                    <\/li>\n                            <\/ul>\n\t\t<\/div>\n\t<\/div>\n<\/div><\/div><\/div>\n\n\n\n<div class=\"wp-block-pb-accordion-item c-accordion__item js-accordion-item no-js\" data-initially-open=\"false\" data-click-to-close=\"true\" data-auto-close=\"true\" data-scroll=\"false\" data-scroll-offset=\"0\"><h3 id=\"at-109\" class=\"c-accordion__title js-accordion-controller\" role=\"button\">Acidentes em servi\u00e7o<\/h3><div id=\"ac-109\" class=\"c-accordion__content\">\n<p>Em caso de acidente em servi\u00e7o, os trabalhadores do ISEG devem dirigir-se ao Hospital de S\u00e3o Jos\u00e9.<\/p>\n\n\n\n<p><\/p>\n\n\n<div class=\"block-file-list\">\n\t<div class=\"container\">\n\t\t<div class=\"file-list\">\n\t\t\t<ul class=\"program-list\">\n                                    <li>\n                        <a target=\"_blank\" href=\"https:\/\/www.iseg.ulisboa.pt\/recursos-humanos\/wp-content\/uploads\/sites\/5\/2024\/07\/Funcionarios-Publicos-Acidentes-em-servico.pdf\">\n                            <b>Funcion\u00e1rios P\u00fablicos &#8211; Acidentes em servi\u00e7o<\/b><div class=\"file_info\"> ( pdf, 5 MB ) <\/div>                        <\/a>\n                    <\/li>\n                                    <li>\n                        <a target=\"_blank\" href=\"https:\/\/www.iseg.ulisboa.pt\/recursos-humanos\/wp-content\/uploads\/sites\/5\/2024\/07\/Participacao-e-qualificacao-de-acidente-de-trabalho.pdf\">\n                            <b>Participa\u00e7\u00e3o e qualifica\u00e7\u00e3o de acidente de trabalho<\/b><div class=\"file_info\"> ( pdf, 261 KB ) <\/div>                        <\/a>\n                    <\/li>\n                                    <li>\n                        <a target=\"_blank\" href=\"https:\/\/www.iseg.ulisboa.pt\/recursos-humanos\/wp-content\/uploads\/sites\/5\/2024\/07\/Boletim-de-acompanhamento-medico.pdf\">\n                            <b>Boletim de acompanhamento m\u00e9dico<\/b><div class=\"file_info\"> ( pdf, 835 KB ) <\/div>                        <\/a>\n                    <\/li>\n                            <\/ul>\n\t\t<\/div>\n\t<\/div>\n<\/div><\/div><\/div>\n\n\n\n<div class=\"wp-block-pb-accordion-item c-accordion__item js-accordion-item no-js\" data-initially-open=\"false\" data-click-to-close=\"true\" data-auto-close=\"true\" data-scroll=\"false\" data-scroll-offset=\"0\"><h3 id=\"at-1010\" class=\"c-accordion__title js-accordion-controller\" role=\"button\">ADSE<\/h3><div id=\"ac-1010\" class=\"c-accordion__content\"><div class=\"block-file-list\">\n\t<div class=\"container\">\n\t\t<div class=\"file-list\">\n\t\t\t<ul class=\"program-list\">\n                                    <li>\n                        <a target=\"_blank\" href=\"https:\/\/www.iseg.ulisboa.pt\/recursos-humanos\/wp-content\/uploads\/sites\/5\/2025\/03\/Como-submeter-um-pedido-de-reembolso-online-ADSE-Direta_v02.pdf\">\n                            <b>Submiss\u00e3o de pedidos de reembolsos<\/b><div class=\"file_info\"> ( pdf, 619 KB ) <\/div>                        <\/a>\n                    <\/li>\n                                    <li>\n                        <a target=\"_blank\" href=\"https:\/\/www.iseg.ulisboa.pt\/recursos-humanos\/wp-content\/uploads\/sites\/5\/2025\/03\/adsedireta-beneficiarios_02_05_2022.pdf\">\n                            <b>Manual de Utiliza\u00e7\u00e3o para Benefici\u00e1rios<\/b><div class=\"file_info\"> ( pdf, 3 MB ) <\/div>                        <\/a>\n                    <\/li>\n                            <\/ul>\n\t\t<\/div>\n\t<\/div>\n<\/div><\/div><\/div>\n","protected":false},"excerpt":{"rendered":"","protected":false},"author":2,"featured_media":0,"parent":0,"menu_order":5,"comment_status":"closed","ping_status":"closed","template":"tpl-page-blocks.php","meta":{"inline_featured_image":false,"_uag_custom_page_level_css":"","footnotes":""},"acf":[],"uagb_featured_image_src":{"full":false,"thumbnail":false,"medium":false,"medium_large":false,"large":false,"1536x1536":false,"2048x2048":false,"trp-custom-language-flag":false},"uagb_author_info":{"display_name":"Major","author_link":"https:\/\/www.iseg.ulisboa.pt\/recursos-humanos\/author\/leihla\/"},"uagb_comment_info":0,"uagb_excerpt":null,"_links":{"self":[{"href":"https:\/\/www.iseg.ulisboa.pt\/recursos-humanos\/wp-json\/wp\/v2\/pages\/10"}],"collection":[{"href":"https:\/\/www.iseg.ulisboa.pt\/recursos-humanos\/wp-json\/wp\/v2\/pages"}],"about":[{"href":"https:\/\/www.iseg.ulisboa.pt\/recursos-humanos\/wp-json\/wp\/v2\/types\/page"}],"author":[{"embeddable":true,"href":"https:\/\/www.iseg.ulisboa.pt\/recursos-humanos\/wp-json\/wp\/v2\/users\/2"}],"replies":[{"embeddable":true,"href":"https:\/\/www.iseg.ulisboa.pt\/recursos-humanos\/wp-json\/wp\/v2\/comments?post=10"}],"version-history":[{"count":137,"href":"https:\/\/www.iseg.ulisboa.pt\/recursos-humanos\/wp-json\/wp\/v2\/pages\/10\/revisions"}],"predecessor-version":[{"id":3259,"href":"https:\/\/www.iseg.ulisboa.pt\/recursos-humanos\/wp-json\/wp\/v2\/pages\/10\/revisions\/3259"}],"wp:attachment":[{"href":"https:\/\/www.iseg.ulisboa.pt\/recursos-humanos\/wp-json\/wp\/v2\/media?parent=10"}],"curies":[{"name":"wp","href":"https:\/\/api.w.org\/{rel}","templated":true}]}}