{"id":542,"date":"2023-06-23T18:56:01","date_gmt":"2023-06-23T18:56:01","guid":{"rendered":"https:\/\/www.iseg.ulisboa.pt\/secretaria\/?page_id=542"},"modified":"2023-12-06T16:19:35","modified_gmt":"2023-12-06T16:19:35","slug":"provas-maiores-de-23","status":"publish","type":"page","link":"https:\/\/www.iseg.ulisboa.pt\/secretaria\/perguntas-frequentes\/provas-maiores-de-23\/","title":{"rendered":"Provas Maiores de 23 Anos"},"content":{"rendered":"\n<p>Esta se\u00e7\u00e3o \u00e9 exclusiva a Licenciaturas.<\/p>\n\n\n<div class=\"block-faqs\">\n    \n        <div class=\"wp-block-pb-accordion-item c-accordion__item js-accordion-item is-read\" data-initially-open=\"false\" data-click-to-close=\"true\" data-auto-close=\"true\" data-scroll=\"false\" data-scroll-offset=\"0\">\n            <h5 id=\"at-581\" class=\"c-accordion__title js-accordion-controller\" role=\"button\" tabindex=\"0\" aria-controls=\"ac-581\" aria-expanded=\"false\">Quais os prazos para a candidatura?<\/h5>\n            <div id=\"ac-581\" class=\"c-accordion__content\" style=\"display: none;\" hidden=\"hidden\">\n                \n<p>As candidaturas s\u00e3o online, consultar\u00a0<a href=\"https:\/\/www.iseg.ulisboa.pt\/secretaria\/candidaturas\/licenciaturas\/\">aqui<\/a>\u00a0os prazos das candidaturas a Maiores de 23 anos.<\/p>\n            <\/div>\n        <\/div>\n\n    \n        <div class=\"wp-block-pb-accordion-item c-accordion__item js-accordion-item is-read\" data-initially-open=\"false\" data-click-to-close=\"true\" data-auto-close=\"true\" data-scroll=\"false\" data-scroll-offset=\"0\">\n            <h5 id=\"at-582\" class=\"c-accordion__title js-accordion-controller\" role=\"button\" tabindex=\"0\" aria-controls=\"ac-582\" aria-expanded=\"false\">Qual a data da Prova?<\/h5>\n            <div id=\"ac-582\" class=\"c-accordion__content\" style=\"display: none;\" hidden=\"hidden\">\n                \n<p>Poder\u00e1 consulta o calend\u00e1rio\u00a0<a href=\"https:\/\/www.iseg.ulisboa.pt\/secretaria\/candidaturas\/licenciaturas\/\" target=\"_blank\" rel=\"noreferrer noopener\">aqui<\/a>.<\/p>\n            <\/div>\n        <\/div>\n\n    \n        <div class=\"wp-block-pb-accordion-item c-accordion__item js-accordion-item is-read\" data-initially-open=\"false\" data-click-to-close=\"true\" data-auto-close=\"true\" data-scroll=\"false\" data-scroll-offset=\"0\">\n            <h5 id=\"at-583\" class=\"c-accordion__title js-accordion-controller\" role=\"button\" tabindex=\"0\" aria-controls=\"ac-583\" aria-expanded=\"false\">Onde devo fazer a candidatura?<\/h5>\n            <div id=\"ac-583\" class=\"c-accordion__content\" style=\"display: none;\" hidden=\"hidden\">\n                \n<p>As candidaturas s\u00e3o efetuadas\u00a0<a href=\"https:\/\/www.iseg.ulisboa.pt\/secretaria\/candidaturas\/licenciaturas\/\" target=\"_blank\" rel=\"noreferrer noopener\">online<\/a>. Deve anexar toda a documenta\u00e7\u00e3o solicitada na sua candidatura online.<\/p>\n            <\/div>\n        <\/div>\n\n    \n        <div class=\"wp-block-pb-accordion-item c-accordion__item js-accordion-item is-read\" data-initially-open=\"false\" data-click-to-close=\"true\" data-auto-close=\"true\" data-scroll=\"false\" data-scroll-offset=\"0\">\n            <h5 id=\"at-584\" class=\"c-accordion__title js-accordion-controller\" role=\"button\" tabindex=\"0\" aria-controls=\"ac-584\" aria-expanded=\"false\">Como preparar as mat\u00e9rias?<\/h5>\n            <div id=\"ac-584\" class=\"c-accordion__content\" style=\"display: none;\" hidden=\"hidden\">\n                \n<p>A prova \u00e9 de Avalia\u00e7\u00e3o de Capacidade, as provas dos anos anteriores est\u00e3o dispon\u00edveis, bem com as \u00c1reas de Estudo e Bibliografia, <a href=\"https:\/\/www.iseg.ulisboa.pt\/secretaria\/candidaturas\/licenciaturas\/maiores-de-23-anos\/\" data-type=\"link\" data-id=\"https:\/\/www.iseg.ulisboa.pt\/secretaria\/candidaturas\/licenciaturas\/maiores-de-23-anos\/\">aqui<\/a>.<\/p>\n            <\/div>\n        <\/div>\n\n    \n        <div class=\"wp-block-pb-accordion-item c-accordion__item js-accordion-item is-read\" data-initially-open=\"false\" data-click-to-close=\"true\" data-auto-close=\"true\" data-scroll=\"false\" data-scroll-offset=\"0\">\n            <h5 id=\"at-585\" class=\"c-accordion__title js-accordion-controller\" role=\"button\" tabindex=\"0\" aria-controls=\"ac-585\" aria-expanded=\"false\">Tenho dispon\u00edveis cursos em regime nocturno (p\u00f3s-laboral)?<\/h5>\n            <div id=\"ac-585\" class=\"c-accordion__content\" style=\"display: none;\" hidden=\"hidden\">\n                \n<p>N\u00e3o. Os cursos s\u00e3o diurnos.<\/p>\n            <\/div>\n        <\/div>\n\n    \n        <div class=\"wp-block-pb-accordion-item c-accordion__item js-accordion-item is-read\" data-initially-open=\"false\" data-click-to-close=\"true\" data-auto-close=\"true\" data-scroll=\"false\" data-scroll-offset=\"0\">\n            <h5 id=\"at-586\" class=\"c-accordion__title js-accordion-controller\" role=\"button\" tabindex=\"0\" aria-controls=\"ac-586\" aria-expanded=\"false\">Quanto tenho de pagar pela candidatura?<\/h5>\n            <div id=\"ac-586\" class=\"c-accordion__content\" style=\"display: none;\" hidden=\"hidden\">\n                \n<p>O valor \u00e9\u00a0de 60\u20ac (n\u00e3o reembols\u00e1vel).<\/p>\n            <\/div>\n        <\/div>\n\n    \n        <div class=\"wp-block-pb-accordion-item c-accordion__item js-accordion-item is-read\" data-initially-open=\"false\" data-click-to-close=\"true\" data-auto-close=\"true\" data-scroll=\"false\" data-scroll-offset=\"0\">\n            <h5 id=\"at-587\" class=\"c-accordion__title js-accordion-controller\" role=\"button\" tabindex=\"0\" aria-controls=\"ac-587\" aria-expanded=\"false\">\u00c9 obrigat\u00f3ria a candidatura presencial?<\/h5>\n            <div id=\"ac-587\" class=\"c-accordion__content\" style=\"display: none;\" hidden=\"hidden\">\n                \n<p>N\u00e3o, a candidatura \u00e9 apenas\u00a0<a href=\"https:\/\/www.iseg.ulisboa.pt\/secretaria\/candidaturas\/licenciaturas\/\" target=\"_blank\" rel=\"noreferrer noopener\">online<\/a>.<\/p>\n            <\/div>\n        <\/div>\n\n    \n        <div class=\"wp-block-pb-accordion-item c-accordion__item js-accordion-item is-read\" data-initially-open=\"false\" data-click-to-close=\"true\" data-auto-close=\"true\" data-scroll=\"false\" data-scroll-offset=\"0\">\n            <h5 id=\"at-588\" class=\"c-accordion__title js-accordion-controller\" role=\"button\" tabindex=\"0\" aria-controls=\"ac-588\" aria-expanded=\"false\">Quais os cursos a que me posso candidatar?<\/h5>\n            <div id=\"ac-588\" class=\"c-accordion__content\" style=\"display: none;\" hidden=\"hidden\">\n                \n<p>\u00c9 poss\u00edvel candidatar-se \u00e0s Licenciaturas dispon\u00edveis nos seguintes idiomas:<\/p>\n\n\n\n<p>Portugu\u00eas: Economia, Gest\u00e3o e Matem\u00e1tica Aplicada \u00e0 Economia e \u00e0 Gest\u00e3o.<\/p>\n\n\n\n<p>Ingl\u00eas : Finance, Economics,  Management e Applied Mathematics for Economics and Management<\/p>\n            <\/div>\n        <\/div>\n\n    \n        <div class=\"wp-block-pb-accordion-item c-accordion__item js-accordion-item is-read\" data-initially-open=\"false\" data-click-to-close=\"true\" data-auto-close=\"true\" data-scroll=\"false\" data-scroll-offset=\"0\">\n            <h5 id=\"at-589\" class=\"c-accordion__title js-accordion-controller\" role=\"button\" tabindex=\"0\" aria-controls=\"ac-589\" aria-expanded=\"false\">Como ter conhecimento destes concursos?<\/h5>\n            <div id=\"ac-589\" class=\"c-accordion__content\" style=\"display: none;\" hidden=\"hidden\">\n                \n<p>Atrav\u00e9s deste <a href=\"https:\/\/www.iseg.ulisboa.pt\/secretaria\/candidaturas\/licenciaturas\/maiores-de-23-anos\/\" data-type=\"link\" data-id=\"https:\/\/www.iseg.ulisboa.pt\/secretaria\/candidaturas\/licenciaturas\/maiores-de-23-anos\/\">link<\/a>.<\/p>\n            <\/div>\n        <\/div>\n\n    \n        <div class=\"wp-block-pb-accordion-item c-accordion__item js-accordion-item is-read\" data-initially-open=\"false\" data-click-to-close=\"true\" data-auto-close=\"true\" data-scroll=\"false\" data-scroll-offset=\"0\">\n            <h5 id=\"at-590\" class=\"c-accordion__title js-accordion-controller\" role=\"button\" tabindex=\"0\" aria-controls=\"ac-590\" aria-expanded=\"false\">Quais as provas espec\u00edficas exigidas para o(s) curso(s) pretendido(s)?<\/h5>\n            <div id=\"ac-590\" class=\"c-accordion__content\" style=\"display: none;\" hidden=\"hidden\">\n                \n<p>\u00c9 apenas exigida a Prova de Avalia\u00e7\u00e3o de Capacidade.<\/p>\n            <\/div>\n        <\/div>\n\n    \n        <div class=\"wp-block-pb-accordion-item c-accordion__item js-accordion-item is-read\" data-initially-open=\"false\" data-click-to-close=\"true\" data-auto-close=\"true\" data-scroll=\"false\" data-scroll-offset=\"0\">\n            <h5 id=\"at-591\" class=\"c-accordion__title js-accordion-controller\" role=\"button\" tabindex=\"0\" aria-controls=\"ac-591\" aria-expanded=\"false\">Qual \u00e9 a validade da prova realizada?<\/h5>\n            <div id=\"ac-591\" class=\"c-accordion__content\" style=\"display: none;\" hidden=\"hidden\">\n                \n<p>A aprova\u00e7\u00e3o final na Prova de Acesso e Ingresso no Ensino Superior para Maiores de 23 Anos produz efeito para as candidaturas do ano em que a realizam.<\/p>\n            <\/div>\n        <\/div>\n\n    \n        <div class=\"wp-block-pb-accordion-item c-accordion__item js-accordion-item is-read\" data-initially-open=\"false\" data-click-to-close=\"true\" data-auto-close=\"true\" data-scroll=\"false\" data-scroll-offset=\"0\">\n            <h5 id=\"at-592\" class=\"c-accordion__title js-accordion-controller\" role=\"button\" tabindex=\"0\" aria-controls=\"ac-592\" aria-expanded=\"false\">Pode candidatar-se a outra institui\u00e7\u00e3o que n\u00e3o a que efetuou as provas?<\/h5>\n            <div id=\"ac-592\" class=\"c-accordion__content\" style=\"display: none;\" hidden=\"hidden\">\n                \n<p>Sim, desde que a outra institui\u00e7\u00e3o assim o aceite.<\/p>\n            <\/div>\n        <\/div>\n\n    \n        <div class=\"wp-block-pb-accordion-item c-accordion__item js-accordion-item is-read\" data-initially-open=\"false\" data-click-to-close=\"true\" data-auto-close=\"true\" data-scroll=\"false\" data-scroll-offset=\"0\">\n            <h5 id=\"at-594\" class=\"c-accordion__title js-accordion-controller\" role=\"button\" tabindex=\"0\" aria-controls=\"ac-594\" aria-expanded=\"false\">Se j\u00e1 possuo uma licenciatura, posso candidatar-me por esta via?<\/h5>\n            <div id=\"ac-594\" class=\"c-accordion__content\" style=\"display: none;\" hidden=\"hidden\">\n                \n<p>Sim.<\/p>\n\n\n\n<p>Poder\u00e1\u00a0tamb\u00e9m candidatar ao ISEG atrav\u00e9s dos\u00a0<a href=\"https:\/\/www.iseg.ulisboa.pt\/secretaria\/candidaturas\/licenciaturas\/concurso-nacional-de-acesso-2023-2024\/\">Concursos Especiais &#8211; Titulares de Curso M\u00e9dio ou Superior<\/a>.<\/p>\n            <\/div>\n        <\/div>\n\n    \n        <div class=\"wp-block-pb-accordion-item c-accordion__item js-accordion-item is-read\" data-initially-open=\"false\" data-click-to-close=\"true\" data-auto-close=\"true\" data-scroll=\"false\" data-scroll-offset=\"0\">\n            <h5 id=\"at-595\" class=\"c-accordion__title js-accordion-controller\" role=\"button\" tabindex=\"0\" aria-controls=\"ac-595\" aria-expanded=\"false\">Quando o ingresso no curso \u00e9 feito pelos concursos de &#8220;Maiores de 23 anos&#8221;, tem direito a usufruir do estatuto de Trabalhador-Estudante e outros regimes especiais, como os demais alunos?<\/h5>\n            <div id=\"ac-595\" class=\"c-accordion__content\" style=\"display: none;\" hidden=\"hidden\">\n                \n<p>Sim, tem os mesmos direitos que qualquer outro aluno que tenha ingressado por outro tipo de acesso.<\/p>\n            <\/div>\n        <\/div>\n\n    \n        <div class=\"wp-block-pb-accordion-item c-accordion__item js-accordion-item is-read\" data-initially-open=\"false\" data-click-to-close=\"true\" data-auto-close=\"true\" data-scroll=\"false\" data-scroll-offset=\"0\">\n            <h5 id=\"at-596\" class=\"c-accordion__title js-accordion-controller\" role=\"button\" tabindex=\"0\" aria-controls=\"ac-596\" aria-expanded=\"false\">Tenho de efetuar provas de pr\u00e9-requisitos?<\/h5>\n            <div id=\"ac-596\" class=\"c-accordion__content\" style=\"display: none;\" hidden=\"hidden\">\n                \n<p>N\u00e3o.<\/p>\n            <\/div>\n        <\/div>\n\n    \n        <div class=\"wp-block-pb-accordion-item c-accordion__item js-accordion-item is-read\" data-initially-open=\"false\" data-click-to-close=\"true\" data-auto-close=\"true\" data-scroll=\"false\" data-scroll-offset=\"0\">\n            <h5 id=\"at-597\" class=\"c-accordion__title js-accordion-controller\" role=\"button\" tabindex=\"0\" aria-controls=\"ac-597\" aria-expanded=\"false\">Logo que o candidato fa\u00e7a 23 anos, e cumpridas todas as restantes condi\u00e7\u00f5es, j\u00e1 poder\u00e1 efetuar a candidatura?<\/h5>\n            <div id=\"ac-597\" class=\"c-accordion__content\" style=\"display: none;\" hidden=\"hidden\">\n                \n<p>O candidato tem de\u00a0comprovar que, completou 23 anos de idade at\u00e9 31 de Dezembro do ano anterior ao da candidatura a que se prop\u00f5e.<\/p>\n            <\/div>\n        <\/div>\n\n    \n        <div class=\"wp-block-pb-accordion-item c-accordion__item js-accordion-item is-read\" data-initially-open=\"false\" data-click-to-close=\"true\" data-auto-close=\"true\" data-scroll=\"false\" data-scroll-offset=\"0\">\n            <h5 id=\"at-598\" class=\"c-accordion__title js-accordion-controller\" role=\"button\" tabindex=\"0\" aria-controls=\"ac-598\" aria-expanded=\"false\">Se tiver completado o 12\u00ba ano posso concorrer ao ensino superior por esta via?<\/h5>\n            <div id=\"ac-598\" class=\"c-accordion__content\" style=\"display: none;\" hidden=\"hidden\">\n                \n<p>Sim.<\/p>\n            <\/div>\n        <\/div>\n\n    <\/div>","protected":false},"excerpt":{"rendered":"Esta se\u00e7\u00e3o \u00e9 exclusiva a Licenciaturas.","protected":false},"author":43,"featured_media":0,"parent":48,"menu_order":11,"comment_status":"closed","ping_status":"closed","template":"","meta":{"_uag_custom_page_level_css":"","footnotes":""},"acf":[],"uagb_featured_image_src":{"full":false,"thumbnail":false,"medium":false,"medium_large":false,"large":false,"1536x1536":false,"2048x2048":false,"trp-custom-language-flag":false},"uagb_author_info":{"display_name":"martaflourenco","author_link":"https:\/\/www.iseg.ulisboa.pt\/secretaria\/author\/martaflourenco\/"},"uagb_comment_info":0,"uagb_excerpt":"Esta se\u00e7\u00e3o \u00e9 exclusiva a Licenciaturas.","_links":{"self":[{"href":"https:\/\/www.iseg.ulisboa.pt\/secretaria\/wp-json\/wp\/v2\/pages\/542"}],"collection":[{"href":"https:\/\/www.iseg.ulisboa.pt\/secretaria\/wp-json\/wp\/v2\/pages"}],"about":[{"href":"https:\/\/www.iseg.ulisboa.pt\/secretaria\/wp-json\/wp\/v2\/types\/page"}],"author":[{"embeddable":true,"href":"https:\/\/www.iseg.ulisboa.pt\/secretaria\/wp-json\/wp\/v2\/users\/43"}],"replies":[{"embeddable":true,"href":"https:\/\/www.iseg.ulisboa.pt\/secretaria\/wp-json\/wp\/v2\/comments?post=542"}],"version-history":[{"count":3,"href":"https:\/\/www.iseg.ulisboa.pt\/secretaria\/wp-json\/wp\/v2\/pages\/542\/revisions"}],"predecessor-version":[{"id":2163,"href":"https:\/\/www.iseg.ulisboa.pt\/secretaria\/wp-json\/wp\/v2\/pages\/542\/revisions\/2163"}],"up":[{"embeddable":true,"href":"https:\/\/www.iseg.ulisboa.pt\/secretaria\/wp-json\/wp\/v2\/pages\/48"}],"wp:attachment":[{"href":"https:\/\/www.iseg.ulisboa.pt\/secretaria\/wp-json\/wp\/v2\/media?parent=542"}],"curies":[{"name":"wp","href":"https:\/\/api.w.org\/{rel}","templated":true}]}}