{"id":610,"date":"2023-06-28T17:52:21","date_gmt":"2023-06-28T17:52:21","guid":{"rendered":"https:\/\/www.iseg.ulisboa.pt\/secretaria\/?page_id=610"},"modified":"2023-06-29T12:58:05","modified_gmt":"2023-06-29T12:58:05","slug":"suplemento-ao-diploma","status":"publish","type":"page","link":"https:\/\/www.iseg.ulisboa.pt\/secretaria\/perguntas-frequentes\/suplemento-ao-diploma\/","title":{"rendered":"Suplemento ao Diploma"},"content":{"rendered":"<div class=\"block-faqs\">\n    \n        <div class=\"wp-block-pb-accordion-item c-accordion__item js-accordion-item is-read\" data-initially-open=\"false\" data-click-to-close=\"true\" data-auto-close=\"true\" data-scroll=\"false\" data-scroll-offset=\"0\">\n            <h5 id=\"at-612\" class=\"c-accordion__title js-accordion-controller\" role=\"button\" tabindex=\"0\" aria-controls=\"ac-612\" aria-expanded=\"false\">O que \u00e9 o Suplemento ao Diploma<\/h5>\n            <div id=\"ac-612\" class=\"c-accordion__content\" style=\"display: none;\" hidden=\"hidden\">\n                \n<p>O Suplemento ao Diploma \u00e9 um documento escrito, complementar do diploma, e que se destina a facilitar a mobilidade do diplomado, bem como a caracterizar o mais fielmente poss\u00edvel as suas val\u00eancias acad\u00e9micas e compet\u00eancias profissionais.<\/p>\n            <\/div>\n        <\/div>\n\n    \n        <div class=\"wp-block-pb-accordion-item c-accordion__item js-accordion-item is-read\" data-initially-open=\"false\" data-click-to-close=\"true\" data-auto-close=\"true\" data-scroll=\"false\" data-scroll-offset=\"0\">\n            <h5 id=\"at-613\" class=\"c-accordion__title js-accordion-controller\" role=\"button\" tabindex=\"0\" aria-controls=\"ac-613\" aria-expanded=\"false\">O que n\u00e3o \u00e9 o Suplemento ao Diploma<\/h5>\n            <div id=\"ac-613\" class=\"c-accordion__content\" style=\"display: none;\" hidden=\"hidden\">\n                \n<p>N\u00e3o \u00e9 um Curriculum Vitae.<\/p>\n\n\n\n<p>N\u00e3o substitui o certificado original.<\/p>\n\n\n\n<p>N\u00e3o \u00e9 um sistema de garantia autom\u00e1tica do reconhecimento.<\/p>\n            <\/div>\n        <\/div>\n\n    \n        <div class=\"wp-block-pb-accordion-item c-accordion__item js-accordion-item is-read\" data-initially-open=\"false\" data-click-to-close=\"true\" data-auto-close=\"true\" data-scroll=\"false\" data-scroll-offset=\"0\">\n            <h5 id=\"at-614\" class=\"c-accordion__title js-accordion-controller\" role=\"button\" tabindex=\"0\" aria-controls=\"ac-614\" aria-expanded=\"false\">Qual a sua estrutura<\/h5>\n            <div id=\"ac-614\" class=\"c-accordion__content\" style=\"display: none;\" hidden=\"hidden\">\n                \n<p>O Suplemento ao Diploma surge ent\u00e3o como um instrumento que permite alcan\u00e7ar os objetivos anteriormente descritos, com uma estrutura normalizada, onde surgem informa\u00e7\u00f5es diversas relativas aos seguintes aspetos:<\/p>\n\n\n\n<ul>\n<li>Identifica\u00e7\u00e3o da qualifica\u00e7\u00e3o;<\/li>\n\n\n\n<li>N\u00edvel da qualifica\u00e7\u00e3o;<\/li>\n\n\n\n<li>Conte\u00fados e resultados obtidos (classifica\u00e7\u00f5es referidas em Cr\u00e9ditos ECTS);<\/li>\n\n\n\n<li>Fun\u00e7\u00e3o da qualifica\u00e7\u00e3o;<\/li>\n\n\n\n<li>Informa\u00e7\u00f5es complementares;<\/li>\n\n\n\n<li>Autentica\u00e7\u00e3o do Suplemento;<\/li>\n\n\n\n<li>Informa\u00e7\u00f5es sobre o sistema nacional de Ensino Superior.<\/li>\n<\/ul>\n            <\/div>\n        <\/div>\n\n    \n        <div class=\"wp-block-pb-accordion-item c-accordion__item js-accordion-item is-read\" data-initially-open=\"false\" data-click-to-close=\"true\" data-auto-close=\"true\" data-scroll=\"false\" data-scroll-offset=\"0\">\n            <h5 id=\"at-615\" class=\"c-accordion__title js-accordion-controller\" role=\"button\" tabindex=\"0\" aria-controls=\"ac-615\" aria-expanded=\"false\">O Suplemento ao Diploma cont\u00e9m<\/h5>\n            <div id=\"ac-615\" class=\"c-accordion__content\" style=\"display: none;\" hidden=\"hidden\">\n                \n<p>De acordo com o previsto no n.\u00ba 1 do artigo 1.\u00ba da Portaria 30\/2008, de 10 de Janeiro, bem como nas al\u00edneas. do artigo 38.\u00ba do Decreto-Lei n.\u00ba 42\/2005, de 22 de Fevereiro, do Suplemento ao Diploma constar\u00e1 obrigatoriamente:<\/p>\n\n\n\n<p><strong>Identifica\u00e7\u00e3o do titular da qualifica\u00e7\u00e3o<\/strong><\/p>\n\n\n\n<ul>\n<li>A descri\u00e7\u00e3o do sistema de ensino superior portugu\u00eas e o seu enquadramento no sistema educativo \u00e0 data da obten\u00e7\u00e3o do diploma (al. a));<\/li>\n\n\n\n<li>A caracteriza\u00e7\u00e3o da institui\u00e7\u00e3o que ministrou o ensino e que conferiu o diploma (al. b));<\/li>\n\n\n\n<li>A caracteriza\u00e7\u00e3o da forma\u00e7\u00e3o realizada (grau, \u00e1rea, requisitos de acesso, dura\u00e7\u00e3o normal, n\u00edvel) e o seu objetivo (al. c));<\/li>\n\n\n\n<li>O fornecimento de informa\u00e7\u00e3o detalhada sobre a forma\u00e7\u00e3o realizada e os resultados obtidos (al. d)).<\/li>\n<\/ul>\n\n\n\n<p><strong>Do Suplemento ao Diploma podem ainda constar as seguintes informa\u00e7\u00f5es:<\/strong><\/p>\n\n\n\n<ul>\n<li>A aprova\u00e7\u00e3o em unidades extracurriculares que o estudante se inscreveu voluntariamente durante a sua frequ\u00eancia universit\u00e1ria;<\/li>\n\n\n\n<li>A aprova\u00e7\u00e3o em unidades curriculares que n\u00e3o sejam aproveitadas no processo de conclus\u00e3o do ciclo pelo qual o estudante se diplomou;<\/li>\n\n\n\n<li>As unidades curriculares a que o estudante obteve aprova\u00e7\u00e3o fora no ISEG, ao abrigo de qualquer plano de mobilidade, seja o Erasmus ou o decorrente diretamente do processo de Bolonha e desde que essas unidades curriculares n\u00e3o tenham sido creditadas no plano de Frequ\u00eancia e Organiza\u00e7\u00e3o de Confer\u00eancias, Congressos, Palestras, Semin\u00e1rios e outros eventos de id\u00eantica natureza;<\/li>\n\n\n\n<li>Frequ\u00eancia e aprova\u00e7\u00e3o de cursos livres, intensivos, de especializa\u00e7\u00e3o e outros desta natureza, no ISEG, desde que n\u00e3o conferentes de grau e frequentados na pend\u00eancia da frequ\u00eancia do ciclo de que ser\u00e1 ou \u00e9 diplomado;<\/li>\n\n\n\n<li>O desempenho de fun\u00e7\u00f5es diretivas de natureza associativa, seja na Associa\u00e7\u00e3o de Estudantes ou de outro n\u00facleo estudantil, qualquer que seja a sua natureza, desde que desenvolvidos no ISEG;<\/li>\n\n\n\n<li>A organiza\u00e7\u00e3o de qualquer outra iniciativa que demonstre, ou ajude a demonstrar, compet\u00eancias ou val\u00eancias necess\u00e1rias ou \u00fateis para a inser\u00e7\u00e3o ou progress\u00e3o, acad\u00e9mica ou profissional, do diplomado;<\/li>\n\n\n\n<li>A pr\u00e1tica de modalidades desportivas no \u00e2mbito de eventos ou organismos relacionados com o ISEG.<\/li>\n<\/ul>\n            <\/div>\n        <\/div>\n\n    \n        <div class=\"wp-block-pb-accordion-item c-accordion__item js-accordion-item is-read\" data-initially-open=\"false\" data-click-to-close=\"true\" data-auto-close=\"true\" data-scroll=\"false\" data-scroll-offset=\"0\">\n            <h5 id=\"at-616\" class=\"c-accordion__title js-accordion-controller\" role=\"button\" tabindex=\"0\" aria-controls=\"ac-616\" aria-expanded=\"false\">Qual a for\u00e7a Probat\u00f3ria do Suplemento ao Diploma<\/h5>\n            <div id=\"ac-616\" class=\"c-accordion__content\" style=\"display: none;\" hidden=\"hidden\">\n                \n<p>O Suplemento ao Diploma tem natureza informativa, n\u00e3o substitui o diploma nem faz prova da titularidade da habilita\u00e7\u00e3o que confere (artigo 4.\u00ba da\u00a0<strong><a rel=\"noreferrer noopener\" href=\"https:\/\/www.iseg.ulisboa.pt\/secretaria\/wp-content\/uploads\/sites\/8\/2023\/07\/Portaria-n.30_2008.pdf\" target=\"_blank\">Portaria 30\/<\/a>2008)<\/strong>. Assim, a comprova\u00e7\u00e3o do grau ou de outra informa\u00e7\u00e3o dele constante ter\u00e1 que ser feita por outros documentos: no caso do grau, pelo respetivo diploma; no caso de outra informa\u00e7\u00e3o dele constante (como por exemplo: participa\u00e7\u00e3o em confer\u00eancias, aprova\u00e7\u00e3o em curso de especializa\u00e7\u00e3o, etc.), pelo respetivo certificado ou diploma.<\/p>\n            <\/div>\n        <\/div>\n\n    \n        <div class=\"wp-block-pb-accordion-item c-accordion__item js-accordion-item is-read\" data-initially-open=\"false\" data-click-to-close=\"true\" data-auto-close=\"true\" data-scroll=\"false\" data-scroll-offset=\"0\">\n            <h5 id=\"at-617\" class=\"c-accordion__title js-accordion-controller\" role=\"button\" tabindex=\"0\" aria-controls=\"ac-617\" aria-expanded=\"false\">Quem emite o Suplemento ao Diploma<\/h5>\n            <div id=\"ac-617\" class=\"c-accordion__content\" style=\"display: none;\" hidden=\"hidden\">\n                \n<p>O Suplemento ao Diploma \u00e9 emitido pela institui\u00e7\u00e3o de ensino superior que confere o grau que o respetivo diploma atesta (neste caso, o Instituto Superior de Economia e Gest\u00e3o) (artigo 3.\u00ba da\u00a0<strong><a href=\"https:\/\/www.iseg.ulisboa.pt\/aquila\/getFile.do?method=getFile&amp;fileId=202486&amp;_request_checksum_=https:\/\/www.iseg.ulisboa.pt\/secretaria\/wp-content\/uploads\/sites\/8\/2023\/07\/Portaria-n.30_2008.pdf\" target=\"_blank\" rel=\"noreferrer noopener\">Portaria n.\u00ba 30\/2008<\/a><\/strong>).<\/p>\n            <\/div>\n        <\/div>\n\n    \n        <div class=\"wp-block-pb-accordion-item c-accordion__item js-accordion-item is-read\" data-initially-open=\"false\" data-click-to-close=\"true\" data-auto-close=\"true\" data-scroll=\"false\" data-scroll-offset=\"0\">\n            <h5 id=\"at-618\" class=\"c-accordion__title js-accordion-controller\" role=\"button\" tabindex=\"0\" aria-controls=\"ac-618\" aria-expanded=\"false\">Quem recebe o Suplemento ao Diploma<\/h5>\n            <div id=\"ac-618\" class=\"c-accordion__content\" style=\"display: none;\" hidden=\"hidden\">\n                \n<p>Recebe o Suplemento ao Diploma todo aquele que tenha conclu\u00eddo um ciclo de estudos adequado a Bolonha. Assim, haver\u00e1 um Suplemento ao Diploma no fim do 1.\u00ba Ciclo de Estudos &#8211; Licenciatura, um Suplemento ao Diploma no fim do 2.\u00ba Ciclo de Estudos &#8211; Mestrado, e um Suplemento ao Diploma no fim do 3.\u00ba Ciclo de Estudos &#8211; Doutoramento.<\/p>\n            <\/div>\n        <\/div>\n\n    \n        <div class=\"wp-block-pb-accordion-item c-accordion__item js-accordion-item is-read\" data-initially-open=\"false\" data-click-to-close=\"true\" data-auto-close=\"true\" data-scroll=\"false\" data-scroll-offset=\"0\">\n            <h5 id=\"at-619\" class=\"c-accordion__title js-accordion-controller\" role=\"button\" tabindex=\"0\" aria-controls=\"ac-619\" aria-expanded=\"false\">Posso pedir que seja inscrita determinada informa\u00e7\u00e3o no meu Suplemento ao Diploma<\/h5>\n            <div id=\"ac-619\" class=\"c-accordion__content\" style=\"display: none;\" hidden=\"hidden\">\n                \n<p>Sim, tratando-se de informa\u00e7\u00f5es de inscri\u00e7\u00e3o facultativa no Suplemento ao Diploma, aquele que pretender que elas dele constem, dever\u00e3o dirigir-se a Secretaria das Licenciaturas para dar conta da sua pretens\u00e3o. Qualquer informa\u00e7\u00e3o eleg\u00edvel para este efeito deve ser devidamente comprovada.<\/p>\n            <\/div>\n        <\/div>\n\n    \n        <div class=\"wp-block-pb-accordion-item c-accordion__item js-accordion-item is-read\" data-initially-open=\"false\" data-click-to-close=\"true\" data-auto-close=\"true\" data-scroll=\"false\" data-scroll-offset=\"0\">\n            <h5 id=\"at-620\" class=\"c-accordion__title js-accordion-controller\" role=\"button\" tabindex=\"0\" aria-controls=\"ac-620\" aria-expanded=\"false\">At\u00e9 quando posso solicitar a inscri\u00e7\u00e3o de Determinada Informa\u00e7\u00e3o no Suplemento ao Diploma<\/h5>\n            <div id=\"ac-620\" class=\"c-accordion__content\" style=\"display: none;\" hidden=\"hidden\">\n                \n<p>O formul\u00e1rio com a informa\u00e7\u00e3o complementar deve ser entregue no acto do pedido da certid\u00e3o e diploma, sendo obrigat\u00f3rio a entrega de toda a documenta\u00e7\u00e3o comprovativa da informa\u00e7\u00e3o declarada.<\/p>\n            <\/div>\n        <\/div>\n\n    \n        <div class=\"wp-block-pb-accordion-item c-accordion__item js-accordion-item is-read\" data-initially-open=\"false\" data-click-to-close=\"true\" data-auto-close=\"true\" data-scroll=\"false\" data-scroll-offset=\"0\">\n            <h5 id=\"at-621\" class=\"c-accordion__title js-accordion-controller\" role=\"button\" tabindex=\"0\" aria-controls=\"ac-621\" aria-expanded=\"false\">Quanto custa o Suplemento ao Diploma<\/h5>\n            <div id=\"ac-621\" class=\"c-accordion__content\" style=\"display: none;\" hidden=\"hidden\">\n                \n<p>A primeira via do Suplemento ao Diploma \u00e9 sempre gratuita.<\/p>\n            <\/div>\n        <\/div>\n\n    \n        <div class=\"wp-block-pb-accordion-item c-accordion__item js-accordion-item is-read\" data-initially-open=\"false\" data-click-to-close=\"true\" data-auto-close=\"true\" data-scroll=\"false\" data-scroll-offset=\"0\">\n            <h5 id=\"at-622\" class=\"c-accordion__title js-accordion-controller\" role=\"button\" tabindex=\"0\" aria-controls=\"ac-622\" aria-expanded=\"false\">O Suplemento ao Diploma substitui o Curriculum Vitae<\/h5>\n            <div id=\"ac-622\" class=\"c-accordion__content\" style=\"display: none;\" hidden=\"hidden\">\n                \n<p>N\u00e3o, o\u00a0Suplemento ao Diploma n\u00e3o substitui o Curriculum Vitae.<\/p>\n\n\n\n<p>A fun\u00e7\u00e3o do Suplemento ao Diploma \u00e9 dar conta da atividade do estudante enquanto frequentou um determinado ciclo de estudos e, por isso, dele constar\u00e3o, al\u00e9m das mat\u00e9rias de men\u00e7\u00e3o obrigat\u00f3ria, as atividades que o diplomado frequentou ou desenvolveu no \u00e2mbito da institui\u00e7\u00e3o que confere o grau e emite o diploma. Por isso, poder\u00e3o existir factos que os diplomados pretendam exibir e que n\u00e3o caibam no \u00e2mbito do Suplemento ao Diploma; nestes casos, poder\u00e3o constar do Curriculum Vitae.<\/p>\n            <\/div>\n        <\/div>\n\n    <\/div>","protected":false},"excerpt":{"rendered":"","protected":false},"author":43,"featured_media":0,"parent":48,"menu_order":13,"comment_status":"closed","ping_status":"closed","template":"","meta":{"_uag_custom_page_level_css":"","footnotes":""},"acf":[],"uagb_featured_image_src":{"full":false,"thumbnail":false,"medium":false,"medium_large":false,"large":false,"1536x1536":false,"2048x2048":false,"trp-custom-language-flag":false},"uagb_author_info":{"display_name":"martaflourenco","author_link":"https:\/\/www.iseg.ulisboa.pt\/secretaria\/author\/martaflourenco\/"},"uagb_comment_info":0,"uagb_excerpt":null,"_links":{"self":[{"href":"https:\/\/www.iseg.ulisboa.pt\/secretaria\/wp-json\/wp\/v2\/pages\/610"}],"collection":[{"href":"https:\/\/www.iseg.ulisboa.pt\/secretaria\/wp-json\/wp\/v2\/pages"}],"about":[{"href":"https:\/\/www.iseg.ulisboa.pt\/secretaria\/wp-json\/wp\/v2\/types\/page"}],"author":[{"embeddable":true,"href":"https:\/\/www.iseg.ulisboa.pt\/secretaria\/wp-json\/wp\/v2\/users\/43"}],"replies":[{"embeddable":true,"href":"https:\/\/www.iseg.ulisboa.pt\/secretaria\/wp-json\/wp\/v2\/comments?post=610"}],"version-history":[{"count":1,"href":"https:\/\/www.iseg.ulisboa.pt\/secretaria\/wp-json\/wp\/v2\/pages\/610\/revisions"}],"predecessor-version":[{"id":611,"href":"https:\/\/www.iseg.ulisboa.pt\/secretaria\/wp-json\/wp\/v2\/pages\/610\/revisions\/611"}],"up":[{"embeddable":true,"href":"https:\/\/www.iseg.ulisboa.pt\/secretaria\/wp-json\/wp\/v2\/pages\/48"}],"wp:attachment":[{"href":"https:\/\/www.iseg.ulisboa.pt\/secretaria\/wp-json\/wp\/v2\/media?parent=610"}],"curies":[{"name":"wp","href":"https:\/\/api.w.org\/{rel}","templated":true}]}}