{"id":724,"date":"2023-06-30T09:47:31","date_gmt":"2023-06-30T09:47:31","guid":{"rendered":"https:\/\/www.iseg.ulisboa.pt\/secretaria\/?page_id=724"},"modified":"2025-07-07T17:10:20","modified_gmt":"2025-07-07T17:10:20","slug":"habilitacoes-estrangeiras-diplomas","status":"publish","type":"page","link":"https:\/\/www.iseg.ulisboa.pt\/secretaria\/informacao-util\/habilitacoes-estrangeiras-diplomas\/","title":{"rendered":"Reconhecimento de Habilita\u00e7\u00f5es Estrangeiras"},"content":{"rendered":"\n<p><strong>Reconhecimento de Habilita\u00e7\u00f5es Estrangeiras<\/strong><\/p>\n\n\n\n<p>O reconhecimento em Portugal de graus acad\u00e9micos e diplomas de ensino superior, atribu\u00eddos por institui\u00e7\u00f5es de ensino superior estrangeiras, \u00e9 regulado desde 1 de janeiro de 2019 pelo&nbsp;&nbsp;<a rel=\"noreferrer noopener\" href=\"https:\/\/www.iseg.ulisboa.pt\/secretaria\/wp-content\/uploads\/sites\/8\/2023\/06\/0418204188.pdf\" target=\"_blank\">Decreto-Lei n.\u00ba 66\/2018, de 16 de agosto<\/a>. A aplica\u00e7\u00e3o deste Decreto-Lei \u00e9 regulamentada pela&nbsp;<a rel=\"noreferrer noopener\" href=\"https:\/\/www.iseg.ulisboa.pt\/secretaria\/wp-content\/uploads\/sites\/8\/2023\/06\/0051400517.pdf\" target=\"_blank\">Portaria n.\u00ba 33\/2019, de 25 de janeiro<\/a>.<\/p>\n\n\n\n<p>Poder\u00e1 consultar todas as informa\u00e7\u00f5es no site da Reitoria da Universidade de Lisboa, ver&nbsp;<a href=\"https:\/\/www.ulisboa.pt\/info\/reconhecimento-de-habilitacoes-estrangeiras\">aqui<\/a>.<\/p>\n\n\n\n<div style=\"height:50px\" aria-hidden=\"true\" class=\"wp-block-spacer\"><\/div>\n\n\n\n<p>Manual pr\u00e1tico do pedido de Reconhecimento ver\u00a0<a href=\"https:\/\/www.iseg.ulisboa.pt\/secretaria\/wp-content\/uploads\/sites\/8\/2023\/06\/Manual-pratico-do-Pedido-de-Reconhecimento-2021.pdf\" target=\"_blank\" rel=\"noreferrer noopener\">aqui<\/a><\/p>\n\n\n\n<p>Consulte os despachos de nomea\u00e7\u00e3o de J\u00fari <a href=\"https:\/\/webassets.dsi.iseg.ulisboa.pt\/ReconhecimentosGrau\/\">aqui<\/a>.<\/p>\n","protected":false},"excerpt":{"rendered":"Reconhecimento de Habilita\u00e7\u00f5es Estrangeiras O reconhecimento em Portugal de graus acad\u00e9micos e diplomas de ensino superior, atribu\u00eddos por institui\u00e7\u00f5es de ensino superior estrangeiras, \u00e9 regulado desde 1 de janeiro de&nbsp;[&#8230;]","protected":false},"author":2,"featured_media":0,"parent":46,"menu_order":7,"comment_status":"closed","ping_status":"closed","template":"","meta":{"_uag_custom_page_level_css":"","footnotes":""},"acf":[],"uagb_featured_image_src":{"full":false,"thumbnail":false,"medium":false,"medium_large":false,"large":false,"1536x1536":false,"2048x2048":false,"trp-custom-language-flag":false},"uagb_author_info":{"display_name":"Major","author_link":"https:\/\/www.iseg.ulisboa.pt\/secretaria\/author\/leihla\/"},"uagb_comment_info":0,"uagb_excerpt":"Reconhecimento de Habilita\u00e7\u00f5es Estrangeiras O reconhecimento em Portugal de graus acad\u00e9micos e diplomas de ensino superior, atribu\u00eddos por institui\u00e7\u00f5es de ensino superior estrangeiras, \u00e9 regulado desde 1 de janeiro de&nbsp;[...]","_links":{"self":[{"href":"https:\/\/www.iseg.ulisboa.pt\/secretaria\/wp-json\/wp\/v2\/pages\/724"}],"collection":[{"href":"https:\/\/www.iseg.ulisboa.pt\/secretaria\/wp-json\/wp\/v2\/pages"}],"about":[{"href":"https:\/\/www.iseg.ulisboa.pt\/secretaria\/wp-json\/wp\/v2\/types\/page"}],"author":[{"embeddable":true,"href":"https:\/\/www.iseg.ulisboa.pt\/secretaria\/wp-json\/wp\/v2\/users\/2"}],"replies":[{"embeddable":true,"href":"https:\/\/www.iseg.ulisboa.pt\/secretaria\/wp-json\/wp\/v2\/comments?post=724"}],"version-history":[{"count":5,"href":"https:\/\/www.iseg.ulisboa.pt\/secretaria\/wp-json\/wp\/v2\/pages\/724\/revisions"}],"predecessor-version":[{"id":5575,"href":"https:\/\/www.iseg.ulisboa.pt\/secretaria\/wp-json\/wp\/v2\/pages\/724\/revisions\/5575"}],"up":[{"embeddable":true,"href":"https:\/\/www.iseg.ulisboa.pt\/secretaria\/wp-json\/wp\/v2\/pages\/46"}],"wp:attachment":[{"href":"https:\/\/www.iseg.ulisboa.pt\/secretaria\/wp-json\/wp\/v2\/media?parent=724"}],"curies":[{"name":"wp","href":"https:\/\/api.w.org\/{rel}","templated":true}]}}