{"id":93,"date":"2023-01-26T15:13:29","date_gmt":"2023-01-26T15:13:29","guid":{"rendered":"https:\/\/www.iseg.ulisboa.pt\/secretaria\/?page_id=93"},"modified":"2026-04-17T13:24:54","modified_gmt":"2026-04-17T13:24:54","slug":"reingresso","status":"publish","type":"page","link":"https:\/\/www.iseg.ulisboa.pt\/secretaria\/candidaturas\/licenciaturas\/reingresso\/","title":{"rendered":"Reingresso"},"content":{"rendered":"\n<h3 class=\"wp-block-heading\"><strong>Licenciaturas &#8211; Ano Letivo 2026\/2027<\/strong><\/h3>\n\n\n\n<p>Reingresso \u00e9 o ato pelo qual um estudante, ap\u00f3s interrup\u00e7\u00e3o dos estudos num par institui\u00e7\u00e3o\/curso de ensino superior, se matricula na mesma institui\u00e7\u00e3o e se inscreve no mesmo curso ou em curso que lhe tenha sucedido.<\/p>\n\n\n\n<p>As aulas iniciam-se a 7 de setembro&nbsp;<\/p>\n\n\n\n<p><\/p>\n\n\n\n<p class=\"button w-button\"><a rel=\"noreferrer noopener\" href=\"https:\/\/www.iseg.ulisboa.pt\/aquila\/publico\/aquilaDegreeCandidacy.do?method=showWarning&amp;contentContextPath_PATH=\/instituicao\/ISEG\/topo\/licenciaturas&amp;_request_checksum_=57b77317605c940b1a0720609ec6b6bd51fd1a56&amp;_request_checksum_=b331c5ebab417393958008f1526ada064f86907a&amp;_request_checksum_=6e683aa9a3ee34d33b61b760e2f8571565da7777\" data-type=\"URL\" data-id=\"https:\/\/www.iseg.ulisboa.pt\/aquila\/publico\/aquilaDegreeCandidacy.do?method=showWarning&amp;contentContextPath_PATH=\/instituicao\/ISEG\/topo\/licenciaturas&amp;_request_checksum_=57b77317605c940b1a0720609ec6b6bd51fd1a56&amp;_request_checksum_=b331c5ebab417393958008f1526ada064f86907a&amp;_request_checksum_=6e683aa9a3ee34d33b61b760e2f8571565da7777\" target=\"_blank\">Candidatura Online<\/a><\/p>\n\n\n\n<div class=\"wp-block-pb-accordion-item c-accordion__item js-accordion-item no-js\" data-initially-open=\"false\" data-click-to-close=\"true\" data-auto-close=\"true\" data-scroll=\"false\" data-scroll-offset=\"0\"><h3 id=\"at-930\" class=\"c-accordion__title js-accordion-controller\" role=\"button\">Candidaturas Online &#8211; 1 a 30 de junho de 2026<\/h3><div id=\"ac-930\" class=\"c-accordion__content\">\n<p><strong>Notas<\/strong>:<br>Dever\u00e1s efetuar o login no site do ISEG (canto superior direito), atualizar dados pessoais e, de seguida, proceder \u00e0 candidatura pelo seguinte percurso:<\/p>\n\n\n\n<p class=\"has-text-align-center\"><strong>Candidato &gt; Candidatura &gt; Reingresso &gt;&nbsp;Criar<\/strong><\/p>\n\n\n\n<p>Caso n\u00e3o tenhas password ativa de acesso, dever\u00e1s solicitar a mesma atrav\u00e9s do email&nbsp;<a href=\"mailto:helpdesk@iseg.ulisboa.pt\">helpdesk@iseg.ulisboa.pt<\/a>.<\/p>\n\n\n\n<p><strong>Podem requerer o reingresso num par institui\u00e7\u00e3o\/curso, os estudantes que:<\/strong><\/p>\n\n\n\n<ul>\n<li>Tenham estado matriculados e inscritos nesse par institui\u00e7\u00e3o\/curso ou em par que o tenha antecedido;<\/li>\n\n\n\n<li>No caso de estudantes cuja matr\u00edcula tenha caducado por for\u00e7a do disposto no Regulamento de Prescri\u00e7\u00f5es do ISEG, s\u00f3 podem candidatar-se a este regime ap\u00f3s decorridos os dois semestres relativos \u00e0 prescri\u00e7\u00e3o;<\/li>\n\n\n\n<li>\u00c9 condi\u00e7\u00e3o para aceita\u00e7\u00e3o do reingresso que o estudante tenha em situa\u00e7\u00e3o regular o pagamento das propinas na inscri\u00e7\u00e3o anterior.<\/li>\n\n\n\n<li>Os estudantes internacionais que tenham obtido aproveitamento a pelo menos uma unidade curricular.<\/li>\n<\/ul>\n\n\n\n<p><strong>N\u00famero de Vagas:<\/strong><\/p>\n\n\n\n<p>N\u00e3o existe n\u00famero de vagas limitativo.<\/p>\n\n\n\n<p><\/p>\n\n\n\n<p><strong>Notas:<\/strong><\/p>\n\n\n\n<p>Os alunos ou ex-alunos do ISEG podem candidatar-se, no mesmo ano letivo, pelo Regime de Reingresso, para o curso de origem, e pelo Regime mudan\u00e7a de par institui\u00e7\u00e3o\/curso para o curso que pretendem mudar.<\/p>\n\n\n\n<p>Os erros ou omiss\u00f5es cometidas no preenchimento do formul\u00e1rio eletr\u00f3nico de candidatura s\u00e3o da exclusiva responsabilidade do candidato.<\/p>\n<\/div><\/div>\n\n\n\n<div class=\"wp-block-pb-accordion-item c-accordion__item js-accordion-item no-js\" data-initially-open=\"false\" data-click-to-close=\"true\" data-auto-close=\"true\" data-scroll=\"false\" data-scroll-offset=\"0\"><h3 id=\"at-931\" class=\"c-accordion__title js-accordion-controller\" role=\"button\">Emolumentos<\/h3><div id=\"ac-931\" class=\"c-accordion__content\">\n<p><strong>Taxa de Candidatura de&nbsp;60,00 Euros (n\u00e3o reembols\u00e1vel)<\/strong><\/p>\n\n\n\n<ul>\n<li>Para estudantes a residir em Portugal, a taxa de candidatura \u00e9 paga por&nbsp;refer\u00eancia multibanco&nbsp;gerada automaticamente aquando da submiss\u00e3o da candidatura. Caso n\u00e3o realize o pagamento da taxa dentro do prazo, a candidatura n\u00e3o ser\u00e1 validada.<\/li>\n\n\n\n<li>Para estudantes a residir no estrangeiro, podem efetuar pagamento atrav\u00e9s de Cart\u00e3o de Cr\u00e9dito ou MBWay.<\/li>\n\n\n\n<li>S\u00e3o liminarmente indeferidas as candidaturas que n\u00e3o sejam instru\u00eddas com todos os documentos solicitados e taxa de candidatura liquidada. N\u00e3o existindo direito a reembolso da taxa liquidada de candidaturas incompletas.<\/li>\n<\/ul>\n<\/div><\/div>\n\n\n\n<div class=\"wp-block-pb-accordion-item c-accordion__item js-accordion-item no-js\" data-initially-open=\"false\" data-click-to-close=\"true\" data-auto-close=\"true\" data-scroll=\"false\" data-scroll-offset=\"0\"><h3 id=\"at-932\" class=\"c-accordion__title js-accordion-controller\" role=\"button\">Documentos Necess\u00e1rios<\/h3><div id=\"ac-932\" class=\"c-accordion__content\">\n<ul>\n<li>Fotografia;<\/li>\n\n\n\n<li>Fotoc\u00f3pia do Cart\u00e3o de Cidad\u00e3o (ou Bilhete de Identidade) a)&nbsp;;<\/li>\n\n\n\n<li>Fotoc\u00f3pia do N\u00famero de Identifica\u00e7\u00e3o Fiscal (NIF) &#8211; caso n\u00e3o tenha Cart\u00e3o de Cidad\u00e3o.<\/li>\n<\/ul>\n\n\n\n<p><strong>Notas:<\/strong><\/p>\n\n\n\n<p>a)&nbsp;Com consentimento do pr\u00f3prio.<\/p>\n\n\n\n<p>Caso n\u00e3o pretenda efetuar&nbsp;<em>upload<\/em>, do documento de identifica\u00e7\u00e3o, dever\u00e1 apresentar nos servi\u00e7os o documento para valida\u00e7\u00e3o dos dados no atendimento presencial da Secretaria das Licenciaturas dentro do hor\u00e1rio fixado. Neste caso, dever\u00e1 submeter declara\u00e7\u00e3o a indicar que validar\u00e1 junto do servi\u00e7o de atendimento presencial o documento de identifica\u00e7\u00e3o;<\/p>\n\n\n\n<p>Qualquer d\u00favida poder\u00e1 ser esclarecida pela Secretaria das Licenciaturas via email&nbsp;<a href=\"mailto:seclic@iseg.ulisboa.pt\">seclic@iseg.ulisboa.pt<\/a>, telefone 213925800 (das 14h \u00e0s 16h).<\/p>\n<\/div><\/div>\n\n\n\n<div class=\"wp-block-pb-accordion-item c-accordion__item js-accordion-item no-js\" data-initially-open=\"false\" data-click-to-close=\"true\" data-auto-close=\"true\" data-scroll=\"false\" data-scroll-offset=\"0\"><h3 id=\"at-933\" class=\"c-accordion__title js-accordion-controller\" role=\"button\">Calendariza\u00e7\u00e3o<\/h3><div id=\"ac-933\" class=\"c-accordion__content\">\n<ul>\n<li>Candidatura: 1 a 30 de junho de 2026<\/li>\n\n\n\n<li>Divulga\u00e7\u00e3o dos resultados de coloca\u00e7\u00e3o: at\u00e9 6 de julho de 2026 (sujeito a confirma\u00e7\u00e3o)<\/li>\n\n\n\n<li>Matr\u00edculas e inscri\u00e7\u00e3o (online): 7 a 10 de julho de 2026 (sujeito a confirma\u00e7\u00e3o)<\/li>\n<\/ul>\n<\/div><\/div>\n\n\n\n<div class=\"wp-block-pb-accordion-item c-accordion__item js-accordion-item no-js\" data-initially-open=\"false\" data-click-to-close=\"true\" data-auto-close=\"true\" data-scroll=\"false\" data-scroll-offset=\"0\"><h3 id=\"at-934\" class=\"c-accordion__title js-accordion-controller\" role=\"button\">Matr\u00edculas \/ Inscri\u00e7\u00e3o<\/h3><div id=\"ac-934\" class=\"c-accordion__content\">\n<p>As matr\u00edculas\/inscri\u00e7\u00f5es decorrem online de&nbsp;7 (\u00e0s 10h00) a 10 de julho de 2026, sendo necess\u00e1rio efetuar o login.<\/p>\n\n\n\n<p><strong>Portal Fenix &gt; Separador \u201cCandidato\u201d&gt; na candidatura clicar em Detalhe&gt; op\u00e7\u00e3o \u201cMatricular\u201d<\/strong><\/p>\n\n\n\n<p>Para os alunos dos cursos de Economia\/Economics, Gest\u00e3o\/Management e Finance devido \u00e0 altera\u00e7\u00e3o de plano de estudos, solicitamos que, ap\u00f3s clicar em Matricular, nos envie um email para seclic@iseg.ulisboa.pt, para que possamos proceder ao carregamento da acredita\u00e7\u00e3o das UC aprovadas em anos anteriores.<\/p>\n\n\n\n<p>Receber\u00e1 um email assim que o sistema tiver carregado as suas UC, podendo aceder de seguida ao F\u00e9nix e seguir as instru\u00e7\u00f5es abaixo indicadas.<\/p>\n\n\n\n<p>De seguida, clicar &gt; Separador \u201cAluno\u201d &gt; menu lateral esquerdo \u201cInscrever\u201d &gt; op\u00e7\u00e3o \u201cProcessos de inscri\u00e7\u00e3o\u201d &gt; Clicar em \u201cIniciar processo\u201d<\/p>\n\n\n\n<p>Dever\u00e1 preencher devidamente os campos em falta e ir avan\u00e7ando passo a passo&nbsp;at\u00e9 finalizado o processo.&nbsp;No passo final,&nbsp;ap\u00f3s selecionar o bot\u00e3o&nbsp;\u201cconfirmar matr\u00edcula\u201d&nbsp;\u00e9 gerado o documento&nbsp;\u201ccomprovativo de inscri\u00e7\u00e3o&nbsp;\u201c.<\/p>\n\n\n\n<p>S\u00f3 depois de clicar no bot\u00e3o \u201cFinalizar\u201d o processo de inscri\u00e7\u00e3o se encontra conclu\u00eddo.<\/p>\n\n\n\n<p>Valores da matr\u00edcula\/inscri\u00e7\u00e3o:&nbsp;No final da matr\u00edcula, ser\u00e1 disponibilizado um comprovativo com indica\u00e7\u00e3o dos valores da propinas e refer\u00eancias;<\/p>\n\n\n\n<p>Os valores a liquidar por cada presta\u00e7\u00e3o e as refer\u00eancias banc\u00e1rias podem ser consultadas no portal Fenix em: &gt; separador \u201caluno\u201d &gt; \u201cVisualizar Conta\u201d.<\/p>\n\n\n\n<p>Pagamento de&nbsp;<a href=\"https:\/\/www.iseg.ulisboa.pt\/secretaria\/informacoes-academicas\/propinas\/propinas\/\">emolumentos a liquidar<\/a>:<\/p>\n\n\n\n<p>Atos administrativos 50 euros;<\/p>\n\n\n\n<p>Seguro escolar + Propina 1\u00aa presta\u00e7\u00e3o \u2013 159,10 Euros<\/p>\n\n\n\n<p>Pagamento total de&nbsp;209,10 Euros&nbsp;referente a atos administrativos (50,00 Euros)&nbsp;+ seguro escolar (2,10 Euros) + 1\u00aa presta\u00e7\u00e3o da propina (157 Euros) deve ser realizado&nbsp;<strong>at\u00e9 5 dias<\/strong> ap\u00f3s a matr\u00edcula.<\/p>\n\n\n\n<p>Est\u00e3o dispensados nesta fase do pagamento de propina no ato da matr\u00edcula, os alunos candidatos a bolsa de estudo dos SAS (Servi\u00e7os de Ac\u00e3o Social), devendo apresentar comprovativo de candidatura ou declara\u00e7\u00e3o de compromisso de honra, devendo apenas liquidar o seguro escolar e atos administrativos, o comprovativo dever\u00e1 ser enviado por email com essa indica\u00e7\u00e3o.<\/p>\n<\/div><\/div>\n\n\n\n<div class=\"wp-block-pb-accordion-item c-accordion__item js-accordion-item no-js\" data-initially-open=\"false\" data-click-to-close=\"true\" data-auto-close=\"true\" data-scroll=\"false\" data-scroll-offset=\"0\"><h3 id=\"at-935\" class=\"c-accordion__title js-accordion-controller\" role=\"button\">Legisla\u00e7\u00e3o e Regulamentos<\/h3><div id=\"ac-935\" class=\"c-accordion__content\">\n<ul>\n<li><a href=\"https:\/\/www.iseg.ulisboa.pt\/secretaria\/wp-content\/uploads\/sites\/8\/2023\/07\/71637164.pdf\">Decreto-Lei n.\u00ba 196\/2006<\/a><\/li>\n\n\n\n<li><a href=\"https:\/\/www.iseg.ulisboa.pt\/secretaria\/wp-content\/uploads\/sites\/8\/2023\/07\/Portaria181-D_2015_Mudana-Par-Instituio_Curso.pdf\">Portaria n.\u00ba 181-D\/2015<\/a><\/li>\n\n\n\n<li><a href=\"https:\/\/www.iseg.ulisboa.pt\/secretaria\/wp-content\/uploads\/sites\/8\/2026\/04\/Regulamento-do-Regime-de-Reingresso-2026_2027_v1_PT.pdf\">Regulamento<\/a><\/li>\n<\/ul>\n\n\n\n<p><\/p>\n<\/div><\/div>\n","protected":false},"excerpt":{"rendered":"Licenciaturas &#8211; Ano Letivo 2026\/2027 Reingresso \u00e9 o ato pelo qual um estudante, ap\u00f3s interrup\u00e7\u00e3o dos estudos num par institui\u00e7\u00e3o\/curso de ensino superior, se matricula na mesma institui\u00e7\u00e3o e se&nbsp;[&#8230;]","protected":false},"author":2,"featured_media":0,"parent":50,"menu_order":4,"comment_status":"closed","ping_status":"closed","template":"","meta":{"_uag_custom_page_level_css":"","footnotes":""},"acf":[],"uagb_featured_image_src":{"full":false,"thumbnail":false,"medium":false,"medium_large":false,"large":false,"1536x1536":false,"2048x2048":false,"trp-custom-language-flag":false},"uagb_author_info":{"display_name":"Major","author_link":"https:\/\/www.iseg.ulisboa.pt\/secretaria\/author\/leihla\/"},"uagb_comment_info":0,"uagb_excerpt":"Licenciaturas &#8211; Ano Letivo 2026\/2027 Reingresso \u00e9 o ato pelo qual um estudante, ap\u00f3s interrup\u00e7\u00e3o dos estudos num par institui\u00e7\u00e3o\/curso de ensino superior, se matricula na mesma institui\u00e7\u00e3o e se&nbsp;[...]","_links":{"self":[{"href":"https:\/\/www.iseg.ulisboa.pt\/secretaria\/wp-json\/wp\/v2\/pages\/93"}],"collection":[{"href":"https:\/\/www.iseg.ulisboa.pt\/secretaria\/wp-json\/wp\/v2\/pages"}],"about":[{"href":"https:\/\/www.iseg.ulisboa.pt\/secretaria\/wp-json\/wp\/v2\/types\/page"}],"author":[{"embeddable":true,"href":"https:\/\/www.iseg.ulisboa.pt\/secretaria\/wp-json\/wp\/v2\/users\/2"}],"replies":[{"embeddable":true,"href":"https:\/\/www.iseg.ulisboa.pt\/secretaria\/wp-json\/wp\/v2\/comments?post=93"}],"version-history":[{"count":28,"href":"https:\/\/www.iseg.ulisboa.pt\/secretaria\/wp-json\/wp\/v2\/pages\/93\/revisions"}],"predecessor-version":[{"id":6134,"href":"https:\/\/www.iseg.ulisboa.pt\/secretaria\/wp-json\/wp\/v2\/pages\/93\/revisions\/6134"}],"up":[{"embeddable":true,"href":"https:\/\/www.iseg.ulisboa.pt\/secretaria\/wp-json\/wp\/v2\/pages\/50"}],"wp:attachment":[{"href":"https:\/\/www.iseg.ulisboa.pt\/secretaria\/wp-json\/wp\/v2\/media?parent=93"}],"curies":[{"name":"wp","href":"https:\/\/api.w.org\/{rel}","templated":true}]}}