{"id":95,"date":"2023-01-26T15:13:55","date_gmt":"2023-01-26T15:13:55","guid":{"rendered":"https:\/\/www.iseg.ulisboa.pt\/secretaria\/?page_id=95"},"modified":"2026-04-17T13:41:25","modified_gmt":"2026-04-17T13:41:25","slug":"titulares-de-curso-superior","status":"publish","type":"page","link":"https:\/\/www.iseg.ulisboa.pt\/secretaria\/candidaturas\/licenciaturas\/titulares-de-curso-superior\/","title":{"rendered":"Titulares de Curso Superior"},"content":{"rendered":"\n<h3 class=\"wp-block-heading\">Licenciaturas &#8211; Ano Letivo 2026\/2027<\/h3>\n\n\n\n<h4 class=\"wp-block-heading\"><strong>Concurso Especial de Acesso para Titulares de Curso Superior<\/strong><\/h4>\n\n\n\n<p><\/p>\n\n\n\n<p>Ao concurso especial de acesso destinado a titulares de cursos m\u00e9dios e superiores podem candidatar-se os&nbsp;titulares de um curso superior,  nomeadamente bacharelato, licenciatura, mestrado, doutoramento  (Decreto-Lei 113\/2014, de 16 de julho).<\/p>\n\n\n\n<p>Os estudantes internacionais n\u00e3o podem aceder por este regime de acesso.<\/p>\n\n\n\n<p><\/p>\n\n\n\n<p class=\"button w-button\"><a rel=\"noreferrer noopener\" href=\"https:\/\/www.iseg.ulisboa.pt\/aquila\/publico\/aquilaDegreeCandidacy.do?method=showWarning&amp;contentContextPath_PATH=\/instituicao\/ISEG\/topo\/licenciaturas&amp;_request_checksum_=57b77317605c940b1a0720609ec6b6bd51fd1a56&amp;_request_checksum_=b331c5ebab417393958008f1526ada064f86907a&amp;_request_checksum_=6e683aa9a3ee34d33b61b760e2f8571565da7777\" data-type=\"URL\" data-id=\"https:\/\/www.iseg.ulisboa.pt\/aquila\/publico\/aquilaDegreeCandidacy.do?method=showWarning&amp;contentContextPath_PATH=\/instituicao\/ISEG\/topo\/licenciaturas&amp;_request_checksum_=57b77317605c940b1a0720609ec6b6bd51fd1a56&amp;_request_checksum_=b331c5ebab417393958008f1526ada064f86907a&amp;_request_checksum_=6e683aa9a3ee34d33b61b760e2f8571565da7777\" target=\"_blank\">Candidatura Online<\/a><\/p>\n\n\n\n<div class=\"wp-block-pb-accordion-item c-accordion__item js-accordion-item no-js\" data-initially-open=\"false\" data-click-to-close=\"true\" data-auto-close=\"true\" data-scroll=\"false\" data-scroll-offset=\"0\"><h3 id=\"at-950\" class=\"c-accordion__title js-accordion-controller\" role=\"button\">Candidaturas Online: 1 a 20 de julho de 2026<\/h3><div id=\"ac-950\" class=\"c-accordion__content\">\n<p id=\"block-c3329ebd-e2b7-4566-b6f5-044847766208\">Caso sejas aluno ou ex-aluno do ISEG dever\u00e1s efetuar login no&nbsp;site no ISEG (canto superior direito), atualizar dados pessoais e de seguida proceder \u00e0 candidatura pelo seguinte percurso:<\/p>\n\n\n\n<p id=\"block-57680b96-fff6-449f-b8c3-601ca2e6c289\"><strong><a rel=\"noreferrer noopener\" href=\"https:\/\/fenix.iseg.ulisboa.pt\/accountCreation#!accountCreation\/$timestamp$=1684491624909\/_qcheck=b0d649b029faab8c7a843a8e69dda11733a2c408\" target=\"_blank\">Candidato &gt; Candidatura &gt; Titular Curso Superior &gt; Criar&nbsp;<\/a><\/strong><\/p>\n\n\n\n<p><\/p>\n<\/div><\/div>\n\n\n\n<div class=\"wp-block-pb-accordion-item c-accordion__item js-accordion-item no-js\" data-initially-open=\"false\" data-click-to-close=\"true\" data-auto-close=\"true\" data-scroll=\"false\" data-scroll-offset=\"0\"><h3 id=\"at-951\" class=\"c-accordion__title js-accordion-controller\" role=\"button\">Vagas<\/h3><div id=\"ac-951\" class=\"c-accordion__content\">\n<figure class=\"wp-block-table block-table-studyplan has-iseg-yellow-thead\"><table><tbody><tr><td>Economia<\/td><td class=\"has-text-align-center\" data-align=\"center\">2<\/td><\/tr><tr><td>Economics<\/td><td class=\"has-text-align-center\" data-align=\"center\">1<\/td><\/tr><tr><td>Finance<\/td><td class=\"has-text-align-center\" data-align=\"center\">1<\/td><\/tr><tr><td>Gest\u00e3o<\/td><td class=\"has-text-align-center\" data-align=\"center\">2<\/td><\/tr><tr><td>Management<\/td><td class=\"has-text-align-center\" data-align=\"center\">1<\/td><\/tr><tr><td>Matem\u00e1tica Aplicada \u00e0 Economia e \u00e0 Gest\u00e3o<\/td><td class=\"has-text-align-center\" data-align=\"center\">0<\/td><\/tr><tr><td>Applied Mathematics for Economics and Management<\/td><td class=\"has-text-align-center\" data-align=\"center\">0<\/td><\/tr><\/tbody><\/table><\/figure>\n\n\n\n<hr class=\"wp-block-separator has-alpha-channel-opacity is-style-dots\" \/>\n\n\n\n<p><strong>Nota:<\/strong><\/p>\n\n\n\n<p>Cada candidato pode formalizar mais do que uma candidatura, desde que re\u00fana as condi\u00e7\u00f5es de ingresso para os ciclos de estudos escolhidos, pagando o respetivo emolumento por cada candidatura submetida.<\/p>\n<\/div><\/div>\n\n\n\n<div class=\"wp-block-pb-accordion-item c-accordion__item js-accordion-item no-js\" data-initially-open=\"false\" data-click-to-close=\"true\" data-auto-close=\"true\" data-scroll=\"false\" data-scroll-offset=\"0\"><h3 id=\"at-952\" class=\"c-accordion__title js-accordion-controller\" role=\"button\">Emolumentos&nbsp;<\/h3><div id=\"ac-952\" class=\"c-accordion__content\">\n<p><strong>Taxa de Candidatura de 60,00 Euros (n\u00e3o reembols\u00e1vel)<\/strong><\/p>\n\n\n\n<ul>\n<li>Para estudantes a residir em Portugal, a taxa de candidatura \u00e9 paga por&nbsp;refer\u00eancia multibanco&nbsp;gerada automaticamente aquando da submiss\u00e3o da candidatura. Caso n\u00e3o realize o pagamento da taxa dentro do prazo, a candidatura n\u00e3o ser\u00e1 validada.<\/li>\n\n\n\n<li>Para estudantes a residir no estrangeiro, podem efetuar pagamento atrav\u00e9s de Cart\u00e3o de Cr\u00e9dito ou MBWay.<\/li>\n\n\n\n<li>S\u00e3o liminarmente indeferidas as candidaturas que n\u00e3o sejam instru\u00eddas com todos os documentos solicitados e taxa de candidatura liquidada, n\u00e3o existindo o direito ao reembolso da taxa de candidaturas incompletas.<\/li>\n<\/ul>\n<\/div><\/div>\n\n\n\n<div class=\"wp-block-pb-accordion-item c-accordion__item js-accordion-item no-js\" data-initially-open=\"false\" data-click-to-close=\"true\" data-auto-close=\"true\" data-scroll=\"false\" data-scroll-offset=\"0\"><h3 id=\"at-953\" class=\"c-accordion__title js-accordion-controller\" role=\"button\">Calendariza\u00e7\u00e3o: <\/h3><div id=\"ac-953\" class=\"c-accordion__content\">\n<p><\/p>\n\n\n\n<ul>\n<li>Candidaturas:1 a 20 de julho de 2026<\/li>\n\n\n\n<li>Divulga\u00e7\u00e3o dos resultados de coloca\u00e7\u00e3o: 27 de julho de 2026 (sujeito a confirma\u00e7\u00e3o)<\/li>\n\n\n\n<li>Matr\u00edculas (online): 28 a 31 de julho de 2026 (sujeito a confirma\u00e7\u00e3o)<\/li>\n<\/ul>\n\n\n\n<p>Caso os candidatos selecionados n\u00e3o se matriculem ou desistam dentro do prazo fixado para a matr\u00edcula\/inscri\u00e7\u00e3o, perdem o direito \u00e0 vaga. Neste caso, as vagas libertas ser\u00e3o atribu\u00eddas ao candidato seguinte n\u00e3o colocado da lista resultante dos crit\u00e9rios de seria\u00e7\u00e3o aplic\u00e1veis.&nbsp;As listas dos suplentes colocados devem ser consultadas no <a href=\"https:\/\/www.iseg.ulisboa.pt\/secretaria\/candidaturas\/licenciaturas\/titulares-de-curso-superior\/\" data-type=\"link\" data-id=\"https:\/\/www.iseg.ulisboa.pt\/secretaria\/candidaturas\/licenciaturas\/titulares-de-curso-superior\/\">website do ISEG<\/a><a href=\"https:\/\/www.iseg.ulisboa.pt\/aquila\/unidade\/SecLic\/lateral\/acesso---regimes?_request_checksum_=f81cb9db351bdbc1ee93a5640e10d8091931fae7\">.<\/a><\/p>\n\n\n\n<p>Nota:<br> Os resultados de coloca\u00e7\u00e3o e as datas de matr\u00edculas, por curso, devem ser consultados no&nbsp;<a href=\"https:\/\/www.iseg.ulisboa.pt\/secretaria\/candidaturas\/licenciaturas\/titulares-de-curso-superior\/\" data-type=\"link\" data-id=\"https:\/\/www.iseg.ulisboa.pt\/secretaria\/candidaturas\/licenciaturas\/titulares-de-curso-superior\/\">website do ISEG<\/a><\/p>\n<\/div><\/div>\n\n\n\n<div class=\"wp-block-pb-accordion-item c-accordion__item js-accordion-item no-js\" data-initially-open=\"false\" data-click-to-close=\"true\" data-auto-close=\"true\" data-scroll=\"false\" data-scroll-offset=\"0\"><h3 id=\"at-954\" class=\"c-accordion__title js-accordion-controller\" role=\"button\">Crit\u00e9rios de Seria\u00e7\u00e3o<\/h3><div id=\"ac-954\" class=\"c-accordion__content\">\n<p><\/p>\n\n\n\n<p>Os candidatos ser\u00e3o ordenados pela aplica\u00e7\u00e3o sucessiva dos seguintes crit\u00e9rios:<\/p>\n\n\n\n<ul>\n<li>1\u00ba&nbsp;Serem titulares de um curso superior (conferente de grau acad\u00e9mico);<\/li>\n\n\n\n<li>2\u00ba&nbsp;Prioridade aos licenciados pelo ISEG;<\/li>\n\n\n\n<li>3\u00ba&nbsp;Melhor classifica\u00e7\u00e3o do curso que os habilitam ao ingresso.<\/li>\n<\/ul>\n\n\n\n<p><strong>Notas:<\/strong><\/p>\n\n\n\n<ul>\n<li>A coloca\u00e7\u00e3o dos candidatos em cada curso, nas vagas fixadas, \u00e9 feita pela ordem decrescente da lista ordenada resultante da aplica\u00e7\u00e3o dos crit\u00e9rios de seria\u00e7\u00e3o acima fixados. <\/li>\n\n\n\n<li>A coloca\u00e7\u00e3o \u00e9 v\u00e1lida apenas para a matr\u00edcula e inscri\u00e7\u00e3o no ano letivo para o qual a candidatura se realiza.<\/li>\n<\/ul>\n<\/div><\/div>\n\n\n\n<div class=\"wp-block-pb-accordion-item c-accordion__item js-accordion-item no-js\" data-initially-open=\"false\" data-click-to-close=\"true\" data-auto-close=\"true\" data-scroll=\"false\" data-scroll-offset=\"0\"><h3 id=\"at-955\" class=\"c-accordion__title js-accordion-controller\" role=\"button\">Documentos Necess\u00e1rios<\/h3><div id=\"ac-955\" class=\"c-accordion__content\">\n<ul>\n<li>Fotografia;<\/li>\n\n\n\n<li>Fotoc\u00f3pia do Cart\u00e3o de Cidad\u00e3o\/ Bilhete de Identidade<sup>&nbsp;a)<\/sup>&nbsp;ou do Documento de Identifica\u00e7\u00e3o do Estado-Membro da Uni\u00e3o Europeia de proveni\u00eancia do candidato ou passaporte com respetivo visto de estudo ou, quando aplic\u00e1vel, atestado de resid\u00eancia tempor\u00e1ria&nbsp;<sup>b)<\/sup>&nbsp;ou permanente;<\/li>\n\n\n\n<li>Fotoc\u00f3pia do N\u00famero de Identifica\u00e7\u00e3o Fiscal (NIF) &#8211; n\u00e3o aplic\u00e1vel a quem tenha submetido cart\u00e3o de cidad\u00e3o ou a estudantes estrangeiros;<\/li>\n\n\n\n<li>Certificado comprovativo de ser titular de um curso superior nacional ou de equival\u00eancia a um curso superior nacional com a respetiva classifica\u00e7\u00e3o final&nbsp;<sup>c)<\/sup> e <sup>e)<\/sup>;<\/li>\n\n\n\n<li>Certificado autenticado das unidades curriculares aprovadas em curso superior (portugu\u00eas ou estrangeiro), do curso e estabelecimento de origem, com discrimina\u00e7\u00e3o da classifica\u00e7\u00e3o nacional obtida, regime semestral ou anual, cr\u00e9ditos e classifica\u00e7\u00e3o ECTS de acordo com a escala europeia de comparabilidade&nbsp;<sup>c<\/sup>);<\/li>\n\n\n\n<li>Plano de estudos do curso de origem, programas e cargas hor\u00e1rias das disciplinas realizadas (n\u00e3o aplic\u00e1vel a alunos do ISEG e apenas necess\u00e1rio caso venha a ser colocado e pretenda solicitar credita\u00e7\u00e3o nos prazos fixados para o efeito).<\/li>\n<\/ul>\n\n\n\n<hr class=\"wp-block-separator has-alpha-channel-opacity is-style-dots\" \/>\n\n\n\n<p><strong>Notas:<\/strong><\/p>\n\n\n\n<p>a) Com consentimento do pr\u00f3prio. Caso n\u00e3o pretenda efetuar&nbsp;<em>upload<\/em> do documento de identifica\u00e7\u00e3o, dever\u00e1 apresentar o referido documento para valida\u00e7\u00e3o dos dados presencialmente no atendimento da Secretaria das Licenciaturas dentro do <a href=\"https:\/\/www.iseg.ulisboa.pt\/secretaria\/sobre\/\" data-type=\"link\" data-id=\"https:\/\/www.iseg.ulisboa.pt\/secretaria\/sobre\/\">hor\u00e1rio fixado.<\/a> Neste caso, dever\u00e1 submeter no campo do documento de identifica\u00e7\u00e3o, uma declara\u00e7\u00e3o a indicar que validar\u00e1, junto do servi\u00e7o de atendimento presencial, o documento de identifica\u00e7\u00e3o;<\/p>\n\n\n\n<p>b) Os alunos com resid\u00eancia tempor\u00e1ria devem entregar a Certid\u00e3o de Contagem de Tempo de Resid\u00eancia em Portugal passada pela AIMA;<\/p>\n\n\n\n<p>c) Para os alunos estrangeiros, os documentos assinalados devem ser visados pelo servi\u00e7o consular portugu\u00eas ou apresentados com a aposi\u00e7\u00e3o da Apostila de Haia e emitidos pela autoridade legalmente competente do Estado de onde \u00e9 origin\u00e1rio o documento (Servi\u00e7os Oficiais de Educa\u00e7\u00e3o). Sempre que os documentos n\u00e3o estejam emitidos em portugu\u00eas, ingl\u00eas, franc\u00eas ou espanhol, devem ser traduzidos para um destes idiomas;<\/p>\n\n\n\n<p>d) Os erros ou omiss\u00f5es cometidas no preenchimento do formul\u00e1rio eletr\u00f3nico de candidatura s\u00e3o da exclusiva responsabilidade do candidato;<\/p>\n\n\n\n<p>e) Candidatos Brasileiros com nacionalidade Portuguesa:<\/p>\n\n\n\n<p>Quando o candidato \u00e9 titular de curso do sistema de ensino m\u00e9dio brasileiro, e tenha obtido aprova\u00e7\u00e3o no Exame Nacional de Ensino M\u00e9dio (ENEM), realizado no ano civil ou nos tr\u00eas anos civis anteriores ao da candidatura e tenha obtido neste uma classifica\u00e7\u00e3o n\u00e3o inferior a 700 pontos, determinados atrav\u00e9s das pondera\u00e7\u00f5es \u00e0s classifica\u00e7\u00f5es nas \u00e1reas de conhecimento de Matem\u00e1tica e suas Tecnologias &#8211; 80% e Reda\u00e7\u00e3o &#8211; 20%. A nota m\u00ednima \u00e9 de 140 (convers\u00e3o para escala portuguesa).<\/p>\n<\/div><\/div>\n\n\n\n<div class=\"wp-block-pb-accordion-item c-accordion__item js-accordion-item no-js\" data-initially-open=\"false\" data-click-to-close=\"true\" data-auto-close=\"true\" data-scroll=\"false\" data-scroll-offset=\"0\"><h3 id=\"at-956\" class=\"c-accordion__title js-accordion-controller\" role=\"button\">Matr\u00edculas \/ Inscri\u00e7\u00e3o<\/h3><div id=\"ac-956\" class=\"c-accordion__content\">\n<p id=\"block-d7206c4f-23cf-444a-a85d-9fb546ec69f3\">As matr\u00edculas\/inscri\u00e7\u00f5es decorrem online de&nbsp;28 (\u00e0s 10h00) a 31 de julho de 2026, para os candidatos colocados, sendo necess\u00e1rio efetuar o login em:<\/p>\n\n\n\n<p id=\"block-fd12fc76-a7f8-40bc-8542-c40592298d6d\"><strong>Portal Fenix &gt; Separador \u201cCandidato\u201d&gt; na candidatura clicar em Detalhe&gt; op\u00e7\u00e3o \u201cMatricular\u201d<\/strong>.<\/p>\n\n\n\n<p id=\"block-d319b15a-6ba2-46b9-b9eb-8c95c0bd0be5\">De seguida, clicar &gt; Separador \u201cAluno\u201d &gt; menu lateral esquerdo \u201cInscrever\u201d &gt; op\u00e7\u00e3o \u201cProcessos de inscri\u00e7\u00e3o\u201d &gt; Clicar em \u201cIniciar processo\u201d.<\/p>\n\n\n\n<p id=\"block-407a542d-63e2-43b9-adb4-7e2a03e5414d\">Dever\u00e1 preencher devidamente os campos em falta e ir avan\u00e7ando passo a passo&nbsp;at\u00e9 finalizado o processo.&nbsp; No passo final,&nbsp;ap\u00f3s selecionar o bot\u00e3o&nbsp;\u201cconfirmar matr\u00edcula\u201d,&nbsp;\u00e9 gerado o documento&nbsp;\u201ccomprovativo de inscri\u00e7\u00e3o&nbsp;\u201c.<\/p>\n\n\n\n<p id=\"block-ed1c1ed9-90e4-4d5f-a233-01d041f17b70\">S\u00f3 depois de clicar no bot\u00e3o \u201cFinalizar\u201d o processo de inscri\u00e7\u00e3o se encontra conclu\u00eddo.<\/p>\n\n\n\n<p id=\"block-ae92df26-f767-4bd3-9165-dc1c610b0948\">Valores da matr\u00edcula\/inscri\u00e7\u00e3o:&nbsp;No final da matr\u00edcula, ser\u00e1 disponibilizado um comprovativo com indica\u00e7\u00e3o dos valores das propinas e refer\u00eancias banc\u00e1rias.<\/p>\n\n\n\n<p id=\"block-f8afd216-e338-42ae-8462-9487d2a645be\">Os valores a liquidar por cada presta\u00e7\u00e3o e as refer\u00eancias banc\u00e1rias podem ser consultadas no portal Fenix em: &gt; separador \u201caluno\u201d &gt; \u201cVisualizar Conta\u201d.<\/p>\n\n\n\n<p id=\"block-b15f1c34-1c26-4c0c-9771-6b6a34b28eea\">Pagamento de&nbsp;<a href=\"https:\/\/www.iseg.ulisboa.pt\/secretaria\/informacoes-academicas\/propinas\/propinas\/\">emolumentos a liquidar<\/a>:<\/p>\n\n\n\n<p id=\"block-2e32312c-fd20-4d1b-ad7b-0d221ea3a592\">Atos administrativos &#8211; 50 euros;<\/p>\n\n\n\n<p id=\"block-addf90ef-b975-42e2-b8c7-d18e2d2998bc\">Seguro escolar + Propina 1\u00aa presta\u00e7\u00e3o \u2013 159,10 Euros;<\/p>\n\n\n\n<p id=\"block-3a01d45f-d54c-4972-a367-78bd1d640d76\">O pagamento total de&nbsp;209,10 Euros&nbsp;referente a atos administrativos (50,00 Euros)&nbsp;+ seguro escolar (2,10 Euros) + 1\u00aa presta\u00e7\u00e3o da propina (157 Euros), deve ser realizado&nbsp;<strong>at\u00e9 5 dias<\/strong> ap\u00f3s a matr\u00edcula.<\/p>\n\n\n\n<p id=\"block-3f0733f0-a98b-4ec8-ad62-ab7a8001be79\">Est\u00e3o dispensados nesta fase do pagamento de propina no ato da matr\u00edcula, os alunos candidatos a bolsa de estudo dos SAS (Servi\u00e7os de Ac\u00e3o Social), mediante a apresenta\u00e7\u00e3o do comprovativo de candidatura \u00e0 bolsa dos SAS ou declara\u00e7\u00e3o de compromisso de honra que deve enviar email para seclic@iseg.ulisboa.pt .<\/p>\n\n\n\n<p id=\"block-3f0733f0-a98b-4ec8-ad62-ab7a8001be79\">No entanto, devem liquidar o seguro escolar e atos administrativos.<\/p>\n<\/div><\/div>\n\n\n\n<div class=\"wp-block-pb-accordion-item c-accordion__item js-accordion-item no-js\" data-initially-open=\"false\" data-click-to-close=\"true\" data-auto-close=\"true\" data-scroll=\"false\" data-scroll-offset=\"0\"><h3 id=\"at-957\" class=\"c-accordion__title js-accordion-controller\" role=\"button\">Credita\u00e7\u00e3o<\/h3><div id=\"ac-957\" class=\"c-accordion__content\">\n<p>A credita\u00e7\u00e3o \u00e9 realizada nos termos fixados no<a href=\"https:\/\/www.iseg.ulisboa.pt\/secretaria\/wp-content\/uploads\/sites\/8\/2023\/06\/aviso_13017_2018_Reg_Creditao-1.pdf\" data-type=\"link\" data-id=\"https:\/\/www.iseg.ulisboa.pt\/secretaria\/wp-content\/uploads\/sites\/8\/2023\/06\/aviso_13017_2018_Reg_Creditao-1.pdf\"> Regulamento de Credita\u00e7\u00e3o e Integra\u00e7\u00e3o Curricular de Experi\u00eancias Profissionais e Forma\u00e7\u00f5es Acad\u00e9micas do Instituto Superior de Economia e Gest\u00e3o<\/a>.&nbsp;<\/p>\n\n\n\n<figure class=\"wp-block-table\"><table><tbody><tr><td><strong>Credita\u00e7\u00f5es Externas <\/strong>&#8211; Ap\u00f3s a matr\u00edcula, dever\u00e1 enviar email, por email (<a href=\"mailto:seclic@iseg.ulisboa.pt\">seclic@iseg.ulisboa.pt<\/a>), o <a href=\"https:\/\/www.iseg.ulisboa.pt\/secretaria\/wp-content\/uploads\/sites\/8\/2025\/07\/Requerimento-Pedido-de-Creditacoes.pdf\">Requerimento de Credita\u00e7\u00e3o<\/a> devidamente preenchido. Ser\u00e3o criadas as refer\u00eancias banc\u00e1rias pelos Servi\u00e7os Acad\u00e9micos. Ap\u00f3s a regulariza\u00e7\u00e3o dos valores, ser\u00e1 agendado um atendimento presencial, para entrega de todos os documentos requeridos;<\/td><\/tr><tr><td><strong>Credita\u00e7\u00f5es Internas (ISEG)<\/strong> &#8211; Ap\u00f3s a matr\u00edcula, dever\u00e1 enviar por email (<a href=\"mailto:seclic@iseg.ulisboa.pt\">seclic@iseg.ulisboa.pt<\/a>), o <a href=\"https:\/\/www.iseg.ulisboa.pt\/secretaria\/wp-content\/uploads\/sites\/8\/2025\/07\/Requerimento-Pedido-de-Creditacoes.pdf\">Requerimento de Credita\u00e7\u00e3o<\/a> devidamente preenchido. Ser\u00e3o criadas as refer\u00eancias banc\u00e1rias pelos Servi\u00e7os Acad\u00e9micos. Ap\u00f3s a regulariza\u00e7\u00e3o dos valores, ser\u00e3o lan\u00e7adas as credita\u00e7\u00f5es, bem como reorganizado o seu curr\u00edculo.<\/td><\/tr><\/tbody><\/table><\/figure>\n\n\n\n<p>Os pedidos de credita\u00e7\u00e3o s\u00f3 podem ser apresentados no ato de ingresso num determinado ciclo de estudos, nos prazos estabelecidos (ver&nbsp;<a href=\"https:\/\/www.iseg.ulisboa.pt\/secretaria\/5054-2\/#uagb-tabs__tab1\">prazos importantes<\/a>).<\/p>\n\n\n\n<p><strong>Data limite: 30 de setembro<\/strong><\/p>\n\n\n\n<p>Mais informa\u00e7\u00f5es ver <a href=\"https:\/\/www.iseg.ulisboa.pt\/secretaria\/informacao-util\/creditacao-unidades-curriculares\/licenciaturas\/\">aqui<\/a><\/p>\n<\/div><\/div>\n\n\n\n<div class=\"wp-block-pb-accordion-item c-accordion__item js-accordion-item no-js\" data-initially-open=\"false\" data-click-to-close=\"true\" data-auto-close=\"true\" data-scroll=\"false\" data-scroll-offset=\"0\"><h3 id=\"at-958\" class=\"c-accordion__title js-accordion-controller\" role=\"button\">Legisla\u00e7\u00e3o e Regulamentos<\/h3><div id=\"ac-958\" class=\"c-accordion__content\">\n<ul>\n<li>Decreto-Lei n.\u00ba 393-B\/99 (Regulamentado pela Portaria n.\u00ba 854-A\/99<\/li>\n\n\n\n<li>Portaria n\u00ba 854-A\/99 &#8211; Regulamento dos Concursos Especiais<\/li>\n\n\n\n<li>Portaria n.\u00ba 1081\/2001 (Aditamento \u00e0 Portaria n.\u00ba 854-A\/99)<\/li>\n\n\n\n<li>Decreto-Lei n.\u00ba 113\/2014<\/li>\n\n\n\n<li>Decreto-Lei n.\u00ba 63\/2016<\/li>\n\n\n\n<li>Decreto-Lei n\u00ba 65\/2018 (Procede \u00e0 quinta altera\u00e7\u00e3o ao Decreto-Lei n.\u00ba74\/2018<\/li>\n\n\n\n<li>Decreto-Lei n.\u00ba 11\/2020<\/li>\n\n\n\n<li>Lei n.\u00ba 46\/86<\/li>\n\n\n\n<li><a href=\"https:\/\/www.iseg.ulisboa.pt\/secretaria\/wp-content\/uploads\/sites\/8\/2026\/04\/Regulamento-do-Regime-Titular-de-Curso-Superior-2026_2027_v1_PT.pdf\">Regulamento<\/a><\/li>\n<\/ul>\n\n\n\n<p>Qualquer d\u00favida poder\u00e1 ser esclarecida pela Secretaria das Licenciaturas via email <a href=\"mailto:seclic@iseg.ulisboa.pt\">seclic@iseg.ulisboa.pt<\/a> ou telefone 213925800 (2\u00aaf a 6\u00aaf &#8211; das 14h \u00e0s 16h)<\/p>\n<\/div><\/div>\n\n\n\n<p><\/p>\n","protected":false},"excerpt":{"rendered":"Licenciaturas &#8211; Ano Letivo 2026\/2027 Concurso Especial de Acesso para Titulares de Curso Superior Ao concurso especial de acesso destinado a titulares de cursos m\u00e9dios e superiores podem candidatar-se os&nbsp;titulares&nbsp;[&#8230;]","protected":false},"author":2,"featured_media":0,"parent":50,"menu_order":6,"comment_status":"closed","ping_status":"closed","template":"","meta":{"_uag_custom_page_level_css":"","footnotes":""},"acf":[],"uagb_featured_image_src":{"full":false,"thumbnail":false,"medium":false,"medium_large":false,"large":false,"1536x1536":false,"2048x2048":false,"trp-custom-language-flag":false},"uagb_author_info":{"display_name":"Major","author_link":"https:\/\/www.iseg.ulisboa.pt\/secretaria\/author\/leihla\/"},"uagb_comment_info":0,"uagb_excerpt":"Licenciaturas &#8211; Ano Letivo 2026\/2027 Concurso Especial de Acesso para Titulares de Curso Superior Ao concurso especial de acesso destinado a titulares de cursos m\u00e9dios e superiores podem candidatar-se os&nbsp;titulares&nbsp;[...]","_links":{"self":[{"href":"https:\/\/www.iseg.ulisboa.pt\/secretaria\/wp-json\/wp\/v2\/pages\/95"}],"collection":[{"href":"https:\/\/www.iseg.ulisboa.pt\/secretaria\/wp-json\/wp\/v2\/pages"}],"about":[{"href":"https:\/\/www.iseg.ulisboa.pt\/secretaria\/wp-json\/wp\/v2\/types\/page"}],"author":[{"embeddable":true,"href":"https:\/\/www.iseg.ulisboa.pt\/secretaria\/wp-json\/wp\/v2\/users\/2"}],"replies":[{"embeddable":true,"href":"https:\/\/www.iseg.ulisboa.pt\/secretaria\/wp-json\/wp\/v2\/comments?post=95"}],"version-history":[{"count":62,"href":"https:\/\/www.iseg.ulisboa.pt\/secretaria\/wp-json\/wp\/v2\/pages\/95\/revisions"}],"predecessor-version":[{"id":6145,"href":"https:\/\/www.iseg.ulisboa.pt\/secretaria\/wp-json\/wp\/v2\/pages\/95\/revisions\/6145"}],"up":[{"embeddable":true,"href":"https:\/\/www.iseg.ulisboa.pt\/secretaria\/wp-json\/wp\/v2\/pages\/50"}],"wp:attachment":[{"href":"https:\/\/www.iseg.ulisboa.pt\/secretaria\/wp-json\/wp\/v2\/media?parent=95"}],"curies":[{"name":"wp","href":"https:\/\/api.w.org\/{rel}","templated":true}]}}