{"id":245,"date":"2025-07-07T09:41:02","date_gmt":"2025-07-07T09:41:02","guid":{"rendered":"https:\/\/www.iseg.ulisboa.pt\/socius\/?page_id=245"},"modified":"2026-03-26T10:52:22","modified_gmt":"2026-03-26T10:52:22","slug":"eventos","status":"publish","type":"page","link":"https:\/\/www.iseg.ulisboa.pt\/socius\/eventos\/","title":{"rendered":"Eventos"},"content":{"rendered":"\n<div class=\"wp-block-uagb-tabs uagb-block-ed8ae1c8 uagb-tabs__wrap uagb-tabs__hstyle1-desktop uagb-tabs__vstyle6-tablet uagb-tabs__stack1-mobile\" data-tab-active=\"0\"><ul class=\"uagb-tabs__panel uagb-tabs__align-left\" role=\"tablist\"><li class=\"uagb-tab uagb-tabs__active\" role=\"none\"><a href=\"#uagb-tabs__tab0\" class=\"uagb-tabs-list uagb-tabs__icon-position-left\" data-tab=\"0\" role=\"tab\"><div>Eventos Realizados<\/div><\/a><\/li><li class=\"uagb-tab \" role=\"none\"><a href=\"#uagb-tabs__tab1\" class=\"uagb-tabs-list uagb-tabs__icon-position-left\" data-tab=\"1\" role=\"tab\"><div>Eventos Gravados<\/div><\/a><\/li><\/ul><div class=\"uagb-tabs__body-wrap\">\n<div class=\"wp-block-uagb-tabs-child uagb-tabs__body-container uagb-inner-tab-0\" aria-labelledby=\"uagb-tabs__tab0\">\n<h2 class=\"wp-block-heading\">2025<\/h2>\n\n\n\n<ul>\n<li>Workshop <a href=\"https:\/\/www.iseg.ulisboa.pt\/event\/workshop-activating-gender-justice-from-research-to-collective-praxis\/\">Gender Lab, Activating Gender Justice: From Research to Collective Praxis<\/a>; Org.: EADI, ISEG Research, SOCIUS e CEsA; ISEG, 13-14 novembro 2025. <\/li>\n\n\n\n<li><a href=\"https:\/\/9th.iwsea.pt\/\">9th International Workshop on the Socio-Economics of Ageing<\/a>, Org.: ISEG Research, SOCIUS; ISEG, 17 a 18 outubro 2025.<\/li>\n\n\n\n<li><a href=\"https:\/\/socius.rc.iseg.ulisboa.pt\/novidades\/SustInAfrica_ISEG_Agenda_FINAL_v3_08-09-25.pdf\">SustInAfrica Annual Meeting<\/a>, Org.: ISEG Research, SOCIUS; ISEG, 10-12 setembro 2025.<\/li>\n\n\n\n<li><a href=\"https:\/\/www.iseg.ulisboa.pt\/event\/conferencia-prsda-2025\/\">Confer\u00eancia PRSDA 2025<\/a>; Org.: ISEG Research, SOCIUS e EIM \u2013 Environment, Innovation and Management; ISEG, 18 julho 2025.<\/li>\n\n\n\n<li>Semin\u00e1rio\u00a0<a href=\"https:\/\/socius.rc.iseg.ulisboa.pt\/novidades\/De%20Fora%20para%20Dentro%20e%20da%20Margem%20para%20o%20Centro_programa.pdf\">De Fora para Dentro e da Margem para o Centro, encerramento do projeto \u201cFINOUT \u2013 Outsiders Financeiros: A Economia Pol\u00edtica de Trajet\u00f3rias Financeiras Marginais e Alternativas\u201d\u00a0<\/a>financiado pela FCT (Ref: 2022.09141.PTDC) e acolhido pelo SOCIUS\/CSG-ISEG e DIN\u00c2MIA\u2019CET-ISCTE; Org.: ISEG Research, SOCIUS; ISEG, 25 fevereiro 2025.<br><\/li>\n<\/ul>\n\n\n\n<h2 class=\"wp-block-heading\">2024<\/h2>\n\n\n\n<ul>\n<li>Semin\u00e1rio&nbsp;<a href=\"https:\/\/socius.rc.iseg.ulisboa.pt\/novidades\/DA%20EXCLUS%C3%83O%20%C3%80%20UTOPIA_poster_vfinal_aud3.pdf\">Da Exclus\u00e3o \u00e0 Utopia: Pr\u00e1ticas Monet\u00e1rias e Financeiras de Margem,<\/a>&nbsp;Org.: SOCIUS, 4 dezembro 2024.Semin\u00e1rio Da Exclus\u00e3o \u00e0 Utopia: Pr\u00e1ticas Monet\u00e1rias e Financeiras de Margem, Org.: SOCIUS, 4 dezembro 2024.<br><\/li>\n\n\n\n<li><a href=\"https:\/\/www.tropicalsummit2024.com\/\">Participa\u00e7\u00e3o do projeto SustInAfrica na Lisbon Tropical Summit<\/a>; Apoio: SOCIUS\/ISEG; Centro de Congressos de Lisboa, 4-7 novembro 2024.<br><\/li>\n\n\n\n<li><a href=\"https:\/\/www.iseg.ulisboa.pt\/event\/oficina-economia-circular-na-minifloresta-iseg\/\">Oficina Economia circular na minifloresta<\/a>&nbsp;ISEG; Org.: SOCIUS\/ISEG, ISEG 24 outubro 2024.<br><\/li>\n\n\n\n<li><a href=\"https:\/\/www.iseg.ulisboa.pt\/sustentabilidade\/cinema-trabalho-organizacoes-sociedade-um-dialogo-luso-brasileiro\/\">Ciclo de Cinema: Trabalho, Organiza\u00e7\u00f5es, Sociedade \u2013 Um Di\u00e1logo Luso-Brasileiro, \u201cUm Nome Para O Que Sou\u201d;&nbsp;<\/a>Oradoras: Marta Pessoa (Tr\u00eas Vint\u00e9ns), Sara Falc\u00e3o Casaca (SOCIUS), Andrea Oltramari (UFRGS, SOCIUS); Modera\u00e7\u00e3o: Susana Marques; Org.: SOCIUS, ISEG e UFRG; ISEG, 24 setembro 2024.<br><\/li>\n\n\n\n<li>Workshop&nbsp;<a href=\"https:\/\/socius.rc.iseg.ulisboa.pt\/novidades\/Workshop_6set2024_pt_A4.png\">Thinking Colonial and Geo-Political Relations in Digital Economies;&nbsp;<\/a>Oradores: In\u00eas Faria (SOCIUS), Euclides Gon\u00e7alves (Kaleidosc\u00f3pio), Serena Natile (University of Warwick), Eduardo Ferraciolli (SOCIUS), Lu\u00eds Bernardo e Diogo Maia (CEsA), Henrique Pinto Coelho, Felipe Rodrigues e Thiago Fran\u00e7a (ISEG); ISEG, 6 setembro 2024.<br><\/li>\n\n\n\n<li><a href=\"https:\/\/www.iseg.ulisboa.pt\/event\/efma-2024-annual-meeting\/\">EFMA 2024 Annual Meeting<\/a>; Org: ISEG; Patrocinadores: Banco Portugal e Haitong; Friends: Wharton University, WRDS, Wiley, SOCIUS, GARP, EURONEXT, J.S.Media; ISEG 28-29 junho 2024.<br><\/li>\n\n\n\n<li><a href=\"https:\/\/www.ics.ulisboa.pt\/evento\/sindicalismo-trabalho-e-cidadania-90-anos-depois-do-18-de-janeiro-de-1934\">Col\u00f3quio Sindicalismo, Trabalho e Cidadania \u2013 90 anos depois do 18 de Janeiro de 1934<\/a>; Org: Iscte, CIES, ICS, IHC\/FCSH\/UNL, SOCIUS\/CSG, ISEG-ULisboa, CH\/FL, CICP-U\u00c9vora; ICS e ISCTE 21-21 junho 2024.<br><\/li>\n\n\n\n<li><a href=\"https:\/\/socius.rc.iseg.ulisboa.pt\/novidades\/evento_21marco2024_programa.png\">Carta Portuguesa para a Sa\u00fade Relacional<\/a>; Org: Relational Lab &amp; SOCIUS, ISEG, 21 mar\u00e7o 2024.<br><\/li>\n\n\n\n<li>Col\u00f3quio&nbsp;<a href=\"https:\/\/socius.rc.iseg.ulisboa.pt\/novidades\/Col%C3%B3quio_6mar%C3%A7o2024.png\">A Justi\u00e7a que temos e a Justi\u00e7a que temos de ter;<\/a>&nbsp;Org: SOCIUS &amp; Conselho Regional de Lisboa da Ordem dos Advogados, 6 mar\u00e7o 2024<br><\/li>\n\n\n\n<li>Semin\u00e1rio&nbsp;<a href=\"https:\/\/socius.rc.iseg.ulisboa.pt\/novidades\/Semin%C3%A1rio_Trabalho%20Docente,%20Desenvolvimento%20Sustent%C3%A1vel%20e%20Biocentrismo_5fev24.png\">Trabalho Docente, Desenvolvimento Sustent\u00e1vel e Biocentrismo &amp; Lan\u00e7amento do livro &#8220;Pedagogical Piracy and the art of sailing: writings on education and political culture&#8221;;<\/a>&nbsp;Org.: SOCIUS; ISEG 5 fevereiro 2024.<br><\/li>\n\n\n\n<li><a href=\"https:\/\/www.economiapolitica.pt\/encontro-2024\">7\u00ba Encontro Anual de Economia Pol\u00edtica<\/a>; Org.: Associa\u00e7\u00e3o Portuguesa de Economia Pol\u00edtica; SOCIUS, CESA, CSG\/ISEG; Dinamia-ISCTE; ISEG 25-27 janeiro 2024.<br><\/li>\n\n\n\n<li>Lan\u00e7amento do livro&nbsp;<a href=\"https:\/\/socius.rc.iseg.ulisboa.pt\/novidades\/semin%C3%A1rio%2011%20janeiro%202024_vfinal.png\">Vida e Morte em S\u00e3o Paulo: Imigrantes, Sa\u00fade P\u00fablica, e o Meio-Ambiente Urbano<\/a>; Org.: SOCIUS, CIMDAB, UFRGS e Projeto Psican\u00e1lise e Humanidades; ISEG, 11 janeiro 2024.<br><\/li>\n<\/ul>\n\n\n\n<h2 class=\"wp-block-heading\">2023<\/h2>\n\n\n\n<ul>\n<li>Kick Off Projeto Eureca&nbsp;<a href=\"https:\/\/socius.rc.iseg.ulisboa.pt\/novidades\/Evento%2020%20dezembro(2).png\">Remote Work and Career Management: Practices and Future?<\/a>; Org.: SOCIUS e Eureca Project; 20 Dezembro 2023.<br><\/li>\n\n\n\n<li><a href=\"https:\/\/socius.rc.iseg.ulisboa.pt\/novidades\/Workshop_%C3%81gua%20muita%20%C3%81GUA!%20(2).png\">Workhop \u00c1gua Muita \u00c1gua<\/a>; Org.: SOCIUS; ISEG, 6 dezembro 2023.<br><\/li>\n\n\n\n<li><a href=\"https:\/\/doity.pt\/criars2023\">CRIARS &#8211; V Congresso Ibero-Americano de Responsabilidade Social;<\/a>&nbsp;Org.: SOCIUS, ISCAL, PPGDS-UNESC e PPGD-UNESC; Online, 22-24 novembro 2023.<br><\/li>\n\n\n\n<li>Workshop do Projeto TERRARE &#8211;&nbsp;<a href=\"https:\/\/www.iseg.ulisboa.pt\/event\/mini-floresta-iseg-3a-oficina-pratica\/\">3\u00aa Oficina Mini-Floresta;<\/a>&nbsp;Formadores: Oriana Br\u00e1s (SOCIUS) e Ant\u00f3nio Alexandre (FCUL); ISEG, 16 novembro 2023<br><\/li>\n\n\n\n<li>Workshop do Projeto TERRARE \u2013<a href=\"https:\/\/www.iseg.ulisboa.pt\/event\/workshop-oficina-mini-floresta\/\">&nbsp;Oficina Mini-Floresta<\/a>; Formadores: Oriana Br\u00e1s (SOCIUS) e Ant\u00f3nio Alexandre (FCUL); ISEG, 25 outubro 2023.<br><\/li>\n\n\n\n<li>Caf\u00e9-Ci\u00eancia CSG, O<a href=\"https:\/\/csg.rc.iseg.ulisboa.pt\/cafe-ciencia-csg-os-nossos-programas-de-doutoramento-o-que-ha-em-comum-na-diversidade-24-out-2023-rooftop-iseg\/\">s nossos programas de doutoramento: o que h\u00e1 em comum na diversidade?,<\/a>&nbsp;com Rosa Borges (Presidente C.C. ISEG), Sara Falc\u00e3o Casaca (Coordena\u00e7\u00e3o CSG), Alexandre Abreu (CESA), Daniel Seabra Lopes (SOCIUS), Leonor Freire Costa (GHES) e Nuno Crespo (ISEG), Ana Lu\u00edsa Silva (PDDS), Dinis Macedo (PDG), Parc\u00eddio Matos (PDHES), Thiago Soares de Fran\u00e7a (PDSEO), Belchior Lopes (PDHES), Daniela M\u00e1ximo dos Santos (PDG), Eduardo Ferraciolli (PDSEO) e S\u00edlvia Amaral (PDDS), Org.: CSG (ADVANCE, CESA, GHES e SOCIUS), ISEG 24 outubro 2023.<br><\/li>\n\n\n\n<li><a href=\"https:\/\/8th.iwsea.pt\/\">8th Workshop on the Socio-Economics of Ageing&nbsp;<\/a>and a Special Issue in the Journal of the Economics of Ageing &#8211; \u201cSocial Exclusion and Ageing\u201d; Org.: SOCIUS; ISEG 13-14 outubro 2023.<br><\/li>\n\n\n\n<li><a href=\"https:\/\/socius.rc.iseg.ulisboa.pt\/novidades\/EVENTO%20XI%20INTERPERIFERIAS%20.pdf\">Encontro Internacional Futebol e Sul Global<\/a>; Org.: CEIS20, CES, GHD, SOCIUS, GESOCUDE, ISE, NEPESC, UFSC, INCT, CNPq, ESEF, UFPel, PPGE, DSS, UFSC; ISEG, 13 setembro 2023.<br><\/li>\n\n\n\n<li>Confer\u00eancia Internacional,&nbsp;<a href=\"https:\/\/www.migrationconference.net\/\">The Migration Conference 2023<\/a>; Org.: TMC; Parceria: SOCIUS\/ISEG-ULisboa; Universit\u00e4t Hamburg, 23-26 agosto 2023.<br><\/li>\n\n\n\n<li><a href=\"https:\/\/doity.com.br\/cimdab2023\/\">CIMDAB&#8217;2023 &#8211; II Congresso Internacional sobre Migra\u00e7\u00e3o e Di\u00e1spora Acad\u00e9mica Brasileira<\/a>&nbsp;(presencial &amp; online); Org.: UMINHO, SOCIUS\/ISEG-ULisboa, Portugal; UFRGS, PUC-MG e UNICAMP, Brasil; Universidade do Minho,13-15 julho 2023.<br><\/li>\n\n\n\n<li>Caf\u00e9-Ci\u00eancia CSG,&nbsp;<a href=\"https:\/\/csg.rc.iseg.ulisboa.pt\/proximo-cafe-ciencia-csg-o-valor-da-arte-29-junho-2023-16h-rooftop-iseg\/\">O valor da arte,&nbsp;<\/a>com Jessica Falconi (CEsA\/CSG), Sandra Faustino (SOCIUS\/CSG), Jos\u00e9 Carlos Pereira (CIEBA\/FBAUL), e os artistas Pedro Cabrita Reis e Filipe Rom\u00e3o; Org.: CSG (ADVANCE, CESA, GHES e SOCIUS), ISEG 29 de junho 2023.<br><\/li>\n\n\n\n<li>Lan\u00e7amento&nbsp;<a href=\"https:\/\/socius.rc.iseg.ulisboa.pt\/eventos\/Lancamento%20Livro%20AutobiografiaJMCF_19-06-2023.pdf\">Autobiografia de Jos\u00e9 Maria Carvalho Ferreira,<\/a>&nbsp;com Rafael Marques (SOCIUS) e Jos\u00e9 Maria Carvalho Ferreira (SOCIUS); Cl\u00e1ssica Editora; Org.: SOCIUS; ISEG, 19 junho 2023.<br><br>Webinar<a href=\"https:\/\/observatorioemigracao.pt\/np4\/9141.html\">&nbsp;A cross-cultural perspective on global migrations in the past millennium<\/a>; Org.: Observat\u00f3rio da Emigra\u00e7\u00e3o; Apoio: SOCIUS; 23 maio 2023.<br><\/li>\n\n\n\n<li><a href=\"https:\/\/csg.rc.iseg.ulisboa.pt\/eventos\/\">5\u00aa Edi\u00e7\u00e3o do F\u00f3rum de Investiga\u00e7\u00e3o CSG<\/a>; Org.: CSG\/ISEG-ULisboa; Apoio: SOCIUS; ISEG, 22 e 23 maio 2023.<br><\/li>\n\n\n\n<li>Ciclo dos Livros do Nosso Tempo,&nbsp;<a href=\"https:\/\/www.iseg.ulisboa.pt\/event\/ciclo-de-livros-do-nosso-tempo-the-story-of-work-a-new-history-of-humankind\/\">The Story of Work: A New History of Humankind&nbsp;<\/a>de Jan Lucassen (2021), com Daniel Seabra Lopes (SOCIUS\/CSG-ISEG), Jo\u00e3o Loureiro (ISCTE) e Ant\u00f3nio Pedro Marques (Faculdade de Letras da Univ. Porto); Org. CSG; Apoio: SOCIUS; ISEG, 10 maio 2023.<br><\/li>\n\n\n\n<li>Sess\u00e3o do projeto eGROUNDWATER&nbsp;<a href=\"https:\/\/socius.rc.iseg.ulisboa.pt\/novidades\/Poster_eGroundWater_final.pdf\">Associa\u00e7\u00e3o de regantes de agua subterr\u00e2nea: uma solu\u00e7\u00e3o para a escassez da \u00e1gua no Campina de Faro?;<\/a>&nbsp;Org.: ISEG-ULisboa e UAlg; Faro, 5 maio 2023.<br><\/li>\n\n\n\n<li>Ciclo dos Livros do Nosso Tempo&nbsp;<a href=\"https:\/\/csg.rc.iseg.ulisboa.pt\/livros-do-nosso-tempo-8-marco-2023\/\">The Journey of Humanity: The Origins of Wealth and Inequality<\/a>&nbsp;de Oded Galor; Org.: CSG; Apoio: SOCIUS, ADVANCE; CEsA e GHES; 8 mar\u00e7o 2023.<br><\/li>\n\n\n\n<li><a href=\"https:\/\/csg.rc.iseg.ulisboa.pt\/mulheres-cientistas-cafe-ciencia-de-8-marco-2023\/\">Caf\u00e9-Ci\u00eancia CSG, Mulheres Cientistas &#8211; \u00c0 conversa com investigadoras do CSG<\/a>, com Jessica Falconi (CESA\/CSG), Sofia Bento (SOCIUS\/CSG), Leonor Freire Costa (GHES\/CSG), Reihaneh Hajishirz (ADVANCE\/CSG), e Maria Jo\u00e3o Guedes (ADVANCE\/CSG), modera\u00e7\u00e3o de Nicolau Santos (Diretor da RTP e alumni ISEG); com Cec\u00edlia Rodrigues (Vice-Reitora da ULisboa) e Joana Pais (Vice-Presidente ISEG); Org.: CSG (ADVANCE, CESA, GHES e SOCIUS), ISEG 8 mar\u00e7o 2023.<br><\/li>\n\n\n\n<li>Workshop&nbsp;<a href=\"https:\/\/socius.rc.iseg.ulisboa.pt\/novidades\/CARTAZ_Workshop22fev2023.jpg\">Estudos Sociais de fintech&nbsp;<\/a>Organiza\u00e7\u00e3o: SOCIUS\/CSG Grupo Value and Finance. 22 fevereiro 2023.<br><\/li>\n\n\n\n<li>Webninar&nbsp;<a href=\"http:\/\/observatorioemigracao.pt\/np4\/8983.html\">Civilising the ex-colonisers? Counter-hegemonic discourses at workplaces in Maputo<\/a>&nbsp;Org.: Observat\u00f3rio da Emigra\u00e7\u00e3o, Apoio: SOCIUS, 16 fevereiro 2022<br><\/li>\n\n\n\n<li>Inaugura\u00e7\u00e3o da Exposi\u00e7\u00e3o de fotografia<a href=\"https:\/\/socius.rc.iseg.ulisboa.pt\/novidades\/Cartaz%20exposi%C3%A7%C3%A3o%20fotogr%C3%A1fica%20%C2%ABMacau%20em%20Contrastes%202010-2018%C2%BB%20-%20Biblioteca%20Iscte.pdf\">&nbsp;Macau em contrastes (2010-2018)<\/a>&nbsp;e Tert\u00falia \u201cOutros Olhares e Hist\u00f3rias de Macau\u201c, Org.: ISCTE; Apoio: SOCIUS; Biblioteca ISCTE, 2 fevereiro 2023.<br><\/li>\n\n\n\n<li>Semin\u00e1rio&nbsp;<a href=\"https:\/\/socius.rc.iseg.ulisboa.pt\/eventos\/Fotos\/Evento_30jan2023.jpg\">Pr\u00e9-Cimdab &#8211; Atividade Cientifica Preparat\u00f3ria do II Congresso Internacional sobre Migra\u00e7\u00e3o e Di\u00e1spora Acad\u00e9mica Brasileira<\/a>; Org.: UFRS e SOCIUS; ISEG 30 janeiro 2023.<br><\/li>\n<\/ul>\n\n\n\n<h2 class=\"wp-block-heading\">2022<\/h2>\n\n\n\n<ul>\n<li>Webinar&nbsp;<a href=\"http:\/\/observatorioemigracao.pt\/np4\/8908.html\">Emigration and Immigration in Portugal,<\/a>&nbsp;Org.: Observat\u00f3rio da Emigra\u00e7\u00e3o, Apoio: SOCIUS, 17 janeiro 2022.<br><\/li>\n\n\n\n<li>Exposi\u00e7\u00e3o&nbsp;<a href=\"https:\/\/socius.rc.iseg.ulisboa.pt\/novidades\/cartaz_exposi%C3%A7%C3%A3oCTROP_Iseg.jpg\">De Lisboa para os Tr\u00f3picos;<\/a>&nbsp;Org. Col\u00e9gio Tropical, Universidade de Lisboa; Apoio: SOCIUS; ISEG, Biblioteca Francisco Pereira de Moura, 17 outubro a 31 dezembro 2022.<br><\/li>\n\n\n\n<li>Ciclo dos Livros do Nosso Tempo&nbsp;<a href=\"https:\/\/www.iseg.ulisboa.pt\/pt\/event\/ciclo-de-livros-do-nosso-tempo-the-dawn-of-everything-a-new-history-of-humanity\/\">The Dawn of Everything: A New History of Humanity;<\/a>&nbsp;Participa\u00e7\u00e3o: In\u00eas Faria (SOCIUS) e Daniel Seabra Lopes (SOCIUS); Org.: CSG; ISEG, 15 dezembro 2022.<br><\/li>\n\n\n\n<li>Col\u00f3quio<a href=\"https:\/\/socius.rc.iseg.ulisboa.pt\/novidades\/CARTAZ_Col%C3%B3quio_Virus%20das%20desigualdades%20sociais_final.pdf\">&nbsp;\u201cCovid-19, V\u00edrus das Desigualdades Sociais\u201d;<\/a>&nbsp;Org.: SOCIUS; Parceiros: Universidade Federal Fluminense (UFF), Universidade Federal de Santa Catarina (UFSC), Universidade Federal do Rio de Janeiro (UFRJ), Universidade Federal de Santa Maria (UFSM), ISCTE-IUL, EsACT-IPB e ESCE-IPS; Online, 8, 9 e 10 novembro 2022. Programa:<a href=\"https:\/\/socius.rc.iseg.ulisboa.pt\/novidades\/Programa_Col%C3%B3quio%20Covid-19,%20V%C3%ADrus%20das%20Desigualdades%20Sociais_final.pdf\">&nbsp;aqui<\/a><br><\/li>\n\n\n\n<li><a href=\"https:\/\/socius.rc.iseg.ulisboa.pt\/novidades\/OHMEstarreja_poster_pt_vfinal_update.pdf\">10\u00ba Col\u00f3quio Ohmi-Estarreja 2022<\/a>&nbsp;Reflex\u00e3o para um di\u00e1logo transdisciplinar em Estarreja; Org.: Ohmi-Estarreja &amp; Agorarisk; Estarreja, 3 e 4 Novembro 2022. Mais info.:&nbsp;<a href=\"https:\/\/socius.rc.iseg.ulisboa.pt\/novidades\/Programa%20do%20dia%203%20e%204%20novembro%202022%20PT.pdf\">aqui<\/a><br><\/li>\n\n\n\n<li><a href=\"https:\/\/socius.rc.iseg.ulisboa.pt\/novidades\/Convite%20(1)CTROP_sess%C3%A3o_apresenta%C3%A7%C3%A3o.png\">Sess\u00e3o ULisboa nos Tr\u00f3picos&nbsp;<\/a>&#8211; Apresenta\u00e7\u00e3o do&nbsp;<a href=\"https:\/\/www.ctrop.ulisboa.pt\/\">Col\u00e9gio Tropical<\/a>&nbsp;e do projeto de investiga\u00e7\u00e3o&nbsp;<a href=\"https:\/\/sustinafrica.com\/\">SustInAfrica<\/a>; Org.: Col\u00e9gio Tropical, ULisboa; Apoio: SOCIUS &amp; ISEG; Biblioteca Francisco Pereira de Moura, 2 novembro 2022.<br><\/li>\n\n\n\n<li>Semin\u00e1rio&nbsp;<a href=\"https:\/\/www.iseg.ulisboa.pt\/pt\/event\/seminario-the-social-consequences-of-financial-innovation-exclusion-and-digital-divide\/\">The Social Consequences of Financial Innovation: Exclusion and Digital Divide,<\/a>&nbsp;Org. SOCIUS\/ISEG, ISEG 12 outubro 2022.<br><\/li>\n\n\n\n<li><a href=\"https:\/\/www.escoladerede.com\/\">Escola Luso-Brasileira de An\u00e1lise de Redes Sociais<\/a>; Org. UFMG; Parceiro: SOCIUS\/CSG; Online, 8-12 agosto 2022.<br><\/li>\n\n\n\n<li>Summer School 2022&nbsp;<a href=\"https:\/\/www.economiapolitica.pt\/escola-de-verao-2022\">The Political Economy of the European Peripheries &#8211; Varieties of Peripheralization;&nbsp;<\/a>Org.: Associa\u00e7\u00e3o Portuguesa de Pol\u00edtica Econ\u00f3mica; Parceiros: CIES, CES, DINAMIA, CESA, ICS, Munic\u00edpio Avis, Officina Mundi, SOCIUS, BC, CEFAGE, UTH; Avis 3-7 julho 2022.<br><\/li>\n\n\n\n<li>Exposi\u00e7\u00e3o &amp; Mesa Redonda<a href=\"https:\/\/www.iseg.ulisboa.pt\/pt\/event\/inauguracao-de-exposicao-macau-em-contrastes-2010-2018\/\">&nbsp;MACAU em Contrastes (2010-2018)<\/a>; Org. 111 Anivers\u00e1rio do ISEG e SOCIUS\/CSG; ISEG, 8 a 30 junho 2022.<br><\/li>\n\n\n\n<li>Apresenta\u00e7\u00e3o do document\u00e1rio<a href=\"https:\/\/socius.rc.iseg.ulisboa.pt\/eventos\/Brincar%20%C3%A0%20cidade%20ouvindo%20as%20crian%C3%A7as_14%20junho2022.jpg\">&nbsp;Brincar \u00e0 cidade, ouvindo as crian\u00e7as;<\/a>&nbsp;Org.: CRiCity; Parceiros: SOCIUS\/CSG-ISEG, ULisboa, ISCSP, U.Porto, FLUP; Online 14 junho 2022.<br><\/li>\n\n\n\n<li>Webinar&nbsp;<a href=\"https:\/\/socius.rc.iseg.ulisboa.pt\/eventos\/Seminar_2june2022.jpg\">Through the looking-glass of the EU&#8217;s readmission system<\/a>, Org.: Observat\u00f3rio da Emigra\u00e7\u00e3o; Parceria: SOCIUS, CIES, ISCTE, CEG, IS; 2 junho 2022.<br><\/li>\n\n\n\n<li><a href=\"https:\/\/socius.rc.iseg.ulisboa.pt\/novidades\/Confer%C3%AAncia%20Final%20CRiCity_Programa%20Final.pdf\">Confer\u00eancia Final do Projeto CRiCity As Crian\u00e7as e o seu Direito \u00e0 Cidade &#8211; Combater a desigualdade urbana atrav\u00e9s do desenho participativo de cidades amigas das crian\u00e7as,<\/a>&nbsp;SOCIUS, 28 Maio 2022<br><\/li>\n\n\n\n<li><a href=\"https:\/\/www.iseg.ulisboa.pt\/pt\/event\/workshop-riscos-psicossociais-e-direitos-laborais-3\/\">Ciclo Tem\u00e1tico Riscos Psicossociais e Direitos Laborais<\/a>; Org. Doutora Ana Verdasca; ISEG, 19-21 janeiro 2022.<br><\/li>\n\n\n\n<li>Sess\u00e3o Doutoramento em Sociologia Econ\u00f3mica e das Organiza\u00e7\u00f5es &amp; Estudos de Desenvolvimento do ISEG;<a href=\"https:\/\/socius.rc.iseg.ulisboa.pt\/novidades\/Seminario_PDSEO&amp;ED_online_poster.pdf\">&nbsp;Debating Security and Race in Contemporary Urban Brazil<\/a>, Susana Dur\u00e3o (Universidade Estadual de Campinas); Org. SOCIUS; Online, 12 janeiro,2022.<br><\/li>\n<\/ul>\n\n\n\n<h2 class=\"wp-block-heading\">2021<\/h2>\n\n\n\n<ul>\n<li>Confer\u00eancia final do&nbsp;<a href=\"https:\/\/womenonboards.pt\/\">Projeto Women on Boards,<\/a>&nbsp;apresenta\u00e7\u00e3o&nbsp;<a href=\"https:\/\/www.youtube.com\/watch?v=nTnig_7GBSA\">Livro Branco Equil\u00edbrio entre Mulheres e Homens nos \u00d3rg\u00e3os de Gest\u00e3o das Empresas e Planos para a Igualdade,<\/a>&nbsp;SOCIUS, ISEG, 6 Dezembro 2021.<br><\/li>\n\n\n\n<li><a href=\"https:\/\/socius.rc.iseg.ulisboa.pt\/novidades\/Programa_SA%C3%9ADE%20EM%20PORTUGAL%20EM%20TEMPO%20DE%20COVID-19_vfinal.pdf\">Encontro Sa\u00fade Em Portugal Em Tempo De Covid-19 &#8211; Ci\u00eancias M\u00e9dicas e Ci\u00eancias Sociais em Debate,<\/a>&nbsp;Org. SOCIUS, ISEG 26 Novembro 2021.<br><\/li>\n\n\n\n<li><a href=\"https:\/\/socius.rc.iseg.ulisboa.pt\/novidades\/EAPN_programaRSO024.pdf\">Semin\u00e1rio Perspetivas de Responsabilidade Social das Organiza\u00e7\u00f5es durante e ap\u00f3s a pandemia<\/a>&nbsp;, Org. EAPN, SOCIUS, Online, 25 Novembro 2021.<br><\/li>\n\n\n\n<li><a href=\"https:\/\/7th.iwsea.pt\/\">IWSEA<\/a>&nbsp;<a href=\"https:\/\/7th.iwsea.pt\/\">7th International Workshop on the Socio-Economics of Ageing<\/a>&nbsp;&#8211; Economics of long-term and informal care, Org: SOCIUS e University of Hohenheim, ISEG 29-30 Outubro 2021.<br><\/li>\n\n\n\n<li>Aula Inaugural Doutoramento em Sociologia Econ\u00f3mica e das Organiza\u00e7\u00f5es<a href=\"https:\/\/socius.rc.iseg.ulisboa.pt\/novidades\/Aula%20inaugural%20PDSEO_poster.pdf\">&nbsp;Emprego e Tecnologias Digitais: debates recentes<\/a>&nbsp;, Profa. Doutora Ilona Kov\u00e1cs, SOCIUS, ISEG 13 Outubro 2021.<br><\/li>\n\n\n\n<li>Workshop&nbsp;<a href=\"https:\/\/socius.rc.iseg.ulisboa.pt\/novidades\/Email_Poster_Workshop_Gulbenkian_v2.jpg\">Vou ser um(a) Explorador(a) do Jardim<\/a>; Org: SOCIUS, Projeto CRiCity \u2013 As crian\u00e7as e o seu direito \u00e0 cidade; Gulbenkian, 25 Setembro 2021.<br><\/li>\n\n\n\n<li>Evento do Projeto CRiCity,&nbsp;<a href=\"https:\/\/socius.rc.iseg.ulisboa.pt\/novidades\/cartaz%201%20junho%20(1).jpg\">Roda de Conversa: A crian\u00e7a e a cidade;<\/a>&nbsp;Org: IS-UPORTO e SOCIUS; Online, 1 Junho 2021.<br><\/li>\n\n\n\n<li>IV International Meeting of Sociology \u2013&nbsp;<a href=\"https:\/\/csg.rc.iseg.ulisboa.pt\/24-25-maio-2021-iv-international-meeting-of-sociology-issow\/\">ISSOW Work, (In)equalities and Social Relations in the Digital Economy;<\/a>&nbsp;Org.: APSIOT; Parceiros: SOCIUS\/CSG-ISEG, FCT-Univ. Nova; Online 24-25 Maio 2021.<br><\/li>\n\n\n\n<li>Ciclo Transformation 2021,&nbsp;<a href=\"https:\/\/csg.rc.iseg.ulisboa.pt\/transformation-cycle-2021-banking-as-if-society-matters-2\/\">(Re)Conciliar Economia e Ecologia<\/a>, \u00c1lvaro Fonseca (Ativista\/ Rede para o Decrescimento), Org. Ulab ISEG; Apoio: SOCIUS; Webinar 12 Maio 2021.<br><\/li>\n\n\n\n<li>Participa\u00e7\u00e3o do SOCIUS na Mostra virtual de Centros e Editoras do&nbsp;<a href=\"https:\/\/xi-congresso-aps.eventqualia.net\/en\/2020\/home\/\">XI Congresso Portugu\u00eas de Sociologia<\/a>&nbsp;&#8220;Identidades ao rubro: diferen\u00e7as, perten\u00e7as e populismos num mundo efervescente&#8221;, Org.: ESPP\/ISCTE-IUL e ICS-ULisboa, online, 29-31 Mar\u00e7o 2021.<br><\/li>\n\n\n\n<li>Semin\u00e1rio Internacional&nbsp;<a href=\"https:\/\/socius.rc.iseg.ulisboa.pt\/eventos\/Programa_Contingencias%20da%20Pandemia%20gerada%20pelo%20Covid19.pdf\">Conting\u00eancias da Pandemia gerada pelo Covid-19 nas Sociedades Contempor\u00e2neas<\/a>, Org.: SOCIUS\/CSG ISEG-Ulisboa; Parceiros: FACE\/UFG, UFSM e UFRJ; online, 18, 19, 22, 23 Fevereiro 2021<\/li>\n<\/ul>\n\n\n\n<h2 class=\"wp-block-heading\">2020<\/h2>\n\n\n\n<ul>\n<li><a href=\"https:\/\/www.escoladerede.com\/\">Escola Luso-Brasileira de An\u00e1lise de Redes Sociais<\/a>, Org.: FIOCRUZ, Brasil; Partner: SOCIUS; Online, 7 &#8211; 11 December 2020.<br><\/li>\n\n\n\n<li>Conference&nbsp;<a href=\"https:\/\/www.dinamiacet.iscte-iul.pt\/post\/callfor-abstracts\">Trabalho sem fronteiras: perspetivas sobre os servi\u00e7os dom\u00e9sticos e a presta\u00e7\u00e3o de cuidados em casas particulares<\/a>, Org.: DIN\u00c2MIA\u2019CET-IUL, IHC\/FCSH-Univ. Nova Lisboa and SOCIUS\/CSG-ISEG, Online, 1 October 2020.<br><\/li>\n\n\n\n<li>Workshop Internacional&nbsp;<a href=\"https:\/\/socius.rc.iseg.ulisboa.pt\/eventos\/index.shtml\">Living with Tourism: Paradoxes, Empowerment and Future Directions;&nbsp;<\/a>Org. SOCIUS, PDSEO-ISEG; Evento Online, 24-25 Setembro 2020.&nbsp;<a href=\"https:\/\/socius.rc.iseg.ulisboa.pt\/novidades\/Final_Programme_2nd_International_Workshop_22-09-2020.pdf\">PROGRAMA<\/a><br><\/li>\n\n\n\n<li><a href=\"https:\/\/socius.rc.iseg.ulisboa.pt\/novidades\/WEBINAR_30june2020.pdf\">Webinar Digital Infrastructure of the Institutional Environment&nbsp;<\/a>, Org.: NCFU, ADVANCE, SOCIUS &#8211; CSG\/ISEG, 30 Junho 2020.<br><\/li>\n\n\n\n<li>Semin\u00e1rio&nbsp;<a href=\"https:\/\/socius.rc.iseg.ulisboa.pt\/novidades\/Seminario_PDSEO_27fev2020.pdf\">A Sociologia da Intermedia\u00e7\u00e3o: As Organiza\u00e7\u00f5es Sociais da Sa\u00fade no Brasil&nbsp;<\/a>, Org.: SOCIUS, ISEG 27 Fevereiro 2020.<br><\/li>\n\n\n\n<li>Semin\u00e1rio<a href=\"https:\/\/socius.rc.iseg.ulisboa.pt\/novidades\/Seminario_21jan2020.pdf\">&nbsp;As Mulheres e o Desafio da Carreia Profissional no Brasil,<\/a>&nbsp;Org. SOCIUS, ISEG 21 Janeiro 2020.<br><\/li>\n<\/ul>\n\n\n\n<h2 class=\"wp-block-heading\">2019<\/h2>\n\n\n\n<ul>\n<li><a href=\"https:\/\/socius.rc.iseg.ulisboa.pt\/novidades\/GUEST_LECTURE_3DEZ2019.pdf\">Sustainable Tourism Guest Lecture Series Sustainable Tourism Greenwashing<\/a>, (SOCIUS\/CSG-ISEG), 3 Dezembro 2019<br><\/li>\n\n\n\n<li>Encontro com Estudantes PhD e Investigadores&nbsp;<a href=\"https:\/\/socius.rc.iseg.ulisboa.pt\/novidades\/Publishing%20in%20the%20top%20five%20tourism%20journals_3DEZ2019.pdf\">Publishing in the top five tourism journals: the experience as editor and author,<\/a>&nbsp;(SOCIUS\/CSG-ISEG), 3 Dezembro 2019<br><\/li>\n\n\n\n<li>Workshop<a href=\"https:\/\/socius.rc.iseg.ulisboa.pt\/novidades\/Workshop_27Novembro2019_cartaz.jpg\">&nbsp;Economia Circular e Sustentabilidade<\/a>, Linha de Investiga\u00e7\u00e3o Desenvolvimento Sustent\u00e1vel, Terceiro Sector e Redes Sociais, ISEG, 27 Novembro 2019<br><\/li>\n\n\n\n<li>Confer\u00eancia&nbsp;<a href=\"https:\/\/socius.rc.iseg.ulisboa.pt\/novidades\/Conferencia%20em%20Homenagem%20a%20Jorge%20Leite.pdf\">As recentes altera\u00e7\u00f5es ao C\u00f3digo do trabalho e ao C\u00f3digo de Processo do trabalho \u2013 um passo em frente ou um passo atr\u00e1s?,<\/a>&nbsp;ISEG, 15 Novembro 2019<br><\/li>\n\n\n\n<li>Mesa Redonda,&nbsp;<a href=\"https:\/\/socius.rc.iseg.ulisboa.pt\/novidades\/b1d68b1b-1612-4947-8ae5-882807edad8b.png\">Brasil Globalizado<\/a>, SOCIUS, 18 Novembro 2019.<br><\/li>\n\n\n\n<li>Workshop<a href=\"https:\/\/socius.rc.iseg.ulisboa.pt\/novidades\/CRiCity_workshop_A3.2019.pdf\">&nbsp;Espa\u00e7os p\u00fablicos infantis: ilhas de liberdade na cidade?<\/a>&nbsp;&#8211; Programa; Org.: SOCIUS\/CSG; ISEG 25 Outubro 2019.<br><\/li>\n\n\n\n<li>Ciclo Sustainable Tourism &#8211; Business and Destination Management &#8211; Aula aberta: Environmental Sustainability for Business (ESB)&nbsp;<a href=\"https:\/\/socius.rc.iseg.ulisboa.pt\/novidades\/GLS_OpenClass_8Oct2019.pdf\">DIGITAL INTERPRETATION, VISITOR INTELLIGENCE AND BUSINESS MODEL INNOVATION AT CULTURAL HERITAGE TOURIST ATTRACTIONS<\/a>&nbsp;, Org. SOCIUS\/CSG-ISEG, ISEG 8 Outubro 2019.<br><\/li>\n\n\n\n<li>Workshop Internacional:<a href=\"https:\/\/medium.com\/@csg.iseg.ulisboa\/call-for-papers-d9123ca2d616\">&nbsp;CONTESTATION OVER MARKETS AND INDUSTRIES: POWER STRUGGLES, MORAL SHIFTS AND SENSES OF REPULSION,<\/a>&nbsp;Org. SOCIUS\/CSG, ISEG 26-27 Setembro 2019.<br><\/li>\n\n\n\n<li>Aula Aberta Programa de Doutoramento em Sociologia Econ\u00f3mica e das Organiza\u00e7\u00f5es&nbsp;<a href=\"https:\/\/socius.rc.iseg.ulisboa.pt\/novidades\/AULA%20ABERTA%20PDSEO_26Set2019.pdf\">ECONOMIC SOCIOLOGY OF MATCHING<\/a>, Prof. Philippe Steiner (Sorbonne University), Org. SOCIUS\/CSG, ISEG 26 Setembro 2019.<br><\/li>\n\n\n\n<li>CRIARS 2019&nbsp;<a href=\"https:\/\/doity.com.br\/congresso-ibero-americano-de-responsabilidade-social-criars\/\">IV Congresso Ibero-Americano de Responsabilidade Social<\/a>; Org. PPGDS-UNESC e SOCIUS\/CSG; UNESC, Brasil, 4-6 Setembro 2019.<br><\/li>\n\n\n\n<li>Semin\u00e1rio&nbsp;<a href=\"https:\/\/socius.rc.iseg.ulisboa.pt\/novidades\/Seminario_23julho2019.pdf\">OLHARES MULTIDISCIPLINARES PARA A SOCIOLOGIA ECON\u00d3MICA<\/a>, Org. SOCIUS, ISEG 23 julho 2019.<br><\/li>\n\n\n\n<li>3\u00aa Escola Luso-Brasileira&nbsp;<a href=\"https:\/\/socius.rc.iseg.ulisboa.pt\/novidades\/3%C2%AA_Escola%20luso%20brasileira_cartaz_v2_web.pdf\">DE AN\u00c1LISE DE REDES SOCIAIS<\/a>, Edi\u00e7\u00e3o Portuguesa, Org. SOCIUS, ISEG 15-20 julho 2019.<br><\/li>\n\n\n\n<li><a href=\"https:\/\/medium.com\/@csg.iseg.ulisboa\/col%C3%B3quio-de-an%C3%A1lise-de-redes-aplicada-c4208f4984c1\">III COL\u00d3QUIO DE AN\u00c1LISE DE REDES APLICADA &#8211; CARA 2019<\/a>, Org. SOCIUS\/CSG-ISEG e FIOCRUZ, ISEG 11 e 12 Julho 2019.<br><\/li>\n\n\n\n<li>Semin\u00e1rio,&nbsp;<a href=\"https:\/\/socius.rc.iseg.ulisboa.pt\/eventos\/novidades\/Seminario_8Maio.2019.pdf\">DIN\u00c2MICAS RECENTES NO MERCADO DE TRABALHO EM PORTUGAL<\/a>, 8 Maio 2019<\/li>\n\n\n\n<li>4\u00ba F\u00f3rum&nbsp;<a href=\"https:\/\/csg.rc.iseg.ulisboa.pt\/2019\/04\/26\/4o-forum-csg\/\">Investiga\u00e7\u00e3o CSG<\/a>, 9 Maio, 2019<\/li>\n\n\n\n<li>Seminar\u00e1rio,<a href=\"https:\/\/csg.rc.iseg.ulisboa.pt\/2019\/04\/26\/10-mai-2019-seminario-o-contexto-das-incubadoras-tecnologicas-de-economia-solidaria-no-brasil\/\">&nbsp;&#8220;O contexto das Incubadoras Tecnol\u00f3gicas de Economia Solid\u00e1ria no Brasil&#8221;<\/a>, 10 Maio 2019<\/li>\n\n\n\n<li><a href=\"https:\/\/theleadershipofyou.com\/\">Curso &#8220;Leadership. YOU&#8221;<\/a>, Org.: Hub ULab ISEG, SOCIUS, Revolutions for a Better World SL. 29 Mar\u00e7o &#8211; 11 Maio 2019<\/li>\n\n\n\n<li>Confer\u00eancia Internacional&nbsp;<a href=\"http:\/\/www.intrepid-cost.eu\/\">INTREPID<\/a>&nbsp;&#8211;&nbsp;<a href=\"https:\/\/socius.rc.iseg.ulisboa.pt\/novidades\/INTREPID%20Programme-Participants_final.pdf\">PROGRAMA<\/a>&nbsp;, Org. Intrepid, COST, ICS, SOCIUS\/CSG, ISEG 27-29 Mar\u00e7o 2019.<\/li>\n\n\n\n<li>Confer\u00eancia<a href=\"https:\/\/socius.rc.iseg.ulisboa.pt\/novidades\/CARTAZ_Eurofinance.19.Marco.2019.jpg\">&nbsp;Tales of Transformation: The Politics, Morals and Technologies of Contemporary Finance<\/a>, Org. SOCIUS\/CSG, ISEG 19 Mar\u00e7o 2019.<\/li>\n\n\n\n<li>Semin\u00e1rio&nbsp;<a href=\"https:\/\/socius.rc.iseg.ulisboa.pt\/novidades\/Seminario_19Marco2019.pdf\">Corrup\u00e7\u00e3o e a Administra\u00e7\u00e3o P\u00fablica no Brasil: Retrospectiva e Perspectivas do Novo Governo<\/a>&nbsp;, Org. SOCIUS\/CSG, ISEG 19 Mar\u00e7o 2019.<\/li>\n\n\n\n<li>Confer\u00eancia<a href=\"https:\/\/csg.rc.iseg.ulisboa.pt\/20-mar-2019-9h30-conferencia-de-apresentacao-do-projecto-women-on-boards-pt\/\">&nbsp;Apresenta\u00e7\u00e3o do Projecto Mulheres nos \u00d3rg\u00e3os de Gest\u00e3o das Empresas &#8211; Uma Abordagem Integrada<\/a>&nbsp;&#8211; PROGRAMA, Org. SOCIUS\/CSG, ISEG 19 Mar\u00e7o 2019.<\/li>\n\n\n\n<li>Curso Intensivo de Forma\u00e7\u00e3o<a href=\"https:\/\/socius.rc.iseg.ulisboa.pt\/novidades\/Cartaz_curso_2019_web_final.pdf\">&nbsp;RESILI\u00caNCIA E SUSTENTABILIDADE DE DESTINOS TUR\u00cdSTICOS<\/a>, Org. SOCIUS\/CSG, ISEG 18-19 Mar\u00e7o 2019.<\/li>\n\n\n\n<li>Semin\u00e1rio<a href=\"https:\/\/csg.rc.iseg.ulisboa.pt\/2019\/01\/22\/28-fev-2019-seminario-investigacao-e-reproducao-do-conhecimento-dominante\/\">&nbsp;Investiga\u00e7\u00e3o e Reprodu\u00e7\u00e3o do Conhecimento Dominante<\/a>, Org: SOCIUS, ISEG 28 Fevereiro 2019.<\/li>\n\n\n\n<li>Semin\u00e1rio Apresenta\u00e7\u00e3o do<a href=\"https:\/\/theleadershipofyou.com\/\">&nbsp;Curso Leadership.YOU<\/a>; Org.: Hub ULab ISEG, SOCIUS, Revolutions for a Better World SL.; ISEG 19 Fevereiro 2019.<\/li>\n<\/ul>\n\n\n\n<h2 class=\"wp-block-heading\">2018<\/h2>\n\n\n\n<ul>\n<li>Ciclo de Livros do Nosso Tempo, Debt: The First 5000 Years, David Graeber; Apresent.: Daniel Seabra Lopes; Org.: CSG, ISEG 6 Dezembro 2018.<\/li>\n\n\n\n<li>Semin\u00e1rio<a href=\"https:\/\/socius.rc.iseg.ulisboa.pt\/novidades\/Cartaz_3Dez2018.pdf\">&nbsp;Whose interests? A Comparative Study on Trade Unions\u2019 Responses to Migration and Migrants in Finland, Ireland, and Portugal&nbsp;<\/a>&#8211; Rolle Alho (University of Helsinki) , SOCIUS-CSG, ISEG 3 Dezembro 2018.<\/li>\n\n\n\n<li>Ciclo tem\u00e1tico&nbsp;<a href=\"https:\/\/socius.rc.iseg.ulisboa.pt\/novidades\/Programa_Ciclo_Tematico_NOVEMBRO%202018%20Pojeto%20ACT.pdf\">Riscos Psicossociais e Direitos Laborais<\/a>; Org.: ISEG e ACT; Apoio: SOCIUS, ISEG 26-28 Novembro 2018<\/li>\n\n\n\n<li>Confer\u00eancia&nbsp;<a href=\"https:\/\/socius.rc.iseg.ulisboa.pt\/novidades\/Cartaz_27Nov2018.pdf\">(IN)JUSTI\u00c7A E VIOL\u00caNCIA SEXUAL<\/a>&nbsp;; Org.: Linha Tem\u00e1tica OTEG, SOCIUS-CSG, ISEG 27 Novembro 2018.<\/li>\n\n\n\n<li>Sess\u00e3o de Apresenta\u00e7\u00e3o&nbsp;<a href=\"http:\/\/pascal.iseg.utl.pt\/~socius\/novidades\/Cartaz_12Nov2018.pdf\">Base de Dados da Informa \u2013 D&amp;B<\/a>&nbsp;, SOCIUS\/CSG, ISEG 12 Novembro 2018,<\/li>\n\n\n\n<li>LAN\u00c7AMENTO DO LIVRO&nbsp;<a href=\"https:\/\/socius.rc.iseg.ulisboa.pt\/novidades\/Lancamento_livro_10Out2018.jpg\">Endividamento Brasileiro &#8211; Um Grande Neg\u00f3cio<\/a>&nbsp;de Rabah Benakouche, SOCIUS\/CSG, ISEG 10 Outubro 2018.<\/li>\n\n\n\n<li>Summer School&nbsp;<a href=\"http:\/\/participationsummerschool.lisode.com\/\">Concepts and tools to engage in knowledge co-production and public part<\/a>, Org.: SOCIUS\/ISEG, Lisode, MSHSud; MSH &#8211; Montpellier, Fran\u00e7a 9-13 Julho 2018.<\/li>\n\n\n\n<li>Confer\u00eancia Internacional&nbsp;<a href=\"http:\/\/www.migrationcenter.org\/\">The Migration Conference 2018&nbsp;<\/a>, Org.: TPLondon, ISEG (SOCIUS), IGOT; ISEG 26-28 Junho 2018.<\/li>\n\n\n\n<li>Palestra&nbsp;<a href=\"https:\/\/socius.rc.iseg.ulisboa.pt\/novidades\/Palestra_11Junho2018.pdf\">O Pensamento Social Luso-Brasileiro e a An\u00e1lise Organizaciona<\/a>l , Paulo Em\u00edlio Matos Martins (UFF); Org.: SOCIUS, ISEG 11 Junho 2018.<\/li>\n\n\n\n<li>Lan\u00e7amento do Livro<a href=\"https:\/\/socius.rc.iseg.ulisboa.pt\/novidades\/LancamentoLivroJMCarvalhoFerreira_cartaz%20final.pdf\">&nbsp;Utopia, Anarquia e Sociedade &#8211; Escritos em Homenagem a Jos\u00e9 Maria Carvalho Ferreira<\/a>; Apresent.: Jo\u00e3o Freire (ISCTE-IUL), Ant\u00f3nio Garcia Pereira (ISEG-ULisboa), Fernando Medeiros (U. Paris Ouest); Org.: Fundeco, SOCIUS; ISEG 7 Junho 2018.<\/li>\n\n\n\n<li><a href=\"https:\/\/socius.rc.iseg.ulisboa.pt\/novidades\/FORUMCSG_PROGRAMA_22%20Maio.2018.pdf\">3\u00ba F\u00f3rum de Investiga\u00e7\u00e3o CSG<\/a>, Org. CSG, ISEG 24 Maio 2018.<\/li>\n\n\n\n<li>Apresenta\u00e7\u00e3o do livro&nbsp;<a href=\"https:\/\/socius.rc.iseg.ulisboa.pt\/novidades\/Lancamento%20livro%20PENSAR%20O%20FUTURO_CARTAZ.2018.pdf\">Economia e Sociedade. Pensar o Futuro.<\/a>&nbsp;Org.: SOCIUS, GES, CISEP, ISEG 10 Maio 2018.<\/li>\n\n\n\n<li>3 \u00aa EDI\u00c7\u00c3O DO CICLO DE DEBATES &#8220;LIVROS DO NOSSO TEMPO&#8221;,&nbsp;<a href=\"https:\/\/www.eventbrite.pt\/e\/bilhetes-ciclo-livros-do-nosso-tempo-the-age-of-sustainable-development-37947774816\">6\u00aa Sess\u00e3o: &#8220;The Age of Sustainable Development&#8221;<\/a>, Jeffrey Sachs; Apresent.: Prof\u00aa Joana Pereira Leite; Org. CSG, ISEG 10 Maio 2018.<\/li>\n\n\n\n<li>3\u00aa EDI\u00c7\u00c3O DO CICLO DE DEBATES &#8220;LIVROS DO NOSSO TEMPO&#8221;, 5\u00aa Sess\u00e3o:<a href=\"https:\/\/www.eventbrite.pt\/e\/bilhetes-ciclo-livros-do-nosso-tempo-platform-revolution-37947618348\">&nbsp;&#8220;Platform Revolution&#8221;<\/a>, Geoffrey Park, Marshall W. Van Alstyne e Sangeet P. Choudary; Apresent.: Prof. Victor Corado Sim\u00f5es; Org. CSG, ISEG 19 Abril 2018.<\/li>\n\n\n\n<li>AULA ABERTA PhD Sociologia Econ\u00f3mica e das Organiza\u00e7\u00f5es,&nbsp;<a href=\"http:\/\/pascal.iseg.utl.pt\/~socius\/novidades\/Aula_Aberta_PhD_21Marco.2018.pdf\">Medidas sociais para combater a fraude fiscal&nbsp;<\/a>, Prof\u00aa. Mar\u00eda Goenaga Ruiz de Zuazu (Univ. Complutense de Madrid), Org. SOCIUS\/CSG, ISEG 21 Mar\u00e7o 2018.<\/li>\n\n\n\n<li>3\u00aa EDI\u00c7\u00c3O DO CICLO DE DEBATES &#8220;LIVROS DO NOSSO TEMPO&#8221;,<a href=\"https:\/\/www.eventbrite.pt\/e\/bilhetes-ciclo-livros-do-nosso-tempo-in-the-100-year-life-living-and-working-in-an-age-of-longevity-37947059677\">&nbsp;4\u00aa Sess\u00e3o: \u201cIn the 100-Year-Life-Living and Working in an Age of Longevity&#8221;<\/a>, Lynda Graton &amp; Andrew Scott; Apresent.: Prof. Paulo Nicola e Prof\u00aa. Idalina Sardinha, Org. CSG, ISEG 15 Mar\u00e7o 2018.<\/li>\n\n\n\n<li>Mesa Redonda,<a href=\"https:\/\/socius.rc.iseg.ulisboa.pt\/eventos\/cartaz_Mesa-Redonda_12Marco2018.pdf\">&nbsp;Empreendedorismo Inclusivo &#8211; Projecto Fires, Financial and Institutional Reforms to Build an Entrepreneurial Society &#8211; H2020,<\/a>&nbsp;Org.: IN+, IST, FIRES, SOCIUS\/CSG; ISEG, 12 Mar\u00e7o 2018.<\/li>\n\n\n\n<li>CURSO DE FORMA\u00c7\u00c3O<a href=\"https:\/\/socius.rc.iseg.ulisboa.pt\/formacao\/index.shtml\">&nbsp;A Dimens\u00e3o Vis\u00edvel e Invis\u00edvel da Economia Social em Portugal<\/a>&nbsp;, Org.: SOCIUS\/CSG; ISEG, 22, 23, 29, 30 Janeiro, 5 e 6 Fevereiro 2018.<\/li>\n\n\n\n<li>SEMIN\u00c1RIO<a href=\"https:\/\/csg.rc.iseg.ulisboa.pt\/2017\/12\/18\/16-jan-2018-vigilancia-e-seguranca-nas-sociedades-contemporaneas-estudos-de-caso-em-portugal-e-na-america-latina\/\">&nbsp;VIGIL\u00c2NCIA E SEGURAN\u00c7A NAS SOCIEDADES CONTEMPOR\u00c2NEAS: ESTUDOS DE CASO EM PORTUGAL E NA AM\u00c9RICA LATINA,&nbsp;<\/a>Org.: SOCIUS\/CSG; ISEG, 16 Janeiro 2018.<\/li>\n<\/ul>\n\n\n\n<h2 class=\"wp-block-heading\">2017<\/h2>\n\n\n\n<ul>\n<li>3 \u00aa EDI\u00c7\u00c3O DO CICLO DE DEBATES &#8220;LIVROS DO NOSSO TEMPO&#8221;, 3\u00aa Sess\u00e3o:&nbsp;<a href=\"https:\/\/www.eventbrite.pt\/e\/bilhetes-ciclo-livros-do-nosso-tempo-strangers-at-our-door-37946676531\">\u201cStrangers at Our Door\u201d<\/a>, Zymount Bauman; Apresent.: Prof. Jo\u00e3o Peixoto, Org. CSG, ISEG 7 Dezembro 2017.<\/li>\n\n\n\n<li>VIII Encontro Nacional de Administra\u00e7\u00e3o e Pensamento Social Brasileiro &#8211;&nbsp;<a href=\"http:\/\/www.nucleoabras.com.br\/\">Vinte anos sem Darcy<\/a>&nbsp;, Coorg. SOCIUS, Universidade Federal Fluminense 28-30 Novembro 2017.<\/li>\n\n\n\n<li>Col\u00f3quio Internacional&nbsp;<a href=\"https:\/\/relacoesacademicas.weebly.com\/\">Universidade em Quest\u00e3o<\/a>, Coorg. SOCIUS, Universidade Federal Fluminense, 29 Novembro 2017.<\/li>\n\n\n\n<li>3\u00aa EDI\u00c7\u00c3O DO CICLO DE DEBATES &#8220;LIVROS DO NOSSO TEMPO\u201d, 2\u00aa Sess\u00e3o:<a href=\"https:\/\/www.eventbrite.pt\/e\/bilhetes-ciclo-livros-do-nosso-tempo-global-inequality-a-new-approach-for-the-age-of-globalization-37946577234\">&nbsp;\u201cGlobal Inequality: A New Approach for the Age of Globalization\u201d<\/a>, Branko Milanovic, Apresent. Prof\u00aa. Ana Bela Nunes, Org. CSG, ISEG 23 Novembro 2017.<br><\/li>\n\n\n\n<li>5\u00ba WORKSHOP INTERNACIONAL&nbsp;<a href=\"http:\/\/www.iwsea.pt\/\">\u201cSocio-Economics of Ageing\u201d IWSEA<\/a>, Org. UECE e SOCIUS, ISEG 27 Outubro 2017.<\/li>\n\n\n\n<li>WORKSHOP&nbsp;<a href=\"http:\/\/www.cesis.org\/pt\/noticia\/398\/workshop-cuidados-as-pessoas-idosas-familias-politicas-publicas-dialogo-social-e-praticas-empresariais-de-conciliacao-trabalho-familia\/\">Cuidados \u00e0s pessoas idosas: fam\u00edlias, pol\u00edticas p\u00fablicas, di\u00e1logo social e pr\u00e1ticas empresariais de concilia\u00e7\u00e3o trabalho-fam\u00edlia<\/a>&nbsp;, Org. COST, CESIS, CSG\/ISEG, ISEG 26 Outubro 2017.<\/li>\n\n\n\n<li>3\u00aa EDI\u00c7\u00c3O DO CICLO DE DEBATES: &#8220;LIVROS DO NOSSO TEMPO&#8221;, 1\u00aa Sess\u00e3o<a href=\"https:\/\/www.eventbrite.pt\/e\/bilhetes-ciclo-livros-do-nosso-tempo-superintelligence-paths-dangers-stategies-37946373625\">&nbsp;\u201cSuperintelligence: Paths, Dangers, Strategies&#8221;<\/a>&nbsp;de Nick Bostrom, Apresent. Prof. M\u00e1rio Rom\u00e3o, Org. CSG, ISEG 24 Outubro 2017.<\/li>\n\n\n\n<li><a href=\"http:\/\/www.europeansurveyresearch.org\/conference\">Confer\u00eancia Internacional ESRA &#8211; 7th Conference of the European Survey Research Association<\/a>&nbsp;Org: SOCIUS, ISEG 17-21 Julho 2017.<\/li>\n\n\n\n<li><a href=\"https:\/\/socius.rc.iseg.ulisboa.pt\/eventos\/ISA-RC10\/index.shtml\">Confer\u00eancia Internacional ISA RC10 ULisboa&nbsp;<\/a>2017, Org: SOCIUS, ISEG 12-15 Julho 2017.<\/li>\n\n\n\n<li><a href=\"http:\/\/asepelt2017.pcoleading.com\/\">Confer\u00eancia Internacional ASEPELT 2017: XXXI International Congress of Applied Economics,<\/a>&nbsp;Org: SOCIUS, ISEG 5-8 Julho 2017.<\/li>\n\n\n\n<li><a href=\"https:\/\/csg.rc.iseg.ulisboa.pt\/2017\/04\/11\/2-8-jul-2017-1a-escola-luso-brasileira-de-analise-de-redes-sociais-2017\/\">1\u00aa Escola Luso-brasileira de An\u00e1lise de Redes Sociais<\/a>&nbsp;Edi\u00e7\u00e3o Portuguesa, Org: SOCIUS, ISEG 3-8 Julho 2017.<\/li>\n\n\n\n<li>Summer School&nbsp;<a href=\"https:\/\/csg.rc.iseg.ulisboa.pt\/2017\/02\/07\/19-23-jun-2017-sociusiseg-summer-school-concepts-and-tools-to-engage-in-knowledge-co-production-and-public-participation-chamada-para-participacao\/\">Concepts and tools to engage in knowledge co-production and public participation<\/a>, Org: SOCIUS, ISEG 19-23 Junho 2017.<\/li>\n\n\n\n<li>Semin\u00e1rio PhD Sociologia Econ\u00f3mica e das Organiza\u00e7\u00f5es,&nbsp;<a href=\"https:\/\/socius.rc.iseg.ulisboa.pt\/eventos\/V_Seminario_PhD_5_Junho_2017.pdf\">V Semin\u00e1rio<\/a>, Org.: SOCIUS\/CSG, ISEG, 5 Junho 2017.<\/li>\n\n\n\n<li>Ciclo Tem\u00e1tico,&nbsp;<a href=\"https:\/\/socius.rc.iseg.ulisboa.pt\/novidades\/Programa_Ciclo_Tematico_31%20Maio%202017_Pojeto%20ACT.pdf\">Riscos Psicossociais e Direitos Laborais,<\/a>&nbsp;ISEG 31 Maio, 1 e 2 Junho 2017.<\/li>\n\n\n\n<li>Col\u00f3quio&nbsp;<a href=\"https:\/\/socius.rc.iseg.ulisboa.pt\/novidades\/CARTAZ.25%20Maio.2017%20.png\">A tutela jurisdicional efectiva ainda existe?<\/a>, Faculdade de Direito, Universidade Nova de Lisboa, 25 Maio 2017.<\/li>\n\n\n\n<li>Workshop&nbsp;<a href=\"https:\/\/socius.rc.iseg.ulisboa.pt\/novidades\/Programa.%2021%20Marco.2017.pdf\">\u201cA Desmaterializa\u00e7\u00e3o da Economia nas Ci\u00eancias Sociais e Humanas\u201d<\/a>, Org. SOCIUS, ISEG 21 Mar\u00e7o 2017.<\/li>\n\n\n\n<li>Semin\u00e1rio GES,&nbsp;<a href=\"https:\/\/socius.rc.iseg.ulisboa.pt\/novidades\/GES%20-%20PENSAR%20O%20FUTURO%20-%20%20CARTAZ%20SEMINARIO%204.pdf\">Enquadramento Financeiro e Perspectivas de Futuro,<\/a>&nbsp;Org. SOCIUS e CISEP, ISEG 7 Mar\u00e7o 2017.<\/li>\n\n\n\n<li>Semin\u00e1rio PhD Sociologia Econ\u00f3mica e das Organiza\u00e7\u00f5es,&nbsp;<a href=\"https:\/\/socius.rc.iseg.ulisboa.pt\/novidades\/Cartaz.22%20Fevereiro.2017.pdf\">SUSTAINABLE COOPERATION IN ORGANISATIONS<\/a>, Rafael Wiek (University of Groningen), ISEG 22 Fevereiro 2017.<\/li>\n\n\n\n<li>Semin\u00e1rio SOCIUS\/CSG,&nbsp;<a href=\"https:\/\/socius.rc.iseg.ulisboa.pt\/novidades\/Seminario_3.Fevereiro.2017.pdf\">Brasil &#8211; Desenvolvimento e Sustentabilidade: Quais os Desafios?<\/a>, Org. SOCIUS, ISEG 3 Fevereiro 2017.<\/li>\n\n\n\n<li>Confer\u00eancia Internacional,<a href=\"https:\/\/ifoss20.wordpress.com\/\">&nbsp;Interdisciplinary Futures: *Open the Social Sciences\u2026* 20 Years Later,<\/a>&nbsp;Org. INTREPID e TINT, Apoio: SOCIUS\/CSG-ISEG, Funda\u00e7\u00e3o Calouste Gulbenkian 19-20 Janeiro 2017.<\/li>\n<\/ul>\n\n\n\n<h2 class=\"wp-block-heading\">2016<\/h2>\n\n\n\n<ul>\n<li><a href=\"https:\/\/socius.rc.iseg.ulisboa.pt\/novidades\/IV_Seminario_PhD_16_Dez_2016.pdf\">IV Semin\u00e1rio Programa de Doutoramento em Sociologia Econ\u00f3mica e das Organiza\u00e7\u00f5es<\/a>, SOCIUS\/CSG-ISEG, 16 Dezembro 2016.<br><\/li>\n\n\n\n<li>Semin\u00e1rio&nbsp;<a href=\"https:\/\/socius.rc.iseg.ulisboa.pt\/novidades\/GES%20-%20PENSAR%20O%20FUTURO%20-%20CARTAZ%20SEMINARIO%20TECNOLOGIA3.pdf\">Economia e Sociedade &#8211; Pensar o Futuro Revolu\u00e7\u00e3o tecnol\u00f3gica e digital em curso e os seus impactos na economia e na sociedade<\/a>, Org. SOCIUS e CISEP, ISEG 6 Dezembro 2016.<br><\/li>\n\n\n\n<li><a href=\"https:\/\/socius.rc.iseg.ulisboa.pt\/novidades\/Programa_Ciclo_Tematico_Novembro%202016%20Pojeto%20ACT.pdf\">Ciclo Tem\u00e1tico Riscos Psicossociais e Direitos Laborais<\/a>, ISEG 23-25 Novembro 2016.<br><\/li>\n\n\n\n<li>Workshop&nbsp;<a href=\"https:\/\/socius.rc.iseg.ulisboa.pt\/novidades\/Workshop_14NOV.jpg\">Rela\u00e7\u00f5es Acad\u00e9micas: o que estamos produzindo na Universidade<\/a>?, SOCIUS, ISEG 14 Novembro 2016.<br><\/li>\n\n\n\n<li>Semin\u00e1rio Economia e Sociedade &#8211;&nbsp;<a href=\"https:\/\/socius.rc.iseg.ulisboa.pt\/novidades\/GES%20-%20PENSAR%20O%20FUTURO%20-%20CARTAZ%20SEMINARIO%20DEMOGRAFIA.pdf\">Pensar o Futuro. Demografia e Desenvolvimento<\/a>. Org. SOCIUS e CISEP, ISEG, 8 Novembro 2016.<br><\/li>\n\n\n\n<li>Workshop Metodologias de Investiga\u00e7\u00e3o,<a href=\"https:\/\/socius.rc.iseg.ulisboa.pt\/formacao\/Programa_Construcao%20Online%20de%20Questionarios.11.pdf\">&nbsp;CONSTRU\u00c7\u00c3O ONLINE DE QUESTION\u00c1RIOS<\/a>, Org. SOCIUS, ISEG 10-13 Outubro 2016.<br><\/li>\n\n\n\n<li>Lan\u00e7amento do livro&nbsp;<a href=\"https:\/\/socius.rc.iseg.ulisboa.pt\/novidades\/Lancamento_Livro_11out2016_poster.pdf\">A diversidade humana e o contexto laboral: Brasil e Portugal, duas realidades<\/a>, Org. SOCIUS; ISEG, 11 Outubro 2016<br><\/li>\n\n\n\n<li>Workshops 2016<a href=\"https:\/\/socius.rc.iseg.ulisboa.pt\/formacao\/index.shtml\">&nbsp;CONSTRU\u00c7\u00c3O ONLINE DE QUESTION\u00c1RIOS<\/a>, Org. SOCIUS; ISEG, 10-13 Outubro 2016.<br><\/li>\n\n\n\n<li>Workshop Metodologias de Investiga\u00e7\u00e3o, QUESTION\u00c1RIO: ADAPTA\u00c7\u00c3O, CONSTRU\u00c7\u00c3O E VALIDA\u00c7\u00c3O, Org. SOCIUS; ISEG 9 Julho 2016.<br><\/li>\n\n\n\n<li>International Summer School<a href=\"https:\/\/socius.rc.iseg.ulisboa.pt\/novidades\/Summer-School-2016.%20Maio%202016.pdf\">&nbsp;Concepts and tools to engage in knowledge coproduction and public participation,<\/a>&nbsp;Org.: LISODE, SOCIUS, UFZ; Montpellier, Fran\u00e7a, 27 Junho a 1 Julho 2016.<br><\/li>\n\n\n\n<li><a href=\"https:\/\/socius.rc.iseg.ulisboa.pt\/novidades\/Ciclo_Tematico_Maio_2016(003).pdf\">Ciclo Tem\u00e1tico Riscos Psicossociais e Direitos Laborais<\/a>, ISEG 18-20 Maio 2016.&nbsp;<a href=\"https:\/\/socius.rc.iseg.ulisboa.pt\/novidades\/Programa_Ciclo_Tematico_Maio%202016%20Pojeto%20ACT.pdf\">Programa<\/a><br><\/li>\n\n\n\n<li><a href=\"https:\/\/socius.rc.iseg.ulisboa.pt\/novidades\/Programa.12.Novembro.2015.pdf\">Ciclo Livros do Nosso Tempo,<\/a>&nbsp;&#8220;Hall,of mirrors, The Great Depression, The Great Recession, and the uses &#8211; and misuses &#8211; of history.&#8221; de Barry Eichengreen &#8211; Prof. Carlos Bastien, Org. CSG, ISEG 10 Maio 2016.<br><\/li>\n\n\n\n<li><a href=\"https:\/\/socius.rc.iseg.ulisboa.pt\/novidades\/Programa.12.Novembro.2015.pdf\">Ciclo Livros do Nosso Tempo,<\/a>&nbsp;&#8220;The Power of Just Doing Stuff&#8221; de Rob Hopkins &#8211; Prof\u00aa. Sofia Bento, Org. CSG, ISEG 14 Abril 2016.<br><\/li>\n\n\n\n<li><a href=\"https:\/\/socius.rc.iseg.ulisboa.pt\/novidades\/III_Seminario_PhD_2_maio_2016.pdf\">III Semin\u00e1rio PhD Sociologia Econ\u00f3mica e das Organiza\u00e7\u00f5es,<\/a>&nbsp;SOCIUS, ISEG, 2 Maio 2016.<br><\/li>\n\n\n\n<li><a href=\"https:\/\/socius.rc.iseg.ulisboa.pt\/novidades\/FORUM_CSG_programa_final-2016-05-12.pdf\">1\u00ba F\u00d3RUM DE INVESTIGA\u00c7\u00c3O CSG<\/a>, Org. CSG, ISEG 15 Mar\u00e7o 2016.<br><\/li>\n\n\n\n<li>Ciclo Livros do Nosso Tempo,&nbsp;<a href=\"https:\/\/aquila4.iseg.ulisboa.pt\/aquila\/publico\/units\/events.do?method=viewEvent&amp;unitID=102&amp;announcementId=1161193&amp;contentContextPath_PATH=\/instituicao\/ISEG\/pagina-inicial\">\u201cStakeholder Theory: The State of the Art&#8221;&nbsp;<\/a>de R. Edward Freeman, Jeffrey Harrison, Andrew Wicks, Bidham Parmar e Simon de Cole &#8211; Prof. Lu\u00eds Mota de Castro, Org. CSG, ISEG 8 Mar\u00e7o 2016.<br><\/li>\n\n\n\n<li>Semin\u00e1rio PhD Sociologia Econ\u00f3mica e das Organiza\u00e7\u00f5es<a href=\"https:\/\/socius.rc.iseg.ulisboa.pt\/novidades\/seminario%202%20marco.2016.pdf\">&nbsp;A Multivariate Systems Network Account of Technology<\/a>&nbsp;, SOCIUS, ISEG 2 Mar\u00e7o 2016.<br><\/li>\n\n\n\n<li>Confer\u00eancia PhD Sociologia Econ\u00f3mica e das Organiza\u00e7\u00f5es&nbsp;<a href=\"https:\/\/socius.rc.iseg.ulisboa.pt\/novidades\/Conf.FamiliaEmpresa-23.02.2016-VF.pdf\">O Valor Econ\u00f3mico da fam\u00edlia e o Valor Afetivo da Empresa: O Caso das Grandes Empresas Familiares da Elite de Lisboa<\/a>, SOCIUS, ISEG 23 Fevereiro 2016.<br><\/li>\n\n\n\n<li>Workshop&nbsp;<a href=\"https:\/\/socius.rc.iseg.ulisboa.pt\/novidades\/Participatory%20methods%20workshop-agenda.2%20Fevereiro.2016.pdf\">Public Participation theory and methodology for the sustainable management of groundwater,<\/a>&nbsp;IST, ICAAM, UNESCO, ERASMUS PROGRAMME-EUROPEAN UNION, SOCIUS\/CSG, ISEG 2-3 Fevereiro 2016.<br><\/li>\n\n\n\n<li>Workshop<a href=\"https:\/\/socius.rc.iseg.ulisboa.pt\/publicacoes\/Workshop_2_Fevereiro_2016(2).pdf\">&nbsp;Sustentabilidade, Terceiro Setor e Redes Sociais em Debate 1<\/a>, SOCIUS, ISEG 2 Fevereiro 2016.&nbsp;<a href=\"https:\/\/socius.rc.iseg.ulisboa.pt\/novidades\/Programa_Workshop_2_Fevereiro_final.UV.pdf\">Programa<\/a><br><\/li>\n\n\n\n<li>Semin\u00e1rio<a href=\"http:\/\/www.ces.uc.pt\/eventos\/index.php?id=13110&amp;id_lingua=1&amp;pag=13111\">&nbsp;F\u00f3rum p\u00fablico Diferentes formas de dizer n\u00e3o: conflitos da minera\u00e7\u00e3o<\/a>, SOCIUS\/CSG-ISEG, UFOP, CBS, PUCC, CES-Coimbra 2 Fevereiro 2016<br><\/li>\n<\/ul>\n\n\n\n<h2 class=\"wp-block-heading\">2015<\/h2>\n\n\n\n<ul>\n<li>Ciclo Livros do Nosso Tempo,<a href=\"https:\/\/socius.rc.iseg.ulisboa.pt\/publicacoes\/Ciclo-Livros-9.12.2015.pdf\">&nbsp;\u201cWhy Nations Fail: The Origins of Power, Prosperity, and Poverty&#8221;&nbsp;<\/a>de Daron Acemoglu e James A. Robinson &#8211; Prof. Jos\u00e9 Ant\u00f3nio Pereirinha, ISEG, 9 Dezembro 2015.<br><\/li>\n\n\n\n<li>Homenagem Professor Doutor Jos\u00e9 Maria Carvalho Ferreira,&nbsp;<a href=\"http:\/\/pascal.iseg.ulisboa.pt\/~socius\/novidades\/CONFERENCIA_JANTAR+HOMENAGEM_+2_10.compressed.pdf\">Col\u00f3quio Sociedade e Utopia<\/a>, SOCIUS, ISEG, 20 Novembro 2015.<br><\/li>\n\n\n\n<li><a href=\"https:\/\/socius.rc.iseg.ulisboa.pt\/novidades\/IISeminario_PhD_30_Novembro_2015.pdf\">II Semin\u00e1rio PhD Sociologia Econ\u00f3mica e das Organiza\u00e7\u00f5es,<\/a>&nbsp;SOCIUS, ISEG 30 Novembro 2015.<br><\/li>\n\n\n\n<li>Ciclo tem\u00e1tico&nbsp;<a href=\"https:\/\/socius.rc.iseg.ulisboa.pt\/novidades\/Programa_Ciclo_Tematico_Novembro%202015%20Pojeto%20ACT.pdf\">RISCOS PSICOSSOCIAIS E DIREITOS LABORAIS. PREVEN\u00c7\u00c3O, GEST\u00c3O E INTERVEN\u00c7\u00c3O,<\/a>&nbsp;SOCIUS, ISEG 26-28 Novembro 2015.<br><\/li>\n\n\n\n<li>Confer\u00eancia PhD Sociologia Econ\u00f3mica e das Organiza\u00e7\u00f5es &amp; Estudos do Desenvolvimento,&nbsp;<a href=\"https:\/\/socius.rc.iseg.ulisboa.pt\/novidades\/Conf.PauloDeCarvalho-24.11.2015%20v3.pdf\">Direitos de Cidadania em Angola<\/a>, Paulo de Carvalho (Univ. Agostinho Neto, Angola), 25 Novembro 2015.<br><\/li>\n\n\n\n<li>Ciclo Livros do Nosso Tempo<a href=\"https:\/\/socius.rc.iseg.ulisboa.pt\/novidades\/Ciclo-Livros-12.%20Novembro.2015.pdf\">&nbsp;&#8220;Strategy: A History&#8221;&nbsp;<\/a>de Lawrence Freedman &#8211; Prof. Tiago Card\u00e3o Pito, ISEG, 12 Novembro 2015.<br><\/li>\n\n\n\n<li>Confer\u00eancia Internacional&nbsp;<a href=\"https:\/\/socius.rc.iseg.ulisboa.pt\/novidades\/Cartaz_Conferencia_Internacional_23Out2015(10).pdf\">Regresso ao futuro: a nova emigra\u00e7\u00e3o e a rela\u00e7\u00e3o com a sociedade portuguesa (<\/a>REMIGR), SOCIUS\/CSG-ISEG; CEG, IGOT; ULisboa; CES-U.Coimbra e CIES, ISCTE-IUL; Funda\u00e7\u00e3o Calouste Gulbenkian, 23 Outubro 2015.<a href=\"https:\/\/socius.rc.iseg.ulisboa.pt\/novidades\/Conferencia%20REMIGR_programa_final.pdf\">&nbsp;Programa<\/a><br><\/li>\n\n\n\n<li>Semin\u00e1rio Internacional<a href=\"https:\/\/socius.rc.iseg.ulisboa.pt\/novidades\/Outline%20and%20Agenda%20(version%2023.09.2015).pdf\">&nbsp;Industrial relations in Europe: where are we heading to?<\/a>, FES, SOCIUS\/CSG e CESIS; ISEG, 27 Outubro 2015.<br><\/li>\n\n\n\n<li>Workshop&nbsp;<a href=\"http:\/\/pascal.iseg.utl.pt\/~socius\/IWSEA2015\/?Welcome\">4th International Workshop on the Socio-Economics of Ageing<\/a>, SOCIUS e UECE, ISEG, 30 Outubro 2015.<br><\/li>\n\n\n\n<li>Semin\u00e1rio<a href=\"https:\/\/socius.rc.iseg.ulisboa.pt\/novidades\/Seminario_(Des)Emprego_Mercado_de_Trabalho_e_Pol%C3%ADticas_P%C3%BAblicas_1_2_Out.pdf\">&nbsp;(Des)Emprego, Mercados de Trabalho e Pol\u00edticas P\u00fablicas,<\/a>&nbsp;Univ. \u00c9vora, UMPP, IEFP, CIUHCT e SOCIUS, Universidade de \u00c9vora, 1-2 Outubro 2015.<br><\/li>\n\n\n\n<li><a href=\"https:\/\/socius.rc.iseg.ulisboa.pt\/formacao\/Workshops.shtml\">Workshops Metodologias de Investiga\u00e7\u00e3o,<\/a>&nbsp;SOCIUS\/CSG, ISEG, Maio &#8211; Julho 2015.<br><\/li>\n\n\n\n<li>Summer School 2015&nbsp;<a href=\"http:\/\/pascal.iseg.utl.pt\/~socius\/formacao\/index.shtml\">Concepts, methods and tools to engage in participatory research and governance processes<\/a>, 13-17 Julho 2015.<br><\/li>\n\n\n\n<li>Semin\u00e1rios&nbsp;<a href=\"https:\/\/socius.rc.iseg.ulisboa.pt\/novidades\/Seminario_16_Julho_varios.2015pdf.pdf\">Linha de Investiga\u00e7\u00e3o Desenvolvimento Sustent\u00e1vel, Terceiro Sector e Redes Sociais&nbsp;<\/a>&#8211; Vania de F\u00e1tima Barros Estivalete (PPGA-UFSM), Maur\u00edcio de Azevedo Couto (CEFET\/MG) e Rog\u00e9rio Goulart da Silva (UFPR), 16 Julho 2015.<br><\/li>\n\n\n\n<li>Semin\u00e1rio de encerramento do Projeto:<a href=\"https:\/\/socius.rc.iseg.ulisboa.pt\/novidades\/Cartaz_Evento_1_Julho_2015.pdf\">&nbsp;\u201cTarde demais para Empreender? O empreendedorismo como forma de participa\u00e7\u00e3o das pessoas com +50 anos\u201d<\/a>, SOCIUS, ISEG, 1 Julho 2015.<br><\/li>\n\n\n\n<li>Sess\u00e3o de trabalho sobre Pol\u00edticas P\u00fablicas do Projeto:<a href=\"http:\/\/pascal.iseg.ulisboa.pt\/~socius\/investigacao\/projecto_tarde_demais_para_empreender.shtml\">&nbsp;\u201cTarde Demais para Empreender? O empreendedorismo como forma de participa\u00e7\u00e3o das pessoas com +50 anos\u201d<\/a>, SOCIUS, ISEG, 17 Junho 2015.<br><\/li>\n\n\n\n<li>Sess\u00e3o&nbsp;<a href=\"https:\/\/socius.rc.iseg.ulisboa.pt\/novidades\/Sessao_Programa_Portugal_2020_8_Maio_2015.pdf\">Oportunidades de Financiamento &#8211; O Programa Portugal 2020<\/a>, Org. SOCIUS-CSG, ISEG, 8 Maio 2015.<br><\/li>\n\n\n\n<li>Ciclo Tem\u00e1tico<a href=\"https:\/\/socius.rc.iseg.ulisboa.pt\/novidades\/Ciclo_Tematico_Marco%202015%20Pojeto%20ACT.gif\">&nbsp;Riscos Psicossociais e Direitos Laborais<\/a>, ISEG, 7, 8 e 9 Maio 2015.<br><\/li>\n\n\n\n<li>Master of Science Seminar,<a href=\"https:\/\/socius.rc.iseg.ulisboa.pt\/novidades\/DS_Seminar_21%20Abril.2015.pdf\">&nbsp;Em defesa da Op\u00e7\u00e3o Decolonial em Administra\u00e7\u00e3o e Reflex\u00f5es Epistemol\u00f3gicas sobre o Futuro da Administra\u00e7\u00e3o<\/a>, Org.: CEsA\/SOCIUS-CSG, NOEs e M\u00f3 de Vida Coop., ISEG, 21 Abril 2015.<a href=\"https:\/\/socius.rc.iseg.ulisboa.pt\/novidades\/seminario_21abril%202015_texto_informativo.pdf\">Informa\u00e7\u00e3o.<\/a><br><\/li>\n\n\n\n<li>I Semin\u00e1rio PDSEO&nbsp;<a href=\"https:\/\/socius.rc.iseg.ulisboa.pt\/novidades\/Seminario_PDSEO_ISEG_20_Abril.2015_cartaz.pdf\">A obra tardia de Andr\u00e9 Gorz e a sua rela\u00e7\u00e3o com a Nova Cr\u00edtica do Valor,&nbsp;<\/a>Org.: SOCIUS\/CSG, ISEG, 20 Abril 2015.<br><\/li>\n\n\n\n<li>Semin\u00e1rio Internacional&nbsp;<a href=\"https:\/\/socius.rc.iseg.ulisboa.pt\/novidades\/International%20seminar%20corporate%20restructuring%20in%20Europe%20%2027%20March%202015.pdf\">Reestrutura\u00e7\u00e3o Empresarial na Europa: O que mudou com a crise?<\/a>, Org. Funda\u00e7\u00e3o Friedrich Ebert &#8211; Lisbon e SOCIUS; ISEG, 27 Mar\u00e7o 2015.<br><\/li>\n\n\n\n<li>Encontro<a href=\"http:\/\/www.ces.uc.pt\/eventos\/index.php?id=11395&amp;id_lingua=1\">&nbsp;Ecologia Pol\u00edtica: teoria, investiga\u00e7\u00e3o<\/a>, a\u00e7\u00e3o, Org. Oficina Ecologia e Sociedade, CES e SOCIUS; CIUL e CES-Lisboa, 25 Mar\u00e7o 2015.<br><\/li>\n\n\n\n<li>Workshop&nbsp;<a href=\"https:\/\/socius.rc.iseg.ulisboa.pt\/novidades\/Workshopofthethematicline.2015.pdf\">How to think Interdisciplinarity , Unity of Science and Interdisciplinarity<\/a>; Org.: CFCUL, ISEG, SOCIUS, UNESP, COST e ICS; Faculdade de Ci\u00eancias &#8211; ULisboa, 13 Mar\u00e7o 2015.<br><\/li>\n\n\n\n<li>Doutoramentos em Sociologia Econ\u00f3mica e das Organiza\u00e7\u00f5es, Gest\u00e3o, Estudos de Desenvolvimento e Hist\u00f3ria Econ\u00f3mica e Social, Confer\u00eancia&nbsp;<a href=\"https:\/\/socius.rc.iseg.ulisboa.pt\/novidades\/Confer%C3%AAncia_PhD_ISEG_Philippe%20Steiner_11Fevereiro2015.Large.jpg\">Contested Markets and Market Devices<\/a>, Prof. Philippe Steiner, ISEG, Apoio: CSG\/SOCIUS, 11 Fevereiro 2015.<br><\/li>\n\n\n\n<li><a href=\"http:\/\/aquila4.iseg.ulisboa.pt\/aquila\/publico\/units\/events.do;jsessionid=9CB563B80CDFD10D1381C638B51EE3D9?method=viewEvent&amp;unitID=102&amp;announcementId=1017928&amp;contentContextPath_PATH=\/instituicao\/ISEG\/pagina-inicial&amp;_request_checksum_=324440d262500e9f07fe306e62b12f4db0bb797d\">Confer\u00eancia PRME em Portugal: presente e futuro<\/a>, SOCIUS\/CSG, ISEG, 8 Janeiro 2015.<br><\/li>\n\n\n\n<li><a href=\"https:\/\/socius.rc.iseg.ulisboa.pt\/novidades\/Seminario_8_Janeiro.2015_Victor%20Correa.pdf\">Semin\u00e1rio Redes sociais, acoplamento e desacoplamento: defini\u00e7\u00f5es e avan\u00e7os te\u00f3ricos<\/a>, SOCIUS, 8 Janeiro 2015.<\/li>\n<\/ul>\n\n\n\n<h2 class=\"wp-block-heading\">2014<\/h2>\n\n\n\n<ul>\n<li>III Semin\u00e1rio&nbsp;<a href=\"https:\/\/socius.rc.iseg.ulisboa.pt\/eventos\/novidades\/Seminario_16_Dezembro.2014_Giovani%20Ehrhardt.pdf\">A Constru\u00e7\u00e3o Social do Conhecimento nas Organiza\u00e7\u00f5es: Um Percurso de Investiga\u00e7\u00e3o&nbsp;<\/a>, Org. SOCIUS, ISEG, 16 Dezembro 2014.<br><\/li>\n\n\n\n<li>Semin\u00e1rio Mestrado em Desenvolvimento e Coopera\u00e7\u00e3o Internacional&nbsp;<a href=\"https:\/\/socius.rc.iseg.ulisboa.pt\/eventos\/novidades\/Seminario_10_Dezembro_2014.pdf\">Os recursos naturais no Sahara Ocidental e suas implica\u00e7\u00f5es econ\u00f3micas<\/a>, Org. SOCIUS, ISEG, 10 Dezembro 2014.<br><\/li>\n\n\n\n<li>Semin\u00e1rio,&nbsp;<a href=\"https:\/\/socius.rc.iseg.ulisboa.pt\/novidades\/Seminario_4_Dezembro.2014_SociologiaPolitica_Carlos%20Graca.pdf\">Aula Aberta de Sociologia Pol\u00edtica, History, Culture and Politics of Lithuania<\/a>, Org. SOCIUS, ISEG, 4 Dezembro 2014.<br><\/li>\n\n\n\n<li>Semin\u00e1rio&nbsp;<a href=\"https:\/\/socius.rc.iseg.ulisboa.pt\/novidades\/Seminario_3_Dezembro%202014_Luciana%20Ronconi.pdf\">Inova\u00e7\u00e3o Social e Territ\u00f3rios Sustent\u00e1veis: um estudo comparativo Brasil\/Portugal<\/a>, Org. SOCIUS, ISEG, 3 Dezembro 2014.<br><\/li>\n\n\n\n<li>Ciclo tem\u00e1tico&nbsp;<a href=\"https:\/\/socius.rc.iseg.ulisboa.pt\/novidades\/Programa_Ciclo_Tematico_Novembro.2014%20Pojeto%20ACT.pdf\">Riscos Psicossociais e Direitos Laborais<\/a>, ISEG, 26, 27 e 28 Novembro 2014.<br><\/li>\n\n\n\n<li>Semin\u00e1rio Mestrado em Desenvolvimento e Coopera\u00e7\u00e3o Internacional<a href=\"https:\/\/socius.rc.iseg.ulisboa.pt\/novidades\/Seminario_26_Novembro.2014_Mestrado_DCI.pdf\">, O papel do BAD no apoio ao desenvolvimento Africano<\/a>&nbsp;Org. SOCIUS, ISEG, 26 Novembro 2014.<br><\/li>\n\n\n\n<li>Semin\u00e1rio Mestrado em Desenvolvimento e Coopera\u00e7\u00e3o Internacional,<a href=\"https:\/\/socius.rc.iseg.ulisboa.pt\/novidades\/Seminario_24_Novembro.2014_Mestrado_DCI.pdf\">&nbsp;Desafios \u00e0 Ajuda P\u00fablica ao Desenvolvimento e o caso de Portugal<\/a>, Org. SOCIUS, ISEG, 24 Novembro 2014<br><\/li>\n\n\n\n<li>3\u00ba Congresso Ibero-Americano de Responsabilidade Social &#8211;<a href=\"http:\/\/pascal.iseg.utl.pt\/~armindo\/scm\/index.php\/criars2014\/criars2014\">&nbsp;CRIARS 2014<\/a>, Org. SOCIUS, ISEG, 20, 21 e 22 Novembro 2014.<br><\/li>\n\n\n\n<li>Semin\u00e1rio&nbsp;<a href=\"https:\/\/socius.rc.iseg.ulisboa.pt\/novidades\/Seminario.20.Novembro.2014.pdf\">EMBEDDEDNESS: EVOLU\u00c7\u00c3O DE UM CONCEITO E APLICA\u00c7\u00c3O EMP\u00cdRICA<\/a>, Org. SOCIUS, ISEG, 20 Novembro 2014.<br><\/li>\n\n\n\n<li>F\u00f3rum para a Governa\u00e7\u00e3o integrada,&nbsp;<a href=\"https:\/\/socius.rc.iseg.ulisboa.pt\/novidades\/Seminario_18_Novembro.14.pdf\">Problemas Sociais Complexos<\/a>, 18 Novembro, 2014<br><\/li>\n\n\n\n<li>Semin\u00e1rio Mestrado em Desenvolvimento e Coopera\u00e7\u00e3o Internacional,&nbsp;<a href=\"https:\/\/socius.rc.iseg.ulisboa.pt\/novidades\/Seminario_17_Novembro.2014_Mestrado_DCI.pdf\">CONHECIMENTO NOS C\u00cdRCULOS INTERNACIONAIS: CI\u00caNCIA, COMPROMISSO E COMUNICA\u00c7\u00c3O<\/a>&nbsp;Org. SOCIUS, ISEG, 17 Novembro 2014<br><\/li>\n\n\n\n<li>Confer\u00eancia&nbsp;<a href=\"https:\/\/socius.rc.iseg.ulisboa.pt\/novidades\/Confer%C3%AAncia_12_Novembro.2014.pdf\">Communication and Citizen participation in the Politics of Energy and Climate Chance,<\/a>&nbsp;Projeto Compolis, SOCIUS e UMinho, 12 Novembro 2014.&nbsp;<a href=\"https:\/\/socius.rc.iseg.ulisboa.pt\/novidades\/COMPOLIS%20conference-12%20November%202014_program.pdf\">Programa.<\/a><br><\/li>\n\n\n\n<li>Semin\u00e1rio Mestrado em Desenvolvimento e Coopera\u00e7\u00e3o Internacional,<a href=\"https:\/\/socius.rc.iseg.ulisboa.pt\/novidades\/Seminario_29_Outubro.2014_Mestrado_DCI.pdf\">&nbsp;Indicadores comparativos e clusters de Ci\u00eancia e Tecnologia em \u00c1frica<\/a>, Org. SOCIUS, ISEG, 29 Outubro 2014<br><\/li>\n\n\n\n<li>Semin\u00e1rio Mestrado em Desenvolvimento e Coopera\u00e7\u00e3o Internacional,<a href=\"https:\/\/socius.rc.iseg.ulisboa.pt\/novidades\/Seminario_20_Outubro.2014_Mestrado_DCI.pdf\">&nbsp;O papel dos bancos regionais do apoio ao desenvolvimento<\/a>: BAsD, BAD e BID, Org. SOCIUS, ISEG, 20 Outubro 2014<br><\/li>\n\n\n\n<li><a href=\"http:\/\/www.noitedosinvestigadores.org\/#http:\/\/www.noitedosinvestigadores.org\">Noite Europeia dos Investigadores,<\/a>&nbsp;Quiz &#8211; O que \u00e9 ser cientista social? Org. SOCIUS, Museu de Hist\u00f3ria Natural, 26 Setembro 2014.<br><\/li>\n\n\n\n<li>Semin\u00e1rio&nbsp;<a href=\"https:\/\/socius.rc.iseg.ulisboa.pt\/novidades\/CARTAZ%20IPEI-OEIRAS-2014-09-25%20.jpg\">Para o desenvolvimento de novos projetos sociais no concelho de Oeiras<\/a>, IPEI, C.M.Oeiras, 25 Setembro 2014.<br><\/li>\n\n\n\n<li>Lecture&nbsp;<a href=\"https:\/\/socius.rc.iseg.ulisboa.pt\/novidades\/Cartaz_Seminario_2_Set_2014_versaofinal.pdf\">EARLY RETIREES AS THE NEXT GENERATION OF ENTREPRENEURS<\/a>, SOCIUS, 2 Setembro 2014.<br><\/li>\n\n\n\n<li><a href=\"https:\/\/socius.rc.iseg.ulisboa.pt\/novidades\/cinema%20interior_CBL_30-06-2014.pdf\">Projeto Cinema no Interior<\/a>, SOCIUS e CLEPUL, Casa do Brasil, 30 Junho 2014.<br><\/li>\n\n\n\n<li><a href=\"https:\/\/socius.rc.iseg.ulisboa.pt\/novidades\/CARTAZ_Programa_Coloquio_Herminio_Martins_Junho_2014%20.pdf\">Col\u00f3quio Sobre a Obra de Herm\u00ednio Martins<\/a>, Org: ICS\/ULisboa, SOCIUS\/ISEG-ULisboa e CEHFCi\/U.\u00c9vora, Universidade de \u00c9vora, 26 e 27 Junho 2014.<br><\/li>\n\n\n\n<li><a href=\"https:\/\/socius.rc.iseg.ulisboa.pt\/novidades\/cartazagenda.2013.pdf\">Confer\u00eancias Doutoramento em Sociologia Econ\u00f3mica e das Organiza\u00e7\u00f5es<\/a>, SOCIUS\/ISEG, Outubro 2013 a Maio 2014.<br><\/li>\n\n\n\n<li>Workshop Internacional,<a href=\"https:\/\/socius.rc.iseg.ulisboa.pt\/novidades\/Programme_workshop_30_maio_2014.pdf\">&nbsp;Pol\u00edticas e pr\u00e1ticas de integra\u00e7\u00e3o de imigrantes<\/a>, SOCIUS-ISEG-UL, CIES-ISCTE-IUL e Harokopeio University &#8211; Gr\u00e9cia, 30 Maio 2014.<br><\/li>\n\n\n\n<li>12\u00ba Col\u00f3quio ERA Arqueologia,<a href=\"https:\/\/socius.rc.iseg.ulisboa.pt\/novidades\/Coloquio12-ERA-2.pdf\">&nbsp;Arqueologia em Sociedade<\/a>, SOCIUS, ISEG, 16 Maio 2014.<br><\/li>\n\n\n\n<li><a href=\"https:\/\/socius.rc.iseg.ulisboa.pt\/novidades\/cartaz_filme_A_Ilha.2.pdf\">Aula Aberta de Russo e Exibi\u00e7\u00e3o do Filme &#8220;A Ilha&#8221; de Pavel Lunguin<\/a>, SOCIUS, ISEG, 6 Maio 2014.<br><\/li>\n\n\n\n<li>Sessions,&nbsp;<a href=\"https:\/\/socius.rc.iseg.ulisboa.pt\/novidades\/Water_Sessions_2014_calendario.pdf\">Water Management and Water Uses<\/a>, ISEG, February, March and April, 2014<br><\/li>\n\n\n\n<li>Semin\u00e1rio IPEI<a href=\"https:\/\/socius.rc.iseg.ulisboa.pt\/novidades\/CARTAZ%20IPEI-LISBOA.jpg\">&nbsp;Constru\u00e7\u00e3o de Projetos Empresariais para a Inclus\u00e3o<\/a>, SOCIUS e IPEI, Programa, ISEG, 27 Mar\u00e7o 2014<br><\/li>\n\n\n\n<li>Apresenta\u00e7\u00e3o de Livro&nbsp;<a href=\"https:\/\/socius.rc.iseg.ulisboa.pt\/novidades\/Convite-Mina%20S%20D-Sacavem.pdf\">Mina de S. Domingos<\/a>, Museu da Cer\u00e2mica de Sacav\u00e9m, 29 Mar\u00e7o 2014<br><\/li>\n\n\n\n<li><a href=\"https:\/\/socius.rc.iseg.ulisboa.pt\/novidades\/II_INTERNATIONAL_CONFERENCE_ON_ANGOLA_17_18_Marco_2014.pdf\">II International Conference on Angola<\/a>, Oxford Univ., SOCIUS\/ISEG e CMI, Oxford University, UK, 17-18 Mar\u00e7o 2014<br><\/li>\n\n\n\n<li>Semin\u00e1rio&nbsp;<a href=\"https:\/\/socius.rc.iseg.ulisboa.pt\/novidades\/Conferencia%20-%20o%20ensino%20universitario%20em%20angola.pdf\">O Ensino Universit\u00e1rio em Angola<\/a>, SOCIUS e CISE-FECUAN, ISEG, 19 Mar\u00e7o 2014<br><\/li>\n\n\n\n<li>Semin\u00e1rio&nbsp;<a href=\"https:\/\/socius.rc.iseg.ulisboa.pt\/novidades\/Seminario%20Missa.10.03.2014.pdf\">&#8220;A Constru\u00e7\u00e3o Social do Conhecimento nas Organiza\u00e7\u00f5es e apresenta\u00e7\u00e3o do livro \u201cAvaliar a Avalia\u00e7\u00e3o\u201d<\/a>, Giovani Ehrhardt, SOCIUS, 10 Mar\u00e7o 2014<br><\/li>\n\n\n\n<li>Ciclo tem\u00e1tico&nbsp;<a href=\"https:\/\/socius.rc.iseg.ulisboa.pt\/novidades\/Programa_Ciclo_Tematico_Pojeto%20ACT.26%20Fevereiro%20de%202014.pdf\">Riscos Psicossociais e Direitos Laborais<\/a>, ISEG, 26, 27 e 28 Fevereiro 2014<br><\/li>\n\n\n\n<li>Semin\u00e1rio<a href=\"http:\/\/pascal.iseg.utl.pt\/~socius\/novidades\/Cartaz_Seminario_19_Fev_2014.pdf\">&nbsp;Empreendedorismo ap\u00f3s os 50 anos<\/a>, SOCIUS, 19 Fevereiro 2014<br><\/li>\n\n\n\n<li>Semin\u00e1rio&nbsp;<a href=\"http:\/\/pascal.iseg.ulisboa.pt\/~socius\/novidades\/Seminario_11Fev.2014_Paulo_Roberto_site.pdf\">Economia baseada na Abund\u00e2ncia (EBA!)<\/a>, SOCIUS, 11 Fevereiro 2014<br><br><\/li>\n\n\n\n<li>Semin\u00e1rio<a href=\"http:\/\/pascal.iseg.ulisboa.pt\/~socius\/novidades\/Seminario_11Fev_2014.Roger_Vital_site.pdf\">&nbsp;Globaliza\u00e7\u00f5es, movimentos micropol\u00edticos urbanos e a emerg\u00eancia de novos atores sociais em cena<\/a>, SOCIUS, 11 fevereiro 2014<br><br><\/li>\n\n\n\n<li>Apresenta\u00e7\u00e3o do livro<a href=\"http:\/\/pascal.iseg.ulisboa.pt\/~socius\/novidades\/Convite-Mina%20S%20D-Mertola%20(1).pdf\">&nbsp;Mina de S. Domingos. Territ\u00f3rio, Hist\u00f3ria e Patrim\u00f3nio Mineiro,&nbsp;<\/a>Cineteatro da Mina de S\u00e3o Domingos, M\u00e9rtola, 18 Janeiro 2014<br><\/li>\n\n\n\n<li>Workshop<a href=\"https:\/\/socius.rc.iseg.ulisboa.pt\/eventos\/m_=68b62a769625ac76d069eddbb0b3e5ad16a4e841\">&nbsp;Riscos Psicossociais e Direitos Laborais<\/a>, ISEG, 31 Janeiro 2014<br><\/li>\n<\/ul>\n\n\n\n<h2 class=\"wp-block-heading\">2013<\/h2>\n\n\n\n<ul>\n<li>Confer\u00eancia<a href=\"http:\/\/pascal.iseg.utl.pt\/~socius\/interim\/\">&nbsp;ISA RC52 \u2018Professional Groups\u2019 Interim Conference<\/a>, SOCIUS, 28-30 Novembro 2013<br><\/li>\n\n\n\n<li><a href=\"http:\/\/pascal.iseg.utl.pt\/~socius\/IWSEA2013\/?Welcome\">Workshop 3rd International Workshop on the Socio-Economics of Ageing<\/a>, SOCIUS e UECE, ISEG, 25 Outubro 2013<br><\/li>\n\n\n\n<li><a href=\"https:\/\/socius.rc.iseg.ulisboa.pt\/novidades\/cartazagenda.2013.pdf\">Confer\u00eancias Doutoramento em Sociologia Econ\u00f3mica e das Organiza\u00e7\u00f5es&nbsp;<\/a>,<br>SOCIUS\/ISEG, Outubro 2013 a Maio 2014.<br><\/li>\n\n\n\n<li>Workshop&nbsp;<a href=\"https:\/\/socius.rc.iseg.ulisboa.pt\/novidades\/Cartaz_Governacao.%20da.%20Agua.pdf\">Governa\u00e7\u00e3o da \u00c1gua<\/a>, ICS\/SOCIUS, 4 Outubro 2013.<br><\/li>\n\n\n\n<li>International Conference&nbsp;<a href=\"http:\/\/www.spt2013.com\/default.asp\">Technology in the Age of Information<\/a>&nbsp;&#8211; 18th Biennal International Conference of the Society for Philosophy and Technology (SPT), SOCIUS e ICS-UL, ISEG, 4 a 6 Julho 2013.<br><\/li>\n\n\n\n<li>Workshop&nbsp;<a href=\"https:\/\/socius.rc.iseg.ulisboa.pt\/novidades\/workshop_3_julho_2013_programa.pdf\">Desenvolvimento Sustent\u00e1vel, Terceiro sector e Redes Sociais<\/a>, SOCIUS, 3 Julho 2013.<br><\/li>\n\n\n\n<li>Confer\u00eancia<a href=\"https:\/\/socius.rc.iseg.ulisboa.pt\/novidades\/Conferencia.18%20junho.2013.pdf\">&nbsp;Portugueses no Brasil, Brasileiros em Portugal,<\/a>&nbsp;Org.: CIES, Observat\u00f3rio da Imigra\u00e7\u00e3o, ISCTE-IUL, SOCIUS e IGOT, 18 Junho 2013.<br><\/li>\n\n\n\n<li>Nicole Workshop<a href=\"https:\/\/socius.rc.iseg.ulisboa.pt\/novidades\/Lisbon%202013%20Program%20-%20NICOLE.UV.pdf\">&nbsp;Implementation of Sustainability in Management of Contaminated Land &#8211; in particular using emerging &#8216;green&#8217; technologies<\/a>, Org.: Nicole e SOCIUS, 12-14 Junho 2013.<br><\/li>\n\n\n\n<li>Semin\u00e1rio Rehmine&nbsp;<a href=\"https:\/\/socius.rc.iseg.ulisboa.pt\/novidades\/REHMINE%20Seminar%20-%2011%20June%202013.UV.%20ISEG.pdf\">Socioeconomic and Environmental Valuation of Industrial Areas Redevelopment,<\/a>&nbsp;SOCIUS, 11 Junho 2013.<br><\/li>\n\n\n\n<li><a href=\"https:\/\/socius.rc.iseg.ulisboa.pt\/novidades\/Cartaz_PhD_2012_2013.pdf\">Confer\u00eancias Doutoramento em Sociologia Econ\u00f3mica e das Organiza\u00e7\u00f5es<\/a>, SOCIUS\/ISEG, 2012\/2013.<br><\/li>\n\n\n\n<li>Mestrado Gest\u00e3o de Recursos Humanos, Aula Aberta,&nbsp;<a href=\"https:\/\/socius.rc.iseg.ulisboa.pt\/eventos\/novidades\/Aula_Aberta_9Maio.pdf\">Experi\u00eancias de investiga\u00e7\u00e3o: transfer\u00eancia de conhecimento em redes de I&amp;D e inser\u00e7\u00e3o profissional de diplomados do ensino superior<\/a>&nbsp;&#8211; Paula Urze, ISEG, 9 Maio 2013.<br><\/li>\n\n\n\n<li>Mestrado Economia e Gest\u00e3o de Ci\u00eancia, Tecnologia e Inova\u00e7\u00e3o, Aula Aberta,&nbsp;<a href=\"https:\/\/socius.rc.iseg.ulisboa.pt\/novidades\/Aula_Aberta_7Maio.pdf\">O papel das associa\u00e7\u00f5es cient\u00edficas na sociedade&nbsp;<\/a>&#8211; Ana Delicado e Raquel Rego, ISEG, 7 Maio 2013.<br><\/li>\n\n\n\n<li>Mestrado Economia e Gest\u00e3o de Ci\u00eancia, Tecnologia e Inova\u00e7\u00e3o, Aulas abertas.&nbsp;<a href=\"https:\/\/socius.rc.iseg.ulisboa.pt\/novidades\/EGCTI.pdf\">Portugueses Criativos: Identidade e Perfil \u2013 um desenho de investiga\u00e7\u00e3o<\/a>&nbsp;&#8211; Margarida Piteira e&nbsp;<a href=\"https:\/\/socius.rc.iseg.ulisboa.pt\/novidades\/EGCTI.pdf\">Experi\u00eancias de Investiga\u00e7\u00e3o: transfer\u00eancias de conhecimento em redes de I&amp;D &#8211; e inser\u00e7\u00e3o profissional de diplomados do ensino superior<\/a>&nbsp;&#8211; Paula Urze, ISEG, 24 Abril 2013.<br><\/li>\n\n\n\n<li>Confer\u00eancia&nbsp;<a href=\"https:\/\/socius.rc.iseg.ulisboa.pt\/novidades\/Peggy%20Levitt.pdf\">Religion in Motion,<\/a>&nbsp;Peggy Levitt, 23 Abril 2013.<br><\/li>\n\n\n\n<li>Confer\u00eancia<a href=\"https:\/\/socius.rc.iseg.ulisboa.pt\/novidades\/ConferenciaPLevitt_IGOT_22-4final.pdf\">&nbsp;A New Social Contract? Transnational Migration and Social Protection,&nbsp;<\/a>Peggy Levitt, 22 Abril 2013<br><\/li>\n\n\n\n<li>Semin\u00e1rio&nbsp;<a href=\"https:\/\/socius.rc.iseg.ulisboa.pt\/novidades\/Em%20que%20posso%20servir_Programa%20do%20seminario.pdf\">Em que posso servi-lo\/a? Condi\u00e7\u00f5es e rela\u00e7\u00f5es de trabalho nos servi\u00e7os interpessoais<\/a>, SOCIUS, 10 Abril 2013.<br><\/li>\n\n\n\n<li>Encontro Internacional,<a href=\"http:\/\/mosca-servidor.xdi.uevora.pt\/projecto\/\">&nbsp;Projecto Mosca \u201cMovimento social cr\u00edtico e alternativo: mem\u00f3ria e refer\u00eancias\u201d<\/a>, U.\u00c9vora, CIES-IUL e SOCIUS, 28 Janeiro 2013<br><\/li>\n\n\n\n<li>Semin\u00e1rio<a href=\"https:\/\/socius.rc.iseg.ulisboa.pt\/novidades\/Seminario_23_Janeiro_2013.pdf\">&nbsp;Improving students&#8217; learning experiences and student retention<\/a>, SOCIUS, 23 Janeiro 2013.<br><\/li>\n\n\n\n<li>Semin\u00e1rio<a href=\"https:\/\/socius.rc.iseg.ulisboa.pt\/novidades\/Seminario_17_Janeiro.2013.pdf\">&nbsp;O Empreendedorismo e o Empreendedorismo Social: algumas reflex\u00f5es,<\/a>&nbsp;SOCIUS, 17 Janeiro 2013.<\/li>\n<\/ul>\n\n\n\n<h2 class=\"wp-block-heading\">2012<\/h2>\n\n\n\n<ul>\n<li>Lan\u00e7amento do Livro,&nbsp;<a href=\"https:\/\/socius.rc.iseg.ulisboa.pt\/novidades\/Lancamento.Livro.Dezembro%202012.pdf\">Religi\u00e3o e Migra\u00e7\u00f5es. Pr\u00e1ticas de Interven\u00e7\u00e3o e Perspectivas de An\u00e1lise<\/a>, CEMRI e SOCIUS, 6 Dezembro 2012.<br><\/li>\n\n\n\n<li><a href=\"https:\/\/socius.rc.iseg.ulisboa.pt\/novidades\/Jornadas_Diplomacia_Economica.Dezembro.2012_programa.pdf\">Jornada de Diplomacia Econ\u00f3mica<\/a>, SOCIUS\/ISEG, Instituto Diplom\u00e1tico, CGD, Aicep e Aip, 5 Dezembro 2012.<br><\/li>\n\n\n\n<li>Semin\u00e1rio&nbsp;<a href=\"https:\/\/socius.rc.iseg.ulisboa.pt\/novidades\/KIN_Luso%20African%20Countriesl_Seminar_16_11_12_spreads.pdf\">Entrepreneurship, Innovation, Science &amp; Technology in Lusophone African Countries,<\/a>&nbsp;Org: Cam\u00f5es Centre, SOCIUS\/ISEG, Faculty of Economy &#8211; Univ. Agostinho Neto, 23 Novembro 2012.<br><\/li>\n\n\n\n<li>Forum&nbsp;<a href=\"http:\/\/cidadaniapeloestadosocial.pt\/\">Citizenship for the Welfare State<\/a>, 10 Novembro 2012, Org: Ass. 25 de Abril, SOCIUS, IGOT, CES e CICS<br><\/li>\n\n\n\n<li>Congresso<a href=\"https:\/\/socius.rc.iseg.ulisboa.pt\/eventos\/CRIARS_index.shtml\">&nbsp;CRIARS 2012<\/a>&nbsp;2\u00ba Congresso Ibero-Americano de Responsabilidade Social, SOCIUS, 25, 26 e 27 Outubro 2012.<br><\/li>\n\n\n\n<li>Semin\u00e1rio&nbsp;<a href=\"https:\/\/socius.rc.iseg.ulisboa.pt\/novidades\/Seminario_16_Outubro_2012(2).pdf\">Sustentabilidade e estrat\u00e9gia das redes hoteleiras Espanholas e Portuguesas no Brasil<\/a>, SOCIUS, 16 Outubro 2012.<br><\/li>\n\n\n\n<li>Semin\u00e1rio,&nbsp;<a href=\"https:\/\/socius.rc.iseg.ulisboa.pt\/novidades\/Seminario_11_outubro_2012.pdf\">PhD Sociologia Econ\u00f3mica e das Organiza\u00e7\u00f5es<\/a>, 11 Outubro 2012, 18h, Anfiteatro 1, ISEG, Rua do Quelhas, 6, Lisboa<br><\/li>\n\n\n\n<li>Semin\u00e1rio&nbsp;<a href=\"https:\/\/socius.rc.iseg.ulisboa.pt\/novidades\/Seminario.22.Set.2012.pdf\">Habita\u00e7\u00e3o e Urbanismo<\/a>, Org: Ass.25 Abril, CES, CICS, IGOT e SOCIUS, 22 Setembro 2012.<br><\/li>\n\n\n\n<li>Joint Conference&nbsp;<a href=\"http:\/\/conferencias.cies.iscte.pt\/index.php\/IREC2012\/irec2012\/index\">IREC &#8211; ESA\/RN<\/a>&nbsp;17 5 \u2013 7 Setembro 2012 CIES-IUL Lisboa<br><\/li>\n\n\n\n<li><a href=\"https:\/\/socius.rc.iseg.ulisboa.pt\/novidades\/Encontro.16.17.Julho.2012.pdf\">3\u00ba Encontro Analistas de Redes Sociais<\/a>, ICS, LNEG e SOCIUS 16 e 17 Julho 2012.<br><\/li>\n\n\n\n<li><a href=\"https:\/\/socius.rc.iseg.ulisboa.pt\/novidades\/Coloquio_6_Julho_2012.pdf\">Col\u00f3quio Altera\u00e7\u00f5es da legisla\u00e7\u00e3o Laboral,<\/a>&nbsp;JUTRA e SOCIUS, 6 Julho 2012.<br><\/li>\n\n\n\n<li>Confer\u00eancia&nbsp;<a href=\"https:\/\/socius.rc.iseg.ulisboa.pt\/novidades\/Conferencia_3_Julho_2012.UV.pdf\">Inova\u00e7\u00e3o Aberta, Criatividade e Redes de Conhecimento<\/a>, SOCIUS, ADVANCE, COTEC e ISQ, 3 Julho 2012.<br><\/li>\n\n\n\n<li>Doutoramento em Sociologia Econ\u00f3mica e das Organiza\u00e7\u00f5es, Semin\u00e1rio&nbsp;<a href=\"https:\/\/socius.rc.iseg.ulisboa.pt\/novidades\/Seminario_18%20junho.pdf\">Os impactos sociais da crise financeira na Gr\u00e9cia e em Portugal &#8211; uma perspetiva comparada<\/a>, SOCIUS\/ISEG, 18 Junho 2012.<br><\/li>\n\n\n\n<li>Col\u00f3quio&nbsp;<a href=\"https:\/\/socius.rc.iseg.ulisboa.pt\/novidades\/Coloquio_11_Junho.2012.pdf\">&#8220;Associa\u00e7\u00f5es e Ci\u00eancia&#8221;<\/a>&nbsp;11 Junho 2012 &#8211; 10h &#8211; Aud. Manuel Valadares Museu Nacional de Hist\u00f3ria da Ci\u00eancia ICS\/ SOCIUS\/ CIES<a href=\"https:\/\/socius.rc.iseg.ulisboa.pt\/novidades\/ProgramaColoquioSOCSCI%20-%2011%20Junho.2012.pdf\">&nbsp;Programa<\/a><br><\/li>\n\n\n\n<li>Semin\u00e1rio&nbsp;<a href=\"https:\/\/socius.rc.iseg.ulisboa.pt\/eventos\/novidades\/Seminario_17_Maio.2012.UV.pdf\">Para Onde Vai a Economia Portuguesa? Um Ano Depois do Memorando&nbsp;<\/a>SOCIUS, UECE e ISEG, 17 Maio 2012.<br><\/li>\n\n\n\n<li>Doutoramento em Sociologia Econ\u00f3mica e das Organiza\u00e7\u00f5es, Semin\u00e1rio&nbsp;<a href=\"https:\/\/socius.rc.iseg.ulisboa.pt\/novidades\/Seminario_2_Maio_2012.pdf\">Alteridade e reconhecimento nas sociedades de economia avan\u00e7ada<\/a>, SOCIUS\/ISEG, 2 Maio 2012.<br><\/li>\n\n\n\n<li>Semin\u00e1rio&nbsp;<a href=\"http:\/\/cvrm.ist.utl.pt\/\">Altera\u00e7\u00f5es Clim\u00e1ticas e Recursos Humanos<\/a>, Circle Med Project, 20 Abril 2012.<br><\/li>\n\n\n\n<li>Semin\u00e1rio&nbsp;<a href=\"https:\/\/socius.rc.iseg.ulisboa.pt\/novidades\/Seminario_19_Abril_2012.pdf\">D\u00edvida P\u00fablica no Brasil e em Portugal<\/a>, SOCIUS, 19 Abril 2012.<br><\/li>\n\n\n\n<li>Doutoramento em Sociologia Econ\u00f3mica e das Organiza\u00e7\u00f5es, Semin\u00e1rio<a href=\"https:\/\/socius.rc.iseg.ulisboa.pt\/novidades\/10_de_abril_2012.pdf\">&nbsp;A avalia\u00e7\u00e3o de tecnologia nos processos de reestrutura\u00e7\u00e3o organizacional<\/a>, SOCIUS\/ISEG-UTL,10 Abril 2012.<br><\/li>\n\n\n\n<li>Col\u00f3quio<a href=\"https:\/\/sites.google.com\/site\/sustainactive\/\">&nbsp;SUSTAIN-Ability goes SUSTAIN-Active<\/a>, SOCIUS, 3 e 4 Abril 2012.<br><\/li>\n\n\n\n<li>International Master Programme European Studies of Society, Science, and Technology,&nbsp;<a href=\"https:\/\/socius.rc.iseg.ulisboa.pt\/novidades\/Cartaz_Water_Sessions_2012_Session3.UV.pdf\">Looking for evidences of governance in the water policy sector: the case of the Tejo hydrographic region<\/a>, SOCIUS, 29 Mar\u00e7o 2012.<br><\/li>\n\n\n\n<li>Semin\u00e1rio&nbsp;<a href=\"https:\/\/socius.rc.iseg.ulisboa.pt\/novidades\/Apresentacao_Seminario_22_Marco_2012.pdf\">O Ensino da \u00c9tica e da Responsabilidade Social das Organiza\u00e7\u00f5es: Panorama Actual e Desafios Futuros<\/a>&nbsp;, EBEN e SOCIUS, 22 Mar\u00e7o 2012 &#8211;&nbsp;<a href=\"https:\/\/socius.rc.iseg.ulisboa.pt\/novidades\/Programa_Seminario_22_Marco_2012.pdf\">Programa.<\/a><br><\/li>\n\n\n\n<li>Doutoramento em Sociologia Econ\u00f3mica e das Organiza\u00e7\u00f5es, Semin\u00e1rio&nbsp;<a href=\"https:\/\/socius.rc.iseg.ulisboa.pt\/novidades\/13.marco.2012.pdf\">O Programa de Reestrutura\u00e7\u00e3o da Administra\u00e7\u00e3o Central do Estado (PRACE) e a boa governa\u00e7\u00e3o<\/a>, SOCIUS\/ISEG-UTL,13 Mar\u00e7o 2012.<br><\/li>\n\n\n\n<li>International Master Programme European Studies of Society, Science, and Technology,&nbsp;<a href=\"https:\/\/socius.rc.iseg.ulisboa.pt\/novidades\/8.Marco.2012.pdf\">WATER IN INCA AND PRE-INCA CIVILIZATIONS: MYTH, SCIENCE AND TECHNOLOGY<\/a>, SOCIUS\/ISEG-UTL, 8 Mar\u00e7o 2012.<br><\/li>\n\n\n\n<li>International Master Programme European Studies of Society, Science, and Technology,<a href=\"https:\/\/socius.rc.iseg.ulisboa.pt\/novidades\/Cartaz_Water_Sessions_1.Marco.2012.pdf\">&nbsp;Impact of water resource management on the qualitative and quantitative status of coastal aquifers in the Algarve<\/a>, SOCIUS-ISEG-UTL, 1 Mar\u00e7o 2012.<br><\/li>\n\n\n\n<li>Doutoramento em Sociologia Econ\u00f3mica e das Organiza\u00e7\u00f5es, Semin\u00e1rio&nbsp;<a href=\"https:\/\/socius.rc.iseg.ulisboa.pt\/novidades\/28.%20fevereiro.2012.pdf\">Mem\u00f3ria organizacional: uma abordagem assente nas neuroci\u00eancias<\/a>&nbsp;, SOCIUS\/ISEG-UTL, 28 Fevereiro 2012.<br><\/li>\n\n\n\n<li>Semin\u00e1rio de Investiga\u00e7\u00e3o&nbsp;<a href=\"https:\/\/socius.rc.iseg.ulisboa.pt\/novidades\/Seminario_16_Fevereiro.2012.pdf\">Modelo de Competitividade Sustentada<\/a>, SOCIUS, 16 Fevereiro 2012.<br><\/li>\n\n\n\n<li>Semin\u00e1rio de Investiga\u00e7\u00e3o&nbsp;<a href=\"https:\/\/socius.rc.iseg.ulisboa.pt\/novidades\/Seminario.26%20Janeiro.2012.pdf\">Educa\u00e7\u00e3o popular: aus\u00eancias e emerg\u00eancias de novos conhecimentos e sujeitos pol\u00edticos da Economia Solid\u00e1ria<\/a>, SOCIUS, 26 Janeiro 2012.<br><\/li>\n<\/ul>\n\n\n\n<h2 class=\"wp-block-heading\">2011<\/h2>\n\n\n\n<ul>\n<li><a href=\"https:\/\/socius.rc.iseg.ulisboa.pt\/novidades\/Curso%20de%20Formacao_CES_SOCIUS_17Dezembro.pdf\">Curso Desigualdades Ambientais<\/a>, CES\/SOCIUS, 17 Dezembro 2011.<br><\/li>\n\n\n\n<li><a href=\"https:\/\/socius.rc.iseg.ulisboa.pt\/novidades\/Exp_Sociologia_Fiscal_12-16_Dezembro_2011.pdf\">Investiga\u00e7\u00e3o Experi\u00eancia em Sociologia Fiscal,<\/a>&nbsp;SOCIUS, 12 &#8211; 16 Dezembro 2011.<br><\/li>\n\n\n\n<li>Doutoramento em Sociologia Econ\u00f3mica e das Organiza\u00e7\u00f5es, Semin\u00e1rio&nbsp;<a href=\"https:\/\/socius.rc.iseg.ulisboa.pt\/novidades\/7.dezembro.2011.pdf\">Envelhecimento e pol\u00edticas p\u00fablicas em Portugal,<\/a>&nbsp;SOCIUS\/ISEG-UTL, 7 Dezembro 2011.<br><\/li>\n\n\n\n<li>Semin\u00e1rio&nbsp;<a href=\"https:\/\/socius.rc.iseg.ulisboa.pt\/novidades\/Seminario_25_Novembro_2011.pdf\">Design of Experiments<\/a>&nbsp;(DOE), SOCIUS, 25 Novembro 2011.<br><\/li>\n\n\n\n<li>Doutoramento em Sociologia Econ\u00f3mica e das Organiza\u00e7\u00f5es, Semin\u00e1rio&nbsp;<a href=\"https:\/\/socius.rc.iseg.ulisboa.pt\/novidades\/22%20Novembro.2011.UV.pdf\">A Paix\u00e3o de Empreender<\/a>, SOCIUS\/ISEG-UTL, 22 Novembro 2011.<br><\/li>\n\n\n\n<li>Confer\u00eancia&nbsp;<a href=\"https:\/\/socius.rc.iseg.ulisboa.pt\/novidades\/Conferencia_18_19_Novembro_2011.pdf\">Rumos da Sociologia do Conhecimento, Ci\u00eancia e Tecnologia em Portugal<\/a>, Org. APS, CICS, SOCIUS, 18-19 Novembro 2011.&nbsp;<a href=\"https:\/\/socius.rc.iseg.ulisboa.pt\/novidades\/Programa_Rumos_Soc_Conh_Ciencia_tecnologia_ISEG_18-19_Novembro_2011.pdf\">Programa<\/a><br><\/li>\n\n\n\n<li>Lan\u00e7amento do livro&nbsp;<a href=\"http:\/\/www.almedina.net\/catalog\/product_info.php?products_id=15611\">Responsabilidade Social &#8211; Uma Vis\u00e3o Ibero-Americana<\/a>, CES, SOCIUS, Livraria Almedina, 14 Novembro 2011.<br><\/li>\n\n\n\n<li>Confer\u00eancia Internacional<a href=\"https:\/\/socius.rc.iseg.ulisboa.pt\/novidades\/Professional_regulation_international_conference%20FINAL.Nov.2011.pdf\">&nbsp;PROFESSIONAL REGULATION<\/a>, Org. SOCIUS, SPPC, European Parliament in Portugal, Parlamento Europeu, 11 &#8211; 12 Novembro 2011.<br><\/li>\n\n\n\n<li>Doutoramento em Sociologia Econ\u00f3mica e das Organiza\u00e7\u00f5es, Semin\u00e1rio&nbsp;<a href=\"https:\/\/socius.rc.iseg.ulisboa.pt\/novidades\/10.Novembro.2011.pdf\">&#8220;A new professionalism? Changes, challenges and opportunities&#8221;<\/a>, SOCIUS\/ISEG-UTL, 10 Novembro 2011.<br><\/li>\n\n\n\n<li>Semin\u00e1rio&nbsp;<a href=\"https:\/\/socius.rc.iseg.ulisboa.pt\/novidades\/Seminario_9_Novembro_2011.pdf\">Design of Experiments (DOE)<\/a>, SOCIUS, 9 Novembro 2011.<br><\/li>\n\n\n\n<li>Workshop&nbsp;<a href=\"http:\/\/pascal.iseg.utl.pt\/~socius\/IWSEA2011\/?Home\">2nd International Workshop on the Socio-Economics of Ageing<\/a>, SOCIUS e UECE, 4 Novembro 2011.<br><\/li>\n\n\n\n<li>Doutoramento em Sociologia Econ\u00f3mica e das Organiza\u00e7\u00f5es, Semin\u00e1rio A crise financeira e o Euro: uma an\u00e1lise socioecon\u00f3mica do caso portugu\u00eas, SOCIUS, UECE, ISEG-UTL, 13 Outubro 2011.<br><\/li>\n\n\n\n<li>Semin\u00e1rios&nbsp;<a href=\"https:\/\/socius.rc.iseg.ulisboa.pt\/novidades\/Seminarios_22_Setembro_2011.2.pdf\">Gest\u00e3o da Inova\u00e7\u00e3o Aberta: Modelo de Acesso \u00e0 Inova\u00e7\u00e3o Tecnol\u00f3gica e Mitiga\u00e7\u00e3o do Risco Tecnol\u00f3gico no Processo de Acesso \u00e0 Inova\u00e7\u00e3o<\/a>, SOCIUS, 22 Setembro 2011.<br><\/li>\n\n\n\n<li><a href=\"https:\/\/socius.rc.iseg.ulisboa.pt\/novidades\/Cartaz_Conferencia_Internacional_11-12Julho2011.UV2.pdf\">Confer\u00eancia Internacional Institui\u00e7\u00f5es Religiosas e Comunidades Migrantes<\/a>, CEMRI\/UAb, SOCIUS\/ISEG-UTL, Obra Cat\u00f3lica Port. de Migra\u00e7\u00f5es, Scalabrini International Migration Network, U.Val\u00eancia\/MIM, 11-12 Julho 2011.&nbsp;<a href=\"https:\/\/socius.rc.iseg.ulisboa.pt\/novidades\/Programa_Conferencia_Internacional_11-12Julho2011UV2.pdf\">Programa<\/a><br><\/li>\n\n\n\n<li>Confer\u00eancia Internacional &#8211; The Study of Angola: Towards a New Research Agenda &#8211; Org. Dep. Politics and Int. Relations\/Oxford Univ. e SOCIUS\/ISEG-UTL, 1-2 Julho 2011, St Peter\u2019s College, Oxford University.<br><\/li>\n\n\n\n<li>Semin\u00e1rio&nbsp;<a href=\"https:\/\/socius.rc.iseg.ulisboa.pt\/novidades\/Seminario_22_Junho_2011.pdf\">Din\u00e2mica de grupo numa perspectiva autogestiva: estudo de caso sobre a Somaterapia<\/a>, SOCIUS, 22 Junho 2011.<br><\/li>\n\n\n\n<li>WORKSHOPS &#8211; Metodologias de Investiga\u00e7\u00e3o,&nbsp;<a href=\"https:\/\/socius.rc.iseg.ulisboa.pt\/novidades\/5_Programa_Analise_Multivariada.UV.pdf\">An\u00e1lise de Dados Multivariada<\/a>, 17, 18, 24 e 25 Junho 2011<br><\/li>\n\n\n\n<li><a href=\"https:\/\/socius.rc.iseg.ulisboa.pt\/novidades\/PROG%20PF%202011.pdf\">Grandes Li\u00e7\u00f5es Pr\u00f3ximo Futuro<\/a>, Produ\u00e7\u00e3o, utiliza\u00e7\u00e3o e partilha do conhecimento na economia global, Prof\u00aa. Margarida Chagas Lopes (SOCIUS\/ISEG-UTL), Funda\u00e7\u00e3o Calouste Gulbenkian, 17 Junho 2011.<br><a href=\"https:\/\/socius.rc.iseg.ulisboa.pt\/novidades\/LICOES%20PF%20Parte%202.pdf\">Programa<\/a><br><\/li>\n\n\n\n<li>Confer\u00eancia Internacional<a href=\"https:\/\/socius.rc.iseg.ulisboa.pt\/novidades\/CARTAZ_Conferencia_Jacques_Ellul_final_2.pdf\">&nbsp;Rethinking Jacques Ellul and the Technological Society in the 21st Century<\/a>, ICS-UL e SOCIUS\/ISEG-UTL, Universidade de Lisboa, 17-18 Junho 201. Programa<br><\/li>\n\n\n\n<li>Workshop&nbsp;<a href=\"https:\/\/socius.rc.iseg.ulisboa.pt\/novidades\/Workshop_9_Junho_2011.UV.pdf\">Desenvolvimento Sustent\u00e1vel, Terceiro Sector e Redes Sociais<\/a>, SOCIUS, 9 Junho 2011.<br><\/li>\n\n\n\n<li>Semin\u00e1rio&nbsp;<a href=\"https:\/\/socius.rc.iseg.ulisboa.pt\/novidades\/Seminario_7_Junho_2011.pdf\">Rela\u00e7\u00f5es Complexas na Administra\u00e7\u00e3o da Produ\u00e7\u00e3o: um estudo com jogos empresariais<\/a>, SOCIUS, 7 Junho 2011.<br><\/li>\n\n\n\n<li>Workshop&nbsp;<a href=\"https:\/\/socius.rc.iseg.ulisboa.pt\/novidades\/flyer_Workshop_24_Maio_2011_programa_completo.pdf\">Ci\u00eancia, Tecnologia e Sociedade: Novos Desafios Rumo \u00e0 Cidadania<\/a>, SOCIUS, 24 Maio 2011.<br><\/li>\n\n\n\n<li>Programa Doutoramento em Estudos do Desenvolvimento, Semin\u00e1rio&nbsp;<a href=\"https:\/\/socius.rc.iseg.ulisboa.pt\/novidades\/Seminario_PhDED_20_Maio_2011.pdf\">The cost of violence and the benefits of peace for development<\/a>, SOCIUS\/ISEG-UTL, 20 Maio 2011.<br><\/li>\n\n\n\n<li>Semin\u00e1rio&nbsp;<a href=\"https:\/\/socius.rc.iseg.ulisboa.pt\/novidades\/Seminario_9_Maio_2011.pdf\">Financial Abuse in Late Life: Victims, Perpetrators, and Outcomes,&nbsp;<\/a>SOCIUS, 9 Maio 2011.<br><\/li>\n\n\n\n<li>Programa de Doutoramento em Estudos do Desenvolvimento, Semin\u00e1rio&nbsp;<a href=\"https:\/\/socius.rc.iseg.ulisboa.pt\/novidades\/Seminario_PhDED_6_Maio_2011.pdf\">China como fonte de financiamento para \u00c1frica<\/a>, SOCIUS\/ISEG-UTL, 6 Maio 2011.<br><\/li>\n\n\n\n<li>4\u00aa edi\u00e7\u00e3o&nbsp;<a href=\"http:\/\/www.diasdodesenvolvimento.org\/dotnetnuke\/Home\/tabid\/36\/Default.aspx\">Os Dias do Desenvolvimento<\/a>&nbsp;2011, IPAD &#8211; Instituto Portugu\u00eas de Apoio ao Desenvolvimento, participa\u00e7\u00e3o SOCIUS\/ISEG-UTL,5 &#8211; 6 Maio 2011.<br><\/li>\n\n\n\n<li>Semin\u00e1rio&nbsp;<a href=\"https:\/\/socius.rc.iseg.ulisboa.pt\/novidades\/Seminario_4_Maio_2011.pdf\">O Segredo da M\u00e1scara: Elites Carism\u00e1ticas de Mo\u00e7ambique<\/a>, SOCIUS, 4 Maio 2011<br><\/li>\n\n\n\n<li>Semin\u00e1rio&nbsp;<a href=\"https:\/\/socius.rc.iseg.ulisboa.pt\/novidades\/Seminario_26_Abril_2011.pdf\">Processo de Transfer\u00eancia de Tecnologia Universidade &#8211; Empresa<\/a>, SOCIUS, 26 Abril 2011.<br><\/li>\n\n\n\n<li>Workshop&nbsp;<a href=\"https:\/\/socius.rc.iseg.ulisboa.pt\/novidades\/Workshop_18_Abril_2011.pdf\">NOVAS TEND\u00caNCIAS DAS MIGRA\u00c7\u00d5ES NO BRASIL: RETORNO E POL\u00cdTICAS MIGRAT\u00d3RIAS<\/a>, ISCTE-IUL e SOCIUS\/ISEG-UTL, 18 Abril 2011.<br><\/li>\n\n\n\n<li>Programa de Doutoramento em Sociologia Econ\u00f3mica e das Organiza\u00e7\u00f5es, Semin\u00e1rio&nbsp;<a href=\"https:\/\/socius.rc.iseg.ulisboa.pt\/novidades\/Seminario_14_Abril_2011.pdf\">Contribui\u00e7\u00f5es da sociologia econ\u00f3mica e da gest\u00e3o para o desenvolvimento territorial sustent\u00e1vel<\/a>, ISEG, 14 Abril 2011<br><\/li>\n\n\n\n<li>Workshop&nbsp;<a href=\"https:\/\/socius.rc.iseg.ulisboa.pt\/novidades\/Workshop_14_Abril_Programa.pdf\">Crise do Trabalho, Emprego e Regula\u00e7\u00e3o &#8211; o papel da Educa\u00e7\u00e3o, Forma\u00e7\u00e3o e R&amp;D<\/a>, ISEG, 14 de Abril, 2011<br><\/li>\n\n\n\n<li>Programa de Doutoramento em Estudos do Desenvolvimento, Semin\u00e1rio&nbsp;<a href=\"https:\/\/socius.rc.iseg.ulisboa.pt\/novidades\/Seminario_PhDED_18_Marco_2011.pdf\">Instabilidade pol\u00edtica e crescimento econ\u00f3mico<\/a>, SOCIUS\/ISEG-UTL, 18 Mar\u00e7o 2011.<br><\/li>\n\n\n\n<li>Workshop Rede RCAP:&nbsp;<a href=\"https:\/\/socius.rc.iseg.ulisboa.pt\/novidades\/Workshop_14_Marco_2011.pdf\">Rela\u00e7\u00f5es Complexas na Administra\u00e7\u00e3o da Produ\u00e7\u00e3o,<\/a>&nbsp;SOCIUS, 14 Mar\u00e7o 2011.<br><\/li>\n\n\n\n<li>Programa de Doutoramento em Sociologia Econ\u00f3mica e das Organiza\u00e7\u00f5es, Semin\u00e1rio&nbsp;<a href=\"https:\/\/socius.rc.iseg.ulisboa.pt\/novidades\/Seminario_3_Marco_2011.pdf\">The theory and practice of developing sustainability: research implications<\/a>, David Crowther, SOCIUS\/ISEG-UTL, 3 Mar\u00e7o 2011.<br><\/li>\n\n\n\n<li>Col\u00f3quio&nbsp;<a href=\"https:\/\/socius.rc.iseg.ulisboa.pt\/novidades\/Programa_Coloquio_25-02-2011.pdf\">Cortes Salariais e Compensa\u00e7\u00e3o por Despedimento<\/a>, JUTRA e SOCIUS, 25 Fevereiro 2011.<br><\/li>\n\n\n\n<li>Semin\u00e1rio&nbsp;<a href=\"https:\/\/socius.rc.iseg.ulisboa.pt\/novidades\/Seminario_PedroMelo_1Fevereiro2011.pdf\">Educa\u00e7\u00e3o Superior Brasileira: realidade e cen\u00e1rios prospectivos<\/a>, Pedro Ant\u00f4nio de Melo, SOCIUS\/ISEG-UTL, 1 Fevereiro 2011.<br><\/li>\n\n\n\n<li>Semin\u00e1rio<a href=\"https:\/\/socius.rc.iseg.ulisboa.pt\/novidades\/Seminario_AnaLucia_1Fevereiro2011.pdf\">&nbsp;Compet\u00eancias Empreendedoras no Instituto Superior de Economia e Gest\u00e3o da Universidade T\u00e9cnica de Lisboa: estudo de caso<\/a>, Ana L\u00facia Schmitz, SOCIUS\/ISEG-UTL, 1 Fevereiro 2011.<br><\/li>\n\n\n\n<li>Semin\u00e1rio&nbsp;<a href=\"https:\/\/socius.rc.iseg.ulisboa.pt\/novidades\/Seminario_Agua_e_Participacao_18Jan2011.pdf\">&#8220;\u00c1GUA E PARTICIPA\u00c7\u00c3O&#8221; GEST\u00c3O PARTICIPADA DA \u00c1GUA: OBST\u00c1CULOS, DESAFIOS E POTENCIAL&nbsp;<\/a>, ICS e SOCIUS, 18 Janeiro 2011.<br><\/li>\n\n\n\n<li>Semin\u00e1rio&nbsp;<a href=\"https:\/\/socius.rc.iseg.ulisboa.pt\/novidades\/Seminario_HeidyRamos_7Janeiro2011.pdf\">Proposi\u00e7\u00e3o de uma Metodologia de Internacionaliza\u00e7\u00e3o dos Grupos Produtores de Etanol do Setor Sucroenerg\u00e9tico do Brasil&nbsp;<\/a>, Heidy Ramos, SOCIUS\/ISEG-UTL, 7 Janeiro 2011.<br><\/li>\n<\/ul>\n\n\n\n<h2 class=\"wp-block-heading\">2010<\/h2>\n\n\n\n<ul>\n<li>I SEMIN\u00c1RIO \u00c1FRICA: ECONOMIA E RELA\u00c7\u00d5ES INTERNACIONAIS 2010,&nbsp;<a href=\"https:\/\/socius.rc.iseg.ulisboa.pt\/novidades\/15_Dezembro_2010_Seminario_Africa_Economia_Relacoes_Internacionais(2).pdf\">A internacionaliza\u00e7\u00e3o da Sumol + Compal em \u00c1frica<\/a>, SOCIUS\/ISEG-UTL, 15 Dezembro 2010.<br><\/li>\n\n\n\n<li>II SEMIN\u00c1RIO COOPERA\u00c7\u00c3O INTERNACIONAL PARA O DESENVOLVIMENTO 2010,&nbsp;<a href=\"https:\/\/socius.rc.iseg.ulisboa.pt\/novidades\/15_Dezembro_2010_Seminario_Cooperacao_Internacional_Desenvolvimento(2).pdf\">Coopera\u00e7\u00e3o Descentralizada Pr\u00edncipe-Portugal: efici\u00eancia da exist\u00eancia de redes de coopera\u00e7\u00e3o<\/a>, SOCIUS\/ISEG-UTL, 15 Dezembro 2010.<br><\/li>\n\n\n\n<li>I SEMIN\u00c1RIO \u00c1FRICA: ECONOMIA E RELA\u00c7\u00d5ES INTERNACIONAIS 2010,&nbsp;<a href=\"https:\/\/socius.rc.iseg.ulisboa.pt\/novidades\/13_Dezembro_2010_Seminario_Africa_Economia_Relacoes_Internacionais.pdf\">Modelos de internacionaliza\u00e7\u00e3o no espa\u00e7o lus\u00f3fono, a experi\u00eancia de Angola&nbsp;<\/a>, SOCIUS\/ISEG-UTL, 13 Dezembro 2010.<br><\/li>\n\n\n\n<li>Workshop Institutions and<a href=\"https:\/\/socius.rc.iseg.ulisboa.pt\/novidades\/Programa_Workshop_Institutions_Organizational_Environments.pdf\">&nbsp;Organizational EnvironmentsTowards and Ethnography of Complex Systems<\/a>, ICS\/UL e SOCIUS\/ISEG, 2-3 Dezembro 2010.<br><\/li>\n\n\n\n<li>II SEMIN\u00c1RIO COOPERA\u00c7\u00c3O INTERNACIONAL PARA O DESENVOLVIMENTO 2010,&nbsp;<a href=\"https:\/\/socius.rc.iseg.ulisboa.pt\/novidades\/29_Novembro_2010_Seminario_Cooperacao_Internacional_Desenvolvimento.pdf\">ONGs na Ajuda de Emerg\u00eancia ao Haiti: &#8220;Un Techo para Mi Pais<\/a>, SOCIUS\/ISEG-UTL, 29 Novembro 2010.<br><\/li>\n\n\n\n<li>I SEMIN\u00c1RIO \u00c1FRICA: ECONOMIA E RELA\u00c7\u00d5ES INTERNACIONAIS 2010,&nbsp;<a href=\"https:\/\/socius.rc.iseg.ulisboa.pt\/novidades\/29_Novembro_2010_Seminario_Africa_Economia_Relacoes_Internacionais.pdf\">A China em \u00c1frica &#8211; dimens\u00e3o estrat\u00e9gica e econ\u00f3mica&nbsp;<\/a>, SOCIUS\/ISEG-UTL, 29 Novembro 2010.<br><\/li>\n\n\n\n<li>Col\u00f3quio Internacional de homenagem a Maria Ioannis Baganha,&nbsp;<a href=\"https:\/\/socius.rc.iseg.ulisboa.pt\/novidades\/26.Novembro.2010.pdf\">Migra\u00e7\u00f5es na Europa e em Portugal<\/a>&nbsp;, CES, CEG, CEMRI, CESNOVA, CIES, FLAD e SOCIUS, 26 Novembro 2010.<br><\/li>\n\n\n\n<li>Programa de Doutoramento em Estudos de Desenvolvimento, Semin\u00e1rio&nbsp;<a href=\"https:\/\/socius.rc.iseg.ulisboa.pt\/novidades\/10%20Novembro.2010.pdf\">Imigra\u00e7\u00e3o, emigra\u00e7\u00e3o e mercados de trabalho: o lugar de Portugal no espa\u00e7o europeu<\/a>, Prof. Jo\u00e3o Peixoto, SOCIUS\/ISEG-UTL, 10 Novembro 2010.<br><\/li>\n\n\n\n<li>Semin\u00e1rio&nbsp;<a href=\"https:\/\/socius.rc.iseg.ulisboa.pt\/novidades\/Seminario_HeidyRamos_9Novembro2010.pdf\">Proposi\u00e7\u00e3o de uma metodologia de Internacionaliza\u00e7\u00e3o dos Grupos Produtores de Etanol do Setor Sucroenerg\u00e9tico do Brasil<\/a>&nbsp;, Heidy Ramos (FEA-USP), SOCIUS, 9 Novembro 2010.<br><\/li>\n\n\n\n<li>Programa de Doutoramento em Sociologia Econ\u00f3mica e das Organiza\u00e7\u00f5es, Semin\u00e1rio&nbsp;<a href=\"https:\/\/socius.rc.iseg.ulisboa.pt\/novidades\/8%20novembro.2010.pdf\">Personas, Comunidades y Organizaciones en la Sociedad Contempor\u00e1nea<\/a>&nbsp;, Prof. Carlos D\u00edaz (Universidade Complutense de Madrid), SOCIUS\/ISEG-UTL, 8 Novembro 2010.<br><\/li>\n\n\n\n<li><a href=\"http:\/\/www.gulbenkian.pt\/proximofuturo\">PR\u00d3XIMO FUTURO<\/a>&nbsp;Programa Gulbenkian de Cultura Contempor\u00e2nea dedicado \u00e0 investiga\u00e7\u00e3o, com a participa\u00e7\u00e3o do SOCIUS entre outros Centros de Investiga\u00e7\u00e3o. 4\u00ba Workshop de Investiga\u00e7\u00e3o:<a href=\"https:\/\/socius.rc.iseg.ulisboa.pt\/novidades\/4WI_Felicidade_cartaz.UV..pdf\">&nbsp;\u201cFelicidade\u201d<\/a>, 4 &#8211; 5 Novembro 2010.&nbsp;<a href=\"https:\/\/socius.rc.iseg.ulisboa.pt\/novidades\/Programa.Felicidade.Nov.%202010.pdf\">Programa<\/a><br><\/li>\n\n\n\n<li>Programa de Doutoramento em Sociologia Econ\u00f3mica e das Organiza\u00e7\u00f5es, Semin\u00e1rio&nbsp;<a href=\"https:\/\/socius.rc.iseg.ulisboa.pt\/novidades\/4%20Novembro.2010.pdf\">Economic Sociology in France: recent trends&nbsp;<\/a>Prof. Philippe Steiner (Univ. de Paris IV &#8211; Sorbonne), SOCIUS\/ISEG-UTL, 4 Novembro 2010.<br><\/li>\n\n\n\n<li><a href=\"https:\/\/socius.rc.iseg.ulisboa.pt\/novidades\/ACP_Apresentacao_Observatorio.2010.pdf\">Observat\u00f3rio ACP sobre Migra\u00e7\u00f5es<\/a>&nbsp;, Bruxelas, B\u00e9lgica, 25-28 Outubro 2010&nbsp;<a href=\"https:\/\/socius.rc.iseg.ulisboa.pt\/novidades\/PT_Programa_provisorio_Evento_Lancamento_Observatorio_Migracoes.2010.pdf\">Programa<\/a><br><\/li>\n\n\n\n<li>Semin\u00e1rio&nbsp;<a href=\"https:\/\/socius.rc.iseg.ulisboa.pt\/novidades\/Seminario_AnaLucia_27Outubro2010.pdf\">Compet\u00eancias Empreendedoras dos Gestores do Instituto Superior de Economia e Gest\u00e3o da Universidade T\u00e9cnica de Lisboa&nbsp;<\/a>, SOCIUS, 27 Outubro 2010.<br><\/li>\n\n\n\n<li>Semin\u00e1rio&nbsp;<a href=\"https:\/\/socius.rc.iseg.ulisboa.pt\/novidades\/Seminario_27Outubro2010.pdf\">Rela\u00e7\u00f5es Universidade &#8211; Empresa no Processo de Desenvolvimento de Transfer\u00eancia de Conhecimento Cient\u00edfico e Tecnol\u00f3gico no Brasil<\/a>&nbsp;, SOCIUS, 27 Outubro 2010.<br><\/li>\n\n\n\n<li>I SEMIN\u00c1RIO &#8220;\u00c1FRICA: ECONOMIA E RELA\u00c7\u00d5ES INTERNACIONAIS 2010&#8221;,&nbsp;<a href=\"https:\/\/socius.rc.iseg.ulisboa.pt\/novidades\/27_Outubro_2010_Seminario_Africa_Economia_Relacoes_Internacionais.pdf\">Forced Labor in Colonial Africa Reconsidered: Professionalism, Paternalism and Profits on Angola\u2019s Diamond Mines, 1917-75&nbsp;<\/a>, SOCIUS\/ISEG-UTL, 27 Outubro 2010.<br><\/li>\n\n\n\n<li>Semin\u00e1rio<a href=\"https:\/\/socius.rc.iseg.ulisboa.pt\/novidades\/Seminario_Giovani_22Outubro2010.pdf\">&nbsp;A Constru\u00e7\u00e3o Social do Conhecimento nas Organiza\u00e7\u00f5es: Um Percurso de Investiga\u00e7\u00e3o<\/a>&nbsp;, Giovani Ehrhardt, SOCIUS, 22 Outubro 2010.<br><\/li>\n\n\n\n<li>II SEMIN\u00c1RIO &#8220;COOPERA\u00c7\u00c3O INTERNACIONAL PARA O DESENVOLVIMENTO 2010&#8221; &#8211;&nbsp;<a href=\"https:\/\/socius.rc.iseg.ulisboa.pt\/novidades\/20_Outubro_2010_Seminario_Cooperacao_Internacional_Desenvolvimento.pdf\">Coopera\u00e7\u00e3o Sul-Sul na Am\u00e9rica Latina&nbsp;<\/a>, SOCIUS\/ISEG-UTL, 20 Outubro 2010.<br><\/li>\n\n\n\n<li>I SEMIN\u00c1RIO &#8220;\u00c1FRICA: ECONOMIA E RELA\u00c7\u00d5ES INTERNACIONAIS 2010&#8221; &#8211;&nbsp;<a href=\"https:\/\/socius.rc.iseg.ulisboa.pt\/novidades\/20_Outubro_2010_Seminario_Africa_Economia_Relacoes_Internacionais.pdf\">A Inser\u00e7\u00e3o Internacional da \u00c1frica: novas caracter\u00edsticas de uma velha depend\u00eancia baseada nos recursos naturais<\/a>, SOCIUS\/ISEG-UTL, 20 Outubro 2010.<br><\/li>\n\n\n\n<li>Semin\u00e1rio<a href=\"https:\/\/socius.rc.iseg.ulisboa.pt\/novidades\/MigracoesInternacionaisCartaz-versaofinal18Outubro.2010.pdf\">&nbsp;&#8220;Migra\u00e7\u00f5es Internacionais: Brasileiros no Mundo&#8221;<\/a>, SOCIUS\/CIES\/CES, 18 de Outubro de 2010.<br><\/li>\n\n\n\n<li>Semin\u00e1rio de Coopera\u00e7\u00e3o Institucional sobre Educa\u00e7\u00e3o \u00e0 Dist\u00e2ncia em Gest\u00e3o das Organiza\u00e7\u00f5es,&nbsp;<a href=\"https:\/\/socius.rc.iseg.ulisboa.pt\/novidades\/Seminario_12Outubro.2010_cartaz.pdf\">Economia Brasil &#8211; Portugal e seu processo de Gest\u00e3o<\/a>, SOCIUS e UFSC, 12 Outubro 2010.&nbsp;<a href=\"https:\/\/socius.rc.iseg.ulisboa.pt\/novidades\/Biografia_participantes_Seminario_12_Outubro.2010.pdf\">Biografia dos Participantes.<\/a><br><\/li>\n\n\n\n<li>Programa de Doutoramento em Sociologia Econ\u00f3mica e das Organiza\u00e7\u00f5es Semin\u00e1rio Forma\u00e7\u00e3o Avan\u00e7ada,&nbsp;<a href=\"https:\/\/socius.rc.iseg.ulisboa.pt\/novidades\/6%20Outubro.2010.pdf\">Pol\u00edtica e desenvolvimento: faz sentido falar em desenvolvimento pol\u00edtico?<\/a>&nbsp;Jo\u00e3o Carlos Gra\u00e7a, SOCIUS\/ISEG-UTL, 6 Outubro 2010.<br><\/li>\n\n\n\n<li>Semin\u00e1rio&nbsp;<a href=\"https:\/\/socius.rc.iseg.ulisboa.pt\/novidades\/Seminario_30Julho.2010.pdf\">A natureza na forma\u00e7\u00e3o de educa\u00e7\u00e3o f\u00edsica: um di\u00e1logo entre ci\u00eancias sociais, economia e educa\u00e7\u00e3o<\/a>&nbsp;, Soraya Corr\u00eaa Domingues, SOCIUS\/ISEG-UTL, 30 Julho 2010.<br><\/li>\n\n\n\n<li>Semin\u00e1rio&nbsp;<a href=\"https:\/\/socius.rc.iseg.ulisboa.pt\/novidades\/Seminario_29Julho.2010_SOCIUS_cartaz.pdf\">Redes e Mundializa\u00e7\u00e3o: resgatanto a natureza pol\u00edtica da decis\u00e3o p\u00fablica&nbsp;<\/a>, Paulo Em\u00edlio Matos Martins, SOCIUS\/ISEG-UTL, 29 Julho 2010.<br><\/li>\n\n\n\n<li>Programa de Doutoramento em Sociologia Econ\u00f3mica e das Organiza\u00e7\u00f5es, Semin\u00e1rio de Investiga\u00e7\u00e3o&nbsp;<a href=\"https:\/\/socius.rc.iseg.ulisboa.pt\/novidades\/22%20julho.2010.pdf\">Economia Solid\u00e1ria no Brasil e em Portugal&nbsp;<\/a>, Igor Valentim, SOCIUS\/ISEG-UTL, 22 Julho 2010.<br><\/li>\n\n\n\n<li>Workshop&nbsp;<a href=\"https:\/\/socius.rc.iseg.ulisboa.pt\/novidades\/Workshop_21Julho.2010_SOCIUS_cartaz.pdf\">&#8220;Fa\u00e7a o que eu digo, mas n\u00e3o fa\u00e7a o que eu fa\u00e7o!&#8221;: A Contradi\u00e7\u00e3o entre Discurso e Pr\u00e1tica no Contexto Acad\u00e9mico<\/a>, SOCIUS\/ISEG-UTL, 21 Julho 2010 &#8211; Programa.<br><\/li>\n\n\n\n<li>CICLO DE CONFER\u00caNCIAS Perspectivas Interdisciplinares em Ci\u00eancia e Tecnologia&nbsp;<a href=\"https:\/\/socius.rc.iseg.ulisboa.pt\/novidades\/8Julho.2010_CicloConferencia_ICS_SOCIUS.pdf\">Enhacing Human Beings: What is wrong with that?<\/a>, 8 Julho 2010, ICS e SOCIUS\/ISEG-UTL.<br><\/li>\n\n\n\n<li><a href=\"http:\/\/www.lsus.edu\/ba\/isswov\/\">Conference ISSWOV 2010<\/a>&nbsp;&#8211; The Twelfth International Conference of the International Society for thr Study of Work and Organizational Values &#8211; Centro Congressos Estoril, 27 &#8211; 30 Junho 2010.<br><\/li>\n\n\n\n<li>Programa de Doutoramento em Sociologia Econ\u00f3mica e das Organiza\u00e7\u00f5es, Acordo de Coopera\u00e7\u00e3o Cient\u00edfica e Institucional SOCIUS\/ISEG-UTL, ICS\/UL e FCSH\/UNL &#8211;&nbsp;<a href=\"https:\/\/socius.rc.iseg.ulisboa.pt\/novidades\/Seminarios_%202009_2010_SOCIUS_ICS_FCSH.Maio.pdf\">Semin\u00e1rios 2009\/2010<\/a><br><\/li>\n\n\n\n<li>CICLO DE CONFER\u00caNCIAS Perspectivas Interdisciplinares em Ci\u00eancia e Tecnologia,&nbsp;<a href=\"https:\/\/socius.rc.iseg.ulisboa.pt\/novidades\/Seminario_17Junho_ICS_SOCIUS.2010.pdf\">Mudan\u00e7a no conhecimento e na profiss\u00e3o acad\u00e9mica em Portugal<\/a>&nbsp;, Rui Santiago (Univ. Aveiro), ICS &#8211; UL e SOCIUS\/ISEG-UTL, 17 Junho 2010.<br><\/li>\n\n\n\n<li>Programa de Doutoramento em Sociologia Econ\u00f3mica e das Organiza\u00e7\u00f5es, Semin\u00e1rio de Forma\u00e7\u00e3o Avan\u00e7ada<a href=\"https:\/\/socius.rc.iseg.ulisboa.pt\/novidades\/27.%20maio.2010.pdf\">&nbsp;Risco, incerteza e desigualdade de g\u00e9nero na vida privada<\/a>&nbsp;, Manuel Lisboa (CesNova\/FCSH\/UNL), SOCIUS\/ISEG-UTL, 27 Maio 2010.<br><\/li>\n\n\n\n<li>I Semin\u00e1rio Coopera\u00e7\u00e3o Internacional para o Desenvolvimento 2010 &#8211;&nbsp;<a href=\"https:\/\/socius.rc.iseg.ulisboa.pt\/novidades\/18Maio2010.U.Versao.pdf\">O papel da Coopera\u00e7\u00e3o Internacional no Desenvolvimento de Angola<\/a>, Embaixador Marcos Barrica (Embaixador de Angola em Portugal), SOCIUS\/ISEG-UTL, 18 Maio 2010.<br><\/li>\n\n\n\n<li>Semin\u00e1rio Coopera\u00e7\u00e3o Internacional para o Desenvolvimento 2010 &#8211;&nbsp;<a href=\"https:\/\/socius.rc.iseg.ulisboa.pt\/novidades\/17%20Maio%202010.pdf\">Coopera\u00e7\u00e3o inter-municipal e redes: o caso da UCCLA<\/a>, Miguel Anacoreta Correia (Secret\u00e1rio-Geral da Uni\u00e3o das Cidades Capitais de L\u00edngua Portuguesa) , 17 Maio 2010 &#8211;&nbsp;<a href=\"https:\/\/socius.rc.iseg.ulisboa.pt\/novidades\/SeminarioCooperacaoInternacionalparaoDesenvolvimento.2010.pdf\">Programa Geral<\/a><br><\/li>\n\n\n\n<li>Programa de Doutoramento em Sociologia Econ\u00f3mica e das Organiza\u00e7\u00f5es, Semin\u00e1rio de Forma\u00e7\u00e3o Avan\u00e7ada&nbsp;<a href=\"https:\/\/socius.rc.iseg.ulisboa.pt\/novidades\/11%20de%20Maio.2010.pdf\">Research Institutions, Careers and Trajectories in the United States<\/a>, Monica Gaughan (Univ. Ge\u00f3rgia &#8211; EUA) 11 Maio 2010.<br><\/li>\n\n\n\n<li>Semin\u00e1rio Ci\u00eancia e Tecnologia&nbsp;<a href=\"https:\/\/socius.rc.iseg.ulisboa.pt\/novidades\/10%20Maio%202010.Seminario%20Monica%20Gaughan.pdf\">Research Methodologies, with a focus on the Curriculum Vitae&nbsp;<\/a>, Monica Gaughan (Univ. Ge\u00f3rgia &#8211; EUA), SOCIUS, 10 Maio 2010.<br><\/li>\n\n\n\n<li><a href=\"https:\/\/socius.rc.iseg.ulisboa.pt\/novidades\/Workshop_5-7Maio.2010_cart.pdf\">WORKSHOP TERCEIRO SECTOR, REDES E MOVIMENTOS SOCIAIS<\/a>, SOCIUS, 5 e 7 Maio 2010 &#8211;&nbsp;<a href=\"https:\/\/socius.rc.iseg.ulisboa.pt\/novidades\/Workshop_5-7Maio.2010_Programa.pdf\">Programa<\/a><br><\/li>\n\n\n\n<li>Programa de Doutoramento em Sociologia Econ\u00f3mica e das Organiza\u00e7\u00f5es, Semin\u00e1rio de Forma\u00e7\u00e3o Avan\u00e7ada&nbsp;<a href=\"https:\/\/socius.rc.iseg.ulisboa.pt\/novidades\/6%20Maio.2010.pdf\">Estudos P\u00f3s-Coloniais e movimentos Sociais na Am\u00e9rica Latina&nbsp;<\/a>, Ilse Scherer-Warren (UFSC-Brasil), SOCIUS\/ISEG-UTL, 6 Maio 2010.<br><\/li>\n\n\n\n<li>I Semin\u00e1rio Coopera\u00e7\u00e3o Internacional para o Desenvolvimento 2010 &#8211;&nbsp;<a href=\"https:\/\/socius.rc.iseg.ulisboa.pt\/novidades\/Seminario.3.Maio.2010.pdf\">Factores e motiva\u00e7\u00f5es da Ajuda P\u00fablica ao Desenvolvimento de Portugal<\/a>, Jos\u00e9 Pedro Cordeiro, SOCIUS\/ISEG-UTL, 3 Maio 2010.<br><\/li>\n\n\n\n<li>PR\u00d3XIMO FUTURO, 3\u00ba WI<a href=\"https:\/\/socius.rc.iseg.ulisboa.pt\/novidades\/3%20workshop%2021%20e%2022.04.2010.pdf\">&nbsp;\u201cGest\u00e3o das Organiza\u00e7\u00f5es Culturais e Sociais\u201d<\/a>, Funda\u00e7\u00e3o Calouste Gulbenkian, 21 &#8211; 22 Abril 2010 &#8211;&nbsp;<a href=\"https:\/\/socius.rc.iseg.ulisboa.pt\/novidades\/3.%20WI%20PF.pdf\">Programa<\/a><br><\/li>\n\n\n\n<li>3\u00aa edi\u00e7\u00e3o&nbsp;<a href=\"http:\/\/www.diasdodesenvolvimento.org\/dotnetnuke\/Default.aspx\">Os Dias do Desenvolvimento 2010<\/a>&nbsp;, IPAD &#8211; Instituto Portugu\u00eas de Apoio ao Desenvolvimento &#8211; participa\u00e7\u00e3o SOCIUS\/ISEG-UTL, 21 &#8211; 22 Abril 2010.<br><\/li>\n\n\n\n<li>Programa de Doutoramento em Sociologia Econ\u00f3mica e das Organiza\u00e7\u00f5es, Semin\u00e1rio de Forma\u00e7\u00e3o Avan\u00e7ada&nbsp;<a href=\"https:\/\/socius.rc.iseg.ulisboa.pt\/novidades\/22%20ABRIL.2010.pdf\">&#8220;A Responsabilidade Social nas Organiza\u00e7\u00f5es&#8221;<\/a>, Idalina Sardinha, SOCIUS\/ ISEG-UTL, 22 Abril 2010.<br><\/li>\n\n\n\n<li>I Semin\u00e1rio Coopera\u00e7\u00e3o Internacional para o Desenvolvimento 2010 &#8211;<a href=\"https:\/\/socius.rc.iseg.ulisboa.pt\/novidades\/19Abril2010_SeminarioCooperacaoInternacionalparaDesenvolvimento.pdf\">&nbsp;Sa\u00fade em \u00c1frica &#8211; Experi\u00eancias de Coopera\u00e7\u00e3o com ONGs e Ag\u00eancias das Na\u00e7\u00f5es Unidas: Angola, Mo\u00e7ambique, Guin\u00e9-Bissau, Z\u00e2mbia e Malawi<\/a>, Jo\u00e3o Blasques Oliveira, SOCIUS\/ISEG-UTL, 19 Abril 2010.<br><\/li>\n\n\n\n<li>CONFER\u00caNCIA INTERNACIONAL&nbsp;<a href=\"https:\/\/socius.rc.iseg.ulisboa.pt\/novidades\/Conferencia_A_Politica_Externa_de_Angola_no_contexto_internacional.pdf\">A pol\u00edtica externa de Angola no novo contexto internacional&nbsp;<\/a>coordena\u00e7\u00e3o de Jos\u00e9 Francisco Pavia e Manuel Ennes Ferreira, Universidade Lus\u00edada, CEPESE e SOCIUS, 15 Abril 2010.<br><\/li>\n\n\n\n<li>Programa de Doutoramento em Sociologia Econ\u00f3mica e das Organiza\u00e7\u00f5es Semin\u00e1rio de Forma\u00e7\u00e3o Avan\u00e7ada<a href=\"https:\/\/socius.rc.iseg.ulisboa.pt\/novidades\/15%20Abril.2010.pdf\">&nbsp;Live and let die: dilemas da tomada de decis\u00e3o m\u00e9dica&nbsp;<\/a>Helena Serra, SOCIUS\/ISEG-UTL, 15 Abril 2010.<br><\/li>\n\n\n\n<li>Semin\u00e1rio&nbsp;<a href=\"https:\/\/socius.rc.iseg.ulisboa.pt\/novidades\/Seminario_14Abril2010.pdf\">A Import\u00e2ncia do Conhecimento T\u00e1cito para o Processo de Planejamento Estrat\u00e9gico<\/a>&nbsp;Maur\u00edcio Fernandes Ribeiro (UFSC-Brasil), SOCIUS\/ISEG-UTL, 14 Abril 2010.<br><\/li>\n\n\n\n<li>I Semin\u00e1rio Coopera\u00e7\u00e3o Internacional para o Desenvolvimento 2010 &#8211;&nbsp;<a href=\"https:\/\/socius.rc.iseg.ulisboa.pt\/novidades\/5Abril2010_SeminarioCooperacaoInternacionalparaDesenvolvimento.pdf\">Coopera\u00e7\u00e3o na operacionaliza\u00e7\u00e3o da paz: empresas sub-contratadas e economia local &#8211; o caso do Uganda (2006\/07)<\/a>, Afonso Vaz Pinto (Deputy Project Manager &#8211; ES-KO\/UN Missions &#8211; Monuc e Unmis, Uganda) , SOCIUS\/ISEG-UTL, 5 Abril 2010.<\/li>\n\n\n\n<li>CICLO DE CONFER\u00caNCIAS<a href=\"https:\/\/socius.rc.iseg.ulisboa.pt\/novidades\/Conferencia_27Marco.2010_ICS_SOCIUS.pdf\">&nbsp;<u>Perspectivas Interdisciplinares em Ci\u00eancia e Tecnologia<\/u><\/a>, Manuel Fernandez Esquinas (IESA, CSIC), ICS-UL e SOCIUS\/ISEG-UTL, 25 Mar\u00e7o 2010.<\/li>\n\n\n\n<li>Programa de Doutoramento em Sociologia Econ\u00f3mica e das Organiza\u00e7\u00f5es, Semin\u00e1rio de Forma\u00e7\u00e3o Avan\u00e7ada&nbsp;<a href=\"https:\/\/socius.rc.iseg.ulisboa.pt\/novidades\/17%20Marco.2010.pdf\">Os Movimentos Sociais Isl\u00e2micos Integristas no Contexto das Sociedades Contempor\u00e2neas&nbsp;<\/a>Prof. Carlos D\u00edaz (Univ. Complutense de Madrid)<a href=\"https:\/\/socius.rc.iseg.ulisboa.pt\/novidades\/CV_ProfCarlosDiaz.pdf\">&nbsp;Biografia<\/a>&nbsp;, SOCIUS\/ISEG-UTL, 17 de Mar\u00e7o, 2010<br><\/li>\n\n\n\n<li>Semin\u00e1rio&nbsp;<a href=\"https:\/\/socius.rc.iseg.ulisboa.pt\/novidades\/Seminario_17.Marco.2010.pdf\">A Territorialidade das Redes Hoteleiras Espanholas e Portuguesas no Litoral Norte da Bahia Brasil&nbsp;<\/a>, Lirandia Gomes (UNEB-Brasil), SOCIUS\/ISEG-UTL, 17 de Mar\u00e7o, 2010.<br><\/li>\n\n\n\n<li>I Semin\u00e1rio Coopera\u00e7\u00e3o Internacional para o Desenvolvimento 2010&nbsp;<a href=\"https:\/\/socius.rc.iseg.ulisboa.pt\/novidades\/8Marco2010_SeminarioCooperacaoInternacionalparaDesenvolvimento.pdf\">Terramoto no Haiti: o labirinto da ajuda internacional num cen\u00e1rio de cat\u00e1strofe<\/a>, C\u00e2ndida Pinto, SOCIUS\/ISEG-UTL, 8 de Mar\u00e7o, 2010.<br><\/li>\n\n\n\n<li>Programa de Doutoramento em Sociologia Econ\u00f3mica e das Organiza\u00e7\u00f5es,&nbsp;<a href=\"https:\/\/socius.rc.iseg.ulisboa.pt\/novidades\/Seminario.25%20Fevereiro.2010.pdf\">Semin\u00e1rio de Forma\u00e7\u00e3o Avan\u00e7ada Fun\u00e7\u00e3o estrat\u00e9gica da gest\u00e3o de conhecimento para o plano de desenvolvimento institucional (PDI)<\/a>, Maur\u00edcio Fernandes Pereira (UFSC-Brasil), SOCIUS\/ISEG-UTL, 25 de Fevereiro, 2010.<br><\/li>\n\n\n\n<li>PR\u00d3XIMO FUTURO,&nbsp;<a href=\"https:\/\/socius.rc.iseg.ulisboa.pt\/novidades\/2%20workshop.Fev.2010.pdf\">2\u00ba Workshop de Investiga\u00e7\u00e3o \u201cAs Cidades\u201d<\/a>, Funda\u00e7\u00e3o Calouste Gulbenkian, 24 &#8211; 25 Fevereiro 2010 &#8211;&nbsp;<a href=\"https:\/\/socius.rc.iseg.ulisboa.pt\/novidades\/Programa.Prox.Futuro%2024.25.02.2010.pdf\">Programa<\/a><br><\/li>\n\n\n\n<li>WORKSHOP Parcerias entre Investiga\u00e7\u00e3o Fundamental e Aplicada&nbsp;<a href=\"https:\/\/socius.rc.iseg.ulisboa.pt\/novidades\/Workshop_23Fevereiro.2010_Programa.pdf\">DESENVOLVIMENTO SUSTENT\u00c1VEL, TERCEIRO SECTOR E REDES SOCIAIS<\/a>&nbsp;, SOCIUS\/ISEG-UTL, 23 de Fevereiro, 2010.<br><\/li>\n\n\n\n<li>Programa de Doutoramento em Sociologia Econ\u00f3mica e das Organiza\u00e7\u00f5es, Semin\u00e1rio de Forma\u00e7\u00e3o Avan\u00e7ada<a href=\"https:\/\/socius.rc.iseg.ulisboa.pt\/novidades\/5%20Fevereiro.2010.pdf\">&nbsp;Repensar as Pol\u00edticas Sociais de Habita\u00e7\u00e3o Social<\/a>, Isabel Guerra (CET\/ISCTE), 5 de Fevereiro, 2010.<br><\/li>\n\n\n\n<li><a href=\"https:\/\/socius.rc.iseg.ulisboa.pt\/novidades\/Cartaz.Forum.Nacional.2010.pdf\">F\u00f3rum Nacional Empresas, Empres\u00e1rios e Responsabilidade Social: os percursos em Portugal<\/a>&nbsp;&#8211; CES\/UC e SOCIUS\/ISEG-UTL, CES Lisboa, 4 &#8211; 5 de Fevereiro, 2010.<br><\/li>\n\n\n\n<li>Semin\u00e1rio&nbsp;<a href=\"https:\/\/socius.rc.iseg.ulisboa.pt\/novidades\/Seminario_4Fevereiro.2010.pdf\">Capital Social, Redes e Desenvolvimento<\/a>, Ana Maria Ferreira Menezes, SOCIUS-ISEG-UTL, 4 de Fevereiro, 2010<br><\/li>\n\n\n\n<li>Programa de Doutoramento em Sociologia Econ\u00f3mica e das Organiza\u00e7\u00f5es,&nbsp;<a href=\"https:\/\/socius.rc.iseg.ulisboa.pt\/novidades\/3%20FEVEREIRO.2010.pdf\">Semin\u00e1rio de Investiga\u00e7\u00e3o Investimento Portugu\u00eas no Brasil: uma an\u00e1lise do Processo de Internacionaliza\u00e7\u00e3o da Portugal Telecom e dos seus resultados financeiros<\/a>, Manoel Fonseca, SOCIUS-ISEG-UTL, 3 de Fevereiro, 2010.<br><\/li>\n\n\n\n<li>Semin\u00e1rio&nbsp;<a href=\"https:\/\/socius.rc.iseg.ulisboa.pt\/novidades\/Seminario_%2028Janeiro.2010.pdf\">A Cria\u00e7\u00e3o de um Curso de Doutorado em Administra\u00e7\u00e3o (Organiza\u00e7\u00f5es, Desenvolvimento e Sociedade): uma experi\u00eancia em uma Universidade Brasileira<\/a>, Prof. Rolf Hermann Erdman (UFSC\/CSE\/CAD\/CPGA\/NIEPC), ISEG, 28 de Janeiro 2010.<br><\/li>\n\n\n\n<li>Programa de Doutoramento em Sociologia Econ\u00f3mica e das Organiza\u00e7\u00f5es, Semin\u00e1rio de Forma\u00e7\u00e3o Avan\u00e7ada&nbsp;<a href=\"https:\/\/socius.rc.iseg.ulisboa.pt\/novidades\/13%20Janeiro.2010.pdf\">A Valoriza\u00e7\u00e3o da Natureza?!<\/a>, Prof\u00aa. Isabel Mendes, ISEG, 13 de Janeiro, 2010.<br><\/li>\n<\/ul>\n\n\n\n<h2 class=\"wp-block-heading\">2009<\/h2>\n\n\n\n<ul>\n<li>Col\u00f3quio&nbsp;<a href=\"https:\/\/socius.rc.iseg.ulisboa.pt\/novidades\/Programa_Coloquio_18Dezembro.UV.pdf\">Os C\u00f3digos do Trabalho e de Processo do Trabalho e a Justi\u00e7a Laboral<\/a>&nbsp;, SOCIUS\/ISEG-UTL, 18 de Dezembro, 2009.<br><\/li>\n\n\n\n<li>Programa de Doutoramento em Sociologia Econ\u00f3mica e das Organiza\u00e7\u00f5es,&nbsp;<a href=\"https:\/\/socius.rc.iseg.ulisboa.pt\/novidades\/Seminario.17%20dezembro.2009.pdf\">Semin\u00e1rio de Forma\u00e7\u00e3o Avan\u00e7ada Algumas Reflex\u00f5es sobre a Pol\u00edtica Social de Combate \u00e0 Pobreza e \u00e0 Exclus\u00e3o Social<\/a>, Prof. Carlos Farinha (ISEG-UTL\/CEMAPRE), SOCIUS\/ISEG-UTL, 17 de Dezembro, 2009.<br><\/li>\n\n\n\n<li>Workshop<a href=\"https:\/\/socius.rc.iseg.ulisboa.pt\/novidades\/Workshop_10Dezembro_Programa.pdf\">&nbsp;Parcerias entre Investiga\u00e7\u00e3o Fundamental e Aplicada, Desenvolvimento Sustent\u00e1vel, Terceiro Sector e Redes Sociais<\/a>&nbsp;, SOCIUS\/ISEG-UTL,10 de Dezembro, 2009.<br><\/li>\n\n\n\n<li>Semin\u00e1rio&nbsp;<a href=\"https:\/\/socius.rc.iseg.ulisboa.pt\/novidades\/Seminario_9Dezembro.2009.pdf\">Redes Interorganizacionais e Capacidades Competitivas<\/a>, Geraldo Vasconcelos (UFMG), ISEG, 9 de Dezembro, 2009.<br><\/li>\n\n\n\n<li>Programa de Doutoramento em Sociologia Econ\u00f3mica e das Organiza\u00e7\u00f5es, Semin\u00e1rio<a href=\"https:\/\/socius.rc.iseg.ulisboa.pt\/novidades\/3_dezembro_2009_JoaodaMata.pdf\">&nbsp;A Din\u00e2mica de Grupo numa Perspectiva Autogestion\u00e1ria: estudo de caso sobre a Somaterapia<\/a>&nbsp;, Jo\u00e3o da Mata, ISEG, 3 Dezembro 2009.<br><\/li>\n\n\n\n<li>Semin\u00e1rio&nbsp;<a href=\"https:\/\/socius.rc.iseg.ulisboa.pt\/novidades\/Seminario_3Dezembro_MauricioRissi.pdf\">Estudo Comparativo do Processo de Constru\u00e7\u00e3o e Legitima\u00e7\u00e3o do Plano de Desenvolvimento Institucional entre a Universidade Federal de Santa Catarina e a Universidade T\u00e9cnica de Lisboa<\/a>&nbsp;, Mauricio Rissi (INPEAU-UFSC, Brasil), ISEG, 3 Dezembro 2009.<br><\/li>\n\n\n\n<li>Semin\u00e1rio&nbsp;<a href=\"https:\/\/socius.rc.iseg.ulisboa.pt\/novidades\/Seminario_3Dezembro_AndressaPacheco.pdf\">Dimensionamento do Sistema de Transfer\u00eancia de Conhecimento Cient\u00edfico e Tecnol\u00f3gico do SOCIUS\/ISEG-UTL<\/a>, Andressa Pacheco (INPEAU-UFSC, Brasil), ISEG, 3 Dezembro 2009.<br><\/li>\n\n\n\n<li>Programa de Doutoramento em Sociologia Econ\u00f3mica e das Organiza\u00e7\u00f5es, Semin\u00e1rio<a href=\"https:\/\/socius.rc.iseg.ulisboa.pt\/novidades\/26Novembro2009.pdf\">&nbsp;&#8220;La Soledad del trabajador globalizado&#8221;<\/a>, Juan Jos\u00e9 Castillo (Univ. Complutense &#8211; Madrid), ISEG, 26 de Novembro, 2009.<br><\/li>\n\n\n\n<li>Programa de Doutoramento em Sociologia Econ\u00f3mica e das Organiza\u00e7\u00f5es, Semin\u00e1rio Echanges,&nbsp;<a href=\"https:\/\/socius.rc.iseg.ulisboa.pt\/novidades\/25_Novembro_2009.pdf\">Transactions et Lien Sociale<\/a>&nbsp;, Philippe Steiner (Univ. de Paris IV, Sorbonne), ISEG, 25 de Novembro, 2009.<br><\/li>\n\n\n\n<li>Semin\u00e1rio&nbsp;<a href=\"http:\/\/mobiscienceportugal.com\/\">Mobility, Science and Culture, Projecto Mobiscience<\/a>, Instituto de Ci\u00eancias Sociais &#8211; Universidade do Minho, 23 e 24 de Novembro, 2009.<br><\/li>\n\n\n\n<li>Semin\u00e1rio<a href=\"https:\/\/socius.rc.iseg.ulisboa.pt\/novidades\/Seminario_%2017%20Novembro.pdf\">&nbsp;A institucionaliza\u00e7\u00e3o da Responsabilidade Social Empresarial: estudo de casos mult\u00edplos no Sector Autom\u00f3vel do Brasil e de Portugal<\/a>&nbsp;, Leila Ara\u00fajo de Sousa (SOCIUS\/ UFSCAR, Brasil), 17 Novembro 2009.<br><\/li>\n\n\n\n<li>Programa de Doutoramento em Sociologia Econ\u00f3mica e das Organiza\u00e7\u00f5es, Semin\u00e1rio&nbsp;<a href=\"https:\/\/socius.rc.iseg.ulisboa.pt\/novidades\/12.novembro.2009.pdf\">&#8220;O Impacto das Transforma\u00e7\u00f5es Sociais nas Profiss\u00f5es de Sa\u00fade&#8221;<\/a>, David Tavares (Inst. Polit\u00e9cnico de Sa\u00fade de Lisboa), 12 de Novembro, 2009.<br><\/li>\n\n\n\n<li>PR\u00d3XIMO FUTURO,&nbsp;<a href=\"https:\/\/socius.rc.iseg.ulisboa.pt\/novidades\/1Workshop_ProximoFuturo.bmp\">1\u00ba Workshop de Investiga\u00e7\u00e3o &#8220;Respostas \u00e0 Crise&#8221;<\/a>, Funda\u00e7\u00e3o Calouste Gulbenkian, 12 &#8211; 13 Novembro 2009.<br><a href=\"https:\/\/socius.rc.iseg.ulisboa.pt\/novidades\/1%20Workshop%20de%20Investigacao.12-13.Nov.pdf\">Programa<\/a><br><\/li>\n\n\n\n<li>Programa de Doutoramento em Sociologia Econ\u00f3mica e das Organiza\u00e7\u00f5es,&nbsp;<a href=\"https:\/\/socius.rc.iseg.ulisboa.pt\/novidades\/29%20Outubro%202009.pdf\">Semin\u00e1rio EU Goals of Economic Independence for Men and Women<\/a>&nbsp;, Sally Bould(CEPS\/INSTEAD, Luxemburgo\/ University of Delaware, EUA), 29 de Outubro, 2009.<br><\/li>\n\n\n\n<li><a href=\"https:\/\/socius.rc.iseg.ulisboa.pt\/novidades\/Seminario_%2026Outubro.2009.pdf\">Semin\u00e1rio Transfer\u00eancia de conhecimento da Universidade para a Sociedade atrav\u00e9s do tecido Empresarial: um estudo da situa\u00e7\u00e3o em Portugal<\/a>&nbsp;, Walter Iriondo Otero (INPEAU-UFSC, Brasil), 26 de Outubro, 2009.<br><\/li>\n\n\n\n<li>Programa de Doutoramento em Sociologia Econ\u00f3mica e das Organiza\u00e7\u00f5es Semin\u00e1rio,&nbsp;<a href=\"https:\/\/socius.rc.iseg.ulisboa.pt\/novidades\/Seminario.21%20Outubro.2009.pdf\">&#8220;Imigra\u00e7\u00e3o e Rela\u00e7\u00f5es Laborais em Portugal&#8221;<\/a>&nbsp;, Marina Kolarova, 21 de Outubro, 2009.<br><\/li>\n\n\n\n<li><a href=\"https:\/\/socius.rc.iseg.ulisboa.pt\/novidades\/RAS%20e%20Livro%20Exclusao%20Social%20em%20Angola.Out.2009.pdf\">Apresenta\u00e7\u00e3o Revista Angolana de Sociologia e livro &#8220;Exclus\u00e3o Social em Angola&#8221;<\/a>, Paulo de Carvalho (Univ. P\u00fablica de Benguela, Angola), 20 de Outubro, 2009.<br><\/li>\n\n\n\n<li><a href=\"https:\/\/socius.rc.iseg.ulisboa.pt\/novidades\/cartaz.Coloquio.13.14.Out.2009.pdf\">Col\u00f3quio Internacional e Pluridisciplinar \u00c9tica, Crise e Sociedade<\/a>&nbsp;, Faculdade de Ci\u00eancias Sociais e Humanas, Universidade Nova de Lisboa,&nbsp;<a href=\"https:\/\/socius.rc.iseg.ulisboa.pt\/novidades\/ColoquioEticaCriseeSociedade2009_Programa%20Final.pdf\">Programa<\/a>&nbsp;&#8211; 13 e 14 Outubro de 2009.<br><\/li>\n\n\n\n<li>Semin\u00e1rio&nbsp;<a href=\"https:\/\/socius.rc.iseg.ulisboa.pt\/novidades\/Seminario_%2029%20Setembro.Cuira.pdf\">&#8220;A Produ\u00e7\u00e3o de Trabalho Imaterial nas Artes: em cena o Grupo de Teatro Cu\u00edra&#8221;,<\/a>&nbsp;Maria Ang\u00e9lica Alberto (UFP-Brasil), SOCIUS, ISEG, 29 de Setembro, 2009.<br><\/li>\n\n\n\n<li><a href=\"https:\/\/socius.rc.iseg.ulisboa.pt\/novidades\/CartazEncontroAnaliseRedesSociais.2009.pdf\">2\u00ba Encontro de Analistas de Redes Sociais<\/a>&nbsp;e&nbsp;<a href=\"http:\/\/pascal.iseg.utl.pt\/~socius\/novidades\/ProgramaCursoAnaliseRedesSociais.2009.pdf\">Curso de Ver\u00e3o de An\u00e1lise de Redes Sociais<\/a>&nbsp;, ISPA\/SOCIUS\/ICS, Lisboa, 7 &#8211; 11 Setembro, 2009.<br><a href=\"https:\/\/socius.rc.iseg.ulisboa.pt\/novidades\/ProgramaAnaliseRedesSociais.pdf\">Programa<\/a><br><\/li>\n\n\n\n<li><a href=\"http:\/\/www.esa9thconference.com\/\">ESA2009&nbsp;<\/a>&#8211; 9th Conference of European Sociological Association, ISCTE &#8211; IUL, Lisboa, 2 &#8211; 5 Setembro, 2009.<br><\/li>\n\n\n\n<li>Semin\u00e1rio&nbsp;<a href=\"https:\/\/socius.rc.iseg.ulisboa.pt\/novidades\/Cartaz.Convite.Seminario.Bolonha.Setembro.2009.pdf\">&#8220;O Tratado de Bolonha: Desafios e Oportunidade. O Paradigma dos Centros de Excel\u00eancias&#8221;<\/a>, Jos\u00e9 Maria Carvalho Ferreira (SOCIUS\/ ISEG-UTL), Giovani Ehrhardt (SOCIUS), CPGA\/CSE, INPEAU, 2 de Setembro de 2009.<br><\/li>\n\n\n\n<li><a href=\"http:\/\/www.53ica.com\/welcome.html\">ICA &#8211; 53\u00b0 International Congress of Americanists<\/a>, Universidade IberoAmericana, Cidade do M\u00e9xico, 19 a 24 Julho de 2009.<br><\/li>\n\n\n\n<li><a href=\"http:\/\/clegi.fam.ulusiada.pt\/MSKE2009\/\">International Conference on Managing Services in the Knowledge Economy &#8211; MSKE &#8211; 2009<\/a>, Universidade Lus\u00edada de Vila Nova de Famalic\u00e3o, 15 a 17 de Julho de 2009.<br><\/li>\n\n\n\n<li>Semin\u00e1rio<a href=\"https:\/\/socius.rc.iseg.ulisboa.pt\/novidades\/Seminario_%2015Julho.2009.pdf\">&nbsp;&#8220;O Processo de Coopera\u00e7\u00e3o Universidade-Empresa no Brasil&#8221;<\/a>, Pedro Ant\u00f4nio de Melo (Universidade Federal de Santa Catarina &#8211; UFSC, CAPES, INPEAU) SOCIUS\/ ISEG-UTL, 15 de Julho de 2009.<br><\/li>\n\n\n\n<li>5\u00ba Col\u00f3quio Ib\u00e9rico de Cooperativismo e Economia Social,&nbsp;<a href=\"http:\/\/cices.esg.ipsantarem.pt\/\">&#8220;Economia social e desenvolvimento sustent\u00e1vel&#8221;<\/a>, Escola Superior de Gest\u00e3o e Tecnologia de Santar\u00e9m, 10 &#8211; 11 Julho 2009<br><\/li>\n\n\n\n<li><a href=\"https:\/\/socius.rc.iseg.ulisboa.pt\/novidades\/Convite_CONFERENCIA%20INTERNACIONAL%20SOBRE%20POLITICAS_pdf.pdf\">Confer\u00eancia Internacional sobre Pol\u00edticas de Imigra\u00e7\u00e3o na Europa do Sul<\/a>, Projecto de Investiga\u00e7\u00e3o IDEA, SOCIUS, Instituto Universitario de Investigaci\u00f3n Ortega y Gasset e ACIDI, Funda\u00e7\u00e3o Calouste Gulbenkian, 10 de Julho de 2009<br><\/li>\n\n\n\n<li>Forma\u00e7\u00e3o&nbsp;<a href=\"https:\/\/socius.rc.iseg.ulisboa.pt\/novidades\/DRSE.22Junho.2009.pdf\">&#8220;Facilitadores para a Responsabilidade Social das Empresas&#8221;<\/a>, Projecto DRSE EQUAL, SOCIUS\/ ISEG-UTL,&nbsp;<a href=\"https:\/\/socius.rc.iseg.ulisboa.pt\/novidades\/PROGRAMA.DRSE.22.Junho.2009.pdf\">Programa<\/a>&nbsp;&#8211; 22 de Junho a 1 de Julho de 2009<br><\/li>\n\n\n\n<li>Programa de Doutoramento em Sociologia Econ\u00f3mica e das Organiza\u00e7\u00f5es, Semin\u00e1rio&nbsp;<a href=\"https:\/\/socius.rc.iseg.ulisboa.pt\/novidades\/18%20Junho.2009.pdf\">&#8220;As determinantes da procura de produtos de lotaria&#8221;<\/a>, Maria Jo\u00e3o Kaizeler,18 de Junho de 2009.<br><\/li>\n\n\n\n<li>Semin\u00e1rio,&nbsp;<a href=\"https:\/\/socius.rc.iseg.ulisboa.pt\/novidades\/Seminario__17Junho.2009.pdf\">A Organiza\u00e7\u00e3o e Gest\u00e3o (escolar) Autogestion\u00e1ria&nbsp;<\/a>&#8211; Clovis Kassick, Universidade do Sul de Santa Catarina \u2013 UNISUL, 17 de Junho de 2009.<br><\/li>\n\n\n\n<li>Semin\u00e1rio de Estudos P\u00f3s-Graduados da FCSH\/UNL,&nbsp;<a href=\"https:\/\/socius.rc.iseg.ulisboa.pt\/novidades\/Cartaz_%20Jack%20Barbalet.junho.2009.pdf\">&#8220;Disrupting &#8211; and constructing &#8211; theory: Explorations of weber, passions and profits&#8221;<\/a>, Jack Barbalet, 8 de Junho de 2009.<br><\/li>\n\n\n\n<li>Programa de Doutoramento em Sociologia Econ\u00f3mica e das Organiza\u00e7\u00f5es,&nbsp;<a href=\"https:\/\/socius.rc.iseg.ulisboa.pt\/novidades\/5.junho.2009.pdf\">Semin\u00e1rio: Doutorandos do 1\u00ba ano &#8211; Apresenta\u00e7\u00e3o dos Projectos de Tese<\/a>(SOCIUS\/ISEG-UTL, ICS\/UL e FCSH\/UNL), 5 de Junho de 2009.<br><\/li>\n\n\n\n<li>Programa de Doutoramento em Sociologia Econ\u00f3mica e das Organiza\u00e7\u00f5es,&nbsp;<a href=\"https:\/\/socius.rc.iseg.ulisboa.pt\/novidades\/4.junho.2009.pdf\">Semin\u00e1rio: Doutorandos do 2\u00ba e 3\u00ba anos<\/a>&nbsp;(SOCIUS\/ISEG-UTL, ICS\/UL e FCSH\/UNL), 4 de Junho de 2009.<br><\/li>\n\n\n\n<li>Programa de Doutoramento em Sociologia Econ\u00f3mica e das Organiza\u00e7\u00f5es,&nbsp;<a href=\"https:\/\/socius.rc.iseg.ulisboa.pt\/novidades\/Seminarios.2008%202009%20SOCIUS_ICS_FSCH.pdf\">Semin\u00e1rios 2008\/2009<\/a>, SOCIUS\/ISEG, ICS\/UL e FSCH\/UNL.<br><\/li>\n\n\n\n<li><a href=\"https:\/\/socius.rc.iseg.ulisboa.pt\/novidades\/Encontro_Luso-Espanhol.29Maio.2009.pdf\">II Encontro Luso-Espanhol de Sociologia do Conhecimento, da Ci\u00eancia e da Tecnologia<\/a>, ICS, 29 e 30 de Maio de 2009<br><\/li>\n\n\n\n<li><a href=\"https:\/\/socius.rc.iseg.ulisboa.pt\/novidades\/call%20for%20papers%20NONIUS%20May2009.pdf\">2nd NONIUS Seminar &#8220;Controversies, Challenges and Policies : The European knowledge triangle and Portugal&#8221;<\/a>, ISCTE, 29 de Maio de 2009.<br><\/li>\n\n\n\n<li>Programa de Doutoramento em Sociologia Econ\u00f3mica e das Organiza\u00e7\u00f5es, Semin\u00e1rio&nbsp;<a href=\"https:\/\/socius.rc.iseg.ulisboa.pt\/novidades\/14.Maio.2009.pdf\">&#8220;Concep\u00e7\u00f5es de Estado e sua cr\u00edtica: an\u00e1lise actual&#8221;<\/a>, Joaquim Ramos Silva (SOCIUS\/ISEG-UTL), 14 de Maio de 2009.<br><\/li>\n\n\n\n<li>Programa de Doutoramento em Sociologia Econ\u00f3mica e das Organiza\u00e7\u00f5es, Semin\u00e1rio&nbsp;<a href=\"https:\/\/socius.rc.iseg.ulisboa.pt\/novidades\/7.Maio.2009.pdf\">&#8220;Barragens e Sociedade: contributo da etnografia para o estudo dos objectos t\u00e9cnicos&#8221;<\/a>, Sofia Bento (SOCIUS\/ISEG-UTL), 7 de Maio de 2009.<br><\/li>\n\n\n\n<li>Workshop&nbsp;<a href=\"https:\/\/socius.rc.iseg.ulisboa.pt\/novidades\/Workshop%20Mobilidade%20dos%20Investigadores2..pdf\">&#8220;Mobilidade dos Investigadores e Circula\u00e7\u00e3o de Conhecimento&#8221;<\/a>, SOCIUS\/ISEG-UTL, DIN\u00c2MIA, UNIV. MINHO e CEG, 30 de Abril de 2009. Site Mobiscience:&nbsp;<a href=\"http:\/\/mobiscienceportugal.com\/\">http:\/\/mobiscienceportugal.com\/<\/a><br><\/li>\n\n\n\n<li>Ciclo de Confer\u00eancias Tecnoci\u00eancia, Risco e Responsabilidade<br>Confer\u00eancia&nbsp;<a href=\"https:\/\/socius.rc.iseg.ulisboa.pt\/novidades\/24Abril_ICS_SOCIUS.jpg\">&#8220;Armas Biol\u00f3gicas, Armas Nucleares e Dissuas\u00e3o: a Revolu\u00e7\u00e3o da Biotecnologia&#8221;<\/a>, Francisco Galamas (Univ. Cat\u00f3lica Portuguesa), ICS-UL e SOCIUS\/ISEG-UTL, 24 de Abril de 2009.<br><\/li>\n\n\n\n<li>Programa de Doutoramento em Sociologia Econ\u00f3mica e das Organiza\u00e7\u00f5es, Semin\u00e1rio&nbsp;<a href=\"https:\/\/socius.rc.iseg.ulisboa.pt\/novidades\/16%20abril.2009.pdf\">&#8220;Crime e Castigo: a reforma do regime de controle e monitoriza\u00e7\u00e3o das pescas europeias&#8221;<\/a>, Manuel Coelho (SOCIUS\/ISEG-UTL), 16 de Abril de 2009.<br><\/li>\n\n\n\n<li>Programa de Doutoramento em Sociologia Econ\u00f3mica e das Organiza\u00e7\u00f5es, Semin\u00e1rio&nbsp;<a href=\"https:\/\/socius.rc.iseg.ulisboa.pt\/novidades\/8%20Abril.pdf\">&#8220;Migra\u00e7\u00f5es e Redes Sociais&#8221;<\/a>, Isidro Mayo Jariego (Universidade de Sevilha), 8 de Abril de 2009.<br><\/li>\n\n\n\n<li>CICLO DE CONFER\u00caNCIAS Tecnoci\u00eancia, Risco e Responsabilidade Confer\u00eancia &#8220;<a href=\"https:\/\/socius.rc.iseg.ulisboa.pt\/novidades\/Seminario_4Abril.2009.pdf\">Transg\u00e9nicos: entre a liberdade cient\u00edfica e as op\u00e7\u00f5es de consumo&#8221;<\/a>, Christian V\u00e9lot (Universit\u00e9 Paris-Sud XI, France), ICS-UL e SOCIUS\/ISEG-UTL, 4 de Abril de 2009.<br><\/li>\n\n\n\n<li>Programa de Doutoramento em Sociologia Econ\u00f3mica e das Organiza\u00e7\u00f5es, Semin\u00e1rio&nbsp;<a href=\"https:\/\/socius.rc.iseg.ulisboa.pt\/novidades\/26%20marco.2009.pdf\">&#8220;New Challenges in health professional regulation&#8221;<\/a>, Mike Saks (Univ. Lincoln, UK), 26 de Mar\u00e7o de 2009.<br><\/li>\n\n\n\n<li>Semin\u00e1rio&nbsp;<a href=\"https:\/\/socius.rc.iseg.ulisboa.pt\/novidades\/Seminario_19Marco.2009.pdf\">&#8220;Responsabilidade Social Empresarial: o caso do sector salineiro do Rio Grande do Norte (Brasil)&#8221;<\/a>, Carla Montefusco (UFRN, Brasil\/ SOCIUS), 19 de Mar\u00e7o de 2009.<br><\/li>\n\n\n\n<li>Programa de Doutoramento em Sociologia Econ\u00f3mica e das Organiza\u00e7\u00f5es, Semin\u00e1rio&nbsp;<a href=\"https:\/\/socius.rc.iseg.ulisboa.pt\/novidades\/12%20Marco.2009.pdf\">&#8220;Direitos de Propriedade: para uma abordagem sociol\u00f3gica&#8221;<\/a>, Rui Santos, FCSH\/UNL, 12 de Mar\u00e7o de 2009.<br><\/li>\n\n\n\n<li>Programa de Doutoramento em Sociologia Econ\u00f3mica e das Organiza\u00e7\u00f5es, Semin\u00e1rio&nbsp;<a href=\"https:\/\/socius.rc.iseg.ulisboa.pt\/novidades\/5_Marco.2009.pdf\">&#8220;Technoscience and Democracy&#8221;<\/a>, Hugh Lacey (Swarthmore College, PA, EUA\/ Univ. S\u00e3o Paulo, Brasil), 5 de Mar\u00e7o de 2009.<br><\/li>\n\n\n\n<li>Programa de Doutoramento em Sociologia Econ\u00f3mica e das Organiza\u00e7\u00f5es, Semin\u00e1rio&nbsp;<a href=\"https:\/\/socius.rc.iseg.ulisboa.pt\/novidades\/3%20FEVEREIRO.pdf\">&#8220;Investimento Portugu\u00eas no Brasil: uma an\u00e1lise do processo de internacionaliza\u00e7\u00e3o da Portugal Telecom, da sua estrutura organizacional e seus resultados financeiros&#8221;<\/a>, Manoel Fonseca, 3 de Fevereiro de 2009.<br><\/li>\n\n\n\n<li>Programa de Doutoramento em Sociologia Econ\u00f3mica e das Organiza\u00e7\u00f5es, Semin\u00e1rio<a href=\"https:\/\/socius.rc.iseg.ulisboa.pt\/novidades\/15_Janeiro.2009.pdf\">&nbsp;&#8220;Identidade e Cultura no Brasil e Portugal&#8221;<\/a>, On\u00e9simo Teot\u00f3nio de Almeida, Brown University &#8211; USA, 15 de Janeiro de 2009.<\/li>\n<\/ul>\n\n\n\n<h2 class=\"wp-block-heading\">2008<\/h2>\n\n\n\n<ul>\n<li>Programa de Doutoramento em Sociologia Econ\u00f3mica e das Organiza\u00e7\u00f5es, Semin\u00e1rio&nbsp;<a href=\"https:\/\/socius.rc.iseg.ulisboa.pt\/novidades\/11%20dezembro.pdf\">&#8220;As concep\u00e7\u00f5es de risco em processos de peritagem cient\u00edfica marcados pelo conflito&#8221;<\/a>, Helena Jer\u00f3nimo, SOCIUS\/ISEG-UTL, 11 de Dezembro de 2008.<\/li>\n\n\n\n<li>Lan\u00e7amento do Livro&nbsp;<a href=\"https:\/\/socius.rc.iseg.ulisboa.pt\/novidades\/MedicosePoder-3.pdf\">&#8220;M\u00e9dicos e Poder. Transplanta\u00e7\u00e3o Hep\u00e1tica e Tecnocracias&#8221;<\/a>, Helena Serra (SOCIUS\/ISEG-UTL), Almedina Ed., Funda\u00e7\u00e3o para o Desenvolvimento das Ci\u00eancias Econ\u00f3micas Financeiras e Empresariais, 10 de Dezembro de 2008.<\/li>\n\n\n\n<li>Ciclo de Confer\u00eancias Tecnoci\u00eancia, Risco e Responsabilidade,&nbsp;<a href=\"https:\/\/socius.rc.iseg.ulisboa.pt\/novidades\/27Outubro.ICS.pdf\">&#8220;La Dimensi\u00f3n Ambiental en la Teor\u00eda Sociol\u00f3gica&#8221;<\/a>, Jos\u00e9 Esteban de Castro (Newcastle Univ. Reino Unido), ICS-UL e SOCIUS\/ISEG-UTL, 27 de Outubro de 2008.<\/li>\n\n\n\n<li>Ciclo de Confer\u00eancias Tecnoci\u00eancia, Risco e Responsabilidade,&nbsp;<a href=\"https:\/\/socius.rc.iseg.ulisboa.pt\/novidades\/24%20Outubro.pdf\">&#8220;Relevancia de los journals en la difusi\u00f3n de la investigaci\u00f3n en ciencias sociales&#8221;<\/a>, David Fernand\u00e9z Quijada (Univ. Aut\u00f3noma de Barcelona), ICS-UL e SOCIUS\/ISEG-UTL, 24 de Outubro de 2008.<\/li>\n\n\n\n<li>Mostra de Centros de Investiga\u00e7\u00e3o \u201cO ISEG para al\u00e9m do ensino: a Investiga\u00e7\u00e3o ao Servi\u00e7o das Pessoas e das Organiza\u00e7\u00f5es\u201d , ADVANCE\/ CEMAPRE\/ GHES\/ SOCIUS\/ UECE &#8211; ISEG-UTL, &nbsp;6 e 7 de Outubro de 2008.<\/li>\n\n\n\n<li>Semin\u00e1rio Internacional&nbsp;<a href=\"https:\/\/socius.rc.iseg.ulisboa.pt\/novidades\/Semin.24.Julho.pdf\">&#8220;Organiza\u00e7\u00f5es, Trabalho e Sociabilidade no Contexto da Mundializa\u00e7\u00e3o&#8221;<\/a>, SOCIUS\/ISEG-UTL , 24 de Julho de 2008.<\/li>\n\n\n\n<li>Lan\u00e7amento do Livro&nbsp;<a href=\"https:\/\/socius.rc.iseg.ulisboa.pt\/novidades\/Folheto.24Julho.pdf\">&#8220;The Activation Dilemma &#8211; Reconciling the fairn ness and effectiveness of minimum income schemes in Europe&#8221;<\/a>, Am\u00edlcar Moreira, The Policy Press Ed., SOCIUS\/ISEG-UTL, 21 de Julho de 2008.<\/li>\n\n\n\n<li>Semin\u00e1rio Ci\u00eancia, Tecnologia e Sociedade&nbsp;<a href=\"https:\/\/socius.rc.iseg.ulisboa.pt\/novidades\/Junho.16.08.pdf\">\u201cEntre o Ser e o Nada: as c\u00e9lulas estaminais em debate no Brasil\u201d<\/a>, Daniella de Farias (doutoranda estagi\u00e1ria no SOCIUS), 16 de Junho de 2008.<\/li>\n\n\n\n<li>Semin\u00e1rio&nbsp;<a href=\"https:\/\/socius.rc.iseg.ulisboa.pt\/novidades\/Junho.12.pdf\">\u201cGlobaliza\u00e7\u00e3o Econ\u00f3mica\u201d<\/a>, Ana Catarina Kaizeler (doutoranda ISEG-UTL Programa de Doutoramento em Sociologia Econ\u00f3mica e das Organiza\u00e7\u00f5es, SOCIUS\/ISEG-UTL, 12 de Junho de 2008.<\/li>\n\n\n\n<li>Semin\u00e1rio<a href=\"https:\/\/socius.rc.iseg.ulisboa.pt\/novidades\/Junho.11.pdf\">&nbsp;\u201cInova\u00e7\u00e3o em Gest\u00e3o: Um Estudo de Caso do Sector P\u00fablico em&nbsp; Minas Gerais (Brasil)\u201d<\/a>, Marco Aur\u00e9lio Rodrigues (doutorando ISEG-UTL),&nbsp; Programa de Doutoramento em Sociologia Econ\u00f3mica e das Organiza\u00e7\u00f5es, SOCIUS\/ISEG-UTL, 11 de Junho de 2008.<\/li>\n\n\n\n<li>Semin\u00e1rio&nbsp;<a href=\"https:\/\/socius.rc.iseg.ulisboa.pt\/novidades\/Junho.5.pdf\">\u201cThe Sociology of Lottery Gambling\u201d<\/a>, Maria Jo\u00e3o Kaizeler (doutoranda ISEG-UTL),&nbsp; Programa de Doutoramento em Sociologia Econ\u00f3mica e das Organiza\u00e7\u00f5es, SOCIUS\/ISEG-UTL, 5 de Junho de 2008.<\/li>\n\n\n\n<li>Semin\u00e1rio<a href=\"https:\/\/socius.rc.iseg.ulisboa.pt\/novidades\/Junho.4.pdf\">&nbsp;\u201cO Impacto da Internacionaliza\u00e7\u00e3o da Portugal Telecom sobre sua Estrutura Organizacional\u201d<\/a>, Manoel Justiniano Melo da Fonseca (doutorando ISEG-UTL), Programa de Doutoramento em Sociologia Econ\u00f3mica e das Organiza\u00e7\u00f5es, SOCIUS\/ISEG-UTL, 4 de Junho de 2008.<\/li>\n\n\n\n<li>Semin\u00e1rio&nbsp;<a href=\"https:\/\/socius.rc.iseg.ulisboa.pt\/novidades\/junho.2.pdf\">&#8220;Imigra\u00e7\u00e3o, Mercado de Trabalho e Institui\u00e7\u00f5es\u201d<\/a>, Jo\u00e3o Peixoto (ISEG-UTL)<strong>,&nbsp;<\/strong>Programa de Doutoramento em Sociologia Econ\u00f3mica e das Organiza\u00e7\u00f5es, SOCIUS\/ISEG-UTL, 2 de Junho de 2008.<\/li>\n\n\n\n<li>Semin\u00e1rio&nbsp;<a href=\"https:\/\/socius.rc.iseg.ulisboa.pt\/novidades\/Maio.28.pdf\">\u201cFactores contextuais da pobreza e da priva\u00e7\u00e3o: Desenvolvimento de \u00edndices de caracteriza\u00e7\u00e3o dos contextos para as freguesias de Portugal Continental\u201d<\/a>, Elvira Sofia Freitas Pereira (doutoranda ISEG-UTL), Programa de Doutoramento em Sociologia Econ\u00f3mica e das Organiza\u00e7\u00f5es, SOCIUS\/ISEG-UTL, 28 de Maio de 2008.<\/li>\n\n\n\n<li>Semin\u00e1rio&nbsp;<a href=\"https:\/\/socius.rc.iseg.ulisboa.pt\/novidades\/Maio.26.pdf\">\u201cRegi\u00e3o Cacaueira \u2013 Eixo Ilh\u00e9us\/Itabuna \u2013 Riscos, Limites e Desafios aos \u201cETHOS\u201d Empreendedor\u201d<\/a>, Ant\u00f3nio \u00d3scar Santos G\u00f3es (doutorando ISEG-UTL), Programa de Doutoramento em Sociologia Econ\u00f3mica e das Organiza\u00e7\u00f5es, SOCIUS\/ISEG-UTL, 26 de Maio de 2008.<\/li>\n\n\n\n<li>Lan\u00e7amento do Livro&nbsp;<a href=\"https:\/\/socius.rc.iseg.ulisboa.pt\/novidades\/Cartaz_Como_fazer_um_Doutoramento.pdf\">&#8220;Como fazer um doutoramento?&#8221;<\/a>, Em\u00edlia Ara\u00fajo e Sofia Bento (Org.), CICS\/ Univ. Minho e SOCIUS\/ISEG-UTL , 23 de Maio de 2008.<\/li>\n\n\n\n<li>Semin\u00e1rio&nbsp;<a href=\"https:\/\/socius.rc.iseg.ulisboa.pt\/novidades\/Maio.21.pdf\">\u201cRela\u00e7\u00f5es Laborais e&nbsp; Qualidade de Emprego\u201d<\/a>, Concei\u00e7\u00e3o Cerdeira (ISEG-UTL)<strong>,<\/strong>&nbsp;Programa de Doutoramento em Sociologia Econ\u00f3mica e das Organiza\u00e7\u00f5es, SOCIUS\/ISEG-UTL, 21 de Maio de 2008.<\/li>\n\n\n\n<li>Semin\u00e1rio&nbsp;<a href=\"https:\/\/socius.rc.iseg.ulisboa.pt\/novidades\/Maio.20.pdf\">\u201cEspa\u00e7o e Sociedade Contempor\u00e2neos\u201d<\/a>, Rita Raposo (ISEG-UTL), Programa de Doutoramento em Sociologia Econ\u00f3mica e das Organiza\u00e7\u00f5es, SOCIUS\/ISEG-UTL, 20 de Maio de 2008.<\/li>\n\n\n\n<li>Semin\u00e1rio&nbsp;<a href=\"https:\/\/socius.rc.iseg.ulisboa.pt\/novidades\/Maio.19.pdf\">\u201cAss\u00e9dio Moral no local de trabalho: da An\u00e1lise qualitativa \u00e0 perspectiva sociol\u00f3gica\u201d<\/a>, Ana Verdasca (doutoranda ISEG-UTL), Programa de Doutoramento em Sociologia Econ\u00f3mica e das Organiza\u00e7\u00f5es, SOCIUS\/ISEG-UTL, 19 de Maio de 2008.<\/li>\n\n\n\n<li>Semin\u00e1rio Ci\u00eancia, Tecnologia e Sociedade<a href=\"https:\/\/socius.rc.iseg.ulisboa.pt\/novidades\/15Maio.pdf\">&nbsp;\u201cThe Social Challenge of Disembedded Technology\u201d<\/a>, Carl Mitchan (Colorado School of Mines), ICS-UL e SOCIUS\/ISEG-UTL, 15 de Maio de 2008.<\/li>\n\n\n\n<li>Semin\u00e1rio&nbsp;<a href=\"https:\/\/socius.rc.iseg.ulisboa.pt\/novidades\/Maio15.pdf\">\u201cAspectos S\u00f3cio-Organizacionais da Utiliza\u00e7\u00e3o de EDI** Electronic Data Interchange\u201d<\/a>, Rodolfo Miguel Begonha (doutorando ISEG-UTL), Programa de Doutoramento em Sociologia Econ\u00f3mica e das Organiza\u00e7\u00f5es, SOCIUS\/ISEG-UTL, 15 de Maio de 2008.<\/li>\n\n\n\n<li>Semin\u00e1rio<a href=\"https:\/\/socius.rc.iseg.ulisboa.pt\/novidades\/maio14.pdf\">&nbsp;\u201cHigh-Status Deviance or Conformity? Professional Purity or Impurity? Silicon Valley Law Firms &#8211; Engagement in Family and Personal Injury Law\u201d<\/a>, Ezra Zuckerman (MIT \u2013USA), Programa de Doutoramento em Sociologia Econ\u00f3mica e das Organiza\u00e7\u00f5es, SOCIUS\/ISEG-UTL, 14 de Maio de 2008.<\/li>\n\n\n\n<li>Semin\u00e1rio<a href=\"https:\/\/socius.rc.iseg.ulisboa.pt\/novidades\/maio.8.pdf\">&nbsp;\u201cComportamento Econ\u00f3mico e Cogni\u00e7\u00e3o\u201d<\/a>, Jos\u00e9 Rodrigues Santos (Academia Militar), Programa de Doutoramento em Sociologia Econ\u00f3mica e das Organiza\u00e7\u00f5es, SOCIUS\/ISEG-UTL, 8 de Maio de 2008.<\/li>\n\n\n\n<li>Semin\u00e1rio da&nbsp;<a href=\"https:\/\/socius.rc.iseg.ulisboa.pt\/novidades\/maio5.pdf\">\u201cPol\u00edticas de desenvolvimento local integrado e sustent\u00e1vel: um instrumento estrat\u00e9gico de cria\u00e7\u00e3o de emprego. Estudo Comparativo \u2013 Portugal\/Brasil\u201d<\/a>, Bernadete de Lourdes Bittencourt (doutoranda ISEG-UTL), Programa de Doutoramento em Sociologia Econ\u00f3mica e das Organiza\u00e7\u00f5es, SOCIUS\/ISEG-UTL, 5 de Maio de 2008.<\/li>\n\n\n\n<li>Semin\u00e1rio&nbsp;<a href=\"https:\/\/socius.rc.iseg.ulisboa.pt\/novidades\/14.abril.pdf\">\u201cRela\u00e7\u00f5es Industriais e Direito do Trabalho\u201d<\/a>, Ant\u00f3nio Garcia Pereira (ISEG-UTL), Programa de Doutoramento em Sociologia Econ\u00f3mica e das Organiza\u00e7\u00f5es, SOCIUS\/ISEG-UTL, 14 de Abril de 2008.<\/li>\n\n\n\n<li>Semin\u00e1rio&nbsp;<a href=\"https:\/\/socius.rc.iseg.ulisboa.pt\/novidades\/SeminarioCSI.pdf\">\u201cA Constru\u00e7\u00e3o Social da Inova\u00e7\u00e3o (CSI) em Organiza\u00e7\u00f5es Portuguesas: Modelo C.R.A.N.I.O e Resultados Preliminares\u201d<\/a>, Maria Margarida Croca Piteira (doutoranda ISEG-UTL), Programa de Doutoramento em Sociologia Econ\u00f3mica e das Organiza\u00e7\u00f5es, SOCIUS\/ISEG-UTL, 10 de Abril de 2008.<\/li>\n\n\n\n<li>Semin\u00e1rio<a href=\"https:\/\/socius.rc.iseg.ulisboa.pt\/novidades\/9Abril.208.pdf\">&nbsp;\u201cModeliza\u00e7\u00e3o da Inser\u00e7\u00e3o Profissional em Contexto de Forma\u00e7\u00e3o Qualificante\u201d,<\/a>&nbsp;Miguel Justiniano Bai\u00e3o dos Santos (doutorando ISEG-UTL), Programa de Doutoramento em Sociologia Econ\u00f3mica e das Organiza\u00e7\u00f5es, SOCIUS\/ISEG-UTL, 9 de Abril de 2008.<\/li>\n\n\n\n<li>Semin\u00e1rio&nbsp;<a href=\"https:\/\/socius.rc.iseg.ulisboa.pt\/novidades\/Seminario.7Abril.pdf\">\u201cDo Capital Social ao Capital Econ\u00f3mico na COP em Portugal\u201d<\/a>, Isabel Castro do Nascimento (doutoranda ISEG-UTL), Programa de Doutoramento em Sociologia Econ\u00f3mica e das Organiza\u00e7\u00f5es, SOCIUS\/ISEG-UTL, 7 de Abril de 2008.<\/li>\n\n\n\n<li>Semin\u00e1rio&nbsp;<a href=\"https:\/\/socius.rc.iseg.ulisboa.pt\/novidades\/Seminario12.marco.2.pdf\">\u201cTend\u00eancias e tarefas da Sociologia perante a ci\u00eancia e tecnologias contempor\u00e2neas\u201d<\/a>, Jos\u00e9 Lu\u00eds Garcia (ICS-UL), Programa de Doutoramento em Sociologia Econ\u00f3mica e das Organiza\u00e7\u00f5es, SOCIUS\/ISEG-UTL, 12 de Mar\u00e7o de 2008.<\/li>\n\n\n\n<li>Semin\u00e1rio \u201cEconomia Solid\u00e1rias no Brasil e Economia Social em Portugal: aproxima\u00e7\u00f5es e distanciamentos sob a \u00f3tica da confian\u00e7a\u201d, Igor Valentim (doutorando ISEG-UTL), Programa de Doutoramento em Sociologia Econ\u00f3mica e das Organiza\u00e7\u00f5es, SOCIUS\/ISEG-UTL, 14 de Janeiro de 2008.<\/li>\n\n\n\n<li>Semin\u00e1rio<a href=\"https:\/\/socius.rc.iseg.ulisboa.pt\/novidades\/sem20080109.pdf\">&nbsp;\u201cDesenvolvimento Sustent\u00e1vel e Responsabilidade Social das Empresas\u201d<\/a>, Maria Jo\u00e3o Santos (ISEG-UTL), Programa de Doutoramento em Sociologia Econ\u00f3mica e das Organiza\u00e7\u00f5es, SOCIUS\/ISEG-UTL, 9 de Janeiro de 2008.<\/li>\n<\/ul>\n\n\n\n<h2 class=\"wp-block-heading\">2007<\/h2>\n\n\n\n<ul>\n<li>Semin\u00e1rio &#8220;Os contornos do Emprego e do Trabalho na Economia Social na Grande \u00c1rea Metropolitana de Viseu&#8221;, Programa de Doutoramento em Sociologia Econ\u00f3mica e das Organiza\u00e7\u00f5es, SOCIUS\/ISEG-UTL, 3 de Dezembro de 2007.<\/li>\n\n\n\n<li>1\u00aa Confer\u00eancia Portuguesa &#8220;O Ass\u00e9dio Moral no Trabalho: Emerg\u00eancia de uma Nova Realidade&#8221;, SOCIUS\/ISEG-UTL, 29 e 30 de Novembro de 2007.<\/li>\n\n\n\n<li>Semin\u00e1rio \u201cTrust and Credit in 19th Century USA\u201d, Prof. Bruce Carruthers (Northwestern University \u2013 USA), Programa de Doutoramento em Sociologia Econ\u00f3mica e das Organiza\u00e7\u00f5es, SOCIUS\/ISEG-UTL, 18 de Outubro de 2007.<\/li>\n\n\n\n<li>1\u00ba Encontro de Analistas de Redes Sociais, SOCIUS\/ISEG-UTL, 28 e 29 de Junho de 2007.<\/li>\n\n\n\n<li>3\u00ba Workshop de An\u00e1lise de Redes Sociais, SOCIUS\/ISEG-UTL, 25, 26 e 27 de Junho de 2007.<\/li>\n\n\n\n<li>Semin\u00e1rio &#8220;Ecologia social e educa\u00e7\u00e3o integral: an\u00e1lise dos impactos s\u00f3cio-ambientais da Integra\u00e7\u00e3o Regional da Infra-estrutura Sul Americana (IIRSA)&#8221;.<br>Fernando Bomfim Mariana (Doutorado-Sandu\u00edche com a USP), SOCIUS\/ISEG-UTL, 18 de Junho de 2007.<\/li>\n\n\n\n<li>Semin\u00e1rio &#8220;Performatividade e incrusta\u00e7\u00e3o na Sociologia das Finan\u00e7as&#8221;, Prof. Rafael Marques (ISEG-UTL), Programa de Doutoramento em Sociologia Econ\u00f3mica e das Organiza\u00e7\u00f5es, SOCIUS\/ISEG-UTL, 6 de Junho de 2007.<\/li>\n\n\n\n<li>Semin\u00e1rio &#8220;O Programa de Estudos de Administra\u00e7\u00e3o Brasileira &#8211; ABRAS: Perspectivas de fortalecimento de um antigo la\u00e7o.&#8221;, SOCIUS\/ISEG-UTL, 5 de Junho de 2007.<\/li>\n\n\n\n<li>Semin\u00e1rio Internacional &#8220;TIC, Organiza\u00e7\u00e3o do Trabalho, Compet\u00eancias e Empregabilidade&#8221;, SOCIUS\/ISEG-UTL, 4 de Junho de 2007.<\/li>\n\n\n\n<li>Semin\u00e1rio &#8220;Sociology of Markets&#8221;, Prof. Neil Fligstein (Uni. Calif\u00f3rnia -EUA), Programa de Doutoramento em Sociologia Econ\u00f3mica e das Organiza\u00e7\u00f5es, SOCIUS\/ISEG-UTL, 21 de Maio de 2007.<\/li>\n\n\n\n<li>Semin\u00e1rio &#8220;Heteroglobaliza\u00e7\u00e3o: hist\u00f3rias de diversidade global&#8221;, Maria Cristina Manische (UFPA), Ida Lenir Gon\u00e7alves (UEPA), Ana Calapez Gomes (p\u00f3s-doutoranda do SOCIUS), 9 de Maio de 2007.<\/li>\n\n\n\n<li>Semin\u00e1rio &#8220;Diversidade de tradi\u00e7\u00f5es na sociologia econ\u00f3mica: path-dependency e\/ou path-creation?&#8221;&#8221;, Prof. Joa\u00f5 Carlos Gra\u00e7a (ISEG-UTL), Programa de Doutoramento em Sociologia Econ\u00f3mica e das Organiza\u00e7\u00f5es, SOCIUS\/ISEG-UTL, 21 de Maio de 2007.<\/li>\n\n\n\n<li>Semin\u00e1rio &#8220;Pensamento libert\u00e1rio, terrorismos e toler\u00e2ncia&#8221;, Prof. Jo\u00e3o Carlos Gra\u00e7a (ISEG-UTL), Prof. Edson Passetti (PUC-SP), Programa de Doutoramento em Sociologia Econ\u00f3mica e das Organiza\u00e7\u00f5es, SOCIUS\/ISEG-UTL, 16 de Abril de 2007.<\/li>\n\n\n\n<li>International Seminar on &#8220;PhD graduation: from practice to research policy School of Social Sciences&#8221;, University of Minho, Braga, SOCIUS\/ISEG\/UTL, 26 de Mar\u00e7o de 2007.<\/li>\n\n\n\n<li>Semin\u00e1rio &#8220;As novas migra\u00e7\u00f5es em Portugal: mercados de trabalho, tr\u00e1fico e segmenta\u00e7\u00e3o do governo&#8221;, Prof. Jo\u00e3o Peixoto (ISEG-UTL), Programa de Doutoramento em Sociologia Econ\u00f3mica e das Organiza\u00e7\u00f5es, SOCIUS\/ISEG-UTL, 21 de Mar\u00e7o de 2007.<\/li>\n\n\n\n<li>&#8220;Estudos Organizacionais sob uma Perspectiva Brasileira &#8211; possibilidades e desafios de contribui\u00e7\u00e3o para a Teoria das Organiza\u00e7\u00f5es&#8221; 1 de Mar\u00e7o 2007.<\/li>\n\n\n\n<li>Semin\u00e1rio &#8220;Representa\u00e7\u00f5es do papel do Estado, do Mercado e do sector n\u00e3o-lucrativo na vida econ\u00f3mica&#8221;, Prof. Jo\u00e3o Freire (ISCTE), Programa de Doutoramento em Sociologia Econ\u00f3mica e das Organiza\u00e7\u00f5es, SOCIUS\/ISEG-UTL, 28 de Fevereiro de 2007.<\/li>\n\n\n\n<li>F\u00f3rum de Discuss\u00e3o RH &amp; Inova\u00e7\u00e3o:&#8221;Como pode a gest\u00e3o de recursos humanos dinamizar a inova\u00e7\u00e3o nas organiza\u00e7\u00f5es?&#8221;, SOCIUS\/ISEG-UTL\/NIPOG, 16 de Fevereiro de 2007.<\/li>\n\n\n\n<li>Semin\u00e1rio &#8220;Flexibilidade de emprego: ambiguidades e problemas&#8221;, Prof.\u00aa Ilona Kov\u00e1cs, (ISEG-UTL), Programa de Doutoramento em Sociologia Econ\u00f3mica e das Organiza\u00e7\u00f5es, SOCIUS\/ISEG-UTL, 15 de Fevereiro de 2007.<\/li>\n\n\n\n<li>Semin\u00e1rio &#8220;Encruzilhadas do desenvolvimento&#8221;, Ant\u00f3nio Sim\u00f5es Lopes, Prof. Em\u00e9rito do ISEG-UTL, Programa de Doutoramento em Sociologia Econ\u00f3mica e das Organiza\u00e7\u00f5es, SOCIU\/ISEG-UTL, 30 de Janeiro de 2007<\/li>\n<\/ul>\n\n\n\n<h2 class=\"wp-block-heading\">2006<\/h2>\n\n\n\n<ul>\n<li>Semin\u00e1rio e apresenta\u00e7\u00e3o do Livro &#8220;Inclus\u00e3o e Exclus\u00e3o: M\u00faltiplos contornos da educa\u00e7\u00e3o brasileira&#8221;. Prof\u00aa Doutora Beatriz Regina Pereira Saeta, Univ. Presbiteriana Mackenzie, SOCIUS\/ISEG-UTL, 14 de Novembro de 2006<\/li>\n\n\n\n<li>Semin\u00e1rio &#8220;Is economics performative? Option theory and construction of derivates markets&#8221; Prof. Donald Mackenzie (Univ. Edinburgh UK), Programa de Doutoramento em Sociologia Econ\u00f3mica e das Organiza\u00e7\u00f5es, SOCIUS\/ISEG-UTL, 9 de Novembro de 2006<\/li>\n\n\n\n<li>Semin\u00e1rio &#8220;Elementos para viabilidade de Uma Rede de Pesquisa &#8211; A\u00e7\u00e3o focalizando a Sustentabilidade da Cadeia Produtiva da Pesca &#8211; Brasil\/Portugal&#8221;. Professores Sidney Lianza e Fernando Amorim (SOLTEC\/UFRJ), SOCIUS\/ISEG-UTL, 30 de Outubro de 2006.<\/li>\n\n\n\n<li>Semin\u00e1rio &#8220;Professions, trust and governance: New Technologies of buiding trust in healthcare&#8221;, Prof:\u00aa Helen Kulmann (Univ. Bremen -Alemanha), Projecto Confian\u00e7a\/FCT\/Programa de Doutoramento em Sociologia Econ\u00f3mica e das Organiza\u00e7\u00f5es, SOCIUS\/ISEG-UTL, 26 de Outubro, 2006.<\/li>\n\n\n\n<li>Interim Conference: Economic Sociology, old problems and new aproaches, ESA, SOCIUS\/ISEG-UTL, 6, 7 e 8 de Setembro de 2006<\/li>\n\n\n\n<li>Interim Conference: Gender Relations in the Labour Market and the Welfare State, ESA. SOCIUS\/ISEG-UTL, 6, 7 e 8 de Setembro de 2006.<\/li>\n\n\n\n<li>Semin\u00e1rio &#8220;A Participa\u00e7\u00e3o publica, na sociedade de risco&#8221;, Prof. Jo\u00e3o Arriscado Nunes (CES-FEUC) Programa de Doutoramento em Sociologia Econ\u00f3mica e das Organiza\u00e7\u00f5es, SOCIUS\/ISEG-UTL, 30 de Maio, 2006<\/li>\n\n\n\n<li>Semin\u00e1rio &#8220;Pesquisa a\u00e7\u00e3o na cadeia produtiva da pesca em Maca\u00e9 &#8211; Rio de Janeiro&#8221;, Prof. Sidney Lianza (SOLTEC\/UFRJ), SOCIUS\/ISEG-UTL, 3 de Maio, 2006<\/li>\n\n\n\n<li>Semin\u00e1rio &#8220;The toolkit of economic sociology&#8221;, Prof. Richard Swedberg (Cornell Univ. Ithaca-EUA), Programa de Doutoramento em Sociologia Econ\u00f3mica e das Organiza\u00e7\u00f5es, SOCIUS\/ISEG-UTL, 23 de Mar\u00e7o de 2006<\/li>\n\n\n\n<li>Semin\u00e1rio &#8220;Gest\u00e3o de Recursos Humanos: Diversidade e Crise &#8211; Um Enfoque Contempor\u00e2neo&#8221;, Prof. Allan Claudius Queiroz Barbosa (FACE-UFMG), SOCIUS\/ISEG-UTL, 22 de Fevereiro de 2006<\/li>\n\n\n\n<li>International Workshop on &#8220;Changes in Work and Employment in the Context of Economic Reestructuring in Brasil&#8221;, SOCIUS\/ISEG-UTL, 17 de Fevereiro de 2006<\/li>\n\n\n\n<li>Semin\u00e1rio &#8220;Alternative Approaches to the study of social capital&#8221; , Prof. Sokratis Koniordos (Universidade de Creta-Gr\u00e9cia), Programa de Doutoramento em Sociologia Econ\u00f3mica e das Organiza\u00e7\u00f5es, SOCIUS\/ISEG-UTL, 16 de Fevereiro de 2006, ISEG<\/li>\n<\/ul>\n\n\n\n<h2 class=\"wp-block-heading\">2005<\/h2>\n\n\n\n<ul>\n<li>Semin\u00e1rio &#8220;Desenvolvimento Sustent\u00e1vel e Empresa Respons\u00e1vel e Boas Pr\u00e1ticas e Benchmarking&#8221;, SOCIUS\/ISEG-UTL, 11 de Novembro de 2005.<\/li>\n\n\n\n<li>II Semin\u00e1rio Brasil\/Portugal &#8220;Internacionaliza\u00e7\u00e3o de Empresas, Organiza\u00e7\u00f5es e Gest\u00e3o de Recursos Humanos&#8221;, SOCIUS\/ISEG-UTL, 10 e 11 de Novembro de 2005.<\/li>\n\n\n\n<li>Semin\u00e1rio no \u00e2mbito do projecto &#8220;Trust Society: The Social Construction of Trust in Portugal&#8221;, linha de investiga\u00e7\u00e3o Organisations, Marta Varanda e Helena Serra, SOCIUS\/ISEG-UTL, 13 de Outubro de 2005.<\/li>\n\n\n\n<li>Semin\u00e1rio no \u00e2mbito do projecto &#8220;Trust Society: The Social Construction of the Trust in Portugal&#8221;, linhas de investiga\u00e7\u00e3o Political System and Social Construction of Value, Diogo Cotta e Bruno Gon\u00e7alves, SOCIUS\/ISEG-UTL, 25 de Julho de 2005.<\/li>\n\n\n\n<li>2\u00ba Workshop de Introdu\u00e7\u00e3o \u00e0 An\u00e1lise de Redes Sociais, Prof. Rafael Wittek (Universidade de Groningen), SOCIUS\/ISEG-UTL, 22 a 24 de Junho de 2005<\/li>\n\n\n\n<li>Semin\u00e1rio &#8220;LINKS &#8211; Inova\u00e7\u00e3o Social e Meios Criativos&#8221;, Isabel Andr\u00e9, SOCIUS\/ISEG-UTL, 20 de Junho de 2005.<\/li>\n\n\n\n<li>Semin\u00e1rio &#8220;A Universidade e suas rela\u00e7\u00f5es com a Sociedade Organizada: As Institui\u00e7\u00f5es de Ensino Superior Latino-Americanas.&#8221;, Prof. Pedro Ant\u00f4nio Melo (UFSC), SOCIUS\/ISEG-UTL, 18 de Maio de 2005..<\/li>\n\n\n\n<li>Semin\u00e1rio no \u00e2mbito do projecto &#8220;Trust Society: The Social Construction of the Trust in Portugal&#8221;- &#8220;O Arco da Confian\u00e7a: Pontos de Ruptura, Formas de Convers\u00e3o e Processos Difusos&#8221;, Rafael Marques, linhas de investiga\u00e7\u00e3o Political System and Social Construction of Value, SOCIUS\/ISEG-UTL, 13 de Maio de 2005.<\/li>\n\n\n\n<li>Semin\u00e1rio &#8220;Subcontrata\u00e7\u00e3o no Setor de Confec\u00e7\u00f5es, A Norma e a Pr\u00e1tica: Estudo Comparativo Brasil-Portugal&#8221;, Prof. Clarilton Ribas (UFSC), SOCIUS\/ISEG-UTL, 14 de Abril de 2005.<\/li>\n\n\n\n<li>Semin\u00e1rio &#8220;Compromiso organizacional y su relaci\u00f3n com el rendimiento en el trabajo y con el comportamiento de abandono del trabajador&#8221;, Prof.\u00aa Maria Elena Zelando Rodr\u00edguez , SOCIUS\/ISEG-UTL , 11 de Abril de 2005.<\/li>\n\n\n\n<li>Col\u00f3quio &#8220;O C\u00f3digo do Trabalho (Mais de) um Ano Depois: realidades e perspectivas&#8221;, Ant\u00f3nio Garcia Pereira, SOCIUS\/ISEG-UTL, 6 de Abril de 2005.<\/li>\n\n\n\n<li>Semin\u00e1rio &#8220;Trajectoires migratoires: le cas des Equatoriens immigr\u00e9s \u00e0 Murcie&#8221;, Prof. Renzo Stroscio (IUED-Universidade de Genebra), Programa de Doutoramento em Sociologia Econ\u00f3mica e das Organiza\u00e7\u00f5es, SOCIUS\/ISEG-UTL, 6 de Abril de 2005.<\/li>\n\n\n\n<li>Workshop &#8220;Reestrutura\u00e7\u00e3o das empresas, trabalho e emprego&#8221;, Projecto GRICES\/CAPES, SOCIUS\/ISEG-UTL, 15 de Fevereiro de 2005.<\/li>\n\n\n\n<li>Semin\u00e1rio &#8220;Le March\u00e9 Vu par La Sociologie \u00c9conomique, Prof. Philippe Steiner (Universit\u00e9 Dauphine), Programa de Doutoramento em Sociologia Econ\u00f3mica e das Organiza\u00e7\u00f5es, SOCIUS\/ISEG-UTL, &#8220;Le March\u00e9 Vu par La Sociologie \u00c9conomique&#8221;, 20 de Janeiro de 2005.<\/li>\n<\/ul>\n\n\n\n<h2 class=\"wp-block-heading\">2004<\/h2>\n\n\n\n<ul>\n<li>Workshop &#8220;Mulheres Migrantes: Percursos Laborais e Modos de Inser\u00e7\u00e3o Socioecon\u00f3mica das Imigrantes em Portugal&#8221;, SOCIUS\/ISEG-UTL, 4 de Novembro de 2004.<\/li>\n\n\n\n<li>Semin\u00e1rio no \u00e2mbito do projecto &#8220;Trust Society: The Social Construction of the Trust in Portugal&#8221;, linha de investiga\u00e7\u00e3o Space and Social Relations, Rita Raposo e Jo\u00e3o Peixoto, SOCIUS\/ISEG-UTL, 2 de Novembro de 2004.<\/li>\n\n\n\n<li>Semin\u00e1rio &#8220;Imigra\u00e7\u00e3o Portuguesa em S.Paulo &#8211; Brasil&#8221;, Prof\u00aa.Maria Aparecida Macedo Pascal (Universidade Presbiteriana Mackenzie), SOCIUS\/ISEG-UTL, 8 de Setembro de 2004.<\/li>\n\n\n\n<li>Semin\u00e1rio no \u00e2mbito do projecto &#8220;Trust Society: The Social Construction of the Trust in Portugal&#8221; &#8211; Do capital social ao capital econ\u00f3mico da constru\u00e7\u00e3o e obras publicas em Portugal&#8221;, linha de investiga\u00e7\u00e3o Political System and Social Construction of Value, Isabel Castro, SOCIUS\/ISEG-UTL, 21 de Julho de 2004.<\/li>\n\n\n\n<li>Confer\u00eancia &#8220;Changing Japanese Economy and Changing Japanese Society&#8221;, Prof.. Shinji Yamada (Universidade de T\u00f3quio), SOCIUS\/ISEG-UTL, 29 de Junho de 2004.<\/li>\n\n\n\n<li>Semin\u00e1rio no \u00e2mbito do projecto &#8220;Trust Society: The Social Construction of the Trust in Portugal&#8221; &#8211; &#8220;Pol\u00edtica e Confian\u00e7a&#8221;, linha de investiga\u00e7\u00e3o Political System and Social Construction of Value, SOCIUS\/ISEG-UTL, Jos\u00e9 Maria Carvalho Ferreira, Jo\u00e3o Carlos Gra\u00e7a, Jo\u00e3o Carlos Lopes e Rafael Marques, 9 de Junho de 2004.<\/li>\n\n\n\n<li>Workshop Internacional no \u00e2mbito do projecto &#8220;Estudo da Traj\u00e9ctoria da Barragem do Alqueva: para uma an\u00e1lise das controv\u00e9rsias tecnol\u00f3gicas&#8221;- &#8220;Sa\u00fade, Natureza e Peritagens&#8221;, SOCIUS\/ISEG-UTL , I 7 e 8 de Junho de 2004<\/li>\n\n\n\n<li>Semin\u00e1rio no \u00e2mbito do projecto Modalidades Flex\u00edveis de trabalho e emprego: riscos e potencialidades&#8221; &#8211; &#8220;Formas Flex\u00edveis de Emprego: riscos e oportunidades&#8221;, Ilona Kovacs, Sara Falc\u00e3o e Juan Jos\u00e9 Castillo, SOCIUS\/ISEG-UTL, 26 de Maio de 2004.<\/li>\n\n\n\n<li>Semin\u00e1rio no \u00e2mbito do projecto &#8220;Trust Society: The Social Construction of the Trust in Portugal&#8221; &#8211; &#8220;As organiza\u00e7\u00f5es hospitalares&#8221;, linha de investiga\u00e7\u00e3o organisations, Marta Varanda e Helena Serra, SOCIUS\/ISEG-UTL, 4 de Maio de 2004.<\/li>\n\n\n\n<li>Semin\u00e1rio no \u00e2mbito do projecto &#8220;Trust Society: The Social Construction of the Trust in Portugal&#8221; &#8211; &#8220;O caso da co-incinera\u00e7\u00e3o em Portugal&#8221;, linha de investiga\u00e7\u00e3o Science and Technology, Helena Jer\u00f3nimo, SOCIUS\/ISEG-UTL, 31 de Mar\u00e7o de 2004.<\/li>\n\n\n\n<li>Semin\u00e1rio no \u00e2mbito do projecto &#8220;Trust Society: The Social Construction of the Trust in Portugal&#8221; &#8211; &#8220;Entre a confian\u00e7a e a incerteza: o papel da ci\u00eancia nas decis\u00f5es pol\u00edticas&#8221;, linha de investiga\u00e7\u00e3o Political System and Social Construction of Value, Rafael Marques, SOCIUS\/ISEG-UTL, 27 de Fevereiro de 2004.<\/li>\n\n\n\n<li>Semin\u00e1rio no \u00e2mbito do projecto &#8220;Trust Society: The Social Construction of the Trust in Portugal&#8221; &#8211; &#8220;F\u00e9, Confian\u00e7a e Confiabilidade: Debates preliminares&#8221;, linha de investiga\u00e7\u00e3o Political System and Social Construction of Value, Rafael Marques, SOCIUS\/ISEG-UTL, 20 de Fevereiro de 2004. .<\/li>\n\n\n\n<li>Workshop &#8220;Introdu\u00e7\u00e3o \u00e0 An\u00e1lise de Redes Sociais&#8221;, SOCIUS\/ISEG-UTL, 2 a 5 de Fevereiro de 2004.<\/li>\n<\/ul>\n\n\n\n<h2 class=\"wp-block-heading\">2003<\/h2>\n\n\n\n<ul>\n<li>Workshop &#8220;As mulheres e o emprego&#8221;, SOCIUS\/ISEG-UTL, 20 de Novembro de 2003.<\/li>\n\n\n\n<li>Workshop no \u00e2mbito do Projecto &#8220;Transforma\u00e7\u00f5es do trabalho e do emprego no contexto da reestrutura\u00e7\u00e3o econ\u00f3mica&#8221;-&#8220;Reestrutura\u00e7\u00e3o produtiva, flexibiliza\u00e7\u00e3o do emprego e novas formas de gest\u00e3o&#8221;, SOCIUS\/ISEG-UTL, 6 de Novembro de 2003.<\/li>\n\n\n\n<li>Workshop &#8220;A crise do emprego&#8221;, dia 23 de Outubro de 2003, SOCIUS\/ISEG-UTL, 23 de Outubro de 2003.<\/li>\n\n\n\n<li>Workshop &#8220;An\u00e1lise de Redes Sociais&#8221;, SOCIUS\/ISEG -UTL, de 23 a 27 de Junho de 2003.<\/li>\n\n\n\n<li>Workshop &#8220;Modelo Organizacional de um Hospital P\u00fablico Universit\u00e1rio: o caso de Niteroi&#8221;- Merc\u00eades Berenger (doutoranda na especialidade em Sociologia Econ\u00f3mica e das Organzia\u00e7\u00f5es), SOCIUS\/ISEG -UTL , 6 de Junho 2003.<\/li>\n\n\n\n<li>Workshop &#8220;Sociedade Civil, Democracia e Racismo no Brasil&#8221; &#8211; Bernd Reiter (p\u00f3s-doutoramento) &#8211; SOCIUS\/ISEG-UTL, 29 de Maio 2003.<\/li>\n<\/ul>\n\n\n\n<h2 class=\"wp-block-heading\">2002<\/h2>\n\n\n\n<ul>\n<li>Semin\u00e1rio &#8220;Reestrutura\u00e7\u00e3o Produtiva e suas Implica\u00e7\u00f5es no Mundo do Trabalho&#8221;, SOCIUS\/ISEG-UTL, 5 de Novembro de 2002.<\/li>\n\n\n\n<li>Semin\u00e1rio &#8220;Networks In Organizations &#8211; Causes, Dynamics and Consequences&#8221;, Prof. Rafael Wittek (University of Groningen), SOCIUS\/ISEG-UTL 20 de Maio de 2002.<\/li>\n\n\n\n<li>Semin\u00e1rio: &#8220;O problema da ac\u00e7\u00e3o colectiva entre pequenos empres\u00e1rios: incentivos selectivos vs embeddedness&#8221;, Marta Varanda, SOCIUS\/ISEG-UTL 18 de Mar\u00e7o de 2002.<\/li>\n\n\n\n<li>Semin\u00e1rio enquadrado na visita de alunos de Sociologia da Universidade de Warwick &#8211; Reino Unido. &#8220;The future of work &#8211; a gender perspective&#8221;, SOCIUS\/ISEG-UTL, 14 de Mar\u00e7o de 2002.<\/li>\n<\/ul>\n\n\n\n<h2 class=\"wp-block-heading\">2001<\/h2>\n\n\n\n<ul>\n<li>Col\u00f3quio Internacional &#8211;&nbsp;o Estado-Provid\u00eancia em Portugal, Espanha e Brasil&#8221;, SOCIUS\/C e lugar no ISEG, tendo para o efeito a participado v\u00e1rias dezenas de investigadores de Espanha, Brasil e Portugal.<\/li>\n\n\n\n<li>Semin\u00e1rio &#8220;Crise&#8221;, Maria Lu\u00edsa Fontenele e Socorro Saldanha, SOCIUS\/ISEG\/UTL, 5 de Junho de 2001.<\/li>\n\n\n\n<li>Semin\u00e1rio &#8221; Actualidade da Sociologia Econ\u00f3mica&#8221;, Prof. Philipe Steiner (Universit\u00e9 de Lille), SOCIUS\/ISEG\/UTL, 15 de Maio de 2000.<\/li>\n\n\n\n<li>Semin\u00e1rio &#8220;Aspectos Sociais e Econ\u00f3micos na Forma\u00e7\u00e3o do Moderno Pensamento Japon\u00eas&#8221;, Prof. Jos\u00e9 J\u00falio Rodrigues (University of Ky\u00f4to), SOCIUS\/ISEG-UTL, 16 de Mar\u00e7o de 2000..<\/li>\n\n\n\n<li>Semin\u00e1rio &#8221; What Does Sociology&nbsp;18.06.2012&nbsp;Jens Beckert (Max Planch Intitut &#8211; C&nbsp;18.06.2012<\/li>\n<\/ul>\n\n\n\n<h2 class=\"wp-block-heading\">1999<\/h2>\n\n\n\n<ul>\n<li>Semin\u00e1rio &#8220;Jos\u00e9 Frederico Laranjo: o Direito, a Sociologia e a Economia&#8221;, Jo\u00e3o Carlos Gra\u00e7a, SOCIUS\/ISEG-UTL, ? Novembro de 1999.<\/li>\n\n\n\n<li>Workshop &#8220;Globaliza\u00e7\u00e3o: trabalho, cidadania e multiculturalismo&#8221;, SOCIUS\/ISEG-UTL\/UFSC, 9 de Novembro de 1999.<\/li>\n\n\n\n<li>Semin\u00e1rio &#8220;The Globalization Process within Italian Industrial Districts &#8211; the Case of Prato&#8221;, Prof. Mark Lazerson (Universidade Cat\u00f3lica &#8211; Porto), SOCIUS\/ISEG-UTL, ? Julho de 1999.<\/li>\n\n\n\n<li>Semin\u00e1rio &#8220;Manipula\u00e7\u00e3o da Opini\u00e3o P\u00fablica&#8221;, Prof. Lu\u00eds Nandin de Carvalho, SOCIUS\/ISEG-UTL, Lisboa, 25 de Maio de 1999.<\/li>\n\n\n\n<li>Semin\u00e1rio &#8220;A Actualidade de Karl Polanyi para o pensamento Econ\u00f3mico&#8221; &#8211; professor Armando Mello Lisboa SOCIUS\/ISEG-UTL, 18 de Maio de 1999.<\/li>\n\n\n\n<li>Semin\u00e1rio &#8220;Sociology of Work in the USA&#8221;, Prof. Daniel Cornfield (Vanderbilt University &#8211; EUA), SOCIUS\/ISEG-UTL, ? Mar\u00e7o de 1999.<\/li>\n\n\n\n<li>Semin\u00e1rio de investiga\u00e7\u00e3o sobre &#8220;Research in Labour Relations&#8221;, SOCIUS\/ISEG-UTL, ? Mar\u00e7o de 1999.<\/li>\n\n\n\n<li>Apoio \u00e0 2\u00aa Confer\u00eancia Internacional sobre Ecologia Social e suas Perspectivas Pol\u00edticas, realizada em Vermont, EUA, em Agosto de 1999.<\/li>\n\n\n\n<li>Apoio \u00e0 organiza\u00e7\u00e3o do VIII Encontro Nacional da Sociologia Industrial, das Organiza\u00e7\u00f5es e do Trabalho (APSIOT), que decorreu em Lisboa em 4 e 5 de Mar\u00e7o de 1999.<\/li>\n\n\n\n<li>Apoio ao Col\u00f3quio Internacional sobre a Perspectiva Libert\u00e1ria no Limiar do s\u00e9culo XXI, realizado em Fran\u00e7a em 1999.<\/li>\n<\/ul>\n\n\n\n<h2 class=\"wp-block-heading\">1998<\/h2>\n\n\n\n<ul>\n<li>Em 1998, o SOCIUS\/ISEG-UTL organizou a&nbsp;<a href=\"http:\/\/pascal.iseg.utl.pt\/~socius\/1\/conf_cd\/index.html\">Confer\u00eancia Internacional sobre Ecologia Social e Pol\u00edtica<\/a>, em colabora\u00e7\u00e3o com o Departamento de Sociologia do ISCTE. A Confer\u00eancia teve lugar no ISEG, entre 26 e 28 de Agosto de 1998. A tem\u00e1tica central desta confer\u00eancia reportou-se \u00e0 obra de Murray Bookchin e \u00e0 actualidade do Municipalismo Libert\u00e1rio no contexto das sociedades contempor\u00e2neas. Estiveram presentes no encontro v\u00e1rias dezenas de investigadores portugueses e estrangeiros.<\/li>\n\n\n\n<li>Em 1998, o SOCIUS\/ISEG-UTL promoveu um encontro cient\u00edfico de grande dimens\u00e3o: o I Congresso Portugu\u00eas de Sociologia Econ\u00f3mica. O Congresso teve lugar em Lisboa, nas instala\u00e7\u00f5es da Funda\u00e7\u00e3o Calouste Gulbenkian, entre os dias 4 e 6 de Mar\u00e7o de 1998. Foram reunidos v\u00e1rios cientistas sociais provenientes de Portugal e do estrangeiro, com trabalhos salientes na \u00e1rea da Sociologia Econ\u00f3mica ou disciplinas afins, num conjunto global de cerca de 600 participantes. Entre os cientistas estrangeiros contaram-se Richard Swedberg, Neil Fligstein, Mitchell Abolafia, Nicole Woolsey Biggart, Philippe Steiner e Nigel Dodd (tendo estado ainda prevista a presen\u00e7a de Mancur Olson, entretanto falecido). Os cientistas portugueses foram provenientes de v\u00e1rias universidades e centros de investiga\u00e7\u00e3o do pa\u00eds, representando a sociologia, a economia e m\u00faltiplos campos tem\u00e1ticos de investiga\u00e7\u00e3o.<\/li>\n<\/ul>\n\n\n\n<h2 class=\"wp-block-heading\">1997<\/h2>\n\n\n\n<ul>\n<li>Semin\u00e1rio &#8220;A Rela\u00e7\u00e3o Saber\/Poder na Organiza\u00e7\u00e3o da Comunidade Cafuza &#8211; Munic\u00edpio de Jos\u00e9 Boiteux&#8221;, Prof. Marcos Rodrigues da Silva (doutorando na especialidade em Sociologia Econ\u00f3mica e das Organiza\u00e7\u00f5es), SOCIUS\/ISEG-UTL, Lisboa, 7 de Fevereiro de 1997.<\/li>\n<\/ul>\n\n\n\n<h2 class=\"wp-block-heading\">1996<\/h2>\n\n\n\n<ul>\n<li>Col\u00f3quio\/Debate subordinado ao tema &#8220;Pol\u00edtica e Media&#8221;, SOCIUS\/ISEG-UTL, 9 de Dezembro de 1996.<\/li>\n\n\n\n<li>Workshop &#8220;Novos Modelos de Produ\u00e7\u00e3o: Aspectos S\u00f3cio-Organizacionais de Estudos de Caos na Ind\u00fastria Portuguesa&#8221;, SOCIUS\/ISEG-UTL, 23 de Janeiro de 1996.<\/li>\n<\/ul>\n\n\n\n<h2 class=\"wp-block-heading\">1995<\/h2>\n\n\n\n<ul>\n<li>Workshop -&#8220;Entre a Economia e a Sociologia: Teorias e Perspectivas de An\u00e1lise&#8221;, SOCIUS\/ISEG-UTL, 26 de Janeiro de 1995.<\/li>\n<\/ul>\n\n\n\n<h2 class=\"wp-block-heading\">1994<\/h2>\n\n\n\n<ul>\n<li>Confer\u00eancia &#8220;Organiza\u00e7\u00e3o da Produ\u00e7\u00e3o e do Espa\u00e7o na Ind\u00fastria Espanhola: Casos do Sector Autom\u00f3vel, Electr\u00f3nica e Mobili\u00e1rio&#8221;, Prof. Juan Jos\u00e9 Castillo (Universidade Complutense de Madrid), SOCIUS\/ISEG-UTL, 28 de Novembro de 1994.<\/li>\n\n\n\n<li>Workshop &#8211; &#8220;Novos Modelos de Produ\u00e7\u00e3o&#8221;, SOCIUS\/ISEG-UTL, 25 de Outubro de 1994.<\/li>\n\n\n\n<li>Confer\u00eancia &#8220;O Tratado da Uni\u00e3o Europeia (TUE) e a Quest\u00e3o da Soberania&#8221;, Ant\u00f3nio Carlos Santos, SOCIUS\/ISEG-UTL, 6 de Junho de 1994.<\/li>\n\n\n\n<li>Confer\u00eancia &#8220;O Modelo Te\u00f3rico da Sociologia Econ\u00f3mica&#8221;, Prof. Manuel Villaverde Cabral (ICS), SOCIUS\/ISEG-UTL, 17 de Maio de 1994.<\/li>\n\n\n\n<li>Worshop &#8220;Groupware (software para grupos de trabalho) e Mudan\u00e7a Organizacional: Novos Desafios para a Gest\u00e3o&#8221;, SOCIUS\/ISEG-UTL e CITI\/INETI, 5 de Maio de 1994.<\/li>\n\n\n\n<li>Confer\u00eancia &#8220;A Coes\u00e3o Econ\u00f3mica e Social: A Perspectiva da Evolu\u00e7\u00e3o das Rela\u00e7\u00f5es Laborais em Portugal e na Europa&#8221;, Dr. Barros de Moura SOCIUS\/ISEG-UTL, 18 de Abril de 1994<\/li>\n\n\n\n<li>Confer\u00eancia &#8220;O Actual Mundo das Rela\u00e7\u00f5es Laborais e a Perspectiva do Movimento Sindical Portugu\u00eas&#8221;, do Dr. Arnaldo Matos SOCIUS\/ISEG-UTL, 21 de Mar\u00e7o de 1994.<\/li>\n\n\n\n<li>Confer\u00eancia &#8220;A Justi\u00e7a, O Direito e o Cidad\u00e3o:Di\u00e1logo Imposs\u00edvel?&#8221;, Ant\u00f3nio Garcia Pereira, SOCIUS\/ISEG-UTL, 21 de Fevereiro de 1994.<\/li>\n<\/ul>\n\n\n\n<h2 class=\"wp-block-heading\">1993<\/h2>\n\n\n\n<ul>\n<li>Semin\u00e1rio &#8220;No nascimento da Economia Pol\u00edtica e Sociologia: ideias sociais na \u00e9poca das luzes&#8221;, Jo\u00e3o Carlos Gra\u00e7a, SOCIUS\/ISEG-UTL, 15 de Junho de 1993<\/li>\n\n\n\n<li>Semin\u00e1rio &#8220;As redes da comunidade indiana em Portugal e em Mo\u00e7ambique&#8221;, Anabela Carvalho, SOCIUS\/ISEG-UTL, 15 de Junho de 1993.<\/li>\n\n\n\n<li>Semin\u00e1rio &#8220;Evolu\u00e7\u00e3o da Teoria das Organiza\u00e7\u00f5es&#8221;, SOCIUS\/ISEG-UTL, J. M. Carvalho Ferreira, Rita Raposo e Rafael Marques, 25 de Maio de 1993.<\/li>\n\n\n\n<li>Semin\u00e1rio do &#8220;As condi\u00e7\u00f5es de trabalho na banca portuguesa&#8221;, Maria Jo\u00e3o Costa Pereira, SOCIUS\/ISEG-UTL, 16 de Maio de 1993.<\/li>\n\n\n\n<li>Semin\u00e1rio do &#8220;A organiza\u00e7\u00e3o do trabalho nas empresas industriais portuguesas&#8221;, Ilona Kov\u00e1cs, SOCIUS\/ISEG-UTL, 4 de Maio de 1993.<\/li>\n\n\n\n<li>Semin\u00e1rio &#8220;Condi\u00e7\u00f5es do trabalho na banca portuguesa&#8221;, SOCIUS\/ISEG-UTL, 16 de Mar\u00e7o de 1993.<\/li>\n\n\n\n<li>Semin\u00e1rio &#8220;Migra\u00e7\u00f5es e mobilidade: as novas formas de emigra\u00e7\u00e3o portuguesa a partir de 1980&#8221;, Jo\u00e3o Peixoto, SOCIUSISEG-UTL, 16 de Fevereiro de 1993.<\/li>\n\n\n\n<li>Semin\u00e1rio &#8220;Polival\u00eancia das categorias s\u00f3cio-profissionais: quadro jur\u00eddico e funcional&#8221;, Ant\u00f3nio Garcia Pereira, SOCIUS\/ISEG-UTL, 26 de Janeiro de 1993.<\/li>\n\n\n\n<li>Semin\u00e1rio &#8220;Processo de industrializa\u00e7\u00e3o difusa no Norte de Portugal, Maria Jo\u00e3o Santos, SOCIUS\/ISEG-UTL, 5 de Janeiro de 1993.<\/li>\n<\/ul>\n\n\n\n<h2 class=\"wp-block-heading\">1992<\/h2>\n\n\n\n<ul>\n<li>Semin\u00e1rio &#8220;Constitucionalismo ou anti-constitucionalismo laboral&#8221;, SOCIUS\/ISEG-UTL, Ant\u00f3nio Garcia Pereira, 15 de Dezembro de 1992.<\/li>\n\n\n\n<li>Semin\u00e1rio &#8220;Processos de industrializa\u00e7\u00e3o difusa no norte de Portugal , SOCIUS\/ISEG-UTL, 9 de Junho de 1992.<\/li>\n\n\n\n<li>Semin\u00e1rio &#8220;A estrat\u00e9gia antropoc\u00eantrica e o novo paradigma produtivo&#8221;, SOCIUS\/ISEG-UTL, Ilona Kov\u00e1cs, 5 de Maio de 1992.<\/li>\n\n\n\n<li>Semin\u00e1rio &#8220;A avalia\u00e7\u00e3o da capacidade de trabalho e a inadapta\u00e7\u00e3o do trabalhador&#8221;, Ant\u00f3nio Garcia Pereira, SOCIUS\/ISEG-UTL, 7 de Abril de 1992.<\/li>\n\n\n\n<li>Semin\u00e1rio &#8220;Processos de decis\u00e3o e delega\u00e7\u00e3o de poderes nas organiza\u00e7\u00f5es&#8221;, J. M. Carvalho Ferreira, Rita Raposo e Rafael Marques, SOCIUS\/ISEG-UTL, 24 de Mar\u00e7o de 1992.<\/li>\n\n\n\n<li>Confer\u00eancia &#8220;A uni\u00e3o pol\u00edtica e econ\u00f3mica , a livre circula\u00e7\u00e3o e os direitos dos trabalhadores&#8221;, Dr. Barros Moura e Dr. Monteiro Fernandes, SOCIUS\/ISEG-UTL, 25 de Fevereiro de 1992.<\/li>\n\n\n\n<li>Confer\u00eancia &#8220;Vida ps\u00edquica e organiza\u00e7\u00e3o&#8221;, Prof Eug\u00e8ne Enriquez, SOCIUS\/ISEG-UTL, 29 de Janeiro de 1992.<\/li>\n\n\n\n<li>Confer\u00eancia &#8220;Os fundamentos sociol\u00f3gicos da gest\u00e3o dos recursos humanos&#8221;&#8221;, Prof. Renaud Sainsaulieu, SOCIUS\/ISEG-UTL, 22 de Janeiro de 1992.<\/li>\n\n\n\n<li>Semin\u00e1rio &#8220;Migra\u00e7\u00f5es e urbaniza\u00e7\u00e3o em Portugal &#8211; concentra\u00e7\u00e3o, urbaniza\u00e7\u00e3o difusa e dispers\u00e3o&#8221;, Jo\u00e3o Peixoto, SOCIUS\/ISEG-UTL, 7 de Janeiro de 1992.<\/li>\n<\/ul>\n\n\n\n<h2 class=\"wp-block-heading\">1991<\/h2>\n\n\n\n<ul>\n<li>Semin\u00e1rio &#8220;Alguns pressupostos da discuss\u00e3o do proteccionismo e do livre-cambismo em Portugal no s\u00e9c. XIX&#8221;, Jo\u00e3o Carlos Gra\u00e7a, SOCIUS\/ISEG-UTL, 3 de Dezembro de 1991.<\/li>\n<\/ul>\n<\/div>\n\n\n\n<div class=\"wp-block-uagb-tabs-child uagb-tabs__body-container uagb-inner-tab-1\" aria-labelledby=\"uagb-tabs__tab1\">\n<p>O Semin\u00e1rio Internacional \u201cConting\u00eancias da Pandemia gerada pelo Covid-19 nas Sociedades Contempor\u00e2neas\u201d, realizado nos dias 18, 19, 22 e 23 de fevereiro de 2021, traduziu-se num espa\u00e7o de reflex\u00e3o dos aspetos biol\u00f3gicos e sociais correlacionados com a emerg\u00eancia hist\u00f3rica do covid-19 &#8211; nos dom\u00ednios econ\u00f3mico, social, cultural e pol\u00edtico.<\/p>\n\n\n\n<p>A grava\u00e7\u00e3o deste Semin\u00e1rio est\u00e1 dispon\u00edvel no Youtube:<br><a href=\"https:\/\/www.youtube.com\/embed\/bUPUMdABY7c\">TEMA 1 &#8211; Pandemia: Educa\u00e7\u00e3o e Aprendizagem &gt;<\/a><br><br><a href=\"https:\/\/www.youtube.com\/embed\/PKP7xle34-g\">TEMA 2 &#8211; Pandemia, Trabalho e TIC &gt;<\/a><br><br><a href=\"https:\/\/www.youtube.com\/embed\/5TAaxyKF44A\">TEMA 3 &#8211; A pandemia perante o biol\u00f3gico, o social e o virtual &gt;<\/a><br><br><a href=\"https:\/\/www.youtube.com\/embed\/UuH0ZcdYDsY\">TEMA 4 \u2013 Pandemia: crise econ\u00f3mica, social e pol\u00edtica &gt;<\/a><\/p>\n\n\n\n<p>Programa completo:&nbsp;<a href=\"https:\/\/socius.rc.iseg.ulisboa.pt\/eventos\/Programa_Contingencias%20da%20Pandemia%20gerada%20pelo%20Covid19.pdf\">AQUI<\/a><\/p>\n\n\n\n<p>Organiza\u00e7\u00e3o: SOCIUS\/CSG ISEG-Ulisboa &#8211; Linha de Investiga\u00e7\u00e3o de Desenvolvimento Sustent\u00e1vel, Terceiro Setor e Redes Sociais PARCEIROS: FACE\/UFG, UFSM e UFRJ.<\/p>\n\n\n\n<p>Comiss\u00e3o Organizadora: Jos\u00e9 Maria Carvalho Ferreira (SOCIUS\/ISEG), Giovani Ehrhardt (FACE\/UFG, SOCIUS), Ana Filipa Ferreira (IST), Manuel Francisco Pacheco Coelho (SOCIUS\/ISEG), Igor Valentim (UFRJ, SOCIUS), Rabat Benakkouche (SOCIUS), Vania Estivalete (UFSM, SOCIUS).<\/p>\n\n\n\n<p>Comiss\u00e3o Cient\u00edfica: Jos\u00e9 Maria Carvalho Ferreira, Manuel Coelho, Bernadete Bittencourt, Ant\u00f3nio Oscar Santos G\u00f2es, Carolina Le\u00e3o, Sandra Loureiro, Ant\u00f3nio Abreu, Igor Valentim, Maria Ros\u00e1rio Justino, Jos\u00e9 Jo\u00e3o Sampaio, Giovani Ehrhardt, Cristina Mendon\u00e7a, V\u00e2nia Estivalete, Ana Filipa Ferreira, Idalina Sardinha, Bogwslawa Sardinha, Ana Sampaio, Ana Calapez Gomes, Jo\u00e3o da Mata, Jos\u00e9 Sobral , Isabel Deus Mendes, Paulo Fernando Liedtke, Valdir Alvim.<\/p>\n<\/div>\n<\/div><\/div>\n","protected":false},"excerpt":{"rendered":"","protected":false},"author":5,"featured_media":0,"parent":0,"menu_order":0,"comment_status":"closed","ping_status":"closed","template":"","meta":{"inline_featured_image":false,"_uag_custom_page_level_css":"","footnotes":""},"acf":[],"uagb_featured_image_src":{"full":false,"thumbnail":false,"medium":false,"medium_large":false,"large":false,"1536x1536":false,"2048x2048":false},"uagb_author_info":{"display_name":"diogoalmeida","author_link":"https:\/\/www.iseg.ulisboa.pt\/socius\/author\/diogoalmeida\/"},"uagb_comment_info":0,"uagb_excerpt":null,"_links":{"self":[{"href":"https:\/\/www.iseg.ulisboa.pt\/socius\/wp-json\/wp\/v2\/pages\/245"}],"collection":[{"href":"https:\/\/www.iseg.ulisboa.pt\/socius\/wp-json\/wp\/v2\/pages"}],"about":[{"href":"https:\/\/www.iseg.ulisboa.pt\/socius\/wp-json\/wp\/v2\/types\/page"}],"author":[{"embeddable":true,"href":"https:\/\/www.iseg.ulisboa.pt\/socius\/wp-json\/wp\/v2\/users\/5"}],"replies":[{"embeddable":true,"href":"https:\/\/www.iseg.ulisboa.pt\/socius\/wp-json\/wp\/v2\/comments?post=245"}],"version-history":[{"count":8,"href":"https:\/\/www.iseg.ulisboa.pt\/socius\/wp-json\/wp\/v2\/pages\/245\/revisions"}],"predecessor-version":[{"id":374,"href":"https:\/\/www.iseg.ulisboa.pt\/socius\/wp-json\/wp\/v2\/pages\/245\/revisions\/374"}],"wp:attachment":[{"href":"https:\/\/www.iseg.ulisboa.pt\/socius\/wp-json\/wp\/v2\/media?parent=245"}],"curies":[{"name":"wp","href":"https:\/\/api.w.org\/{rel}","templated":true}]}}