{"id":25,"date":"2023-04-22T10:03:00","date_gmt":"2023-04-22T10:03:00","guid":{"rendered":"https:\/\/www.iseg.ulisboa.pt\/sustentabilidade\/?page_id=25"},"modified":"2024-09-11T10:10:03","modified_gmt":"2024-09-11T10:10:03","slug":"sustentabilidade-na-investigacao","status":"publish","type":"page","link":"https:\/\/www.iseg.ulisboa.pt\/sustentabilidade\/sustentabilidade-na-investigacao\/","title":{"rendered":"Sustentabilidade na Investiga\u00e7\u00e3o"},"content":{"rendered":"<div class=\"block-hero\">\n\t<div class=\"block-hero-content\">\n\t\t<div class=\"container\">\n\t\t\t<div class=\"hero-subtitle\"><\/div>\n\t\t\t<h1 class=\"hero-title\">Sustentabilidade na Investiga\u00e7\u00e3o<\/h1>\n\t\t\t<div class=\"hero-description\"><\/div>\n\t\t\t\t\t<\/div>\n\t\t\t<\/div>\n\n\t\n\t\t\t<div class=\"block-hero-image\">\n\t\t\t<img decoding=\"async\" src=\"https:\/\/www.iseg.ulisboa.pt\/sustentabilidade\/wp-content\/uploads\/sites\/20\/2023\/04\/biblioteca.jpg\" class=\"image-cover\" alt=\"\" srcset=\"https:\/\/www.iseg.ulisboa.pt\/sustentabilidade\/wp-content\/uploads\/sites\/20\/2023\/04\/biblioteca.jpg 1450w, https:\/\/www.iseg.ulisboa.pt\/sustentabilidade\/wp-content\/uploads\/sites\/20\/2023\/04\/biblioteca-300x150.jpg 300w\" sizes=\"(max-width: 1450px) 100vw, 1450px\" \/>\t\t<\/div>\n\t\t<div class=\"block-hero-image mobile\">\n\t\t\t<img decoding=\"async\" src=\"https:\/\/www.iseg.ulisboa.pt\/sustentabilidade\/wp-content\/uploads\/sites\/20\/2023\/04\/biblioteca.jpg\" class=\"image-cover\" alt=\"\" srcset=\"https:\/\/www.iseg.ulisboa.pt\/sustentabilidade\/wp-content\/uploads\/sites\/20\/2023\/04\/biblioteca.jpg 1450w, https:\/\/www.iseg.ulisboa.pt\/sustentabilidade\/wp-content\/uploads\/sites\/20\/2023\/04\/biblioteca-300x150.jpg 300w\" sizes=\"(max-width: 1450px) 100vw, 1450px\" \/>\t\t<\/div>\n\t\n<\/div>\n\n\n<div style=\"height:100px\" aria-hidden=\"true\" class=\"wp-block-spacer\"><\/div>\n\n\n<div class=\"block-intro-text has-iseg-white-color has-iseg-dark-grey-background\">\n\t<div class=\"intro-text\">Como uma institui\u00e7\u00e3o de refer\u00eancia em economia e gest\u00e3o que conta com dois Centros de Investiga\u00e7\u00e3o de excel\u00eancia, reconhecemos a import\u00e2ncia de desenvolver investiga\u00e7\u00e3o sobre os desafios globais, tais como a mudan\u00e7a clim\u00e1tica, a pobreza e a boa governa\u00e7\u00e3o. <\/div>\n\t<div class=\"intro-text-anim-left-layer\"><\/div>\n\t<div class=\"intro-text-anim-right-layer\"><\/div>\n<\/div>\n\n\n\n<div style=\"height:100px\" aria-hidden=\"true\" class=\"wp-block-spacer\"><\/div>\n\n\n\n<div class=\"wp-block-columns is-layout-flex wp-container-core-columns-is-layout-1 wp-block-columns-is-layout-flex\">\n<div class=\"wp-block-column is-layout-flow wp-block-column-is-layout-flow\" style=\"flex-basis:66.66%\">\n<h2 class=\"wp-block-heading has-iseg-red-color has-text-color\">Projetos de Investiga\u00e7\u00e3o<\/h2>\n\n\n\n<p>Os projetos de investiga\u00e7\u00e3o buscam a cria\u00e7\u00e3o de novos conhecimentos e pr\u00e1ticas que impulsionam o desenvolvimento sustent\u00e1vel. Conhe\u00e7a alguns dos projetos de investiga\u00e7\u00e3o que tem a sustentabilidade como pilar.<\/p>\n<\/div>\n\n\n\n<div class=\"wp-block-column is-layout-flow wp-block-column-is-layout-flow\" style=\"flex-basis:33.33%\"><\/div>\n<\/div>\n\n\n\n<!-- Media\/text -->\n<div class=\"block-media-text\">\n\t<div class=\"container\">\n\t\t<div class=\"block-media-text__container\">\n\t\t\t<img decoding=\"async\" src=\"https:\/\/www.iseg.ulisboa.pt\/sustentabilidade\/wp-content\/themes\/iseg\/assets\/images\/red-shape.svg\" loading=\"lazy\" alt=\"shape\" class=\"block-media-text__red-shape\" \/>\n\t\t\t<figure class=\"block-media-text__media\">\n\t\t\t\t<div class=\"media-text-anim-left-layer\"><\/div>\n\t\t\t\t<div class=\"media-text-anim-right-layer\"><\/div>\n\t\t\t\t<img decoding=\"async\" src=\"https:\/\/www.iseg.ulisboa.pt\/sustentabilidade\/wp-content\/uploads\/sites\/20\/2023\/04\/eGroundWater.png\" class=\"image-cover\" alt=\"\" srcset=\"https:\/\/www.iseg.ulisboa.pt\/sustentabilidade\/wp-content\/uploads\/sites\/20\/2023\/04\/eGroundWater.png 1006w, https:\/\/www.iseg.ulisboa.pt\/sustentabilidade\/wp-content\/uploads\/sites\/20\/2023\/04\/eGroundWater-300x227.png 300w\" sizes=\"(max-width: 1006px) 100vw, 1006px\" \/>\t\t\t<\/figure>\n\t\t\t<div class=\"block-media-text__content\">\n\t\t\t\t<h2 class=\"block-media-text__heading\">eGROUND WATER<\/h2>\n\t\t\t\t<p class=\"block-media-text__paragraph\">Plataforma para gest\u00e3o participativa e sustent\u00e1vel de \u00e1guas subterr\u00e2neas O projeto que utiliza a plataforma eGROUNDWATER tem por objetivo o apoio a gest\u00e3o sustent\u00e1vel de aqu\u00edferos.<\/p>\n\t\t\t\t\t\t\t\t\t<a href=\"https:\/\/egroundwater.com\/\" class=\"link-learnmore\" title=\"Saiba mais\" target=\"_blank\">\n\t\t\t\t\t\tSaiba mais\t\t\t\t\t<\/a>\n\t\t\t\t\t\t\t<\/div>\n\t\t<\/div>\n\t<\/div>\n<\/div>\n\n\n\n<!-- Media\/text -->\n<div class=\"block-media-text-inverted\">\n\t<div class=\"container\">\n\t\t<div class=\"block-media-text-inverted__container\">\n\t\t\t<img decoding=\"async\" src=\"https:\/\/www.iseg.ulisboa.pt\/sustentabilidade\/wp-content\/themes\/iseg\/assets\/images\/red-shape-inverted.svg\" loading=\"lazy\" alt=\"shape\" class=\"block-media-text-inverted__red-shape\" \/>\n\t\t\t<figure class=\"block-media-text-inverted__media\">\n\t\t\t\t<div class=\"media-text-anim-left-layer\"><\/div>\n\t\t\t\t<div class=\"media-text-anim-right-layer\"><\/div>\n\t\t\t\t<img decoding=\"async\" src=\"https:\/\/www.iseg.ulisboa.pt\/sustentabilidade\/wp-content\/uploads\/sites\/20\/2023\/04\/SustinAfrica.png\" class=\"image-cover\" alt=\"\" srcset=\"https:\/\/www.iseg.ulisboa.pt\/sustentabilidade\/wp-content\/uploads\/sites\/20\/2023\/04\/SustinAfrica.png 1341w, https:\/\/www.iseg.ulisboa.pt\/sustentabilidade\/wp-content\/uploads\/sites\/20\/2023\/04\/SustinAfrica-300x226.png 300w\" sizes=\"(max-width: 1341px) 100vw, 1341px\" \/>\t\t\t<\/figure>\n\t\t\t<div class=\"block-media-text-inverted__content\">\n\t\t\t\t<h2 class=\"block-media-text-inverted__heading\">SustInAfrica<\/h2>\n\t\t\t\t<p class=\"block-media-text__paragraph\">O objetivo do SustInAfrica \u00e9 capacitar pequenos agricultores e PMEs (pequenas e m\u00e9dias) empresas agr\u00edcolas no oeste e norte da \u00c1frica a praticar uma agricultura intensiva e sustent\u00e1vel nessas regi\u00f5es.<\/p>\n\t\t\t\t\t\t\t<\/div>\n\t\t<\/div>\n\t<\/div>\n<\/div>\n\n\n\n<!-- Media\/text -->\n<div class=\"block-media-text\">\n\t<div class=\"container\">\n\t\t<div class=\"block-media-text__container\">\n\t\t\t<img decoding=\"async\" src=\"https:\/\/www.iseg.ulisboa.pt\/sustentabilidade\/wp-content\/themes\/iseg\/assets\/images\/red-shape.svg\" loading=\"lazy\" alt=\"shape\" class=\"block-media-text__red-shape\" \/>\n\t\t\t<figure class=\"block-media-text__media\">\n\t\t\t\t<div class=\"media-text-anim-left-layer\"><\/div>\n\t\t\t\t<div class=\"media-text-anim-right-layer\"><\/div>\n\t\t\t\t<img decoding=\"async\" src=\"https:\/\/www.iseg.ulisboa.pt\/sustentabilidade\/wp-content\/uploads\/sites\/20\/2023\/04\/SustainableFinance.png\" class=\"image-cover\" alt=\"\" srcset=\"https:\/\/www.iseg.ulisboa.pt\/sustentabilidade\/wp-content\/uploads\/sites\/20\/2023\/04\/SustainableFinance.png 1340w, https:\/\/www.iseg.ulisboa.pt\/sustentabilidade\/wp-content\/uploads\/sites\/20\/2023\/04\/SustainableFinance-300x227.png 300w\" sizes=\"(max-width: 1340px) 100vw, 1340px\" \/>\t\t\t<\/figure>\n\t\t\t<div class=\"block-media-text__content\">\n\t\t\t\t<h2 class=\"block-media-text__heading\">SKFC<\/h2>\n\t\t\t\t<p class=\"block-media-text__paragraph\">O Sustainable Finance Knowledge Centre (SFKC) foi criado em 2021 em parceria com a Embaixada Brit\u00e2nica em Lisboa e a EURONEXT, tornando-se o primeiro centro em Portugal dedicado ao estudo e debate de finan\u00e7as sustent\u00e1veis.<\/p>\n\t\t\t\t\t\t\t<\/div>\n\t\t<\/div>\n\t<\/div>\n<\/div>\n\n\n\n<div class=\"block-media-long-text\">\n\t<div class=\"container\">\n\t\t<div class=\"block-media-long-text__container \">\n\t\t\t<div class=\"block-media-long-text__content\">\n\t\t\t\t<h3><span style=\"color: #e73433\">Contribui\u00e7\u00e3o da Investiga\u00e7\u00e3o do ISEG para o ODS<\/span><\/h3>\n<p>A maior contribui\u00e7\u00e3o das Universidades para os ODS d\u00e1-se atrav\u00e9s da pesquisa cient\u00edfica e da forma\u00e7\u00e3o. Para determinar e quantificar a contribui\u00e7\u00e3o do ISEG nos \u00faltimos 10 anos, foi realizado um mapeamento, no \u00e2mbito de uma tese de Mestrado durante o ano de 2020.<\/p>\n<p>N\u00e3o h\u00e1 d\u00favida que o ISEG tem contribu\u00eddo para os v\u00e1rios ODS. Por\u00e9m, o grande desafio que temos pela frente \u00e9 conseguir desenvolver mais pesquisas, teses e conhecimentos capazes de conectar os diversos ODS e compreender as interdepend\u00eancias entre eles.<\/p>\n\t\t\t<\/div>\n\t\t\t<div class=\"block-media-long-text__media\">\n\t\t\t\t<img decoding=\"async\" src=\"https:\/\/www.iseg.ulisboa.pt\/sustentabilidade\/wp-content\/uploads\/sites\/20\/2023\/04\/Contribuicao-SDG.png\" class=\"image-cover\" alt=\"\" srcset=\"https:\/\/www.iseg.ulisboa.pt\/sustentabilidade\/wp-content\/uploads\/sites\/20\/2023\/04\/Contribuicao-SDG.png 570w, https:\/\/www.iseg.ulisboa.pt\/sustentabilidade\/wp-content\/uploads\/sites\/20\/2023\/04\/Contribuicao-SDG-250x300.png 250w\" sizes=\"(max-width: 570px) 100vw, 570px\" \/>\t\t\t<\/div>\n\t\t<\/div>\n\t<\/div>\n<\/div>\n\n\n\n<!-- Media\/text -->\n<div class=\"block-media-text-inverted\">\n\t<div class=\"container\">\n\t\t<div class=\"block-media-text-inverted__container\">\n\t\t\t<img decoding=\"async\" src=\"https:\/\/www.iseg.ulisboa.pt\/sustentabilidade\/wp-content\/themes\/iseg\/assets\/images\/red-shape-inverted.svg\" loading=\"lazy\" alt=\"shape\" class=\"block-media-text-inverted__red-shape\" \/>\n\t\t\t<figure class=\"block-media-text-inverted__media\">\n\t\t\t\t<div class=\"media-text-anim-left-layer\"><\/div>\n\t\t\t\t<div class=\"media-text-anim-right-layer\"><\/div>\n\t\t\t\t\t\t\t<\/figure>\n\t\t\t<div class=\"block-media-text-inverted__content\">\n\t\t\t\t<h2 class=\"block-media-text-inverted__heading\">Ciclo de Cinema &amp; Debates<\/h2>\n\t\t\t\t<p class=\"block-media-text__paragraph\">O ISEG, o SOCIUS e a UFRGS juntam-se na organiza\u00e7\u00e3o deste Ciclo de Cinema &amp; Debates, onde s\u00e3o abordadas quest\u00f5es essenciais para sociedade contempor\u00e2nea.<\/p>\n\t\t\t\t\t\t\t\t\t<a href=\"https:\/\/www.iseg.ulisboa.pt\/sustentabilidade\/cinema-trabalho-organizacoes-sociedade-um-dialogo-luso-brasileiro\/\" class=\"link-learnmore\" title=\"Saiba mais\" target=\"_blank\">\n\t\t\t\t\t\tSaiba mais\t\t\t\t\t<\/a>\n\t\t\t\t\t\t\t<\/div>\n\t\t<\/div>\n\t<\/div>\n<\/div>\n","protected":false},"excerpt":{"rendered":"Projetos de Investiga\u00e7\u00e3o Os projetos de investiga\u00e7\u00e3o buscam a cria\u00e7\u00e3o de novos conhecimentos e pr\u00e1ticas que impulsionam o desenvolvimento sustent\u00e1vel. Conhe\u00e7a alguns dos projetos de investiga\u00e7\u00e3o que tem a sustentabilidade&nbsp;[&#8230;]","protected":false},"author":2,"featured_media":0,"parent":0,"menu_order":0,"comment_status":"closed","ping_status":"closed","template":"tpl-page-blocks.php","meta":{"inline_featured_image":false,"_uag_custom_page_level_css":"","footnotes":""},"acf":[],"uagb_featured_image_src":{"full":false,"thumbnail":false,"medium":false,"medium_large":false,"large":false,"1536x1536":false,"2048x2048":false,"trp-custom-language-flag":false},"uagb_author_info":{"display_name":"Major","author_link":"https:\/\/www.iseg.ulisboa.pt\/sustentabilidade\/author\/leihla\/"},"uagb_comment_info":0,"uagb_excerpt":"Projetos de Investiga\u00e7\u00e3o Os projetos de investiga\u00e7\u00e3o buscam a cria\u00e7\u00e3o de novos conhecimentos e pr\u00e1ticas que impulsionam o desenvolvimento sustent\u00e1vel. Conhe\u00e7a alguns dos projetos de investiga\u00e7\u00e3o que tem a sustentabilidade&nbsp;[...]","_links":{"self":[{"href":"https:\/\/www.iseg.ulisboa.pt\/sustentabilidade\/wp-json\/wp\/v2\/pages\/25"}],"collection":[{"href":"https:\/\/www.iseg.ulisboa.pt\/sustentabilidade\/wp-json\/wp\/v2\/pages"}],"about":[{"href":"https:\/\/www.iseg.ulisboa.pt\/sustentabilidade\/wp-json\/wp\/v2\/types\/page"}],"author":[{"embeddable":true,"href":"https:\/\/www.iseg.ulisboa.pt\/sustentabilidade\/wp-json\/wp\/v2\/users\/2"}],"replies":[{"embeddable":true,"href":"https:\/\/www.iseg.ulisboa.pt\/sustentabilidade\/wp-json\/wp\/v2\/comments?post=25"}],"version-history":[{"count":40,"href":"https:\/\/www.iseg.ulisboa.pt\/sustentabilidade\/wp-json\/wp\/v2\/pages\/25\/revisions"}],"predecessor-version":[{"id":580,"href":"https:\/\/www.iseg.ulisboa.pt\/sustentabilidade\/wp-json\/wp\/v2\/pages\/25\/revisions\/580"}],"wp:attachment":[{"href":"https:\/\/www.iseg.ulisboa.pt\/sustentabilidade\/wp-json\/wp\/v2\/media?parent=25"}],"curies":[{"name":"wp","href":"https:\/\/api.w.org\/{rel}","templated":true}]}}